{"id":4673,"date":"2021-09-25T16:17:29","date_gmt":"2021-09-25T16:17:29","guid":{"rendered":"https:\/\/europeanmemories.net\/stories\/?page_id=4673"},"modified":"2024-04-18T10:01:37","modified_gmt":"2024-04-18T10:01:37","slug":"ventotene-80","status":"publish","type":"page","link":"https:\/\/europeanmemories.net\/stories\/ventotene-80\/","title":{"rendered":"Ventotene 80"},"content":{"rendered":"<p>[et_pb_section fb_built=&#8221;1&#8243; fullwidth=&#8221;on&#8221; admin_label=&#8221;Header Section&#8221; _builder_version=&#8221;4.16&#8243; background_color=&#8221;#ED8989&#8243; background_image=&#8221;https:\/\/europeanmemories.net\/stories\/wp-content\/uploads\/sites\/13\/2021\/10\/portada15.png&#8221; background_position=&#8221;bottom_center&#8221; background_blend=&#8221;multiply&#8221; custom_margin=&#8221;||||false|false&#8221; custom_padding=&#8221;|||&#8221; top_divider_color=&#8221;#8f8f8f&#8221; top_divider_height=&#8221;33px&#8221; collapsed=&#8221;off&#8221; global_colors_info=&#8221;{}&#8221; da_is_popup=&#8221;off&#8221; da_exit_intent=&#8221;off&#8221; da_has_close=&#8221;on&#8221; da_alt_close=&#8221;off&#8221; da_dark_close=&#8221;off&#8221; da_not_modal=&#8221;on&#8221; da_is_singular=&#8221;off&#8221; da_with_loader=&#8221;off&#8221; da_has_shadow=&#8221;on&#8221; da_disable_devices=&#8221;off|off|off&#8221;][et_pb_fullwidth_header title=&#8221;Ventotene 80&#8243; subhead=&#8221;80th anniversary of the Draft Manifesto for a Free and United Europe 1941-2021&#8243; header_fullscreen=&#8221;on&#8221; header_scroll_down=&#8221;on&#8221; scroll_down_icon_color=&#8221;#ED8989&#8243; scroll_down_icon_size=&#8221;30px&#8221; background_overlay_color=&#8221;RGBA(0,0,0,0)&#8221; content_max_width_last_edited=&#8221;off|desktop&#8221; admin_label=&#8221;Contents&#8221; _builder_version=&#8221;4.16&#8243; title_font=&#8221;Abril Fatface||||||||&#8221; title_text_align=&#8221;center&#8221; title_text_color=&#8221;#ED8989&#8243; title_font_size=&#8221;160px&#8221; content_font=&#8221;||||||||&#8221; content_text_align=&#8221;left&#8221; content_text_color=&#8221;#FFFFFF&#8221; content_font_size=&#8221;16px&#8221; content_line_height=&#8221;1.3em&#8221; subhead_font=&#8221;Abril Fatface||||||||&#8221; subhead_text_align=&#8221;center&#8221; subhead_text_color=&#8221;#FFFFFF&#8221; subhead_font_size=&#8221;55px&#8221; subhead_line_height=&#8221;1.1em&#8221; background_enable_color=&#8221;off&#8221; background_enable_image=&#8221;off&#8221; custom_button_one=&#8221;on&#8221; button_one_text_size=&#8221;15px&#8221; button_one_bg_color=&#8221;#dca57d&#8221; button_one_border_width=&#8221;10px&#8221; button_one_border_color=&#8221;#dca57d&#8221; button_one_border_radius=&#8221;0px&#8221; button_one_letter_spacing=&#8221;3px&#8221; button_one_font=&#8221;Oswald|||on|&#8221; button_one_use_icon=&#8221;off&#8221; custom_margin=&#8221;|185px||185px|false|true&#8221; custom_margin_tablet=&#8221;|0px||0px|false|true&#8221; custom_margin_phone=&#8221;|0px||0px|false|true&#8221; custom_margin_last_edited=&#8221;on|phone&#8221; custom_padding=&#8221;||4px|||&#8221; animation_style=&#8221;fade&#8221; animation_starting_opacity=&#8221;50%&#8221; animation_speed_curve=&#8221;ease-in&#8221; title_text_align_tablet=&#8221;center&#8221; title_text_align_phone=&#8221;&#8221; title_text_align_last_edited=&#8221;on|phone&#8221; title_font_size_tablet=&#8221;90px&#8221; title_font_size_phone=&#8221;59px&#8221; title_font_size_last_edited=&#8221;on|phone&#8221; subhead_text_align_tablet=&#8221;center&#8221; subhead_text_align_phone=&#8221;center&#8221; subhead_text_align_last_edited=&#8221;on|desktop&#8221; subhead_font_size_tablet=&#8221;35px&#8221; subhead_font_size_phone=&#8221;25px&#8221; subhead_font_size_last_edited=&#8221;on|phone&#8221; title_text_shadow_style=&#8221;preset4&#8243; subhead_text_shadow_style=&#8221;preset4&#8243; button_one_border_color_hover=&#8221;#c99872&#8243; button_one_border_radius_hover=&#8221;0px&#8221; button_one_letter_spacing_hover=&#8221;3px&#8221; button_one_bg_color_hover=&#8221;#c99872&#8243; global_colors_info=&#8221;{}&#8221; button_one_text_size__hover_enabled=&#8221;off&#8221; button_two_text_size__hover_enabled=&#8221;off&#8221; button_one_text_color__hover_enabled=&#8221;off&#8221; button_two_text_color__hover_enabled=&#8221;off&#8221; button_one_border_width__hover_enabled=&#8221;off&#8221; button_two_border_width__hover_enabled=&#8221;off&#8221; button_one_border_color__hover_enabled=&#8221;on&#8221; button_one_border_color__hover=&#8221;#c99872&#8243; button_two_border_color__hover_enabled=&#8221;off&#8221; button_one_border_radius__hover_enabled=&#8221;on&#8221; button_one_border_radius__hover=&#8221;0px&#8221; button_two_border_radius__hover_enabled=&#8221;off&#8221; button_one_letter_spacing__hover_enabled=&#8221;on&#8221; button_one_letter_spacing__hover=&#8221;3px&#8221; button_two_letter_spacing__hover_enabled=&#8221;off&#8221; button_one_bg_color__hover_enabled=&#8221;on&#8221; button_one_bg_color__hover=&#8221;#c99872&#8243; button_two_bg_color__hover_enabled=&#8221;off&#8221;]<\/p>\n<p style=\"text-align: center;\"><i><span style=\"font-weight: 400;\"><br \/>*\u00a0<\/span><\/i><strong>View of the Santo Stefano island seen from Ventotene (1941)<\/strong> | <strong><\/strong><span class=\"media-metadata-value\">\u00a9 European Federalist Movement<\/span><\/p>\n<p><strong><\/strong><\/p>\n<p><b> <\/b><\/p>\n<p><b><\/b><\/p>\n<p>[\/et_pb_fullwidth_header][\/et_pb_section][et_pb_section fb_built=&#8221;1&#8243; admin_label=&#8221;\u2022 BOT\u00d3 foreward&#8221; _builder_version=&#8221;4.16&#8243; background_color=&#8221;#41485c&#8221; custom_padding=&#8221;0px||0px|||&#8221; collapsed=&#8221;on&#8221; global_colors_info=&#8221;{}&#8221; da_is_popup=&#8221;off&#8221; da_exit_intent=&#8221;off&#8221; da_has_close=&#8221;on&#8221; da_alt_close=&#8221;off&#8221; da_dark_close=&#8221;off&#8221; da_not_modal=&#8221;on&#8221; da_is_singular=&#8221;off&#8221; da_with_loader=&#8221;off&#8221; da_has_shadow=&#8221;on&#8221; da_disable_devices=&#8221;off|off|off&#8221;][et_pb_row _builder_version=&#8221;4.16&#8243; background_color=&#8221;rgba(0,0,0,0)&#8221; custom_margin=&#8221;||||false|false&#8221; custom_padding=&#8221;0px|||||&#8221; global_colors_info=&#8221;{}&#8221;][et_pb_column type=&#8221;4_4&#8243; _builder_version=&#8221;4.16&#8243; global_colors_info=&#8221;{}&#8221;][et_pb_code _builder_version=&#8221;4.16&#8243; global_colors_info=&#8221;{}&#8221;]<script type=\"text\/javascript\"> <!-- [et_pb_line_break_holder] -->jQuery(document).ready(function() {<!-- [et_pb_line_break_holder] -->\/\/ ocultar el contenido<!-- [et_pb_line_break_holder] -->jQuery('#mostrar').hide();<!-- [et_pb_line_break_holder] -->jQuery('.botoncillo').click(function(e){<!-- [et_pb_line_break_holder] -->e.preventDefault();jQuery(\"#mostrar\").slideToggle();<!-- [et_pb_line_break_holder] -->jQuery('.botoncillo').toggleClass('opened closed');<!-- [et_pb_line_break_holder] -->});<!-- [et_pb_line_break_holder] -->});<!-- [et_pb_line_break_holder] --><\/script>[\/et_pb_code][et_pb_cta button_url=&#8221;#&#8221; button_text=&#8221;Foreword&#8221; content_tablet=&#8221;&#8221; content_phone=&#8221;&#8221; content_last_edited=&#8221;on|tablet&#8221; module_class=&#8221;botoncillo&#8221; _builder_version=&#8221;4.16&#8243; header_level=&#8221;h1&#8243; header_font=&#8221;||||||||&#8221; header_font_size=&#8221;30px&#8221; body_font=&#8221;||||||||&#8221; background_color=&#8221;RGBA(0,0,0,0)&#8221; custom_button=&#8221;on&#8221; button_text_size=&#8221;37px&#8221; button_text_color=&#8221;#ED8989&#8243; button_bg_color=&#8221;RGBA(0,0,0,0)&#8221; button_border_width=&#8221;0px&#8221; button_border_radius=&#8221;0px&#8221; button_font=&#8221;Open Sans|700|||||||&#8221; button_icon=&#8221;&#x43;||divi||400&#8243; button_icon_color=&#8221;#ED8989&#8243; button_icon_placement=&#8221;left&#8221; button_on_hover=&#8221;off&#8221; button_alignment=&#8221;center&#8221; button_custom_margin=&#8221;||||false|false&#8221; button_custom_margin_tablet=&#8221;&#8221; button_custom_margin_phone=&#8221;|||-15px|false|false&#8221; button_custom_margin_last_edited=&#8221;on|phone&#8221; custom_margin=&#8221;||||false|false&#8221; custom_margin_tablet=&#8221;&#8221; custom_margin_phone=&#8221;|||-50px|false|false&#8221; custom_margin_last_edited=&#8221;on|phone&#8221; custom_padding=&#8221;0px||37px|||&#8221; animation_style=&#8221;fade&#8221; button_text_size_tablet=&#8221;29px&#8221; button_text_size_phone=&#8221;&#8221; button_text_size_last_edited=&#8221;on|phone&#8221; button_alignment_tablet=&#8221;center&#8221; button_alignment_phone=&#8221;right&#8221; button_alignment_last_edited=&#8221;on|phone&#8221; global_colors_info=&#8221;{}&#8221;][\/et_pb_cta][\/et_pb_column][\/et_pb_row][\/et_pb_section][et_pb_section fb_built=&#8221;1&#8243; custom_padding_last_edited=&#8221;on|phone&#8221; admin_label=&#8221;\u2022 FOREWARD&#8221; module_id=&#8221;mostrar&#8221; _builder_version=&#8221;4.16&#8243; background_color=&#8221;#41485c&#8221; background_enable_image=&#8221;off&#8221; custom_padding=&#8221;0px||100px||false|false&#8221; custom_padding_tablet=&#8221;50px||||false|false&#8221; custom_padding_phone=&#8221;30px||||false|false&#8221; top_divider_height=&#8221;36px&#8221; top_divider_height_tablet=&#8221;&#8221; top_divider_height_phone=&#8221;&#8221; top_divider_height_last_edited=&#8221;on|desktop&#8221; locked=&#8221;off&#8221; collapsed=&#8221;on&#8221; global_colors_info=&#8221;{}&#8221; da_is_popup=&#8221;off&#8221; da_exit_intent=&#8221;off&#8221; da_has_close=&#8221;on&#8221; da_alt_close=&#8221;off&#8221; da_dark_close=&#8221;off&#8221; da_not_modal=&#8221;on&#8221; da_is_singular=&#8221;off&#8221; da_with_loader=&#8221;off&#8221; da_has_shadow=&#8221;on&#8221; da_disable_devices=&#8221;off|off|off&#8221;][et_pb_row custom_padding_last_edited=&#8221;on|phone&#8221; admin_label=&#8221;Coffee items&#8221; _builder_version=&#8221;4.16&#8243; custom_margin=&#8221;||||false|false&#8221; custom_padding=&#8221;0px|0px|120px|0px||&#8221; custom_padding_tablet=&#8221;||70px||false|false&#8221; custom_padding_phone=&#8221;||50px||false|false&#8221; global_colors_info=&#8221;{}&#8221;][et_pb_column type=&#8221;4_4&#8243; _builder_version=&#8221;4.16&#8243; custom_padding=&#8221;|||&#8221; global_colors_info=&#8221;{}&#8221; custom_padding__hover=&#8221;|||&#8221;][et_pb_text _builder_version=&#8221;4.16&#8243; text_font=&#8221;Open Sans||||||||&#8221; text_text_color=&#8221;#ED8989&#8243; text_font_size=&#8221;20px&#8221; text_line_height=&#8221;1.5em&#8221; header_font=&#8221;Abril Fatface||||||||&#8221; header_text_color=&#8221;rgba(255,255,255,0.5)&#8221; header_font_size=&#8221;100px&#8221; header_letter_spacing=&#8221;-1px&#8221; header_line_height=&#8221;0em&#8221; header_2_font=&#8221;Open Sans|600|||||||&#8221; header_2_text_color=&#8221;#17181A&#8221; header_2_font_size=&#8221;120px&#8221; header_2_letter_spacing=&#8221;1px&#8221; header_2_line_height=&#8221;1.2em&#8221; header_3_font=&#8221;Abril Fatface||||||||&#8221; header_3_text_color=&#8221;#ffffff&#8221; header_3_letter_spacing=&#8221;1px&#8221; header_3_line_height=&#8221;0.9em&#8221; header_4_font=&#8221;Open Sans||||||||&#8221; header_4_text_color=&#8221;#ffffff&#8221; header_4_font_size=&#8221;27px&#8221; header_4_line_height=&#8221;1.3em&#8221; header_5_font=&#8221;Abril Fatface||||||||&#8221; header_5_text_color=&#8221;#ffffff&#8221; header_5_font_size=&#8221;50px&#8221; header_5_letter_spacing=&#8221;1px&#8221; header_5_line_height=&#8221;1.2em&#8221; header_6_font=&#8221;Open Sans|600|||||||&#8221; header_6_text_align=&#8221;center&#8221; header_6_text_color=&#8221;#17181A&#8221; header_6_font_size=&#8221;16px&#8221; z_index=&#8221;0&#8243; custom_margin=&#8221;-28px|185px||185px|false|true&#8221; custom_margin_tablet=&#8221;|25px||25px|false|true&#8221; custom_margin_phone=&#8221;|4px||4px|false|true&#8221; custom_margin_last_edited=&#8221;on|tablet&#8221; custom_padding=&#8221;30px|||||&#8221; animation_direction=&#8221;bottom&#8221; text_font_size_tablet=&#8221;16px&#8221; text_font_size_phone=&#8221;20px&#8221; text_font_size_last_edited=&#8221;on|phone&#8221; header_font_size_tablet=&#8221;80px&#8221; header_font_size_phone=&#8221;48px&#8221; header_font_size_last_edited=&#8221;on|tablet&#8221; header_2_font_size_tablet=&#8221;85px&#8221; header_2_font_size_phone=&#8221;56px&#8221; header_2_font_size_last_edited=&#8221;on|phone&#8221; header_2_letter_spacing_tablet=&#8221;0px&#8221; header_2_letter_spacing_phone=&#8221;&#8221; header_2_letter_spacing_last_edited=&#8221;on|desktop&#8221; header_2_line_height_tablet=&#8221;1.1em&#8221; header_2_line_height_phone=&#8221;1em&#8221; header_2_line_height_last_edited=&#8221;on|desktop&#8221; header_3_font_size_tablet=&#8221;20px&#8221; header_3_font_size_phone=&#8221;23px&#8221; header_3_font_size_last_edited=&#8221;on|phone&#8221; header_3_letter_spacing_tablet=&#8221;1px&#8221; header_3_letter_spacing_phone=&#8221;1px&#8221; header_3_letter_spacing_last_edited=&#8221;on|phone&#8221; header_3_line_height_tablet=&#8221;0.8em&#8221; header_3_line_height_phone=&#8221;1em&#8221; header_3_line_height_last_edited=&#8221;on|desktop&#8221; header_4_font_size_tablet=&#8221;24px&#8221; header_4_font_size_phone=&#8221;19px&#8221; header_4_font_size_last_edited=&#8221;on|tablet&#8221; header_5_font_size_tablet=&#8221;25px&#8221; header_5_font_size_phone=&#8221;22px&#8221; header_5_font_size_last_edited=&#8221;on|phone&#8221; header_6_font_size_tablet=&#8221;14px&#8221; header_6_font_size_phone=&#8221;12px&#8221; header_6_font_size_last_edited=&#8221;on|phone&#8221; global_colors_info=&#8221;{}&#8221;]<\/p>\n<p><span style=\"font-weight: 400;\">The construction of democracy in countries and societies has gone hand in hand with the fight against civil wars and humanitarian or political crises of all kinds. The construction of Europe also stems from post-conflict eras and the atrocities endured in the wake of the Second World War. Europe seems to be constantly tackling various crises that make it stronger but put it to the test time and time again. We are often oblivious to the price paid to achieve certain peace and stability after so much conflict, violence and disaster. From the perspective, once again, of a global pandemic crisis, I believe I can assure that European democracies will come out stronger, without forgetting the new challenges and tangential weaknesses they are up against.<\/span><\/p>\n<p><span style=\"font-weight: 400;\">In an endeavour to restore the values of European construction based on history and memory, we have worked alongside various institutions and professionals to produce this volume. A volume that, similar to our previous work on the figure of Robert Schumann, seeks to give us a deeper insight into the democratic and foundational values of the European Union, into that new post-war Europe and its main players. The European Observatory on Memories, which enjoys the support of the European Commission\u2019s former Europe for Citizens programme, together with the European Parliament\u2019s Jean Monnet House and the Istituto Altiero Spinelli, wish to recover the figure of Altiero Spinelli as one of the founding fathers of the current Union. They have joined forces to develop a compendium of historical biographies, political processes and the history and memorialisation of public and symbolic places as important as the Santo Stefano prison in Ventotene. We hope this approach heeds cross-cutting perspectives, related to gender and memory. Examples include the text on Ursula Hirschmann, who at times played a more discreet role in the process of reflection, debate and authorship of what became an intellectual and political movement of a new and strong democracy in a new and reconstructed federal Europe. As you know, all this is underpinned by the so-called Ventotene Manifesto.<\/span><\/p>\n<p><span style=\"font-weight: 400;\">We, the authors, specialists and experts, who engaged in the debates held in previous seminars in May 2021, have created synergies that extend beyond this joint volume. The aim of our European Observatory on Memories has always been to go one step further and to consolidate the international relations that we establish on the basis of critical reflection and the creation of stable and permanent frameworks. Commemorating Europe and its processes and founders is more necessary than ever. That said, I wish to be optimistic when I assert that it coincides with the establishment of new European programmes that also advocate and foster the past\u2019s values in the present, the values of memory and democracy in the rights and freedoms of today\u2019s Europe. For example, the European Commission\u2019s new Citizenship, Equality, Rights and Values programme. It marks an achievement and a bold resolution that encourages us to place our trust in today\u2019s Europe. And to deposit greater trust in its political and democratic origins, where culture, education, citizenship and public policies must take their rightful place.<\/span><\/p>\n<p><span style=\"font-weight: 400;\">Our thanks once again for the collaboration of the Jean Monnet House, the Istituto Altiero Spinelli and the colleagues who have contributed to this must-read book.<\/span><\/p>\n<p>&nbsp;<\/p>\n<p style=\"text-align: right;\"><strong>JORDI GUIX\u00c9<br \/><\/strong>Director of the European Observatory on Memories (EUROM)<\/p>\n<p>[\/et_pb_text][\/et_pb_column][\/et_pb_row][et_pb_row use_custom_gutter=&#8221;on&#8221; gutter_width=&#8221;1&#8243; make_equal=&#8221;on&#8221; custom_padding_last_edited=&#8221;on|tablet&#8221; admin_label=&#8221;Best Beans Row&#8221; module_class=&#8221; et_pb_row_fullwidth&#8221; _builder_version=&#8221;4.16&#8243; background_enable_color=&#8221;off&#8221; width=&#8221;50%&#8221; width_tablet=&#8221;90%&#8221; width_phone=&#8221;95%&#8221; width_last_edited=&#8221;on|tablet&#8221; max_width=&#8221;100%&#8221; max_width_tablet=&#8221;100%&#8221; max_width_phone=&#8221;&#8221; max_width_last_edited=&#8221;on|desktop&#8221; custom_margin=&#8221;||||false|false&#8221; custom_margin_tablet=&#8221;&#8221; custom_margin_phone=&#8221;&#8221; custom_margin_last_edited=&#8221;on|tablet&#8221; custom_padding=&#8221;0px|0px|0px|0px|false|true&#8221; custom_padding_tablet=&#8221;&#8221; custom_padding_phone=&#8221;&#8221; border_radii_tablet=&#8221;&#8221; border_radii_phone=&#8221;&#8221; border_radii_last_edited=&#8221;on|phone&#8221; make_fullwidth=&#8221;on&#8221; locked=&#8221;off&#8221; global_colors_info=&#8221;{}&#8221;][et_pb_column type=&#8221;4_4&#8243; _builder_version=&#8221;4.16&#8243; custom_padding=&#8221;|5px|||true|false&#8221; custom_padding_tablet=&#8221;|0px|||true|false&#8221; custom_padding_phone=&#8221;&#8221; custom_padding_last_edited=&#8221;on|phone&#8221; global_colors_info=&#8221;{}&#8221; custom_padding__hover=&#8221;|||&#8221;][et_pb_image src=&#8221;https:\/\/europeanmemories.net\/stories\/wp-content\/uploads\/sites\/13\/2021\/10\/14-2.jpg&#8221; title_text=&#8221;14-2&#8243; force_fullwidth=&#8221;on&#8221; align_tablet=&#8221;center&#8221; align_phone=&#8221;&#8221; align_last_edited=&#8221;on|desktop&#8221; _builder_version=&#8221;4.16&#8243; custom_padding=&#8221;||10px||false|false&#8221; locked=&#8221;off&#8221; global_colors_info=&#8221;{}&#8221;][\/et_pb_image][et_pb_text content_tablet=&#8221;<\/p>\n<p style=%22text-align: center;%22><strong><\/strong><strong><\/strong><span class=%22media-metadata-value%22><b>Group of politicians confined to the island of Ventotene. 1930-1940 <\/b>| Wikimedia Commons<\/span><\/p>\n<p style=%22text-align: left;%22><span class=%22media-metadata-value%22><\/span><\/p>\n<p style=%22text-align: left;%22><span class=%22media-metadata-value%22><\/span><\/p>\n<p>&#8221; content_phone=&#8221;<\/p>\n<p style=%22text-align: center;%22><strong><\/strong><strong><\/strong><span class=%22media-metadata-value%22><b>Group of politicians confined to the island of Ventotene. 1930-1940 <\/b>| Wikimedia Commons<\/span><\/p>\n<p style=%22text-align: left;%22><span class=%22media-metadata-value%22><\/span><\/p>\n<p style=%22text-align: left;%22><span class=%22media-metadata-value%22><\/span><\/p>\n<p>&#8221; content_last_edited=&#8221;on|desktop&#8221; _builder_version=&#8221;4.16&#8243; text_font=&#8221;Open Sans||||||||&#8221; text_text_color=&#8221;#ED8989&#8243; text_line_height=&#8221;1.5em&#8221; custom_margin=&#8221;|20px||20px|false|false&#8221; custom_margin_tablet=&#8221;|0px|||false|false&#8221; custom_margin_phone=&#8221;&#8221; custom_margin_last_edited=&#8221;on|phone&#8221; text_font_size_tablet=&#8221;12px&#8221; text_font_size_phone=&#8221;14px&#8221; text_font_size_last_edited=&#8221;on|phone&#8221; locked=&#8221;off&#8221; global_colors_info=&#8221;{}&#8221;]<\/p>\n<div class=\"media-right-block media-description\" style=\"text-align: left;\">\n<p style=\"text-align: right;\"><b>Group of politicians confined to the island of Ventotene. 1930-1940 <\/b>| Wikimedia Commons<\/p>\n<p><span class=\"media-metadata-value\"><\/span><\/p>\n<\/div>\n<p>[\/et_pb_text][\/et_pb_column][\/et_pb_row][\/et_pb_section][et_pb_section fb_built=&#8221;1&#8243; admin_label=&#8221;\u2022 BOT\u00d3 INTRODUCCI\u00d3&#8221; _builder_version=&#8221;4.16&#8243; background_color=&#8221;#242a3d&#8221; custom_padding=&#8221;0px||0px|||&#8221; collapsed=&#8221;on&#8221; global_colors_info=&#8221;{}&#8221; da_is_popup=&#8221;off&#8221; da_exit_intent=&#8221;off&#8221; da_has_close=&#8221;on&#8221; da_alt_close=&#8221;off&#8221; da_dark_close=&#8221;off&#8221; da_not_modal=&#8221;on&#8221; da_is_singular=&#8221;off&#8221; da_with_loader=&#8221;off&#8221; da_has_shadow=&#8221;on&#8221; da_disable_devices=&#8221;off|off|off&#8221;][et_pb_row _builder_version=&#8221;4.16&#8243; background_color=&#8221;rgba(0,0,0,0)&#8221; custom_margin=&#8221;||||false|false&#8221; custom_padding=&#8221;0px|||||&#8221; global_colors_info=&#8221;{}&#8221;][et_pb_column type=&#8221;4_4&#8243; _builder_version=&#8221;4.16&#8243; global_colors_info=&#8221;{}&#8221;][et_pb_code _builder_version=&#8221;4.16&#8243; global_colors_info=&#8221;{}&#8221;]<script type=\"text\/javascript\"> <!-- [et_pb_line_break_holder] -->jQuery(document).ready(function() {<!-- [et_pb_line_break_holder] -->\/\/ ocultar el contenido<!-- [et_pb_line_break_holder] -->jQuery('#mostrar2').hide();<!-- [et_pb_line_break_holder] -->jQuery('.botoncillo2').click(function(e){<!-- [et_pb_line_break_holder] -->e.preventDefault();jQuery(\"#mostrar2\").slideToggle();<!-- [et_pb_line_break_holder] -->jQuery('.botoncillo2').toggleClass('opened closed');<!-- [et_pb_line_break_holder] -->});<!-- [et_pb_line_break_holder] -->});<!-- [et_pb_line_break_holder] --><\/script>[\/et_pb_code][et_pb_cta button_url=&#8221;#2&#8243; button_text=&#8221;Introduction&#8221; content_tablet=&#8221;&#8221; content_phone=&#8221;&#8221; content_last_edited=&#8221;on|tablet&#8221; module_class=&#8221;botoncillo2&#8243; _builder_version=&#8221;4.16&#8243; header_level=&#8221;h1&#8243; header_font=&#8221;||||||||&#8221; header_font_size=&#8221;30px&#8221; body_font=&#8221;||||||||&#8221; background_enable_color=&#8221;off&#8221; custom_button=&#8221;on&#8221; button_text_size=&#8221;37px&#8221; button_text_color=&#8221;#F3B0B0&#8243; button_bg_color=&#8221;RGBA(0,0,0,0)&#8221; button_border_width=&#8221;0px&#8221; button_border_radius=&#8221;0px&#8221; button_font=&#8221;Open Sans|700|||||||&#8221; button_icon=&#8221;&#x43;||divi||400&#8243; button_icon_color=&#8221;#F3B0B0&#8243; button_icon_placement=&#8221;left&#8221; button_on_hover=&#8221;off&#8221; button_alignment=&#8221;center&#8221; button_custom_margin=&#8221;||||false|false&#8221; button_custom_margin_tablet=&#8221;&#8221; button_custom_margin_phone=&#8221;|||-15px|false|false&#8221; button_custom_margin_last_edited=&#8221;on|phone&#8221; custom_margin=&#8221;||||false|false&#8221; custom_margin_tablet=&#8221;&#8221; custom_margin_phone=&#8221;|||-50px|false|false&#8221; custom_margin_last_edited=&#8221;on|phone&#8221; custom_padding=&#8221;0px||37px|||&#8221; animation_style=&#8221;fade&#8221; button_text_size_tablet=&#8221;29px&#8221; button_text_size_phone=&#8221;&#8221; button_text_size_last_edited=&#8221;on|phone&#8221; button_alignment_tablet=&#8221;center&#8221; button_alignment_phone=&#8221;right&#8221; button_alignment_last_edited=&#8221;on|phone&#8221; global_colors_info=&#8221;{}&#8221;][\/et_pb_cta][\/et_pb_column][\/et_pb_row][\/et_pb_section][et_pb_section fb_built=&#8221;1&#8243; custom_padding_last_edited=&#8221;on|phone&#8221; admin_label=&#8221;\u2022 INTRO&#8221; module_id=&#8221;mostrar2&#8243; _builder_version=&#8221;4.16&#8243; background_color=&#8221;#242a3d&#8221; background_enable_image=&#8221;off&#8221; custom_padding=&#8221;0px||0px||false|false&#8221; custom_padding_tablet=&#8221;50px||||false|false&#8221; custom_padding_phone=&#8221;30px||||false|false&#8221; top_divider_height=&#8221;36px&#8221; top_divider_height_tablet=&#8221;&#8221; top_divider_height_phone=&#8221;&#8221; top_divider_height_last_edited=&#8221;on|desktop&#8221; locked=&#8221;off&#8221; collapsed=&#8221;on&#8221; global_colors_info=&#8221;{}&#8221; da_is_popup=&#8221;off&#8221; da_exit_intent=&#8221;off&#8221; da_has_close=&#8221;on&#8221; da_alt_close=&#8221;off&#8221; da_dark_close=&#8221;off&#8221; da_not_modal=&#8221;on&#8221; da_is_singular=&#8221;off&#8221; da_with_loader=&#8221;off&#8221; da_has_shadow=&#8221;on&#8221; da_disable_devices=&#8221;off|off|off&#8221;][et_pb_row custom_padding_last_edited=&#8221;on|phone&#8221; admin_label=&#8221;Coffee items&#8221; _builder_version=&#8221;4.16&#8243; custom_margin=&#8221;||||false|false&#8221; custom_padding=&#8221;0px|0px|120px|0px||&#8221; custom_padding_tablet=&#8221;||70px||false|false&#8221; custom_padding_phone=&#8221;||50px||false|false&#8221; global_colors_info=&#8221;{}&#8221;][et_pb_column type=&#8221;4_4&#8243; _builder_version=&#8221;4.16&#8243; custom_padding=&#8221;|||&#8221; global_colors_info=&#8221;{}&#8221; custom_padding__hover=&#8221;|||&#8221;][et_pb_text _builder_version=&#8221;4.16&#8243; text_font=&#8221;Open Sans||||||||&#8221; text_text_color=&#8221;#F3B0B0&#8243; text_font_size=&#8221;20px&#8221; text_line_height=&#8221;1.5em&#8221; header_font=&#8221;Abril Fatface||||||||&#8221; header_text_color=&#8221;rgba(255,255,255,0.5)&#8221; header_font_size=&#8221;100px&#8221; header_letter_spacing=&#8221;-1px&#8221; header_line_height=&#8221;0em&#8221; header_2_font=&#8221;Open Sans|600|||||||&#8221; header_2_text_color=&#8221;#17181A&#8221; header_2_font_size=&#8221;120px&#8221; header_2_letter_spacing=&#8221;1px&#8221; header_2_line_height=&#8221;1.2em&#8221; header_3_font=&#8221;Abril Fatface||||||||&#8221; header_3_text_color=&#8221;#ffffff&#8221; header_3_letter_spacing=&#8221;1px&#8221; header_3_line_height=&#8221;0.9em&#8221; header_4_font=&#8221;Open Sans||||||||&#8221; header_4_text_color=&#8221;#ffffff&#8221; header_4_font_size=&#8221;27px&#8221; header_4_line_height=&#8221;1.3em&#8221; header_5_font=&#8221;Abril Fatface||||||||&#8221; header_5_text_color=&#8221;#ffffff&#8221; header_5_font_size=&#8221;50px&#8221; header_5_letter_spacing=&#8221;1px&#8221; header_5_line_height=&#8221;1.2em&#8221; header_6_font=&#8221;Open Sans|600|||||||&#8221; header_6_text_align=&#8221;center&#8221; header_6_text_color=&#8221;#17181A&#8221; header_6_font_size=&#8221;16px&#8221; z_index=&#8221;0&#8243; custom_margin=&#8221;-28px|185px||185px|false|true&#8221; custom_margin_tablet=&#8221;|25px||25px|false|true&#8221; custom_margin_phone=&#8221;|4px||4px|false|true&#8221; custom_margin_last_edited=&#8221;on|tablet&#8221; custom_padding=&#8221;30px|||||&#8221; animation_direction=&#8221;bottom&#8221; text_font_size_tablet=&#8221;16px&#8221; text_font_size_phone=&#8221;20px&#8221; text_font_size_last_edited=&#8221;on|phone&#8221; header_font_size_tablet=&#8221;80px&#8221; header_font_size_phone=&#8221;48px&#8221; header_font_size_last_edited=&#8221;on|tablet&#8221; header_2_font_size_tablet=&#8221;85px&#8221; header_2_font_size_phone=&#8221;56px&#8221; header_2_font_size_last_edited=&#8221;on|phone&#8221; header_2_letter_spacing_tablet=&#8221;0px&#8221; header_2_letter_spacing_phone=&#8221;&#8221; header_2_letter_spacing_last_edited=&#8221;on|desktop&#8221; header_2_line_height_tablet=&#8221;1.1em&#8221; header_2_line_height_phone=&#8221;1em&#8221; header_2_line_height_last_edited=&#8221;on|desktop&#8221; header_3_font_size_tablet=&#8221;20px&#8221; header_3_font_size_phone=&#8221;23px&#8221; header_3_font_size_last_edited=&#8221;on|phone&#8221; header_3_letter_spacing_tablet=&#8221;1px&#8221; header_3_letter_spacing_phone=&#8221;1px&#8221; header_3_letter_spacing_last_edited=&#8221;on|phone&#8221; header_3_line_height_tablet=&#8221;0.8em&#8221; header_3_line_height_phone=&#8221;1em&#8221; header_3_line_height_last_edited=&#8221;on|desktop&#8221; header_4_font_size_tablet=&#8221;24px&#8221; header_4_font_size_phone=&#8221;19px&#8221; header_4_font_size_last_edited=&#8221;on|tablet&#8221; header_5_font_size_tablet=&#8221;25px&#8221; header_5_font_size_phone=&#8221;22px&#8221; header_5_font_size_last_edited=&#8221;on|phone&#8221; header_6_font_size_tablet=&#8221;14px&#8221; header_6_font_size_phone=&#8221;12px&#8221; header_6_font_size_last_edited=&#8221;on|phone&#8221; global_colors_info=&#8221;{}&#8221;]<\/p>\n<p><span style=\"font-weight: 400;\"><\/span><\/p>\n<p><span style=\"font-weight: 400;\">When it comes to European unity, 2021 is a year of double celebration. Seventy years ago, the signing of the Treaty of Paris paved the way for the first European Community, devoted to the sharing of Coal and Steel Production. It was the very first practical step towards the integration of our continent. Eighty years ago, on the tiny Italian of Ventotene, in the heat of WWII, a group of prison inmates wrote a compelling blueprint for a future without war, with the title <\/span><i><span style=\"font-weight: 400;\">For a Free and United Europe. A Draft Manifesto.<\/span><\/i><\/p>\n<p><span style=\"font-weight: 400;\">At the Jean Monnet House in Houjarray (France), we have had the opportunity to commemorate the Treaty of Paris, and we are now happy to join forces with t<\/span><span style=\"font-weight: 400;\">he European Observatory on Memories and the Istituto di Studi Federalisti Altiero Spinelli to mark the 80th anniversary of the Manifesto of Ventotene.<\/span><\/p>\n<p><span style=\"font-weight: 400;\">In our age of uncertainty, does such remembrance matter? The two events were very different in nature. The former signalled an unprecedented institutional move on the international arena: for the first time in history, governments were relinquishing part of their sovereignty to merge some of their key policy areas, in hopes of preserving peace. The latter was an act of thinking among comrades\u2014all of them in principle with their ability to act curtailed\u2014pointing at a federal Europe as the only way for a better world, a world in peace. Yet both events have something important in common: they both stemmed from the strength of individual will against all odds. The Treaty of Paris was a multilateral answer to an acute deterioration of security, true; but it was Jean Monnet\u2019s own restlessness at the prospect of a new war which prompted many successive days of drafting, without exactly knowing how and by whom it would be received, what would be known as the Schuman declaration, prefiguring the Treaty. The Manifesto of Ventotene was the work of Altiero Spinelli, Ernesto Rossi, and other farsighted individuals: they were persuaded that if nation-states were to be reconstituted after the war according to pre-war premises, with national sovereignty intact, it would inevitably lead to war again. If it is fair to acknowledge the men of the practical steps towards European unity in the fifties\u2014Spaak, Adenauer, de Gasperi, Schuman, all of the often-touted \u201cfounding fathers\u201d\u2014it is equally fair to acknowledge the individuals who, out of nothing, when everything seemed lost to war, laid out a clear vision and fought for it. Today it is worth recalling that, in the face of adversity, their answer was the opposite of despair.<\/span><\/p>\n<p><span style=\"font-weight: 400;\">Beyond its powerful political message, the story of the Ventotene Manifesto strikes us for its epic overtones, and it is one that defies certain received ideas about the origins of European unity.<\/span><\/p>\n<p><span style=\"font-weight: 400;\">First, the theatre of the saga of European unity is not solely confined to Western Europe. The group of Ventotene included some Albanians, in the same way that, before the Cold War\u2019s Iron Curtain fell, pro-European activists were to be found in all four corners of our continent.<\/span><\/p>\n<p><span style=\"font-weight: 400;\">Second, those determined activists included both men AND women: some of those women deserve to be called founding mothers.\u00a0 Ursula Hirschman transported the text written on cigarette paper to the mainland, investing herself to the fullest in the dissemination of the Manifesto and the advancement of Federalist ideas. In the same lineage of founding mothers, we find Louise Weiss (also active in the interwar period) and Simone Veil, the first president of the directly elected EP, among many others, alas not always acknowledged.<\/span><\/p>\n<p><span style=\"font-weight: 400;\">Third, the frontrunners of European unity came from all ideological strands. Spinelli was a young journalist arrested for his Communist ideas, imprisoned for long years, then kept in confinement. He was expelled from the Italian Communist party for his rejection of Stalin\u2019s policies, and he maintained his convictions in other organisations.<\/span><\/p>\n<p><span style=\"font-weight: 400;\">The men and women who authored and rapidly disseminated the Ventotene manifesto might not have suspected it, but they were marking the beginning of an astonishing decade for European unity. The war ended in 1945, and the next year Winston Churchill advocated for the creation of a United States of Europe, while pro-European activism grew amid post-war reconstruction. In 1948, more than 700 individuals from across the continent\u2014Spinelli with a prominent role among them\u2014gathered in The Hague in the Congress of Europe to realize ideals with action. One of the results was the creation of the Council of Europe in 1949, but it was clear that its cooperative rationale was a world apart from a federal Europe. Conversely, both the Schuman Declaration and the international treaty it informed, the Treaty of Paris, laid down concrete foundations for what was seen as a first step to a European federation. To be sure, Spinelli judged some of those <\/span><i><span style=\"font-weight: 400;\">petits pas<\/span><\/i><span style=\"font-weight: 400;\">, and the <\/span><i><span style=\"font-weight: 400;\">petits pas<\/span><\/i><span style=\"font-weight: 400;\"> method itself, insufficient. But that did not prevent him from being involved in key actions to move forward from stalemates. Thus, the decade\u2019s story is the transit from idealism to pragmatism.\u00a0 Spinelli, an idealist, did not abjure pragmatic moves, as Monnet, a pragmatist, did not despise but worked to streamline idealism. Jean Monnet wrote: \u00ab Rien n\u2019est possible sans les hommes, rien n\u2019est durable sans les institutions \u00bb: such seems to be the meeting point between the two men\u2019s otherwise very different methods.<\/span><\/p>\n<p><span style=\"font-weight: 400;\">The Manifesto started its dissemination in federalist circles even before its authors and contributors left the island. One of them, Eugenio Colorni, was unfortunately killed shortly before the end of the war. Ursula Hirschman, Eugenio\u2019s widow, married Altiero, and the couple renewed and intensified their activism. Spinelli devoted himself to the propulsion of the federalist movement, and joined the Action Party, named after Mazzini\u2019s party. Mazzinian thought, for Spinelli, is not just a distant echo, but something deeply linked through a chain of influences stretching to the 19th century (Ernesto Rossi, Eugenio Colorni, Gaetano Salvemini, Carlo Roselli). Even if modern lingo opposes nations\/nationalism to internationalism, self-rule and international brotherhood are notions perfectly reconciled in Mazzini\u2019s texts.<\/span><\/p>\n<p><span style=\"font-weight: 400;\">In the next decades, Spinelli was sometimes disappointed with the sluggishness of the unfolding of European unity, but his advice was essential even when a \u201cmoderate\u201d approach prevailed. Ultimately, he entered the fray of institutional politics. In 1970, he became European Commissioner. In 1976, member of the Italian <\/span><i><span style=\"font-weight: 400;\">Camera dei Deputati<\/span><\/i><span style=\"font-weight: 400;\">. In 1979, Member of the European Parliament. At the European Parliament, he led an institutional revolution, at the helm of the Crocodile Club, for the creation of a European federation. In this context, a new committee for institutional reform chaired by Spinelli produced a \u201cDraft Treaty establishing a European Union\u201d. Although the member states did not approve the text, it paved the way for the European Single Act and the Maastricht Treaty, which effectively established a European Union, albeit not a federal one.<\/span><\/p>\n<p><span style=\"font-weight: 400;\">Spinelli died in 1986, but his federalist ideals live on. For many, Europe\u2019s ever-growing unity is the best answer to the challenges of our time.\u00a0<\/span><\/p>\n<p style=\"text-align: right;\"><strong><\/strong><\/p>\n<p style=\"text-align: right;\"><strong><\/strong><\/p>\n<p style=\"text-align: right;\"><strong>Mart\u00ed Grau i Seg\u00fa<br \/><\/strong><em>Head of service and curator, Jean Monnet House, European Parliament<\/em><\/p>\n<p style=\"text-align: right;\"><strong>\u00a0<\/strong><\/p>\n<p>[\/et_pb_text][\/et_pb_column][\/et_pb_row][\/et_pb_section][et_pb_section fb_built=&#8221;1&#8243; custom_padding_last_edited=&#8221;on|phone&#8221; admin_label=&#8221;\u2022 ART 1&#8243; module_id=&#8221;SEC1&#8243; _builder_version=&#8221;4.16&#8243; background_color=&#8221;#ed8989&#8243; background_enable_image=&#8221;off&#8221; custom_padding=&#8221;100px||0px||false|false&#8221; custom_padding_tablet=&#8221;50px||||false|false&#8221; custom_padding_phone=&#8221;30px||||false|false&#8221; top_divider_height=&#8221;36px&#8221; top_divider_height_tablet=&#8221;&#8221; top_divider_height_phone=&#8221;&#8221; top_divider_height_last_edited=&#8221;on|desktop&#8221; collapsed=&#8221;on&#8221; global_colors_info=&#8221;{}&#8221; da_is_popup=&#8221;off&#8221; da_exit_intent=&#8221;off&#8221; da_has_close=&#8221;on&#8221; da_alt_close=&#8221;off&#8221; da_dark_close=&#8221;off&#8221; da_not_modal=&#8221;on&#8221; da_is_singular=&#8221;off&#8221; da_with_loader=&#8221;off&#8221; da_has_shadow=&#8221;on&#8221; da_disable_devices=&#8221;off|off|off&#8221;][et_pb_row custom_padding_last_edited=&#8221;on|phone&#8221; admin_label=&#8221;Coffee items&#8221; _builder_version=&#8221;4.16&#8243; custom_margin=&#8221;|||&#8221; custom_padding=&#8221;60px|0px|0px|0px||&#8221; custom_padding_tablet=&#8221;||70px||false|false&#8221; custom_padding_phone=&#8221;||50px||false|false&#8221; global_colors_info=&#8221;{}&#8221;][et_pb_column type=&#8221;4_4&#8243; _builder_version=&#8221;4.16&#8243; custom_padding=&#8221;|||&#8221; global_colors_info=&#8221;{}&#8221; custom_padding__hover=&#8221;|||&#8221;][et_pb_text content_tablet=&#8221;<\/p>\n<h2><b>\u2018A Draft Manifesto\u2019. Ventotene and the Struggle for European Unification<\/b><\/h2>\n<h6><\/h6>\n<h6><\/h6>\n<h6><\/h6>\n<h6><\/h6>\n<h6><\/h6>\n<h6><\/h6>\n<\/p>\n<p>&#8221; content_phone=&#8221;<\/p>\n<h2><b>\u2018A Draft Manifesto\u2019. Ventotene and the Struggle for European Unificatio<\/b><b>n<\/b><b><\/b><\/h2>\n<p>&#8221; content_last_edited=&#8221;on|phone&#8221; admin_label=&#8221;Text ti\u00edtol&#8221; _builder_version=&#8221;4.16&#8243; text_font=&#8221;Open Sans||||||||&#8221; text_text_color=&#8221;#ffffff&#8221; text_font_size=&#8221;20px&#8221; text_line_height=&#8221;1.5em&#8221; header_font=&#8221;Abril Fatface||||||||&#8221; header_text_color=&#8221;rgba(255,255,255,0.5)&#8221; header_font_size=&#8221;59px&#8221; header_2_font=&#8221;Open Sans|600|||||||&#8221; header_2_text_color=&#8221;#41485C&#8221; header_2_font_size=&#8221;90px&#8221; header_2_letter_spacing=&#8221;1px&#8221; header_2_line_height=&#8221;1.2em&#8221; header_3_font=&#8221;Abril Fatface||||||||&#8221; header_3_text_color=&#8221;#ffffff&#8221; header_3_font_size=&#8221;30px&#8221; header_3_letter_spacing=&#8221;2px&#8221; header_3_line_height=&#8221;1.2em&#8221; header_4_font=&#8221;Open Sans||||||||&#8221; header_4_text_color=&#8221;#ffffff&#8221; header_4_font_size=&#8221;27px&#8221; header_4_line_height=&#8221;1.3em&#8221; header_5_font=&#8221;Abril Fatface||||||||&#8221; header_5_text_color=&#8221;#ffffff&#8221; header_5_font_size=&#8221;28px&#8221; header_5_letter_spacing=&#8221;1px&#8221; header_5_line_height=&#8221;1.2em&#8221; header_6_font=&#8221;Open Sans|600|||||||&#8221; header_6_text_align=&#8221;center&#8221; header_6_text_color=&#8221;#17181A&#8221; header_6_font_size=&#8221;16px&#8221; z_index=&#8221;0&#8243; animation_style=&#8221;slide&#8221; animation_direction=&#8221;bottom&#8221; animation_duration=&#8221;1450ms&#8221; animation_intensity_slide=&#8221;5%&#8221; animation_starting_opacity=&#8221;88%&#8221; animation_speed_curve=&#8221;ease&#8221; text_font_size_tablet=&#8221;16px&#8221; text_font_size_phone=&#8221;14px&#8221; text_font_size_last_edited=&#8221;on|phone&#8221; header_font_size_tablet=&#8221;39px&#8221; header_font_size_phone=&#8221;38px&#8221; header_font_size_last_edited=&#8221;on|phone&#8221; header_2_text_align_tablet=&#8221;&#8221; header_2_text_align_phone=&#8221;&#8221; header_2_text_align_last_edited=&#8221;on|phone&#8221; header_2_font_size_tablet=&#8221;60px&#8221; header_2_font_size_phone=&#8221;54px&#8221; header_2_font_size_last_edited=&#8221;on|phone&#8221; header_2_letter_spacing_tablet=&#8221;1px&#8221; header_2_letter_spacing_phone=&#8221;-1px&#8221; header_2_letter_spacing_last_edited=&#8221;on|phone&#8221; header_2_line_height_tablet=&#8221;1.2em&#8221; header_2_line_height_phone=&#8221;1.2em&#8221; header_2_line_height_last_edited=&#8221;on|phone&#8221; header_3_font_size_tablet=&#8221;25px&#8221; header_3_font_size_phone=&#8221;20px&#8221; header_3_font_size_last_edited=&#8221;on|phone&#8221; header_3_letter_spacing_tablet=&#8221;1px&#8221; header_3_letter_spacing_phone=&#8221;1px&#8221; header_3_letter_spacing_last_edited=&#8221;on|phone&#8221; header_3_line_height_tablet=&#8221;&#8221; header_3_line_height_phone=&#8221;1.2em&#8221; header_3_line_height_last_edited=&#8221;on|phone&#8221; header_4_font_size_tablet=&#8221;24px&#8221; header_4_font_size_phone=&#8221;19px&#8221; header_4_font_size_last_edited=&#8221;on|tablet&#8221; header_5_font_size_tablet=&#8221;25px&#8221; header_5_font_size_phone=&#8221;22px&#8221; header_5_font_size_last_edited=&#8221;on|phone&#8221; header_6_font_size_tablet=&#8221;14px&#8221; header_6_font_size_phone=&#8221;14px&#8221; header_6_font_size_last_edited=&#8221;on|tablet&#8221; global_colors_info=&#8221;{}&#8221;]<\/p>\n<h2><b>\u2018A Draft Manifesto\u2019. Ventotene and the Struggle for European Unification<\/b><\/h2>\n<p>&nbsp;<\/p>\n<p>[\/et_pb_text][\/et_pb_column][\/et_pb_row][et_pb_row custom_padding_last_edited=&#8221;off|desktop&#8221; admin_label=&#8221;Coffee items&#8221; _builder_version=&#8221;4.16&#8243; width_tablet=&#8221;&#8221; width_phone=&#8221;100%&#8221; width_last_edited=&#8221;on|phone&#8221; custom_margin=&#8221;|||&#8221; custom_padding=&#8221;20px|0px|20px|0px|false|false&#8221; custom_padding_tablet=&#8221;||70px||false|false&#8221; custom_padding_phone=&#8221;||50px||false|false&#8221; locked=&#8221;off&#8221; global_colors_info=&#8221;{}&#8221;][et_pb_column type=&#8221;4_4&#8243; _builder_version=&#8221;4.16&#8243; custom_padding=&#8221;||||false|false&#8221; global_colors_info=&#8221;{}&#8221; custom_padding__hover=&#8221;|||&#8221;][et_pb_text _builder_version=&#8221;4.16&#8243; _module_preset=&#8221;default&#8221; text_font=&#8221;Open Sans|700|||||||&#8221; text_text_color=&#8221;#3B435B&#8221; custom_margin=&#8221;||10px||false|false&#8221; custom_margin_tablet=&#8221;&#8221; custom_margin_phone=&#8221;&#8221; custom_margin_last_edited=&#8221;on|phone&#8221; global_colors_info=&#8221;{}&#8221;]<\/p>\n<p style=\"text-align: center;\">share<\/p>\n<p>[\/et_pb_text][et_pb_code _builder_version=&#8221;4.16&#8243; _module_preset=&#8221;default&#8221; width=&#8221;10%&#8221; width_tablet=&#8221;15%&#8221; width_phone=&#8221;100%&#8221; width_last_edited=&#8221;on|phone&#8221; max_width_last_edited=&#8221;off|phone&#8221; module_alignment=&#8221;center&#8221; custom_margin=&#8221;||||false|true&#8221; custom_margin_tablet=&#8221;||||false|true&#8221; custom_margin_phone=&#8221;||||false|true&#8221; custom_margin_last_edited=&#8221;on|phone&#8221; module_alignment_tablet=&#8221;&#8221; module_alignment_phone=&#8221;center&#8221; module_alignment_last_edited=&#8221;on|tablet&#8221; global_colors_info=&#8221;{}&#8221;]<div class=\"et_social_inline et_social_mobile_on et_social_inline_custom\">\n\t\t\t\t<div class=\"et_social_networks et_social_2col et_social_darken et_social_circle et_social_top et_social_no_animation et_social_outer_dark\">\n\t\t\t\t\t\n\t\t\t\t\t<ul class=\"et_social_icons_container\"><li class=\"et_social_facebook\">\n\t\t\t\t\t\t\t\t\t<a href=\"http:\/\/www.facebook.com\/sharer.php?u=https%3A%2F%2Feuropeanmemories.net%2Fstories%2Fventotene-80%2F&#038;t=Ventotene%2080\" class=\"et_social_share\" rel=\"nofollow\" data-social_name=\"facebook\" data-post_id=\"4673\" data-social_type=\"share\" data-location=\"inline\">\n\t\t\t\t\t\t\t\t\t\t<i class=\"et_social_icon et_social_icon_facebook\"><\/i><span class=\"et_social_overlay\"><\/span>\n\t\t\t\t\t\t\t\t\t<\/a>\n\t\t\t\t\t\t\t\t<\/li><li class=\"et_social_twitter\">\n\t\t\t\t\t\t\t\t\t<a href=\"http:\/\/twitter.com\/share?text=Ventotene%2080&#038;url=https%3A%2F%2Feuropeanmemories.net%2Fstories%2Fventotene-80%2F&#038;via=euromemories\" class=\"et_social_share\" rel=\"nofollow\" data-social_name=\"twitter\" data-post_id=\"4673\" data-social_type=\"share\" data-location=\"inline\">\n\t\t\t\t\t\t\t\t\t\t<i class=\"et_social_icon et_social_icon_twitter\"><\/i><span class=\"et_social_overlay\"><\/span>\n\t\t\t\t\t\t\t\t\t<\/a>\n\t\t\t\t\t\t\t\t<\/li><\/ul>\n\t\t\t\t<\/div>\n\t\t\t<\/div>[\/et_pb_code][\/et_pb_column][\/et_pb_row][et_pb_row custom_padding_last_edited=&#8221;on|phone&#8221; admin_label=&#8221;Coffee items&#8221; _builder_version=&#8221;4.16&#8243; custom_margin=&#8221;|||&#8221; custom_padding=&#8221;0px|0px|100px|0px||&#8221; custom_padding_tablet=&#8221;||70px||false|false&#8221; custom_padding_phone=&#8221;||50px||false|false&#8221; global_colors_info=&#8221;{}&#8221;][et_pb_column type=&#8221;4_4&#8243; _builder_version=&#8221;4.16&#8243; custom_padding=&#8221;|||&#8221; global_colors_info=&#8221;{}&#8221; custom_padding__hover=&#8221;|||&#8221;][et_pb_text _builder_version=&#8221;4.16&#8243; text_font=&#8221;Open Sans||||||||&#8221; text_text_color=&#8221;#41485C&#8221; text_font_size=&#8221;20px&#8221; text_line_height=&#8221;1.5em&#8221; link_font=&#8221;|700|||||||&#8221; link_font_size=&#8221;13px&#8221; header_font=&#8221;Abril Fatface||||||||&#8221; header_text_color=&#8221;rgba(255,255,255,0.5)&#8221; header_font_size=&#8221;25px&#8221; header_line_height=&#8221;1.3em&#8221; header_2_font=&#8221;Open Sans|600|||||||&#8221; header_2_text_color=&#8221;#17181A&#8221; header_2_font_size=&#8221;120px&#8221; header_2_letter_spacing=&#8221;1px&#8221; header_2_line_height=&#8221;1.2em&#8221; header_3_font=&#8221;Abril Fatface||on||||||&#8221; header_3_text_color=&#8221;#41485c&#8221; header_3_letter_spacing=&#8221;1px&#8221; header_3_line_height=&#8221;1.2em&#8221; header_4_font=&#8221;Open Sans||||||||&#8221; header_4_text_color=&#8221;#ffffff&#8221; header_4_font_size=&#8221;27px&#8221; header_4_line_height=&#8221;1.3em&#8221; header_5_font=&#8221;Abril Fatface||||||||&#8221; header_5_text_color=&#8221;#ffffff&#8221; header_5_font_size=&#8221;50px&#8221; header_5_letter_spacing=&#8221;1px&#8221; header_5_line_height=&#8221;1.2em&#8221; header_6_font=&#8221;Open Sans|300|||||||&#8221; header_6_text_align=&#8221;center&#8221; header_6_text_color=&#8221;#41485C&#8221; header_6_font_size=&#8221;17px&#8221; z_index=&#8221;0&#8243; custom_margin=&#8221;30px|185px||185px|false|true&#8221; custom_margin_tablet=&#8221;|25px||25px|false|true&#8221; custom_margin_phone=&#8221;|4px||4px|false|true&#8221; custom_margin_last_edited=&#8221;on|tablet&#8221; animation_direction=&#8221;bottom&#8221; hover_enabled=&#8221;0&#8243; text_font_size_tablet=&#8221;16px&#8221; text_font_size_phone=&#8221;20px&#8221; text_font_size_last_edited=&#8221;on|phone&#8221; header_font_size_tablet=&#8221;22px&#8221; header_font_size_phone=&#8221;18px&#8221; header_font_size_last_edited=&#8221;on|phone&#8221; header_2_font_size_tablet=&#8221;85px&#8221; header_2_font_size_phone=&#8221;56px&#8221; header_2_font_size_last_edited=&#8221;on|phone&#8221; header_2_letter_spacing_tablet=&#8221;0px&#8221; header_2_letter_spacing_phone=&#8221;&#8221; header_2_letter_spacing_last_edited=&#8221;on|desktop&#8221; header_2_line_height_tablet=&#8221;1.1em&#8221; header_2_line_height_phone=&#8221;1em&#8221; header_2_line_height_last_edited=&#8221;on|desktop&#8221; header_3_font_size_tablet=&#8221;20px&#8221; header_3_font_size_phone=&#8221;23px&#8221; header_3_font_size_last_edited=&#8221;on|tablet&#8221; header_3_letter_spacing_tablet=&#8221;1px&#8221; header_3_letter_spacing_phone=&#8221;1px&#8221; header_3_letter_spacing_last_edited=&#8221;on|phone&#8221; header_3_line_height_tablet=&#8221;1.2em&#8221; header_3_line_height_phone=&#8221;1.2em&#8221; header_3_line_height_last_edited=&#8221;on|phone&#8221; header_4_font_size_tablet=&#8221;24px&#8221; header_4_font_size_phone=&#8221;19px&#8221; header_4_font_size_last_edited=&#8221;on|tablet&#8221; header_5_font_size_tablet=&#8221;25px&#8221; header_5_font_size_phone=&#8221;22px&#8221; header_5_font_size_last_edited=&#8221;on|phone&#8221; header_6_font_size_tablet=&#8221;14px&#8221; header_6_font_size_phone=&#8221;12px&#8221; header_6_font_size_last_edited=&#8221;on|phone&#8221; global_colors_info=&#8221;{}&#8221; sticky_enabled=&#8221;0&#8243;]<\/p>\n<h1><span style=\"font-weight: 400;\">by Giorgio Anselmi <span id='easy-footnote-1-4673' class='easy-footnote-margin-adjust'><\/span><span class='easy-footnote'><a href='https:\/\/europeanmemories.net\/stories\/ventotene-80\/#easy-footnote-bottom-1-4673' title='&lt;span style=&quot;font-size: 11pt; font-family: Arial; color: #000000; background-color: transparent; font-weight: 400; font-style: normal; font-variant: normal; text-decoration: none; vertical-align: baseline; white-space: pre-wrap;&quot;&gt;President of the European Federalist Movement&lt;\/span&gt;'><sup>1<\/sup><\/a><\/span>, Michele Fiorillo <span id='easy-footnote-2-4673' class='easy-footnote-margin-adjust'><\/span><span class='easy-footnote'><a href='https:\/\/europeanmemories.net\/stories\/ventotene-80\/#easy-footnote-bottom-2-4673' title='&lt;span style=&quot;font-size: 11pt; font-family: Arial; color: #000000; background-color: transparent; font-weight: 400; font-style: normal; font-variant: normal; text-decoration: none; vertical-align: baseline; white-space: pre-wrap;&quot;&gt;Scuola Normale Superiore&lt;\/span&gt;'><sup>2<\/sup><\/a><\/span> and Mario Leone <span id='easy-footnote-3-4673' class='easy-footnote-margin-adjust'><\/span><span class='easy-footnote'><a href='https:\/\/europeanmemories.net\/stories\/ventotene-80\/#easy-footnote-bottom-3-4673' title='&lt;span style=&quot;font-size: 11pt; font-family: Arial; color: #000000; background-color: transparent; font-weight: 400; font-style: normal; font-variant: normal; text-decoration: none; vertical-align: baseline; white-space: pre-wrap;&quot;&gt;Director of the Altiero Spinelli Institute of Federalist Studies&lt;\/span&gt;'><sup>3<\/sup><\/a><\/span><\/span><\/h1>\n<p><span style=\"font-weight: 400;\"><\/span><\/p>\n<h3 style=\"text-align: right;\"><span style=\"font-weight: 400;\">&#8220;The island is less than two kilometres long, between two and eight hundred metres wide, only slightly undulating, so that the winds sweep it freely, and is almost devoid of trees. Normally one could see nothing but sea and sky all around, (&#8230;) some of the windows of Gaeta&#8217;s houses sparkled, reflecting the setting sun&#8217;s rays back at us, as if to remind us that the continent on which, from Gaeta to Canton, a terrible game was deciding the fate of mankind, was not so far away after all&#8221;.<\/span><\/h3>\n<p><span style=\"font-weight: 400;\"><\/span><\/p>\n<h6 style=\"text-align: right;\"><span style=\"font-weight: 400;\"><\/span><\/h6>\n<p><span style=\"font-weight: 400;\"><\/span><\/p>\n<h6 style=\"text-align: right;\"><span style=\"font-weight: 400;\"><\/span><\/h6>\n<h6 style=\"text-align: right;\"><span style=\"font-weight: 400;\">A. Spinelli, <\/span><i><span style=\"font-weight: 400;\">How I Tried to Become Wise <\/span><\/i><span style=\"font-weight: 400;\">(1984)<\/span><span style=\"font-weight: 400;\"><\/span><\/h6>\n<p>[\/et_pb_text][\/et_pb_column][\/et_pb_row][et_pb_row custom_padding_last_edited=&#8221;on|phone&#8221; admin_label=&#8221;Coffee items&#8221; _builder_version=&#8221;4.16&#8243; custom_margin=&#8221;|||&#8221; custom_padding=&#8221;10px|0px|50px|0px|false|false&#8221; custom_padding_tablet=&#8221;25px||0px||false|false&#8221; custom_padding_phone=&#8221;||0px||false|false&#8221; locked=&#8221;off&#8221; global_colors_info=&#8221;{}&#8221;][et_pb_column type=&#8221;4_4&#8243; _builder_version=&#8221;4.16&#8243; custom_padding=&#8221;|||&#8221; global_colors_info=&#8221;{}&#8221; custom_padding__hover=&#8221;|||&#8221;][et_pb_image src=&#8221;https:\/\/europeanmemories.net\/stories\/wp-content\/uploads\/sites\/13\/2021\/11\/Padiglioni_ex_Citta\u0300_confinaria_2-400&#215;258-1-1.jpg&#8221; title_text=&#8221;Padiglioni_ex_Citta\u0300_confinaria_2-400&#215;258-1-1&#8243; align=&#8221;center&#8221; _builder_version=&#8221;4.16&#8243; custom_margin=&#8221;||15px||false|false&#8221; global_colors_info=&#8221;{}&#8221;][\/et_pb_image][et_pb_text content_tablet=&#8221;<\/p>\n<p style=%22text-align: left;%22><span class=%22media-metadata-value%22><strong>European Defence Community Treaty Signed in Paris on May 27, 1952<br \/> <\/strong>Photographer: unknown | \u00a9 <span>No known copyright restrictions<\/span><\/span><\/p>\n<\/p>\n<p class=%22page-section-title%22><span class=%22media-metadata-value%22><\/span><\/p>\n<p>&#8221; content_phone=&#8221;<\/p>\n<p class=%22page-section-title%22 style=%22text-align: left;%22><span class=%22media-metadata-value%22><strong>European Defence Community Treaty Signed in Paris on May 27, 1952<br \/> <\/strong>Photographer: unknown | \u00a9 <span>No known copyright restrictions<\/span><\/span><\/p>\n<p class=%22page-section-title%22><span class=%22media-metadata-value%22><\/span><\/p>\n<p>&#8221; content_last_edited=&#8221;off|desktop&#8221; _builder_version=&#8221;4.16&#8243; text_font=&#8221;Open Sans||||||||&#8221; text_text_color=&#8221;#41485C&#8221; text_line_height=&#8221;1.5em&#8221; custom_margin=&#8221;|300px||300px|false|true&#8221; custom_margin_tablet=&#8221;|90px||90px|false|true&#8221; custom_margin_phone=&#8221;|0px||0px|false|true&#8221; custom_margin_last_edited=&#8221;on|phone&#8221; text_font_size_tablet=&#8221;12px&#8221; text_font_size_phone=&#8221;14px&#8221; text_font_size_last_edited=&#8221;on|phone&#8221; locked=&#8221;off&#8221; global_colors_info=&#8221;{}&#8221;]<\/p>\n<p style=\"text-align: center;\"><strong>Ventotene, 1940. The pavilions of the former penitentiary<br \/><\/strong>Source: <span style=\"font-weight: 400;\">Altiero Spinelli Institute for Federalist Studies<\/span><span class=\"media-metadata-value\"><\/span><span class=\"media-metadata-value\"><\/span><strong><\/strong><\/p>\n<p>[\/et_pb_text][et_pb_text _builder_version=&#8221;4.16&#8243; text_font=&#8221;Open Sans||||||||&#8221; text_text_color=&#8221;#41485C&#8221; text_font_size=&#8221;20px&#8221; text_line_height=&#8221;1.5em&#8221; header_font=&#8221;Abril Fatface||||||||&#8221; header_text_color=&#8221;rgba(255,255,255,0.5)&#8221; header_font_size=&#8221;100px&#8221; header_letter_spacing=&#8221;-1px&#8221; header_line_height=&#8221;0em&#8221; header_2_font=&#8221;Open Sans|600|||||||&#8221; header_2_text_color=&#8221;#17181A&#8221; header_2_font_size=&#8221;120px&#8221; header_2_letter_spacing=&#8221;1px&#8221; header_2_line_height=&#8221;1.2em&#8221; header_3_font=&#8221;Abril Fatface||||||||&#8221; header_3_text_color=&#8221;#41485C&#8221; header_3_font_size=&#8221;30px&#8221; header_3_letter_spacing=&#8221;1px&#8221; header_4_font=&#8221;Open Sans||||||||&#8221; header_4_text_color=&#8221;#ffffff&#8221; header_4_font_size=&#8221;27px&#8221; header_4_line_height=&#8221;1.3em&#8221; header_5_font=&#8221;Abril Fatface||||||||&#8221; header_5_text_color=&#8221;#ffffff&#8221; header_5_font_size=&#8221;50px&#8221; header_5_letter_spacing=&#8221;1px&#8221; header_5_line_height=&#8221;1.2em&#8221; header_6_font=&#8221;Open Sans|600|||||||&#8221; header_6_text_align=&#8221;center&#8221; header_6_text_color=&#8221;#17181A&#8221; header_6_font_size=&#8221;16px&#8221; z_index=&#8221;0&#8243; custom_margin=&#8221;49px|185px||185px|false|true&#8221; custom_margin_tablet=&#8221;|25px||25px|false|true&#8221; custom_margin_phone=&#8221;|4px||4px|false|true&#8221; custom_margin_last_edited=&#8221;on|phone&#8221; animation_direction=&#8221;bottom&#8221; text_font_size_tablet=&#8221;16px&#8221; text_font_size_phone=&#8221;20px&#8221; text_font_size_last_edited=&#8221;on|phone&#8221; header_font_size_tablet=&#8221;80px&#8221; header_font_size_phone=&#8221;48px&#8221; header_font_size_last_edited=&#8221;on|tablet&#8221; header_2_font_size_tablet=&#8221;85px&#8221; header_2_font_size_phone=&#8221;56px&#8221; header_2_font_size_last_edited=&#8221;on|phone&#8221; header_2_letter_spacing_tablet=&#8221;0px&#8221; header_2_letter_spacing_phone=&#8221;&#8221; header_2_letter_spacing_last_edited=&#8221;on|desktop&#8221; header_2_line_height_tablet=&#8221;1.1em&#8221; header_2_line_height_phone=&#8221;1em&#8221; header_2_line_height_last_edited=&#8221;on|desktop&#8221; header_3_font_size_tablet=&#8221;25px&#8221; header_3_font_size_phone=&#8221;20px&#8221; header_3_font_size_last_edited=&#8221;on|phone&#8221; header_3_letter_spacing_tablet=&#8221;1px&#8221; header_3_letter_spacing_phone=&#8221;1px&#8221; header_3_letter_spacing_last_edited=&#8221;on|phone&#8221; header_3_line_height_tablet=&#8221;1em&#8221; header_3_line_height_phone=&#8221;1em&#8221; header_3_line_height_last_edited=&#8221;on|phone&#8221; header_4_font_size_tablet=&#8221;24px&#8221; header_4_font_size_phone=&#8221;19px&#8221; header_4_font_size_last_edited=&#8221;on|tablet&#8221; header_5_font_size_tablet=&#8221;25px&#8221; header_5_font_size_phone=&#8221;22px&#8221; header_5_font_size_last_edited=&#8221;on|phone&#8221; header_6_font_size_tablet=&#8221;14px&#8221; header_6_font_size_phone=&#8221;12px&#8221; header_6_font_size_last_edited=&#8221;on|phone&#8221; global_colors_info=&#8221;{}&#8221;]<\/p>\n<h3 style=\"text-align: left;\">Altiero Spinelli and the Confinement of Ventotene<\/h3>\n<p><span style=\"font-weight: 400;\"><br \/><\/span><span style=\"font-weight: 400;\">Ventotene. A political confinement under the Fascist regime since 1930, after the institution of police confinement through the law on public security and the law on measures for the defence of the State, the island was only connected to the mainland by a post office. The internees were subjected to a thorough check-up and were given the \u201cCarta di permanenza\u201d, the red booklet with the instructions they had to follow &#8211; including finding a job, since the money they were given was not very substantial. There was a limited walking space, an impenetrable confinement limit (with signs and barbed wire), control by public security agents who also carried out surveillance operations on the most \u2018irreducible\u2019. Appeals had to be answered in the main square, now Piazza Castello, with compulsory times for leaving and returning to the &#8216;cameroni&#8217; (specially built, given the increase in the number of guests &#8211; up to 800 in the most crowded periods), a ban on talking about politics, and the possibility of writing (subject to authorisation from the management) one letter (or postcard) a week. The organisation of the canteens was left up to the internees, according to the political movement they belonged to: among these were seven communist canteens, two of the anarchists, two of the &#8216;Manchurians&#8217; (i.e. those internees who were isolated from the others because they were considered informers), one of the \u2018giellisti\u2019 (i.e. \u201cGiustizia e Libert\u00e0\u201d militants), one of the Socialists (Sandro Pertini was the head of the canteen) and the &#8216;A&#8217; canteen for the sick, particularly tuberculosis patients. Later on, Altiero Spinelli would set up a new canteen, the &#8216;E&#8217; canteen of the group of European federalists, of which he became the animator and &#8216;<\/span><i><span style=\"font-weight: 400;\">pater familias<\/span><\/i><span style=\"font-weight: 400;\">&#8216;. <\/span><\/p>\n<p>[\/et_pb_text][\/et_pb_column][\/et_pb_row][et_pb_row custom_padding_last_edited=&#8221;on|phone&#8221; admin_label=&#8221;Coffee items&#8221; _builder_version=&#8221;4.16&#8243; custom_margin=&#8221;|||&#8221; custom_padding=&#8221;10px|0px|20px|0px|false|false&#8221; custom_padding_tablet=&#8221;50px||0px||false|false&#8221; custom_padding_phone=&#8221;||0px||false|false&#8221; locked=&#8221;off&#8221; global_colors_info=&#8221;{}&#8221;][et_pb_column type=&#8221;4_4&#8243; _builder_version=&#8221;4.16&#8243; custom_padding=&#8221;|||&#8221; global_colors_info=&#8221;{}&#8221; custom_padding__hover=&#8221;|||&#8221;][et_pb_image src=&#8221;https:\/\/europeanmemories.net\/stories\/wp-content\/uploads\/sites\/13\/2021\/11\/VassoioDiVentotene_integral.png&#8221; title_text=&#8221;VassoioDiVentotene_integral&#8221; align=&#8221;center&#8221; _builder_version=&#8221;4.16&#8243; width=&#8221;70%&#8221; width_tablet=&#8221;100%&#8221; width_phone=&#8221;100%&#8221; width_last_edited=&#8221;on|desktop&#8221; custom_margin=&#8221;||25px||false|false&#8221; global_colors_info=&#8221;{}&#8221;][\/et_pb_image][et_pb_text content_tablet=&#8221;<\/p>\n<p style=%22text-align: left;%22><span class=%22media-metadata-value%22><strong>European Defence Community Treaty Signed in Paris on May 27, 1952<br \/> <\/strong>Photographer: unknown | \u00a9 <span>No known copyright restrictions<\/span><\/span><\/p>\n<\/p>\n<p class=%22page-section-title%22><span class=%22media-metadata-value%22><\/span><\/p>\n<p>&#8221; content_phone=&#8221;<\/p>\n<p class=%22page-section-title%22 style=%22text-align: left;%22><span class=%22media-metadata-value%22><strong>European Defence Community Treaty Signed in Paris on May 27, 1952<br \/> <\/strong>Photographer: unknown | \u00a9 <span>No known copyright restrictions<\/span><\/span><\/p>\n<p class=%22page-section-title%22><span class=%22media-metadata-value%22><\/span><\/p>\n<p>&#8221; content_last_edited=&#8221;off|desktop&#8221; _builder_version=&#8221;4.16&#8243; text_font=&#8221;Open Sans||||||||&#8221; text_text_color=&#8221;#41485C&#8221; text_line_height=&#8221;1.5em&#8221; custom_margin=&#8221;|185px||185px|false|true&#8221; custom_margin_tablet=&#8221;|40px||40px|false|true&#8221; custom_margin_phone=&#8221;|10px||10px|false|true&#8221; custom_margin_last_edited=&#8221;on|phone&#8221; text_font_size_tablet=&#8221;12px&#8221; text_font_size_phone=&#8221;14px&#8221; text_font_size_last_edited=&#8221;on|phone&#8221; locked=&#8221;off&#8221; global_colors_info=&#8221;{}&#8221;]<\/p>\n<p class=\"_4b3da m-b h4\" style=\"text-align: left;\"><strong><em>Il Vassoio di Ventotene<\/em> (The Ventotene Tray) is a work of art created by Ernesto Rossi in 1940 during his confinement on the island of Ventotene. Housed in the Historical Institute of the Resistance in Tuscany in Florence, it represents one of the most vivid iconographic testimonies of the world of those imprisoned during the Second World War<span style=\"font-weight: 400;\"> | \u00a9 No known copyright restrictions<\/span><\/strong><span class=\"media-metadata-value\"><\/span><\/p>\n<p>[\/et_pb_text][\/et_pb_column][\/et_pb_row][et_pb_row admin_label=&#8221;Coffee items&#8221; _builder_version=&#8221;4.16&#8243; custom_margin=&#8221;|||&#8221; custom_padding=&#8221;50px|0px|100px|0px||&#8221; global_colors_info=&#8221;{}&#8221;][et_pb_column type=&#8221;4_4&#8243; _builder_version=&#8221;4.16&#8243; custom_padding=&#8221;|||&#8221; global_colors_info=&#8221;{}&#8221; custom_padding__hover=&#8221;|||&#8221;][et_pb_text _builder_version=&#8221;4.16&#8243; text_font=&#8221;Open Sans||||||||&#8221; text_text_color=&#8221;#41485C&#8221; text_font_size=&#8221;20px&#8221; text_line_height=&#8221;1.5em&#8221; header_font=&#8221;Abril Fatface||||||||&#8221; header_text_color=&#8221;rgba(255,255,255,0.5)&#8221; header_font_size=&#8221;100px&#8221; header_letter_spacing=&#8221;-1px&#8221; header_line_height=&#8221;0em&#8221; header_2_font=&#8221;Open Sans|600|||||||&#8221; header_2_text_color=&#8221;#17181A&#8221; header_2_font_size=&#8221;120px&#8221; header_2_letter_spacing=&#8221;1px&#8221; header_2_line_height=&#8221;1.2em&#8221; header_3_font=&#8221;Abril Fatface||||||||&#8221; header_3_text_color=&#8221;#ffffff&#8221; header_3_font_size=&#8221;30px&#8221; header_3_letter_spacing=&#8221;1px&#8221; header_4_font=&#8221;Open Sans||||||||&#8221; header_4_text_color=&#8221;#ffffff&#8221; header_4_font_size=&#8221;27px&#8221; header_4_line_height=&#8221;1.3em&#8221; header_5_font=&#8221;Abril Fatface||||||||&#8221; header_5_text_color=&#8221;#ffffff&#8221; header_5_font_size=&#8221;50px&#8221; header_5_letter_spacing=&#8221;1px&#8221; header_5_line_height=&#8221;1.2em&#8221; header_6_font=&#8221;Open Sans|600|||||||&#8221; header_6_text_align=&#8221;center&#8221; header_6_text_color=&#8221;#17181A&#8221; header_6_font_size=&#8221;16px&#8221; z_index=&#8221;0&#8243; custom_margin=&#8221;|185px||185px|false|true&#8221; custom_margin_tablet=&#8221;|25px||25px|false|true&#8221; custom_margin_phone=&#8221;|4px||4px|false|true&#8221; custom_margin_last_edited=&#8221;on|tablet&#8221; animation_direction=&#8221;bottom&#8221; text_font_size_tablet=&#8221;16px&#8221; text_font_size_phone=&#8221;20px&#8221; text_font_size_last_edited=&#8221;on|phone&#8221; header_font_size_tablet=&#8221;80px&#8221; header_font_size_phone=&#8221;48px&#8221; header_font_size_last_edited=&#8221;on|tablet&#8221; header_2_font_size_tablet=&#8221;85px&#8221; header_2_font_size_phone=&#8221;56px&#8221; header_2_font_size_last_edited=&#8221;on|phone&#8221; header_2_letter_spacing_tablet=&#8221;0px&#8221; header_2_letter_spacing_phone=&#8221;&#8221; header_2_letter_spacing_last_edited=&#8221;on|desktop&#8221; header_2_line_height_tablet=&#8221;1.1em&#8221; header_2_line_height_phone=&#8221;1em&#8221; header_2_line_height_last_edited=&#8221;on|desktop&#8221; header_3_font_size_tablet=&#8221;25px&#8221; header_3_font_size_phone=&#8221;20px&#8221; header_3_font_size_last_edited=&#8221;on|phone&#8221; header_3_letter_spacing_tablet=&#8221;1px&#8221; header_3_letter_spacing_phone=&#8221;1px&#8221; header_3_letter_spacing_last_edited=&#8221;on|phone&#8221; header_3_line_height_tablet=&#8221;1em&#8221; header_3_line_height_phone=&#8221;1em&#8221; header_3_line_height_last_edited=&#8221;on|phone&#8221; header_4_font_size_tablet=&#8221;24px&#8221; header_4_font_size_phone=&#8221;19px&#8221; header_4_font_size_last_edited=&#8221;on|tablet&#8221; header_5_font_size_tablet=&#8221;25px&#8221; header_5_font_size_phone=&#8221;22px&#8221; header_5_font_size_last_edited=&#8221;on|phone&#8221; header_6_font_size_tablet=&#8221;14px&#8221; header_6_font_size_phone=&#8221;12px&#8221; header_6_font_size_last_edited=&#8221;on|phone&#8221; global_colors_info=&#8221;{}&#8221;]<\/p>\n<p><span style=\"font-weight: 400;\">\u201cThose years on that island &#8211; he wrote in his autobiography <\/span><i><span style=\"font-weight: 400;\">How I Tried to Become Wise<\/span><\/i><span style=\"font-weight: 400;\">,- are still present in me today with the fullness that only the moments and places in which that mysterious thing that Christians call election takes place have. The <\/span><i><span style=\"font-weight: 400;\">disiecta<\/span><\/i><span style=\"font-weight: 400;\"> limbs of feelings, thoughts, hopes and despair were then recomposed in a new design, surprising for myself; my weakness became strength; I felt that a new extraordinary consonance was being formed between what was happening in the world and what was happening in me; I understood that until that moment I had been similar to a fetus in formation, waiting to be born, that in those years in that place I was born a second time&#8221;.<\/span><\/p>\n<p><span style=\"font-weight: 400;\">Spinelli was sent into exile, first to Ponza in 1937 after serving 10 years in prison, and finally to Ventotene in 1939 where he met Ernesto Rossi and Eugenio Colorni, who were his main interlocutors in the fertile debate that resulted in the Manifesto, with the participation of Ursula Hirschmann, the \u2018giellisti&#8217; Dino Roberto and Enrico Giussani, the Republicans and veterans of the war in Spain Giorgio Braccialarghe and Arturo Buleghin, and the young Slovenian from Ljubljana Milos Lokar.<\/span><\/p>\n<p><span style=\"font-weight: 400;\">On this island, a training ground for life, segregation and &#8216;redemption&#8217;, it was this group of &#8216;visionaries&#8217; who ended up drafting and putting together a text that identified the historical need to unite and liberate Europe from dictatorships by means of reason and collective action, in a supranational framework capable of overcoming nationalist aporias towards perpetual peace: the project of a manifesto that was to mobilise the struggle for the freeing and unification of Europe. <\/span><\/p>\n<p>[\/et_pb_text][\/et_pb_column][\/et_pb_row][et_pb_row column_structure=&#8221;3_5,2_5&#8243; use_custom_gutter=&#8221;on&#8221; gutter_width=&#8221;2&#8243; make_equal=&#8221;on&#8221; custom_padding_last_edited=&#8221;on|tablet&#8221; admin_label=&#8221;Best Beans Row&#8221; module_class=&#8221; et_pb_row_fullwidth&#8221; _builder_version=&#8221;4.16&#8243; background_color=&#8221;RGBA(0,0,0,0)&#8221; width=&#8221;50%&#8221; width_tablet=&#8221;70%&#8221; width_phone=&#8221;85%&#8221; width_last_edited=&#8221;on|tablet&#8221; max_width=&#8221;95%&#8221; max_width_tablet=&#8221;100%&#8221; max_width_phone=&#8221;&#8221; max_width_last_edited=&#8221;on|desktop&#8221; custom_margin=&#8221;||||false|false&#8221; custom_margin_tablet=&#8221;&#8221; custom_margin_phone=&#8221;&#8221; custom_margin_last_edited=&#8221;on|tablet&#8221; custom_padding=&#8221;0px|0px|0px|0px|false|true&#8221; custom_padding_tablet=&#8221;&#8221; custom_padding_phone=&#8221;&#8221; module_alignment_tablet=&#8221;center&#8221; module_alignment_phone=&#8221;center&#8221; module_alignment_last_edited=&#8221;on|phone&#8221; make_fullwidth=&#8221;on&#8221; global_colors_info=&#8221;{}&#8221;][et_pb_column type=&#8221;3_5&#8243; _builder_version=&#8221;4.16&#8243; custom_padding=&#8221;|5px|||true|false&#8221; custom_padding_tablet=&#8221;|0px|||true|false&#8221; custom_padding_phone=&#8221;&#8221; custom_padding_last_edited=&#8221;on|phone&#8221; global_colors_info=&#8221;{}&#8221; custom_padding__hover=&#8221;|||&#8221;][et_pb_image src=&#8221;https:\/\/europeanmemories.net\/stories\/wp-content\/uploads\/sites\/13\/2021\/11\/phoca_thumb_l_1943-Il-giornale-della-resistenza.jpeg&#8221; title_text=&#8221;phoca_thumb_l_1943 Il giornale della resistenza&#8221; force_fullwidth=&#8221;on&#8221; align_tablet=&#8221;center&#8221; align_phone=&#8221;&#8221; align_last_edited=&#8221;on|desktop&#8221; _builder_version=&#8221;4.16&#8243; custom_padding=&#8221;||10px||false|false&#8221; filter_saturate=&#8221;50%&#8221; locked=&#8221;off&#8221; global_colors_info=&#8221;{}&#8221;][\/et_pb_image][et_pb_text content_tablet=&#8221;<\/p>\n<p style=%22text-align: left;%22><span class=%22media-metadata-value%22><strong><span><em><\/em><\/span><\/strong><span><strong>The resistance diary, 1943<\/strong> <em>| \u00a9 European Federalist Movement 2021 <\/em><\/span><\/span><em> <\/em><\/p>\n<p class=%22page-section-title%22><span class=%22media-metadata-value%22><\/span><\/p>\n<p>&#8221; content_phone=&#8221;<\/p>\n<p class=%22page-section-title%22 style=%22text-align: left;%22><span class=%22media-metadata-value%22><strong><\/strong><\/span><span class=%22media-metadata-value%22><strong><span><em><\/em><\/span><\/strong><span><strong>The resistance diary, 1943<\/strong> <em>| \u00a9 European Federalist Movement 2021 <\/em><\/span><\/span><\/p>\n<p class=%22page-section-title%22 style=%22text-align: left;%22><span class=%22media-metadata-value%22><\/span><\/p>\n<p class=%22page-section-title%22><span class=%22media-metadata-value%22><\/span><\/p>\n<p>&#8221; content_last_edited=&#8221;on|desktop&#8221; _builder_version=&#8221;4.16&#8243; text_font=&#8221;Open Sans||||||||&#8221; text_text_color=&#8221;#41485C&#8221; text_line_height=&#8221;1.5em&#8221; custom_margin=&#8221;|||30px|false|false&#8221; custom_margin_tablet=&#8221;&#8221; custom_margin_phone=&#8221;|||0px|false|false&#8221; custom_margin_last_edited=&#8221;on|tablet&#8221; text_font_size_tablet=&#8221;12px&#8221; text_font_size_phone=&#8221;14px&#8221; text_font_size_last_edited=&#8221;on|phone&#8221; global_colors_info=&#8221;{}&#8221;]<\/p>\n<div class=\"media-right-block media-description\">\n<p><span><strong>The resistance diary, 1943<\/strong> <em>|\u00a0<\/em><\/span><em>\u00a9 European Federalist Movement 2021\u00a0<\/em><span><\/span><\/p>\n<\/div>\n<p>[\/et_pb_text][\/et_pb_column][et_pb_column type=&#8221;2_5&#8243; _builder_version=&#8221;4.16&#8243; custom_padding=&#8221;|||5px|false|false&#8221; custom_padding_tablet=&#8221;|||0px|false|false&#8221; custom_padding_phone=&#8221;|0px||0px|false|false&#8221; custom_padding_last_edited=&#8221;on|desktop&#8221; global_colors_info=&#8221;{}&#8221; custom_padding__hover=&#8221;|||&#8221;][et_pb_image src=&#8221;https:\/\/europeanmemories.net\/stories\/wp-content\/uploads\/sites\/13\/2021\/10\/5.jpg&#8221; title_text=&#8221;5&#8243; force_fullwidth=&#8221;on&#8221; align_tablet=&#8221;center&#8221; align_phone=&#8221;&#8221; align_last_edited=&#8221;on|desktop&#8221; _builder_version=&#8221;4.16&#8243; custom_margin=&#8221;||||false|false&#8221; custom_padding=&#8221;||10px|0px|false|false&#8221; custom_padding_tablet=&#8221;|||0px|false|false&#8221; custom_padding_phone=&#8221;&#8221; custom_padding_last_edited=&#8221;on|tablet&#8221; filter_saturate=&#8221;50%&#8221; global_colors_info=&#8221;{}&#8221;][\/et_pb_image][et_pb_text content_tablet=&#8221;<\/p>\n<p style=%22text-align: left;%22><span class=%22media-metadata-value%22><strong><\/strong><strong><span>Information sheet on Altiero Spinelli (1937) | <\/span><\/strong>\u00a9 European Federalist Movement 2021<br \/><\/span><\/p>\n<p>&#8221; content_phone=&#8221;<\/p>\n<p style=%22text-align: left;%22><strong><\/strong><span class=%22media-metadata-value%22><strong><span>Information sheet on Altiero Spinelli (1937) | <\/span><\/strong>\u00a9 European Federalist Movement 2021<\/span><\/p>\n<p>&#8221; content_last_edited=&#8221;on|phone&#8221; _builder_version=&#8221;4.16&#8243; text_font=&#8221;Open Sans||||||||&#8221; text_text_color=&#8221;#41485C&#8221; text_line_height=&#8221;1.5em&#8221; custom_margin=&#8221;||||false|false&#8221; custom_margin_tablet=&#8221;&#8221; custom_margin_phone=&#8221;|||0px|false|false&#8221; custom_margin_last_edited=&#8221;on|tablet&#8221; text_font_size_tablet=&#8221;12px&#8221; text_font_size_phone=&#8221;14px&#8221; text_font_size_last_edited=&#8221;on|phone&#8221; global_colors_info=&#8221;{}&#8221;]<\/p>\n<div class=\"media-right-block media-description\" style=\"text-align: right;\">\n<p style=\"text-align: left;\"><strong><span>Information sheet on Altiero Spinelli (1937) | <\/span><\/strong>\u00a9 European Federalist Movement 2021<br \/><strong><span class=\"media-metadata-value\"><\/span><\/strong><\/p>\n<\/div>\n<p>[\/et_pb_text][\/et_pb_column][\/et_pb_row][et_pb_row custom_padding_last_edited=&#8221;on|phone&#8221; admin_label=&#8221;Coffee items&#8221; _builder_version=&#8221;4.16&#8243; custom_margin=&#8221;|||&#8221; custom_padding=&#8221;100px|0px|80px|0px|false|false&#8221; custom_padding_tablet=&#8221;||40px||false|false&#8221; custom_padding_phone=&#8221;&#8221; global_colors_info=&#8221;{}&#8221;][et_pb_column type=&#8221;4_4&#8243; _builder_version=&#8221;4.16&#8243; custom_padding=&#8221;|||&#8221; global_colors_info=&#8221;{}&#8221; custom_padding__hover=&#8221;|||&#8221;][et_pb_text _builder_version=&#8221;4.16&#8243; text_font=&#8221;Open Sans||||||||&#8221; text_text_color=&#8221;#41485C&#8221; text_font_size=&#8221;20px&#8221; text_line_height=&#8221;1.5em&#8221; header_font=&#8221;Abril Fatface||||||||&#8221; header_text_color=&#8221;rgba(255,255,255,0.5)&#8221; header_font_size=&#8221;100px&#8221; header_letter_spacing=&#8221;-1px&#8221; header_line_height=&#8221;0em&#8221; header_2_font=&#8221;Open Sans|600|||||||&#8221; header_2_text_color=&#8221;#17181A&#8221; header_2_font_size=&#8221;120px&#8221; header_2_letter_spacing=&#8221;1px&#8221; header_2_line_height=&#8221;1.2em&#8221; header_3_font=&#8221;Abril Fatface||||||||&#8221; header_3_text_color=&#8221;#41485C&#8221; header_3_font_size=&#8221;30px&#8221; header_3_letter_spacing=&#8221;1px&#8221; header_4_font=&#8221;Open Sans||||||||&#8221; header_4_text_color=&#8221;#ffffff&#8221; header_4_font_size=&#8221;27px&#8221; header_4_line_height=&#8221;1.3em&#8221; header_5_font=&#8221;Abril Fatface||||||||&#8221; header_5_text_color=&#8221;#ffffff&#8221; header_5_font_size=&#8221;50px&#8221; header_5_letter_spacing=&#8221;1px&#8221; header_5_line_height=&#8221;1.2em&#8221; header_6_font=&#8221;Open Sans|600|||||||&#8221; header_6_text_align=&#8221;center&#8221; header_6_text_color=&#8221;#17181A&#8221; header_6_font_size=&#8221;16px&#8221; z_index=&#8221;0&#8243; custom_margin=&#8221;|185px||185px|false|true&#8221; custom_margin_tablet=&#8221;|25px||25px|false|true&#8221; custom_margin_phone=&#8221;|4px||4px|false|true&#8221; custom_margin_last_edited=&#8221;on|tablet&#8221; animation_direction=&#8221;bottom&#8221; text_font_size_tablet=&#8221;16px&#8221; text_font_size_phone=&#8221;20px&#8221; text_font_size_last_edited=&#8221;on|phone&#8221; header_font_size_tablet=&#8221;80px&#8221; header_font_size_phone=&#8221;48px&#8221; header_font_size_last_edited=&#8221;on|tablet&#8221; header_2_font_size_tablet=&#8221;85px&#8221; header_2_font_size_phone=&#8221;56px&#8221; header_2_font_size_last_edited=&#8221;on|phone&#8221; header_2_letter_spacing_tablet=&#8221;0px&#8221; header_2_letter_spacing_phone=&#8221;&#8221; header_2_letter_spacing_last_edited=&#8221;on|desktop&#8221; header_2_line_height_tablet=&#8221;1.1em&#8221; header_2_line_height_phone=&#8221;1em&#8221; header_2_line_height_last_edited=&#8221;on|desktop&#8221; header_3_font_size_tablet=&#8221;25px&#8221; header_3_font_size_phone=&#8221;20px&#8221; header_3_font_size_last_edited=&#8221;on|phone&#8221; header_3_letter_spacing_tablet=&#8221;1px&#8221; header_3_letter_spacing_phone=&#8221;1px&#8221; header_3_letter_spacing_last_edited=&#8221;on|phone&#8221; header_3_line_height_tablet=&#8221;1em&#8221; header_3_line_height_phone=&#8221;1em&#8221; header_3_line_height_last_edited=&#8221;on|phone&#8221; header_4_font_size_tablet=&#8221;24px&#8221; header_4_font_size_phone=&#8221;19px&#8221; header_4_font_size_last_edited=&#8221;on|tablet&#8221; header_5_font_size_tablet=&#8221;25px&#8221; header_5_font_size_phone=&#8221;22px&#8221; header_5_font_size_last_edited=&#8221;on|phone&#8221; header_6_font_size_tablet=&#8221;14px&#8221; header_6_font_size_phone=&#8221;12px&#8221; header_6_font_size_last_edited=&#8221;on|phone&#8221; global_colors_info=&#8221;{}&#8221;]<\/p>\n<h3><i><span style=\"font-weight: 400;\">The Crisis of Civilisation and the Manifesto Project\u00a0<\/span><\/i><\/h3>\n<p>&nbsp;<\/p>\n<p><span style=\"font-weight: 400;\">Whoever reads the Ventotene Manifesto today &#8211; whose precise title is <\/span><i><span style=\"font-weight: 400;\">Per un&#8217;Europa libera e unita. Progetto d&#8217;un manifesto<\/span><\/i><span style=\"font-weight: 400;\"> [&#8220;For a Free and United Europe. A Draft Manifesto\u201d] &#8211; is struck first and foremost by its style, especially if not guided by political convictions. It is hard not to think of the most famous of political manifestos, that of Marx and Engels published in 1848. In the text, written for the most part by Spinelli, who came from the communist tradition, from which he had become autonomous, we find the same assertiveness, sculpted in dry sentences, peremptory statements, and cutting judgements.\u00a0<\/span><\/p>\n<p><span style=\"font-weight: 400;\">There is also, especially in the first part (<\/span><i><span style=\"font-weight: 400;\">The Crisis of Civilisation<\/span><\/i><span style=\"font-weight: 400;\">), the skilful use of dialectical antithesis, which refers back to Marx&#8217;s judgement on the bourgeoisie unable to dominate the forces it has aroused and which will eventually sink it, similar to &#8220;the sorcerer who can no longer dominate the subterranean powers he evokes&#8221;. Here it is the national state that &#8220;from being a powerful leaven of progress&#8221; has turned into a &#8220;divine entity&#8221;, a totalitarian machine, a &#8220;master who has relegated all his subjects into servitude&#8221;. The liberal system itself, which became fully democratic with universal suffrage, has been emptied from within by the privileged classes to run the state machine to their own, exclusive advantage, under the guise of pursuing higher national interests\u201d. Finally, even the sciences and the critical approach, &#8220;to which the greatest achievements of our society are due&#8221;, have been enslaved by the new totalitarian demons: physiology to prove the existence of a chosen race, economics to justify autarchy, history falsified &#8220;in the interests of the ruling class&#8221;.\u00a0<\/span><\/p>\n<p><span style=\"font-weight: 400;\">In a new dialectical reversal, however, the totalitarian monster is described as destined for certain defeat: \u201cVast numbers of men and immense wealth are already lined up against the totalitarian powers whose strength has reached its apex and can now only gradually wane. The opposing forces, on the other hand, have already overcome the hardest challenges and they are growing in strength.\u201d Not without noting that in the summer of 1941 &#8211; while the authors were giving final shape to the Manifesto and Hitler was still victorious on the continent &#8211; either exceptional clairvoyance or extraordinary faith was needed to take this outcome for granted, it is the palingenetic character attributed to the war in progress that brings out the political proposal of the second part: <\/span><i><span style=\"font-weight: 400;\">European unity <\/span><\/i><span style=\"font-weight: 400;\">as a <\/span><i><span style=\"font-weight: 400;\">post-war task<\/span><\/i><span style=\"font-weight: 400;\">.\u00a0<\/span><\/p>\n<p><span style=\"font-weight: 400;\">It is precisely in this part that the epochal and historical value of the Ventotene Manifesto is revealed, as Norberto Bobbio has acutely noted: &#8220;Federalism must henceforth be thought and action. The detachment from previous attempts is very clear. (&#8230;) After all, everything that has been written before in very different historical conditions belongs not to history, but to prehistory: it is an antecedent that can easily be taken for granted.\u201d<\/span><\/p>\n<p>[\/et_pb_text][\/et_pb_column][\/et_pb_row][et_pb_row custom_padding_last_edited=&#8221;on|phone&#8221; admin_label=&#8221;Coffee items&#8221; _builder_version=&#8221;4.16&#8243; custom_margin=&#8221;|||&#8221; custom_padding=&#8221;10px|0px|50px|0px|false|false&#8221; custom_padding_tablet=&#8221;25px||0px||false|false&#8221; custom_padding_phone=&#8221;||0px||false|false&#8221; global_colors_info=&#8221;{}&#8221;][et_pb_column type=&#8221;4_4&#8243; _builder_version=&#8221;4.16&#8243; custom_padding=&#8221;|||&#8221; global_colors_info=&#8221;{}&#8221; custom_padding__hover=&#8221;|||&#8221;][et_pb_image src=&#8221;https:\/\/europeanmemories.net\/stories\/wp-content\/uploads\/sites\/13\/2021\/11\/ProblemiDellaFederazioneEuropea.jpg&#8221; title_text=&#8221;ProblemiDellaFederazioneEuropea&#8221; align=&#8221;center&#8221; _builder_version=&#8221;4.16&#8243; width=&#8221;40%&#8221; width_tablet=&#8221;69%&#8221; width_phone=&#8221;92%&#8221; width_last_edited=&#8221;on|tablet&#8221; custom_margin=&#8221;||20px||false|false&#8221; global_colors_info=&#8221;{}&#8221;][\/et_pb_image][et_pb_text content_tablet=&#8221;<\/p>\n<p style=%22text-align: left;%22><span class=%22media-metadata-value%22><strong>European Defence Community Treaty Signed in Paris on May 27, 1952<br \/> <\/strong>Photographer: unknown | \u00a9 <span>No known copyright restrictions<\/span><\/span><\/p>\n<\/p>\n<p class=%22page-section-title%22><span class=%22media-metadata-value%22><\/span><\/p>\n<p>&#8221; content_phone=&#8221;<\/p>\n<p class=%22page-section-title%22 style=%22text-align: left;%22><span class=%22media-metadata-value%22><strong>European Defence Community Treaty Signed in Paris on May 27, 1952<br \/> <\/strong>Photographer: unknown | \u00a9 <span>No known copyright restrictions<\/span><\/span><\/p>\n<p class=%22page-section-title%22><span class=%22media-metadata-value%22><\/span><\/p>\n<p>&#8221; content_last_edited=&#8221;off|desktop&#8221; _builder_version=&#8221;4.16&#8243; text_font=&#8221;Open Sans||||||||&#8221; text_text_color=&#8221;#41485C&#8221; text_line_height=&#8221;1.5em&#8221; custom_margin=&#8221;|190px||190px|false|true&#8221; custom_margin_tablet=&#8221;|30px||30px|false|true&#8221; custom_margin_phone=&#8221;|10px||10px|false|true&#8221; custom_margin_last_edited=&#8221;on|phone&#8221; text_font_size_tablet=&#8221;12px&#8221; text_font_size_phone=&#8221;14px&#8221; text_font_size_last_edited=&#8221;on|phone&#8221; locked=&#8221;off&#8221; global_colors_info=&#8221;{}&#8221;]<\/p>\n<p><strong>Cover of the book <i>Problemi della federazione europea <\/i><\/strong><span style=\"font-weight: 400;\"><strong>(Problems of the European Federation), published in Rome in January 1944. The edition includes a new version of the Manifesto, a preface by Eugenio Colorni, and two new essays by Spinelli, \u201cGli Stati Uniti d\u2019Europa e le varie tendenze politiche\u201d (The United States of Europe and Various Political Trends) and \u201cPolitica marxista e politica federalista\u201d (Marxist Politics and Federalist Politics). It features the initials of the two authors of the Manifesto<\/strong> | Source: Altiero Spinelli Institute for Federalist Studies<\/span><\/p>\n<p class=\"_4b3da m-b h4\" style=\"text-align: left;\"><span class=\"media-metadata-value\"><br \/><\/span><span class=\"media-metadata-value\"><\/span><\/p>\n<p>[\/et_pb_text][\/et_pb_column][\/et_pb_row][et_pb_row admin_label=&#8221;Coffee items&#8221; _builder_version=&#8221;4.16&#8243; custom_margin=&#8221;|||&#8221; custom_padding=&#8221;50px|0px|37px|0px||&#8221; locked=&#8221;off&#8221; global_colors_info=&#8221;{}&#8221;][et_pb_column type=&#8221;4_4&#8243; _builder_version=&#8221;4.16&#8243; custom_padding=&#8221;|||&#8221; global_colors_info=&#8221;{}&#8221; custom_padding__hover=&#8221;|||&#8221;][et_pb_text _builder_version=&#8221;4.16&#8243; text_font=&#8221;Open Sans||||||||&#8221; text_text_color=&#8221;#41485C&#8221; text_font_size=&#8221;20px&#8221; text_line_height=&#8221;1.5em&#8221; header_font=&#8221;Abril Fatface||||||||&#8221; header_text_color=&#8221;rgba(255,255,255,0.5)&#8221; header_font_size=&#8221;100px&#8221; header_letter_spacing=&#8221;-1px&#8221; header_line_height=&#8221;0em&#8221; header_2_font=&#8221;Open Sans|600|||||||&#8221; header_2_text_color=&#8221;#17181A&#8221; header_2_font_size=&#8221;120px&#8221; header_2_letter_spacing=&#8221;1px&#8221; header_2_line_height=&#8221;1.2em&#8221; header_3_font=&#8221;Abril Fatface||||||||&#8221; header_3_text_color=&#8221;#41485C&#8221; header_3_font_size=&#8221;30px&#8221; header_3_letter_spacing=&#8221;1px&#8221; header_4_font=&#8221;Open Sans||||||||&#8221; header_4_text_color=&#8221;#ffffff&#8221; header_4_font_size=&#8221;27px&#8221; header_4_line_height=&#8221;1.3em&#8221; header_5_font=&#8221;Abril Fatface||||||||&#8221; header_5_text_color=&#8221;#ffffff&#8221; header_5_font_size=&#8221;50px&#8221; header_5_letter_spacing=&#8221;1px&#8221; header_5_line_height=&#8221;1.2em&#8221; header_6_font=&#8221;Open Sans|600|||||||&#8221; header_6_text_align=&#8221;center&#8221; header_6_text_color=&#8221;#17181A&#8221; header_6_font_size=&#8221;16px&#8221; z_index=&#8221;0&#8243; custom_margin=&#8221;|185px||185px|false|true&#8221; custom_margin_tablet=&#8221;|25px||25px|false|true&#8221; custom_margin_phone=&#8221;|4px||4px|false|true&#8221; custom_margin_last_edited=&#8221;on|tablet&#8221; animation_direction=&#8221;bottom&#8221; text_font_size_tablet=&#8221;16px&#8221; text_font_size_phone=&#8221;20px&#8221; text_font_size_last_edited=&#8221;on|phone&#8221; header_font_size_tablet=&#8221;80px&#8221; header_font_size_phone=&#8221;48px&#8221; header_font_size_last_edited=&#8221;on|tablet&#8221; header_2_font_size_tablet=&#8221;85px&#8221; header_2_font_size_phone=&#8221;56px&#8221; header_2_font_size_last_edited=&#8221;on|phone&#8221; header_2_letter_spacing_tablet=&#8221;0px&#8221; header_2_letter_spacing_phone=&#8221;&#8221; header_2_letter_spacing_last_edited=&#8221;on|desktop&#8221; header_2_line_height_tablet=&#8221;1.1em&#8221; header_2_line_height_phone=&#8221;1em&#8221; header_2_line_height_last_edited=&#8221;on|desktop&#8221; header_3_font_size_tablet=&#8221;25px&#8221; header_3_font_size_phone=&#8221;20px&#8221; header_3_font_size_last_edited=&#8221;on|phone&#8221; header_3_letter_spacing_tablet=&#8221;1px&#8221; header_3_letter_spacing_phone=&#8221;1px&#8221; header_3_letter_spacing_last_edited=&#8221;on|phone&#8221; header_3_line_height_tablet=&#8221;1em&#8221; header_3_line_height_phone=&#8221;1em&#8221; header_3_line_height_last_edited=&#8221;on|phone&#8221; header_4_font_size_tablet=&#8221;24px&#8221; header_4_font_size_phone=&#8221;19px&#8221; header_4_font_size_last_edited=&#8221;on|tablet&#8221; header_5_font_size_tablet=&#8221;25px&#8221; header_5_font_size_phone=&#8221;22px&#8221; header_5_font_size_last_edited=&#8221;on|phone&#8221; header_6_font_size_tablet=&#8221;14px&#8221; header_6_font_size_phone=&#8221;12px&#8221; header_6_font_size_last_edited=&#8221;on|phone&#8221; global_colors_info=&#8221;{}&#8221;]<\/p>\n<h3><i><span style=\"font-weight: 400;\">Federalism, Reform of Society and the Movement for a Free and United Europe<\/span><\/i><\/h3>\n<p><i><span style=\"font-weight: 400;\"><\/span><\/i><\/p>\n<p><span style=\"font-weight: 400;\">The federalist theory was discovered by Spinelli in his discussions with Rossi about the crisis of the League of Nations, the weakness of which had already been criticised in a series of articles published in 1919 in the <\/span><i><span style=\"font-weight: 400;\">Corriere della Sera<\/span><\/i><span style=\"font-weight: 400;\"> signed by a mysterious Junius &#8211; the pseudonym of the economist and future President of the Italian Republic Luigi Einaudi &#8211; then collected in a volume published by Laterza which attracted the attention of the two internees. Prompted by Rossi as a fellow economics professor, Einaudi sent them some books on English federalist theory from the 1930s. Among these books, Spinelli mentions in his autobiography <\/span><i><span style=\"font-weight: 400;\">The Economic Causes of War <\/span><\/i><span style=\"font-weight: 400;\">by Lionel Charles Robbins (1939): in it we find a chapter entitled <\/span><i><span style=\"font-weight: 400;\">The United States of Europe<\/span><\/i><span style=\"font-weight: 400;\">, dedicated to the prospect of peace to be achieved by overcoming the conflict between the different European states through the example of the American Federation.<\/span><span style=\"font-weight: 400;\"><\/span><\/p>\n<p>[\/et_pb_text][\/et_pb_column][\/et_pb_row][et_pb_row column_structure=&#8221;1_2,1_2&#8243; use_custom_gutter=&#8221;on&#8221; gutter_width=&#8221;1&#8243; make_equal=&#8221;on&#8221; admin_label=&#8221;Coffee items&#8221; _builder_version=&#8221;4.16&#8243; custom_margin=&#8221;|||&#8221; custom_padding=&#8221;25px|0px|20px|0px|false|false&#8221; locked=&#8221;off&#8221; global_colors_info=&#8221;{}&#8221;][et_pb_column type=&#8221;1_2&#8243; _builder_version=&#8221;4.16&#8243; custom_padding=&#8221;|||&#8221; global_colors_info=&#8221;{}&#8221; custom_padding__hover=&#8221;|||&#8221;][et_pb_image src=&#8221;https:\/\/europeanmemories.net\/stories\/wp-content\/uploads\/sites\/13\/2021\/11\/13.-Ernesto-Rossi-Altiero-Spinelli-and-Luigi-Einaudi-Rome-1948-Fondazione-Rossi-Salvemini.jpeg&#8221; title_text=&#8221;13. Ernesto Rossi, Altiero Spinelli and Luigi Einaudi (Rome, 1948) (Fondazione Rossi-Salvemini)&#8221; show_bottom_space=&#8221;off&#8221; align=&#8221;right&#8221; src_last_edited=&#8221;off|desktop&#8221; show_bottom_space_last_edited=&#8221;off|tablet&#8221; align_tablet=&#8221;center&#8221; align_phone=&#8221;&#8221; align_last_edited=&#8221;on|phone&#8221; _builder_version=&#8221;4.16&#8243; custom_margin=&#8221;||||false|false&#8221; custom_margin_tablet=&#8221;||20px||false|false&#8221; custom_margin_phone=&#8221;&#8221; custom_margin_last_edited=&#8221;on|phone&#8221; locked=&#8221;off&#8221; global_colors_info=&#8221;{}&#8221;][\/et_pb_image][\/et_pb_column][et_pb_column type=&#8221;1_2&#8243; _builder_version=&#8221;4.16&#8243; custom_padding=&#8221;|||&#8221; global_colors_info=&#8221;{}&#8221; custom_padding__hover=&#8221;|||&#8221;][et_pb_text content_tablet=&#8221;<\/p>\n<p style=%22text-align: center;%22><span class=%22media-metadata-value%22><strong><\/strong><span><span style=%22font-weight: 400;%22><strong>Three pioneers of federalism. From left: Ernesto Rossi, <br \/>Altiero Spinelli and Luigi Einaudi near Rome, 1948 <br \/><\/strong><\/span><span style=%22font-weight: 400;%22>|<i> \u00a9 2021 \u00b7 Fondazione Rossi-Salvemini.<\/i><\/span><\/span><\/span><\/p>\n<\/p>\n<p class=%22page-section-title%22><span class=%22media-metadata-value%22><\/span><\/p>\n<p>&#8221; content_phone=&#8221;<\/p>\n<p class=%22page-section-title%22 style=%22text-align: center;%22><span class=%22media-metadata-value%22><strong><\/strong><span><span style=%22font-weight: 400;%22><strong>Three pioneers of federalism. From left: Ernesto Rossi, Altiero Spinelli and Luigi Einaudi near Rome, 1948 <br \/><\/strong><\/span><span style=%22font-weight: 400;%22>|<i> \u00a9 2021 \u00b7 Fondazione Rossi-Salvemini.<\/i><\/span><\/span><\/span><\/p>\n<p class=%22page-section-title%22><span class=%22media-metadata-value%22><\/span><\/p>\n<p>&#8221; content_last_edited=&#8221;on|phone&#8221; _builder_version=&#8221;4.16&#8243; text_font=&#8221;Open Sans||||||||&#8221; text_text_color=&#8221;#41485C&#8221; text_line_height=&#8221;1.5em&#8221; custom_margin=&#8221;|||30px|false|false&#8221; custom_margin_tablet=&#8221;&#8221; custom_margin_phone=&#8221;|||0px|false|false&#8221; custom_margin_last_edited=&#8221;on|tablet&#8221; text_font_size_tablet=&#8221;12px&#8221; text_font_size_phone=&#8221;14px&#8221; text_font_size_last_edited=&#8221;on|phone&#8221; locked=&#8221;off&#8221; global_colors_info=&#8221;{}&#8221;]<\/p>\n<p class=\"_4b3da m-b h4\" style=\"text-align: left;\"><strong><\/strong><span class=\"media-metadata-value\"><span><span style=\"font-weight: 400;\"><\/span><span style=\"font-weight: 400;\"><strong>Three pioneers of federalism. From the left, Ernesto Rossi,<br \/>Altiero Spinelli and Luigi Einaudi. Near Rome, 1948<br \/><\/strong><\/span><\/span><\/span><span class=\"media-metadata-value\"><span><span style=\"font-weight: 400;\">|<i> \u00a9 2021 \u00b7 Fondazione Rossi-Salvemini.<\/i><\/span><\/span><\/span><span class=\"media-metadata-value\"><\/span><\/p>\n<p>[\/et_pb_text][\/et_pb_column][\/et_pb_row][et_pb_row column_structure=&#8221;1_2,1_2&#8243; use_custom_gutter=&#8221;on&#8221; gutter_width=&#8221;1&#8243; admin_label=&#8221;Coffee items&#8221; _builder_version=&#8221;4.16&#8243; custom_margin=&#8221;|||&#8221; custom_padding=&#8221;50px|0px|0px|0px||&#8221; locked=&#8221;off&#8221; global_colors_info=&#8221;{}&#8221;][et_pb_column type=&#8221;1_2&#8243; _builder_version=&#8221;4.16&#8243; custom_padding=&#8221;|||&#8221; global_colors_info=&#8221;{}&#8221; custom_padding__hover=&#8221;|||&#8221;][et_pb_text content_tablet=&#8221;<\/p>\n<p style=%22text-align: center;%22><span class=%22media-metadata-value%22>(down) <strong>First issue of <i>L\u2019Unit\u00e0 Europea<\/i><\/strong><span style=%22font-weight: 400;%22><strong> (European Unity, 1943)<\/strong> | \u00a9 European Federalist Movement 2021<\/span><span><span style=%22font-weight: 400;%22><strong><\/strong><\/span><span style=%22font-weight: 400;%22><\/span><\/span><\/span><\/p>\n<\/p>\n<p class=%22page-section-title%22><span class=%22media-metadata-value%22><\/span><\/p>\n<p>&#8221; content_phone=&#8221;<\/p>\n<p class=%22page-section-title%22 style=%22text-align: center;%22><span class=%22media-metadata-value%22><strong><\/strong><span><span style=%22font-weight: 400;%22><strong><\/strong><\/span><span style=%22font-weight: 400;%22>(down) <strong>First issue of <i>L\u2019Unit\u00e0 Europea<\/i><\/strong><strong> (European Unity, 1943)<\/strong> | \u00a9 European Federalist Movement 2021<strong><\/strong><\/span><\/span><\/span><\/p>\n<p class=%22page-section-title%22><span class=%22media-metadata-value%22><\/span><\/p>\n<p>&#8221; content_last_edited=&#8221;on|phone&#8221; _builder_version=&#8221;4.16&#8243; text_font=&#8221;Open Sans||||||||&#8221; text_text_color=&#8221;#41485C&#8221; text_line_height=&#8221;1.5em&#8221; custom_margin=&#8221;|||150px|false|false&#8221; custom_margin_tablet=&#8221;|||0px|false|false&#8221; custom_margin_phone=&#8221;|||0px|false|false&#8221; custom_margin_last_edited=&#8221;on|tablet&#8221; text_font_size_tablet=&#8221;12px&#8221; text_font_size_phone=&#8221;14px&#8221; text_font_size_last_edited=&#8221;on|phone&#8221; locked=&#8221;off&#8221; global_colors_info=&#8221;{}&#8221;]<\/p>\n<p style=\"text-align: right;\"><strong>First issue of <i>L\u2019Unit\u00e0 Europea<\/i><\/strong><span style=\"font-weight: 400;\"><strong> (European Unity, 1943)<\/strong> <br \/><\/span><span style=\"font-weight: 400;\">| \u00a9 European Federalist Movement 2021<\/span><\/p>\n<p class=\"_4b3da m-b h4\" style=\"text-align: right;\"><span class=\"media-metadata-value\"><span><span style=\"font-weight: 400;\"><br \/><\/span><\/span><\/span><span class=\"media-metadata-value\"><\/span><\/p>\n<p>[\/et_pb_text][\/et_pb_column][et_pb_column type=&#8221;1_2&#8243; _builder_version=&#8221;4.16&#8243; custom_padding=&#8221;|||&#8221; global_colors_info=&#8221;{}&#8221; custom_padding__hover=&#8221;|||&#8221;][et_pb_image src=&#8221;https:\/\/europeanmemories.net\/stories\/wp-content\/uploads\/sites\/13\/2021\/09\/8.-LUnita\u0300-Europea-1943-Fondazione-Salvemino-Rossi.jpeg&#8221; title_text=&#8221;8. L&#8217;Unita\u0300 Europea (1943) (Fondazione Salvemino-Rossi)&#8221; align_tablet=&#8221;center&#8221; align_phone=&#8221;&#8221; align_last_edited=&#8221;on|tablet&#8221; _builder_version=&#8221;4.16&#8243; custom_margin=&#8221;||15px|30px|false|false&#8221; custom_margin_tablet=&#8221;|||0px|false|false&#8221; custom_margin_phone=&#8221;&#8221; custom_margin_last_edited=&#8221;on|desktop&#8221; locked=&#8221;off&#8221; global_colors_info=&#8221;{}&#8221;][\/et_pb_image][\/et_pb_column][\/et_pb_row][et_pb_row admin_label=&#8221;Coffee items&#8221; _builder_version=&#8221;4.16&#8243; custom_margin=&#8221;|||&#8221; custom_padding=&#8221;50px|0px|100px|0px||&#8221; locked=&#8221;off&#8221; global_colors_info=&#8221;{}&#8221;][et_pb_column type=&#8221;4_4&#8243; _builder_version=&#8221;4.16&#8243; custom_padding=&#8221;|||&#8221; global_colors_info=&#8221;{}&#8221; custom_padding__hover=&#8221;|||&#8221;][et_pb_text _builder_version=&#8221;4.16&#8243; text_font=&#8221;Open Sans||||||||&#8221; text_text_color=&#8221;#41485C&#8221; text_font_size=&#8221;20px&#8221; text_line_height=&#8221;1.5em&#8221; header_font=&#8221;Abril Fatface||||||||&#8221; header_text_color=&#8221;rgba(255,255,255,0.5)&#8221; header_font_size=&#8221;100px&#8221; header_letter_spacing=&#8221;-1px&#8221; header_line_height=&#8221;0em&#8221; header_2_font=&#8221;Open Sans|600|||||||&#8221; header_2_text_color=&#8221;#17181A&#8221; header_2_font_size=&#8221;120px&#8221; header_2_letter_spacing=&#8221;1px&#8221; header_2_line_height=&#8221;1.2em&#8221; header_3_font=&#8221;Abril Fatface||||||||&#8221; header_3_text_color=&#8221;#41485C&#8221; header_3_font_size=&#8221;30px&#8221; header_3_letter_spacing=&#8221;1px&#8221; header_4_font=&#8221;Open Sans||||||||&#8221; header_4_text_color=&#8221;#ffffff&#8221; header_4_font_size=&#8221;27px&#8221; header_4_line_height=&#8221;1.3em&#8221; header_5_font=&#8221;Abril Fatface||||||||&#8221; header_5_text_color=&#8221;#ffffff&#8221; header_5_font_size=&#8221;50px&#8221; header_5_letter_spacing=&#8221;1px&#8221; header_5_line_height=&#8221;1.2em&#8221; header_6_font=&#8221;Open Sans|600|||||||&#8221; header_6_text_align=&#8221;center&#8221; header_6_text_color=&#8221;#17181A&#8221; header_6_font_size=&#8221;16px&#8221; z_index=&#8221;0&#8243; custom_margin=&#8221;|185px||185px|false|true&#8221; custom_margin_tablet=&#8221;|25px||25px|false|true&#8221; custom_margin_phone=&#8221;|4px||4px|false|true&#8221; custom_margin_last_edited=&#8221;on|phone&#8221; animation_direction=&#8221;bottom&#8221; text_font_size_tablet=&#8221;16px&#8221; text_font_size_phone=&#8221;20px&#8221; text_font_size_last_edited=&#8221;on|phone&#8221; header_font_size_tablet=&#8221;80px&#8221; header_font_size_phone=&#8221;48px&#8221; header_font_size_last_edited=&#8221;on|tablet&#8221; header_2_font_size_tablet=&#8221;85px&#8221; header_2_font_size_phone=&#8221;56px&#8221; header_2_font_size_last_edited=&#8221;on|phone&#8221; header_2_letter_spacing_tablet=&#8221;0px&#8221; header_2_letter_spacing_phone=&#8221;&#8221; header_2_letter_spacing_last_edited=&#8221;on|desktop&#8221; header_2_line_height_tablet=&#8221;1.1em&#8221; header_2_line_height_phone=&#8221;1em&#8221; header_2_line_height_last_edited=&#8221;on|desktop&#8221; header_3_font_size_tablet=&#8221;25px&#8221; header_3_font_size_phone=&#8221;20px&#8221; header_3_font_size_last_edited=&#8221;on|phone&#8221; header_3_letter_spacing_tablet=&#8221;1px&#8221; header_3_letter_spacing_phone=&#8221;1px&#8221; header_3_letter_spacing_last_edited=&#8221;on|phone&#8221; header_3_line_height_tablet=&#8221;1em&#8221; header_3_line_height_phone=&#8221;1em&#8221; header_3_line_height_last_edited=&#8221;on|phone&#8221; header_4_font_size_tablet=&#8221;24px&#8221; header_4_font_size_phone=&#8221;19px&#8221; header_4_font_size_last_edited=&#8221;on|tablet&#8221; header_5_font_size_tablet=&#8221;25px&#8221; header_5_font_size_phone=&#8221;22px&#8221; header_5_font_size_last_edited=&#8221;on|phone&#8221; header_6_font_size_tablet=&#8221;14px&#8221; header_6_font_size_phone=&#8221;12px&#8221; header_6_font_size_last_edited=&#8221;on|phone&#8221; global_colors_info=&#8221;{}&#8221;]<\/p>\n<p><span style=\"font-weight: 400;\">The Manifesto declares the necessary &#8220;definitive abolition of the division of Europe into national, sovereign states\u201d, to be achieved through a federal reorganisation of the continent, since a balance of independent European states was no longer conceivable after the failure of the League of Nations which &#8220;claimed to guarantee international law without the need of a military force to impose its decisions\u201d.<\/span><\/p>\n<p><span style=\"font-weight: 400;\">If therefore the prospect of a European federation was not original in itself, revolutionary is the theoretical-practical caesura that indicates an unprecedented political watershed: the new &#8220;dividing line between progressive and reactionary parties&#8221; will be that which separates on the one hand those who &#8220;conceive as the essential aim of the struggle the old one, that is the conquest of national political power &#8211; and who will, albeit involuntarily, play into the hands of the reactionary forces by letting the incandescent lava of popular passions solidify in the old mould, and resurrect the old absurdities&#8221;, on the other hand those who &#8220;will see as a central task the creation of a solid international state, will direct the popular forces towards this end and, even having conquered national power, will use it in the first line as an instrument for achieving international unity.&#8221;<\/span><\/p>\n<p><span style=\"font-weight: 400;\">No longer a distant horizon, therefore, but an urgent call to take sides politically and a concrete project to build the future here and now, as Eugenio Colorni reiterated in his <\/span><i><span style=\"font-weight: 400;\">Preface<\/span><\/i><span style=\"font-weight: 400;\"> to the Manifesto in January 1944: &#8220;The ideal of a European federation, prelude to a world federation, while it might have seemed a distant utopia even a few years ago, presents itself today, at the end of this war, as an achievable goal and almost within reach\u201d.<\/span><\/p>\n<p><span style=\"font-weight: 400;\">In fact, a revolutionary crisis is here imagined to be imminent, and therefore a \u201cEuropean revolution\u201d as possible, which \u201cmust be socialist\u201d, according to a line of general <\/span><i><span style=\"font-weight: 400;\">reform of society <\/span><\/i><span style=\"font-weight: 400;\">described in some detail in the third and last part of the Manifesto (written mainly by Rossi, except for the concluding pages where Spinelli&#8217;s pen returns): private property abolished, limited or extended on a case-by-case basis within the framework of the formation of a European economic life; private monopolies combated also through large-scale nationalisations in strategic sectors of collective interest; land reform to make farmers widely owners; industrial reform to extend worker ownership through cooperative management or worker ownership; provisions for young people to &#8220;minimise the distances between the starting positions in the struggle for life&#8221;; roughly equal average wages for all occupational groups; and even the prefiguration of a kind of universal basic income: &#8220;a series of provisions which unconditionally guarantee to all, whether they can work or not, a decent standard of living, without reducing the incentive to work and save&#8221; so that &#8220;no one will be forced by misery to accept jugular work contracts any longer\u201d.<\/span><\/p>\n<p><span style=\"font-weight: 400;\">However, the <\/span><i><span style=\"font-weight: 400;\">European revolution<\/span><\/i><span style=\"font-weight: 400;\"> was not going to fall from the sky: it was necessary from the outset to &#8220;lay the foundations of a movement capable of mobilising all the forces to give birth to the new body that will be the most grandiose and most innovative creation to have arisen in Europe for centuries, to constitute a solid federal state&#8221;: the <\/span><i><span style=\"font-weight: 400;\">Movement for a Free and United Europe<\/span><\/i><span style=\"font-weight: 400;\">, to be built &#8220;by propaganda and by action&#8221; and by establishing &#8220;agreements and links between the individual movements that are certainly being formed in the various countries&#8221; &#8211; and the Manifesto would in fact be taken to the continent, in particular thanks to Ursula Hirschmann and Ada Rossi, and circulated by means of cyclostyled or typewritten versions among clandestine anti-fascist groups, even outside Italy, particularly in Switzerland among exiles from all over Europe, coming to inspire the <\/span><i><span style=\"font-weight: 400;\">Declaration of the European Resistance movements <\/span><\/i><span style=\"font-weight: 400;\">of July 1944.\u00a0<\/span><\/p>\n<p><span style=\"font-weight: 400;\">In the conclusion of the Manifesto this organisational vision is specified in a call to build a revolutionary party that would not follow the fickle movements of the masses, but would guide &#8211; even through a dictatorship &#8211; the construction of the new state, &#8220;and around it the new true democracy&#8221;.\u00a0 Here is a remnant of Spinelli&#8217;s Leninist training, which he himself will indicate in his memoirs as one of the errors of the Manifesto, as well as the optimism that made him imagine European unity as something that would be imminently realised, having failed to foresee that the continent&#8217;s destiny would instead be determined largely by the external pressures of the United States and the Soviet Union.<\/span><\/p>\n<p>[\/et_pb_text][\/et_pb_column][\/et_pb_row][et_pb_row custom_padding_last_edited=&#8221;on|phone&#8221; admin_label=&#8221;Coffee items&#8221; _builder_version=&#8221;4.16&#8243; custom_margin=&#8221;|||&#8221; custom_padding=&#8221;10px|0px|50px|0px|false|false&#8221; custom_padding_tablet=&#8221;25px||0px||false|false&#8221; custom_padding_phone=&#8221;||0px||false|false&#8221; global_colors_info=&#8221;{}&#8221;][et_pb_column type=&#8221;4_4&#8243; _builder_version=&#8221;4.16&#8243; custom_padding=&#8221;|||&#8221; global_colors_info=&#8221;{}&#8221; custom_padding__hover=&#8221;|||&#8221;][et_pb_image src=&#8221;https:\/\/europeanmemories.net\/stories\/wp-content\/uploads\/sites\/13\/2021\/11\/Rossi-in-esilio-in-svizzera-1943-45.jpeg&#8221; title_text=&#8221;Rossi in esilio in svizzera (1943-45)&#8221; align=&#8221;center&#8221; _builder_version=&#8221;4.16&#8243; custom_margin=&#8221;||15px||false|false&#8221; global_colors_info=&#8221;{}&#8221;][\/et_pb_image][et_pb_text content_tablet=&#8221;<\/p>\n<p style=%22text-align: left;%22><span class=%22media-metadata-value%22><strong>European Defence Community Treaty Signed in Paris on May 27, 1952<br \/> <\/strong>Photographer: unknown | \u00a9 <span>No known copyright restrictions<\/span><\/span><\/p>\n<\/p>\n<p class=%22page-section-title%22><span class=%22media-metadata-value%22><\/span><\/p>\n<p>&#8221; content_phone=&#8221;<\/p>\n<p class=%22page-section-title%22 style=%22text-align: left;%22><span class=%22media-metadata-value%22><strong>European Defence Community Treaty Signed in Paris on May 27, 1952<br \/> <\/strong>Photographer: unknown | \u00a9 <span>No known copyright restrictions<\/span><\/span><\/p>\n<p class=%22page-section-title%22><span class=%22media-metadata-value%22><\/span><\/p>\n<p>&#8221; content_last_edited=&#8221;off|desktop&#8221; _builder_version=&#8221;4.16&#8243; text_font=&#8221;Open Sans||||||||&#8221; text_text_color=&#8221;#41485C&#8221; text_line_height=&#8221;1.5em&#8221; custom_margin=&#8221;|190px||190px|false|true&#8221; custom_margin_tablet=&#8221;|30px||30px|false|true&#8221; custom_margin_phone=&#8221;|10px||10px|false|true&#8221; custom_margin_last_edited=&#8221;on|phone&#8221; text_font_size_tablet=&#8221;12px&#8221; text_font_size_phone=&#8221;14px&#8221; text_font_size_last_edited=&#8221;on|phone&#8221; locked=&#8221;off&#8221; global_colors_info=&#8221;{}&#8221;]<\/p>\n<p class=\"_4b3da m-b h4\" style=\"text-align: center;\"><strong><\/strong><span class=\"media-metadata-value\"><span><span style=\"font-weight: 400;\"><strong>Rossi in exile in Switzerland (1943-45)<\/strong> | Altiero Spinelli Institute for Federalist Studies<br \/><\/span><\/span><\/span><span class=\"media-metadata-value\"><\/span><\/p>\n<p>[\/et_pb_text][\/et_pb_column][\/et_pb_row][et_pb_row admin_label=&#8221;Coffee items&#8221; _builder_version=&#8221;4.16&#8243; custom_margin=&#8221;|||&#8221; custom_padding=&#8221;50px|0px|20px|0px|false|false&#8221; locked=&#8221;off&#8221; global_colors_info=&#8221;{}&#8221;][et_pb_column type=&#8221;4_4&#8243; _builder_version=&#8221;4.16&#8243; custom_padding=&#8221;|||&#8221; global_colors_info=&#8221;{}&#8221; custom_padding__hover=&#8221;|||&#8221;][et_pb_text _builder_version=&#8221;4.16&#8243; text_font=&#8221;Open Sans||||||||&#8221; text_text_color=&#8221;#41485C&#8221; text_font_size=&#8221;20px&#8221; text_line_height=&#8221;1.5em&#8221; header_font=&#8221;Abril Fatface||||||||&#8221; header_text_color=&#8221;rgba(255,255,255,0.5)&#8221; header_font_size=&#8221;100px&#8221; header_letter_spacing=&#8221;-1px&#8221; header_line_height=&#8221;0em&#8221; header_2_font=&#8221;Open Sans|600|||||||&#8221; header_2_text_color=&#8221;#17181A&#8221; header_2_font_size=&#8221;120px&#8221; header_2_letter_spacing=&#8221;1px&#8221; header_2_line_height=&#8221;1.2em&#8221; header_3_font=&#8221;Abril Fatface||||||||&#8221; header_3_text_color=&#8221;#41485C&#8221; header_3_font_size=&#8221;30px&#8221; header_3_letter_spacing=&#8221;1px&#8221; header_4_font=&#8221;Open Sans||||||||&#8221; header_4_text_color=&#8221;#ffffff&#8221; header_4_font_size=&#8221;27px&#8221; header_4_line_height=&#8221;1.3em&#8221; header_5_font=&#8221;Abril Fatface||||||||&#8221; header_5_text_color=&#8221;#ffffff&#8221; header_5_font_size=&#8221;50px&#8221; header_5_letter_spacing=&#8221;1px&#8221; header_5_line_height=&#8221;1.2em&#8221; header_6_font=&#8221;Open Sans|600|||||||&#8221; header_6_text_align=&#8221;center&#8221; header_6_text_color=&#8221;#17181A&#8221; header_6_font_size=&#8221;16px&#8221; z_index=&#8221;0&#8243; custom_margin=&#8221;|185px||185px|false|true&#8221; custom_margin_tablet=&#8221;|25px||25px|false|true&#8221; custom_margin_phone=&#8221;|4px||4px|false|true&#8221; custom_margin_last_edited=&#8221;on|tablet&#8221; animation_direction=&#8221;bottom&#8221; text_font_size_tablet=&#8221;16px&#8221; text_font_size_phone=&#8221;20px&#8221; text_font_size_last_edited=&#8221;on|phone&#8221; header_font_size_tablet=&#8221;80px&#8221; header_font_size_phone=&#8221;48px&#8221; header_font_size_last_edited=&#8221;on|tablet&#8221; header_2_font_size_tablet=&#8221;85px&#8221; header_2_font_size_phone=&#8221;56px&#8221; header_2_font_size_last_edited=&#8221;on|phone&#8221; header_2_letter_spacing_tablet=&#8221;0px&#8221; header_2_letter_spacing_phone=&#8221;&#8221; header_2_letter_spacing_last_edited=&#8221;on|desktop&#8221; header_2_line_height_tablet=&#8221;1.1em&#8221; header_2_line_height_phone=&#8221;1em&#8221; header_2_line_height_last_edited=&#8221;on|desktop&#8221; header_3_font_size_tablet=&#8221;25px&#8221; header_3_font_size_phone=&#8221;20px&#8221; header_3_font_size_last_edited=&#8221;on|phone&#8221; header_3_letter_spacing_tablet=&#8221;1px&#8221; header_3_letter_spacing_phone=&#8221;1px&#8221; header_3_letter_spacing_last_edited=&#8221;on|phone&#8221; header_3_line_height_tablet=&#8221;1em&#8221; header_3_line_height_phone=&#8221;1em&#8221; header_3_line_height_last_edited=&#8221;on|phone&#8221; header_4_font_size_tablet=&#8221;24px&#8221; header_4_font_size_phone=&#8221;19px&#8221; header_4_font_size_last_edited=&#8221;on|tablet&#8221; header_5_font_size_tablet=&#8221;25px&#8221; header_5_font_size_phone=&#8221;22px&#8221; header_5_font_size_last_edited=&#8221;on|phone&#8221; header_6_font_size_tablet=&#8221;14px&#8221; header_6_font_size_phone=&#8221;12px&#8221; header_6_font_size_last_edited=&#8221;on|phone&#8221; global_colors_info=&#8221;{}&#8221;]<\/p>\n<p><span style=\"font-weight: 400;\">Formed as the <\/span><i><span style=\"font-weight: 400;\">Movimento Federalista Europeo <\/span><\/i><span style=\"font-weight: 400;\">[European Federalist Movement] in Milan in 1943 on Spinelli&#8217;s initiative, the European federalists would continue to speak of revolution even after Spinelli, even though the &#8216;revolutionary situation&#8217; predicted by the Manifesto did not come about and European unification has so far been achieved through a gradualist process that has not yet been concluded &#8211; largely inspired by Jean Monnet&#8217;s &#8216;functionalist&#8217; approach, which has, however, suffered serious setbacks on several occasions, particularly in recent decades.\u00a0<\/span><\/p>\n<p><span style=\"font-weight: 400;\">On the other hand, the <\/span><i><span style=\"font-weight: 400;\">Draft Manifesto<\/span><\/i><span style=\"font-weight: 400;\"> of 1941 will somehow find its evolution and deepening in the more mature <\/span><i><span style=\"font-weight: 400;\">Manifesto of the European Federalists<\/span><\/i><span style=\"font-weight: 400;\"> written entirely by Altiero Spinelli and published in 1957. After the failure of the European Community of Defence in 1954 &#8211; a project that had seen a phase of collaboration of the federalists with some governments and in particular of Spinelli with De Gasperi and Monnet &#8211; here the democratic method of the Constituent Assembly is formalised, a prospect that still seems to be of urgent relevance in the political struggle for the birth of a European Republic:\u00a0<\/span><\/p>\n<p><span style=\"font-weight: 400;\">&#8220;The European Constituent Assembly, rising from a massive popular vote, and therefore feeling itself to be the legitimate representative of the European people and its aspirations, will have a strong and proud awareness of its mission, will not be willing to give in to national flattery and pressure, and, whatever its composition, will be able to find the necessary agreements and compromises to achieve the approval of the federal Constitution.\u201d<\/span><\/p>\n<p>[\/et_pb_text][\/et_pb_column][\/et_pb_row][et_pb_row column_structure=&#8221;1_2,1_2&#8243; use_custom_gutter=&#8221;on&#8221; gutter_width=&#8221;1&#8243; make_equal=&#8221;on&#8221; custom_padding_last_edited=&#8221;on|phone&#8221; admin_label=&#8221;Coffee items&#8221; _builder_version=&#8221;4.16&#8243; custom_margin=&#8221;|||&#8221; custom_padding=&#8221;10px|185px|50px|185px|false|false&#8221; custom_padding_tablet=&#8221;25px|0px|0px|0px|false|false&#8221; custom_padding_phone=&#8221;||0px||false|false&#8221; locked=&#8221;off&#8221; global_colors_info=&#8221;{}&#8221;][et_pb_column type=&#8221;1_2&#8243; _builder_version=&#8221;4.16&#8243; custom_padding=&#8221;|||&#8221; global_colors_info=&#8221;{}&#8221; custom_padding__hover=&#8221;|||&#8221;][et_pb_image src=&#8221;https:\/\/europeanmemories.net\/stories\/wp-content\/uploads\/sites\/13\/2021\/09\/20.The-italian-delegation-to-the-first-UEF-Congress-1947-Union-of-European-Federalists.jpeg&#8221; title_text=&#8221;20.The italian delegation to the first UEF Congress (1947) (Union of European Federalists)&#8221; align=&#8221;right&#8221; align_tablet=&#8221;center&#8221; align_phone=&#8221;&#8221; align_last_edited=&#8221;on|desktop&#8221; _builder_version=&#8221;4.16&#8243; custom_margin=&#8221;|20px|15px||false|false&#8221; custom_margin_tablet=&#8221;&#8221; custom_margin_phone=&#8221;&#8221; custom_margin_last_edited=&#8221;on|tablet&#8221; global_colors_info=&#8221;{}&#8221;][\/et_pb_image][\/et_pb_column][et_pb_column type=&#8221;1_2&#8243; _builder_version=&#8221;4.16&#8243; custom_padding=&#8221;|||&#8221; global_colors_info=&#8221;{}&#8221; custom_padding__hover=&#8221;|||&#8221;][et_pb_text content_tablet=&#8221;<\/p>\n<p style=%22text-align: center;%22><span class=%22media-metadata-value%22><strong><\/strong><span><span style=%22font-weight: 400;%22><strong><\/strong><\/span><span style=%22font-weight: 400;%22><strong>The Italian delegation to the first UEF (Union of European Federalists) Congress, including Gustavo Malan, Guglielmo Usellini, Ernesto Rossi, Altiero Spinelli and Alberto Cabella. Montreux, Switzerland, 1947<\/strong><\/span><i><span style=%22font-weight: 400;%22>| \u00a9 Union of European Federalists<\/span><\/i><\/span><\/span><\/p>\n<\/p>\n<p class=%22page-section-title%22><span class=%22media-metadata-value%22><\/span><\/p>\n<p>&#8221; content_phone=&#8221;<\/p>\n<p class=%22page-section-title%22 style=%22text-align: center;%22><span class=%22media-metadata-value%22><strong><\/strong><span><span style=%22font-weight: 400;%22><strong><\/strong><\/span><span style=%22font-weight: 400;%22><strong>The Italian delegation to the first UEF (Union of European Federalists) Congress, including Gustavo Malan, Guglielmo Usellini, Ernesto Rossi, Altiero Spinelli and Alberto Cabella. Montreux, Switzerland, 1947<\/strong><\/span><i><span style=%22font-weight: 400;%22>| \u00a9 Union of European Federalists<\/span><\/i><\/span><\/span><\/p>\n<p class=%22page-section-title%22><span class=%22media-metadata-value%22><\/span><\/p>\n<p>&#8221; content_last_edited=&#8221;on|phone&#8221; _builder_version=&#8221;4.16&#8243; text_font=&#8221;Open Sans||||||||&#8221; text_text_color=&#8221;#41485C&#8221; text_line_height=&#8221;1.5em&#8221; custom_margin=&#8221;||||false|false&#8221; custom_margin_tablet=&#8221;&#8221; custom_margin_phone=&#8221;|||0px|false|false&#8221; custom_margin_last_edited=&#8221;on|desktop&#8221; custom_padding=&#8221;||||false|false&#8221; text_font_size_tablet=&#8221;12px&#8221; text_font_size_phone=&#8221;14px&#8221; text_font_size_last_edited=&#8221;on|phone&#8221; locked=&#8221;off&#8221; global_colors_info=&#8221;{}&#8221;]<\/p>\n<p style=\"text-align: left;\"><strong><\/strong><span style=\"font-weight: 400;\"><strong>The Italian delegation to the first UEF (Union of European Federalists) Congress, including Gustavo Malan, Guglielmo Usellini, Ernesto Rossi, Altiero Spinelli and Alberto Cabella. Montreux, Switzerland, 1947<\/strong> <\/span><i><span style=\"font-weight: 400;\">| \u00a9 Union of European Federalists<\/span><\/i><\/p>\n<p class=\"_4b3da m-b h4\" style=\"text-align: center;\"><span class=\"media-metadata-value\"><span><span style=\"font-weight: 400;\"><br \/><\/span><\/span><\/span><span class=\"media-metadata-value\"><\/span><\/p>\n<p>[\/et_pb_text][\/et_pb_column][\/et_pb_row][et_pb_row custom_padding_last_edited=&#8221;on|phone&#8221; admin_label=&#8221;Coffee items&#8221; _builder_version=&#8221;4.16&#8243; custom_margin=&#8221;||||false|false&#8221; custom_padding=&#8221;10px|0px|100px|0px|false|false&#8221; custom_padding_tablet=&#8221;25px||100px||false|false&#8221; custom_padding_phone=&#8221;||100px||false|false&#8221; locked=&#8221;off&#8221; global_colors_info=&#8221;{}&#8221;][et_pb_column type=&#8221;4_4&#8243; _builder_version=&#8221;4.16&#8243; custom_padding=&#8221;|||&#8221; global_colors_info=&#8221;{}&#8221; custom_padding__hover=&#8221;|||&#8221;][et_pb_image src=&#8221;https:\/\/europeanmemories.net\/stories\/wp-content\/uploads\/sites\/13\/2021\/11\/1a-Manif.-.jpg&#8221; title_text=&#8221;1a Manif.&#8221; align=&#8221;center&#8221; _builder_version=&#8221;4.16&#8243; width=&#8221;65%&#8221; width_tablet=&#8221;100%&#8221; width_phone=&#8221;100%&#8221; width_last_edited=&#8221;on|tablet&#8221; custom_margin=&#8221;||15px||false|false&#8221; global_colors_info=&#8221;{}&#8221;][\/et_pb_image][et_pb_text content_tablet=&#8221;<\/p>\n<p style=%22text-align: left;%22><span class=%22media-metadata-value%22><strong>European Defence Community Treaty Signed in Paris on May 27, 1952<br \/> <\/strong>Photographer: unknown | \u00a9 <span>No known copyright restrictions<\/span><\/span><\/p>\n<\/p>\n<p class=%22page-section-title%22><span class=%22media-metadata-value%22><\/span><\/p>\n<p>&#8221; content_phone=&#8221;<\/p>\n<p class=%22page-section-title%22 style=%22text-align: left;%22><span class=%22media-metadata-value%22><strong>European Defence Community Treaty Signed in Paris on May 27, 1952<br \/> <\/strong>Photographer: unknown | \u00a9 <span>No known copyright restrictions<\/span><\/span><\/p>\n<p class=%22page-section-title%22><span class=%22media-metadata-value%22><\/span><\/p>\n<p>&#8221; content_last_edited=&#8221;off|desktop&#8221; _builder_version=&#8221;4.16&#8243; text_font=&#8221;Open Sans||||||||&#8221; text_text_color=&#8221;#41485C&#8221; text_line_height=&#8221;1.5em&#8221; custom_margin=&#8221;|185px||185px|false|true&#8221; custom_margin_tablet=&#8221;|10px||10px|false|true&#8221; custom_margin_phone=&#8221;|||0px|false|false&#8221; custom_margin_last_edited=&#8221;on|desktop&#8221; text_font_size_tablet=&#8221;12px&#8221; text_font_size_phone=&#8221;14px&#8221; text_font_size_last_edited=&#8221;on|phone&#8221; locked=&#8221;off&#8221; global_colors_info=&#8221;{}&#8221;]<\/p>\n<p><span style=\"font-weight: 400;\"><strong>First federalist event, Rome (1947) \/ European Federalist Movement. \u201cAgostino Trabalza\u201d Session in Rome (1947)<\/strong> <em>| \u00a9 European University Institute. Reference Code: ER.A-3<\/em><\/span><\/p>\n<p class=\"_4b3da m-b h4\" style=\"text-align: center;\"><span class=\"media-metadata-value\"><span><span style=\"font-weight: 400;\"><br \/><\/span><\/span><\/span><span class=\"media-metadata-value\"><\/span><\/p>\n<p>[\/et_pb_text][\/et_pb_column][\/et_pb_row][\/et_pb_section][et_pb_section fb_built=&#8221;1&#8243; custom_padding_last_edited=&#8221;on|phone&#8221; admin_label=&#8221;\u2022 ART 2&#8243; module_id=&#8221;SEC2&#8243; _builder_version=&#8221;4.16&#8243; background_color=&#8221;#17181a&#8221; custom_padding=&#8221;100px||70px|||&#8221; custom_padding_tablet=&#8221;30px||0px||false|false&#8221; custom_padding_phone=&#8221;&#8221; collapsed=&#8221;on&#8221; global_colors_info=&#8221;{}&#8221; da_is_popup=&#8221;off&#8221; da_exit_intent=&#8221;off&#8221; da_has_close=&#8221;on&#8221; da_alt_close=&#8221;off&#8221; da_dark_close=&#8221;off&#8221; da_not_modal=&#8221;on&#8221; da_is_singular=&#8221;off&#8221; da_with_loader=&#8221;off&#8221; da_has_shadow=&#8221;on&#8221; da_disable_devices=&#8221;off|off|off&#8221;][et_pb_row custom_padding_last_edited=&#8221;on|phone&#8221; admin_label=&#8221;Coffee items&#8221; _builder_version=&#8221;4.16&#8243; custom_margin=&#8221;|||&#8221; custom_padding=&#8221;60px|0px|20px|0px|false|false&#8221; custom_padding_tablet=&#8221;||20px||false|false&#8221; custom_padding_phone=&#8221;||20px||false|false&#8221; locked=&#8221;off&#8221; global_colors_info=&#8221;{}&#8221;][et_pb_column type=&#8221;4_4&#8243; _builder_version=&#8221;4.16&#8243; custom_padding=&#8221;|||&#8221; global_colors_info=&#8221;{}&#8221; custom_padding__hover=&#8221;|||&#8221;][et_pb_text content_tablet=&#8221;<\/p>\n<h2><b>80 years on, for another Europe. <\/b><b><br \/><\/b><b>The Ventotene Manifesto<\/b><\/h2>\n<p>&#8221; content_phone=&#8221;<\/p>\n<h2><b>80 years on, for another Europe. <\/b><b><br \/><\/b><b>The Ventotene Manifesto<\/b><\/h2>\n<p>&#8221; content_last_edited=&#8221;on|phone&#8221; admin_label=&#8221;Text ti\u00edtol&#8221; _builder_version=&#8221;4.16&#8243; text_font=&#8221;Open Sans||||||||&#8221; text_text_color=&#8221;#ffffff&#8221; text_font_size=&#8221;20px&#8221; text_line_height=&#8221;1.5em&#8221; header_font=&#8221;Abril Fatface||||||||&#8221; header_text_color=&#8221;rgba(255,255,255,0.5)&#8221; header_font_size=&#8221;59px&#8221; header_2_font=&#8221;Open Sans|600|||||||&#8221; header_2_text_color=&#8221;#ed8989&#8243; header_2_font_size=&#8221;90px&#8221; header_2_letter_spacing=&#8221;1px&#8221; header_2_line_height=&#8221;1.2em&#8221; header_3_font=&#8221;Abril Fatface||||||||&#8221; header_3_text_color=&#8221;#ffffff&#8221; header_3_font_size=&#8221;30px&#8221; header_3_letter_spacing=&#8221;2px&#8221; header_3_line_height=&#8221;1.2em&#8221; header_4_font=&#8221;Open Sans||||||||&#8221; header_4_text_color=&#8221;#ffffff&#8221; header_4_font_size=&#8221;27px&#8221; header_4_line_height=&#8221;1.3em&#8221; header_5_font=&#8221;Abril Fatface||||||||&#8221; header_5_text_color=&#8221;#ffffff&#8221; header_5_font_size=&#8221;28px&#8221; header_5_letter_spacing=&#8221;1px&#8221; header_5_line_height=&#8221;1.2em&#8221; header_6_font=&#8221;Open Sans|600|||||||&#8221; header_6_text_align=&#8221;center&#8221; header_6_text_color=&#8221;#FFFFFF&#8221; header_6_font_size=&#8221;16px&#8221; z_index=&#8221;0&#8243; animation_style=&#8221;slide&#8221; animation_direction=&#8221;bottom&#8221; animation_duration=&#8221;1450ms&#8221; animation_intensity_slide=&#8221;5%&#8221; animation_starting_opacity=&#8221;88%&#8221; animation_speed_curve=&#8221;ease&#8221; text_font_size_tablet=&#8221;16px&#8221; text_font_size_phone=&#8221;14px&#8221; text_font_size_last_edited=&#8221;on|phone&#8221; header_font_size_tablet=&#8221;39px&#8221; header_font_size_phone=&#8221;38px&#8221; header_font_size_last_edited=&#8221;on|phone&#8221; header_2_text_align_tablet=&#8221;&#8221; header_2_text_align_phone=&#8221;&#8221; header_2_text_align_last_edited=&#8221;on|phone&#8221; header_2_font_size_tablet=&#8221;60px&#8221; header_2_font_size_phone=&#8221;54px&#8221; header_2_font_size_last_edited=&#8221;on|phone&#8221; header_2_letter_spacing_tablet=&#8221;1px&#8221; header_2_letter_spacing_phone=&#8221;-1px&#8221; header_2_letter_spacing_last_edited=&#8221;on|phone&#8221; header_2_line_height_tablet=&#8221;1.2em&#8221; header_2_line_height_phone=&#8221;1.2em&#8221; header_2_line_height_last_edited=&#8221;on|phone&#8221; header_3_font_size_tablet=&#8221;25px&#8221; header_3_font_size_phone=&#8221;20px&#8221; header_3_font_size_last_edited=&#8221;on|phone&#8221; header_3_letter_spacing_tablet=&#8221;1px&#8221; header_3_letter_spacing_phone=&#8221;1px&#8221; header_3_letter_spacing_last_edited=&#8221;on|phone&#8221; header_3_line_height_tablet=&#8221;&#8221; header_3_line_height_phone=&#8221;1.2em&#8221; header_3_line_height_last_edited=&#8221;on|phone&#8221; header_4_font_size_tablet=&#8221;24px&#8221; header_4_font_size_phone=&#8221;19px&#8221; header_4_font_size_last_edited=&#8221;on|tablet&#8221; header_5_font_size_tablet=&#8221;25px&#8221; header_5_font_size_phone=&#8221;22px&#8221; header_5_font_size_last_edited=&#8221;on|phone&#8221; header_6_font_size_tablet=&#8221;14px&#8221; header_6_font_size_phone=&#8221;14px&#8221; header_6_font_size_last_edited=&#8221;on|tablet&#8221; global_colors_info=&#8221;{}&#8221;]<\/p>\n<h2><b>80 years on, for another Europe. <\/b><b><br \/><\/b><b>The Ventotene Manifesto<\/b><\/h2>\n<p>[\/et_pb_text][\/et_pb_column][\/et_pb_row][et_pb_row custom_padding_last_edited=&#8221;off|desktop&#8221; admin_label=&#8221;Coffee items&#8221; _builder_version=&#8221;4.16&#8243; width_tablet=&#8221;&#8221; width_phone=&#8221;100%&#8221; width_last_edited=&#8221;on|phone&#8221; custom_margin=&#8221;|||&#8221; custom_padding=&#8221;20px|0px|20px|0px|false|false&#8221; custom_padding_tablet=&#8221;||70px||false|false&#8221; custom_padding_phone=&#8221;||50px||false|false&#8221; locked=&#8221;off&#8221; global_colors_info=&#8221;{}&#8221;][et_pb_column type=&#8221;4_4&#8243; _builder_version=&#8221;4.16&#8243; custom_padding=&#8221;||||false|false&#8221; global_colors_info=&#8221;{}&#8221; custom_padding__hover=&#8221;|||&#8221;][et_pb_text _builder_version=&#8221;4.16&#8243; _module_preset=&#8221;default&#8221; text_font=&#8221;Open Sans|700|||||||&#8221; text_text_color=&#8221;#f3b0b0&#8243; custom_margin=&#8221;||10px||false|false&#8221; custom_margin_tablet=&#8221;&#8221; custom_margin_phone=&#8221;&#8221; custom_margin_last_edited=&#8221;on|phone&#8221; global_colors_info=&#8221;{}&#8221;]<\/p>\n<p style=\"text-align: center;\">share<\/p>\n<p>[\/et_pb_text][et_pb_code _builder_version=&#8221;4.16&#8243; _module_preset=&#8221;default&#8221; width=&#8221;10%&#8221; width_tablet=&#8221;15%&#8221; width_phone=&#8221;100%&#8221; width_last_edited=&#8221;on|phone&#8221; max_width_last_edited=&#8221;off|phone&#8221; module_alignment=&#8221;center&#8221; custom_margin=&#8221;||||false|true&#8221; custom_margin_tablet=&#8221;||||false|true&#8221; custom_margin_phone=&#8221;||||false|true&#8221; custom_margin_last_edited=&#8221;on|phone&#8221; module_alignment_tablet=&#8221;&#8221; module_alignment_phone=&#8221;center&#8221; module_alignment_last_edited=&#8221;on|tablet&#8221; global_colors_info=&#8221;{}&#8221;]<div class=\"et_social_inline et_social_mobile_on et_social_inline_custom\">\n\t\t\t\t<div class=\"et_social_networks et_social_2col et_social_darken et_social_circle et_social_top et_social_no_animation et_social_outer_dark\">\n\t\t\t\t\t\n\t\t\t\t\t<ul class=\"et_social_icons_container\"><li class=\"et_social_facebook\">\n\t\t\t\t\t\t\t\t\t<a href=\"http:\/\/www.facebook.com\/sharer.php?u=https%3A%2F%2Feuropeanmemories.net%2Fstories%2Fventotene-80%2F&#038;t=Ventotene%2080\" class=\"et_social_share\" rel=\"nofollow\" data-social_name=\"facebook\" data-post_id=\"4673\" data-social_type=\"share\" data-location=\"inline\">\n\t\t\t\t\t\t\t\t\t\t<i class=\"et_social_icon et_social_icon_facebook\"><\/i><span class=\"et_social_overlay\"><\/span>\n\t\t\t\t\t\t\t\t\t<\/a>\n\t\t\t\t\t\t\t\t<\/li><li class=\"et_social_twitter\">\n\t\t\t\t\t\t\t\t\t<a href=\"http:\/\/twitter.com\/share?text=Ventotene%2080&#038;url=https%3A%2F%2Feuropeanmemories.net%2Fstories%2Fventotene-80%2F&#038;via=euromemories\" class=\"et_social_share\" rel=\"nofollow\" data-social_name=\"twitter\" data-post_id=\"4673\" data-social_type=\"share\" data-location=\"inline\">\n\t\t\t\t\t\t\t\t\t\t<i class=\"et_social_icon et_social_icon_twitter\"><\/i><span class=\"et_social_overlay\"><\/span>\n\t\t\t\t\t\t\t\t\t<\/a>\n\t\t\t\t\t\t\t\t<\/li><\/ul>\n\t\t\t\t<\/div>\n\t\t\t<\/div>[\/et_pb_code][\/et_pb_column][\/et_pb_row][et_pb_row custom_padding_last_edited=&#8221;on|phone&#8221; admin_label=&#8221;Coffee items&#8221; _builder_version=&#8221;4.16&#8243; custom_margin=&#8221;|||&#8221; custom_padding=&#8221;60px|0px|100px|0px||&#8221; custom_padding_tablet=&#8221;||70px||false|false&#8221; custom_padding_phone=&#8221;||50px||false|false&#8221; locked=&#8221;off&#8221; global_colors_info=&#8221;{}&#8221;][et_pb_column type=&#8221;4_4&#8243; _builder_version=&#8221;4.16&#8243; custom_padding=&#8221;|||&#8221; global_colors_info=&#8221;{}&#8221; custom_padding__hover=&#8221;|||&#8221;][et_pb_text _builder_version=&#8221;4.16&#8243; text_font=&#8221;Open Sans||||||||&#8221; text_text_color=&#8221;#F3B0B0&#8243; text_font_size=&#8221;20px&#8221; text_line_height=&#8221;1.5em&#8221; link_font=&#8221;|700|||||||&#8221; link_font_size=&#8221;13px&#8221; header_font=&#8221;Abril Fatface||||||||&#8221; header_text_color=&#8221;rgba(255,255,255,0.5)&#8221; header_font_size=&#8221;25px&#8221; header_line_height=&#8221;1.3em&#8221; header_2_font=&#8221;Open Sans|600|||||||&#8221; header_2_text_color=&#8221;#17181A&#8221; header_2_font_size=&#8221;120px&#8221; header_2_letter_spacing=&#8221;1px&#8221; header_2_line_height=&#8221;1.2em&#8221; header_3_font=&#8221;Abril Fatface||on||||||&#8221; header_3_text_color=&#8221;#41485c&#8221; header_3_letter_spacing=&#8221;1px&#8221; header_3_line_height=&#8221;1.2em&#8221; header_4_font=&#8221;Open Sans||||||||&#8221; header_4_text_color=&#8221;#ffffff&#8221; header_4_font_size=&#8221;27px&#8221; header_4_line_height=&#8221;1.3em&#8221; header_5_font=&#8221;Abril Fatface||||||||&#8221; header_5_text_color=&#8221;#ffffff&#8221; header_5_font_size=&#8221;50px&#8221; header_5_letter_spacing=&#8221;1px&#8221; header_5_line_height=&#8221;1.2em&#8221; header_6_font=&#8221;Open Sans|600|||||||&#8221; header_6_text_align=&#8221;center&#8221; header_6_text_color=&#8221;#17181A&#8221; header_6_font_size=&#8221;16px&#8221; z_index=&#8221;0&#8243; custom_margin=&#8221;30px|185px||185px|false|true&#8221; custom_margin_tablet=&#8221;|25px||25px|false|true&#8221; custom_margin_phone=&#8221;|4px||4px|false|true&#8221; custom_margin_last_edited=&#8221;on|tablet&#8221; animation_direction=&#8221;bottom&#8221; text_font_size_tablet=&#8221;16px&#8221; text_font_size_phone=&#8221;20px&#8221; text_font_size_last_edited=&#8221;on|phone&#8221; link_font_size_tablet=&#8221;22px&#8221; link_font_size_phone=&#8221;18px&#8221; link_font_size_last_edited=&#8221;on|phone&#8221; header_font_size_tablet=&#8221;22px&#8221; header_font_size_phone=&#8221;18px&#8221; header_font_size_last_edited=&#8221;on|phone&#8221; header_2_font_size_tablet=&#8221;85px&#8221; header_2_font_size_phone=&#8221;56px&#8221; header_2_font_size_last_edited=&#8221;on|phone&#8221; header_2_letter_spacing_tablet=&#8221;0px&#8221; header_2_letter_spacing_phone=&#8221;&#8221; header_2_letter_spacing_last_edited=&#8221;on|desktop&#8221; header_2_line_height_tablet=&#8221;1.1em&#8221; header_2_line_height_phone=&#8221;1em&#8221; header_2_line_height_last_edited=&#8221;on|desktop&#8221; header_3_font_size_tablet=&#8221;20px&#8221; header_3_font_size_phone=&#8221;23px&#8221; header_3_font_size_last_edited=&#8221;on|tablet&#8221; header_3_letter_spacing_tablet=&#8221;1px&#8221; header_3_letter_spacing_phone=&#8221;1px&#8221; header_3_letter_spacing_last_edited=&#8221;on|phone&#8221; header_3_line_height_tablet=&#8221;1.2em&#8221; header_3_line_height_phone=&#8221;1.2em&#8221; header_3_line_height_last_edited=&#8221;on|phone&#8221; header_4_font_size_tablet=&#8221;24px&#8221; header_4_font_size_phone=&#8221;19px&#8221; header_4_font_size_last_edited=&#8221;on|tablet&#8221; header_5_font_size_tablet=&#8221;25px&#8221; header_5_font_size_phone=&#8221;22px&#8221; header_5_font_size_last_edited=&#8221;on|phone&#8221; header_6_font_size_tablet=&#8221;14px&#8221; header_6_font_size_phone=&#8221;12px&#8221; header_6_font_size_last_edited=&#8221;on|phone&#8221; global_colors_info=&#8221;{}&#8221;]<\/p>\n<h1><span style=\"font-weight: 400;\">by Pier Virgilio Dastoli <span id='easy-footnote-4-4673' class='easy-footnote-margin-adjust'><\/span><span class='easy-footnote'><a href='https:\/\/europeanmemories.net\/stories\/ventotene-80\/#easy-footnote-bottom-4-4673' title='&lt;\/span&gt;&lt;\/h1&gt;\n&lt;h1&gt;&lt;span style=&quot;font-weight: 400;&quot;&gt;&lt;span style=&quot;font-size: 11pt; font-family: Arial; color: #000000; background-color: transparent; font-style: normal; font-variant: normal; text-decoration: none; vertical-align: baseline; white-space: pre-wrap;&quot;&gt;&lt;span style=&quot;font-family: arial, sans-serif;&quot;&gt;&lt;span id=&quot;m_1166280532618602998gmail-m_-6957840371987184529m_-1475825885114483937m_4297518403556181240gmail-m_-7621516881893175596gmail-m_7931336992219153606gmail-m_-1915296069411278590gmail-docs-internal-guid-b62b3875-7fff-4041-0aec-32b969ef889a&quot;&gt;&lt;span style=&quot;color: #000000; background-color: transparent; font-variant-numeric: normal; font-variant-east-asian: normal; vertical-align: baseline; white-space: pre-wrap;&quot;&gt;President of the Italian Council of the European Movement (CIME)&lt;\/span&gt;&lt;\/span&gt;&lt;\/span&gt;&lt;\/span&gt;&lt;\/span&gt;&lt;\/h1&gt;\n&lt;h1&gt;&lt;span style=&quot;font-weight: 400;&quot;&gt;'><sup>4<\/sup><\/a><\/span><\/span><a href=\"https:\/\/www.movimentoeuropeo.it\/chi-siamo\/il-movimento-europeo\/presidenti-e-segretari\"><span style=\"font-weight: 400;\"><\/span><\/a><span style=\"font-weight: 400;\"><\/span><\/h1>\n<p><span style=\"font-weight: 400;\"><\/span><\/p>\n<p><span style=\"font-weight: 400;\">When I refer to the Ventotene Manifesto in university and school meetings, I am struck by the fact that many young people believe that Altiero Spinelli and Ernesto Rossi\u2019s ideas are as topical as ever; in particular the idea that the proposal to create a European democratic power, as a way to find a permanent solution to common problems of Europeans at the end of the war, is even more valid today as a way of addressing other new problems we have in common.<\/span><\/p>\n<p><span style=\"font-weight: 400;\">Far more than among the political leaders who, in the face of the serious crisis that has struck the European Union, are helplessly floundering from summit to summit, looking for a way out, without a vision of the whole, or rather without any vision at all, I have discovered in many young people an idea that can be expressed in the same terms in which <\/span><b>it was put by Spinelli in 1957:<\/b><\/p>\n<p style=\"padding-left: 80px;\"><span style=\"font-weight: 400;\"><em>The project for a European federation was not a fine ideal to pay tribute to and then move on to something else; it was an objective for which we had to act immediately, people of our generation. This was not an invitation to dream, but an invitation to work<\/em>.<\/span><\/p>\n<p><span style=\"font-weight: 400;\">I also discovered that they share another of Spinelli\u2019s essential ideas on the nature of \u00abhis\u00bb Federation:<\/span><\/p>\n<p style=\"padding-left: 80px;\"><em><span style=\"font-weight: 400;\">It is not presented as an ideology, it does not aim to depict an existing power in one way or another [\u2026] it is a sober proposal to create a democratic European power, at the heart of which ideologies may well develop, if people find them to be necessary, but it is very different from them [\u2026] the recognition of diversity and of the brotherhood of the national experiences of European peoples, in the midst of whose languages, writers and thinkers we have been living for years without ever feeling closer to them if they are Italians, or more distant if they are foreigners.<\/span><\/em><\/p>\n<p><span style=\"font-weight: 400;\">The <\/span><i><span style=\"font-weight: 400;\">Manifesto <\/span><\/i><span style=\"font-weight: 400;\">was the meeting point between Spinelli and Rossi\u2019s complementary ideas. \u00a0 Spinelli expressed his interest in the freedom of the individual and of society but he also implied that this struggle could not stop at the borders where socialism was being built. Rossi criticized capitalism, trade unionism, communism and its project of \u00aberadicating poverty\u00bb by grafting a piece of communist economic constitution into a market economy. The conversion to democracy had led Spinelli to realize that political action should aim at using power in the service of freedom, whereas the nation state was the enemy of freedom.<\/span><\/p>\n<p><span style=\"font-weight: 400;\">The fight for the freedom of the individual and of society had led Spinelli to break up with the Italian Communist Party as early as 1935 in Civitavecchia, after the start of the season of Stalinist terror. This breakup was formalized in 1937 in Ponza when he was expelled from the party for \u00abideological deviation and petit-bourgeois presumption\u00bb. As for Rossi, his criticism of capitalism and communism \u2013 together with a brief reading of texts on English federalism \u2013 had persuaded him that only a European federation would ensure greater resources for development, subtracting them from the preparation of wars decided on by the growing power of the military elite and from administrative centralization.<\/span><\/p>\n<p><span style=\"font-weight: 400;\">In the Ventotene discussions that preceded the drafting of the <\/span><i><span style=\"font-weight: 400;\">Manifesto<\/span><\/i><span style=\"font-weight: 400;\">, the belief emerged that a European federation would be the only reasonable solution to the problem which had plagued Europe since 1870, i.e. the peaceful coexistence of Germany with the other peoples of the old continent.<\/span><\/p>\n<p><span style=\"font-weight: 400;\">A federation would be, above all, a way for democracies to control \u00abthose crazy Leviathans\u00bb (in Spinelli\u2019s words), namely the nation states of Europe, since a federal state would prevent them from becoming a means of oppression and they would prevent the federal state from becoming one itself.<\/span><\/p>\n<p>&nbsp;<\/p>\n<p>[\/et_pb_text][\/et_pb_column][\/et_pb_row][et_pb_row column_structure=&#8221;1_2,1_2&#8243; use_custom_gutter=&#8221;on&#8221; gutter_width=&#8221;1&#8243; make_equal=&#8221;on&#8221; custom_padding_last_edited=&#8221;on|phone&#8221; admin_label=&#8221;Coffee items&#8221; _builder_version=&#8221;4.16&#8243; width=&#8221;100%&#8221; custom_margin=&#8221;|||&#8221; custom_padding=&#8221;10px|0px|50px|0px|false|false&#8221; custom_padding_tablet=&#8221;25px||0px||false|false&#8221; custom_padding_phone=&#8221;||0px||false|false&#8221; locked=&#8221;off&#8221; global_colors_info=&#8221;{}&#8221;][et_pb_column type=&#8221;1_2&#8243; _builder_version=&#8221;4.16&#8243; custom_padding=&#8221;|||&#8221; global_colors_info=&#8221;{}&#8221; custom_padding__hover=&#8221;|||&#8221;][et_pb_image src=&#8221;https:\/\/europeanmemories.net\/stories\/wp-content\/uploads\/sites\/13\/2021\/11\/Manifeston.jpg&#8221; title_text=&#8221;Manifeston&#8221; align=&#8221;right&#8221; align_tablet=&#8221;center&#8221; align_phone=&#8221;&#8221; align_last_edited=&#8221;on|phone&#8221; _builder_version=&#8221;4.16&#8243; module_alignment=&#8221;center&#8221; custom_margin=&#8221;||15px||false|false&#8221; global_colors_info=&#8221;{}&#8221;][\/et_pb_image][\/et_pb_column][et_pb_column type=&#8221;1_2&#8243; _builder_version=&#8221;4.16&#8243; custom_padding=&#8221;|||&#8221; global_colors_info=&#8221;{}&#8221; custom_padding__hover=&#8221;|||&#8221;][et_pb_text content_tablet=&#8221;<\/p>\n<p> <span style=%22font-weight: 400;%22><strong><\/strong><\/span><span style=%22font-weight: 400;%22><strong>First and oldest cover version of the text published in the Manifesto in the Bulletin of the \u201cPopolo e Libert\u00e0\u201d (People and Liberty) Movement (no. 1, June 1943, pp. 8-26, entitled Guidelines and featuring the caption at the bottom \u201cFrom Ventotene, October 1941\u201d) with no division into chapters, just into paragraphs (from 1 to 20)<\/strong><\/span><i><span style=%22font-weight: 400;%22> | Source: Altiero Spinelli Institute for Federalist Studies<\/span><\/i><\/p>\n<p style=%22text-align: left;%22><i><span style=%22font-weight: 400;%22> <\/span><\/i><\/p>\n<\/p>\n<p class=%22page-section-title%22><span class=%22media-metadata-value%22><\/span><\/p>\n<p>&#8221; content_phone=&#8221;<\/p>\n<p><span style=%22font-weight: 400;%22><strong><\/strong><\/span><span style=%22font-weight: 400;%22><strong>First and oldest cover version of the text published in the Manifesto in the Bulletin of the \u201cPopolo e Libert\u00e0\u201d (People and Liberty) Movement (no. 1, June 1943, pp. 8-26, entitled Guidelines and featuring the caption at the bottom \u201cFrom Ventotene, October 1941\u201d) with no division into chapters, just into paragraphs (from 1 to 20)<\/strong><\/span><i><span style=%22font-weight: 400;%22> | Source: Altiero Spinelli Institute for Federalist Studies<\/span><\/i><\/p>\n<p><i><span style=%22font-weight: 400;%22> <\/span><\/i><\/p>\n<\/p>\n<p class=%22page-section-title%22 style=%22text-align: left;%22><span class=%22media-metadata-value%22><\/span><\/p>\n<p class=%22page-section-title%22><span class=%22media-metadata-value%22><\/span><\/p>\n<p>&#8221; content_last_edited=&#8221;on|phone&#8221; _builder_version=&#8221;4.16&#8243; text_font=&#8221;Open Sans||||||||&#8221; text_text_color=&#8221;#F3B0B0&#8243; text_line_height=&#8221;1.5em&#8221; custom_margin=&#8221;|20px||20px|false|true&#8221; custom_margin_tablet=&#8221;|120px||120px|false|true&#8221; custom_margin_phone=&#8221;|40px||40px|false|true&#8221; custom_margin_last_edited=&#8221;on|tablet&#8221; text_font_size_tablet=&#8221;12px&#8221; text_font_size_phone=&#8221;14px&#8221; text_font_size_last_edited=&#8221;on|phone&#8221; global_colors_info=&#8221;{}&#8221;]<\/p>\n<div class=\"media-right-block media-description\">\n<p><strong><\/strong><\/p>\n<p><span style=\"font-weight: 400;\"><strong><\/strong><\/span><span style=\"font-weight: 400;\"><strong>First and oldest cover version of the text published in the Manifesto in the Bulletin of the \u201cPopolo e Libert\u00e0\u201d (People and Liberty) Movement (no. 1, June 1943, pp. 8-26, entitled Guidelines and featuring the caption at the bottom \u201cFrom Ventotene, October 1941\u201d) with no division into chapters, just into paragraphs (from 1 to 20)<\/strong><\/span><i><span style=\"font-weight: 400;\"> | Source: Altiero Spinelli Institute for Federalist Studies<\/span><\/i><\/p>\n<\/div>\n<p>[\/et_pb_text][\/et_pb_column][\/et_pb_row][et_pb_row column_structure=&#8221;1_2,1_2&#8243; use_custom_gutter=&#8221;on&#8221; gutter_width=&#8221;2&#8243; make_equal=&#8221;on&#8221; custom_padding_last_edited=&#8221;on|phone&#8221; admin_label=&#8221;Coffee items&#8221; _builder_version=&#8221;4.16&#8243; width=&#8221;100%&#8221; custom_margin=&#8221;|||&#8221; custom_padding=&#8221;10px|0px|50px|0px|false|false&#8221; custom_padding_tablet=&#8221;25px||0px||false|false&#8221; custom_padding_phone=&#8221;||0px||false|false&#8221; locked=&#8221;off&#8221; global_colors_info=&#8221;{}&#8221;][et_pb_column type=&#8221;1_2&#8243; _builder_version=&#8221;4.16&#8243; custom_padding=&#8221;|||&#8221; global_colors_info=&#8221;{}&#8221; custom_padding__hover=&#8221;|||&#8221;][et_pb_text content_tablet=&#8221;<\/p>\n<p style=%22text-align: left;%22><span class=%22media-metadata-value%22><strong><span style=%22font-weight: 400;%22>(down) <\/span><i><span style=%22font-weight: 400;%22><\/span><\/i><\/strong><span style=%22font-weight: 400;%22><strong>Cover of the second printed edition of the Ventotene Manifesto contained in No. 1 of the \u201cQuaderni del Movimento Federalista Europeo\u201d (Notebooks of the European Federalist Movement), entitled \u201cManifesto del Movimento Federalista Europeo\u201d (Manifesto of the European Federalist Movement), with an introduction dated 29 August 1943. It is here that the text acquires its first subdivision into four chapters (which later became three in the last version of the Manifesto): I) The Crisis of Modern Civilisation; II) Post-War Duties \u2013 European Unity; III) Post-War Duties \u2013 The Reform of Society; IV) The Revolutionary Situation: Old and New Trends<\/strong> | Source: Altiero Spinelli Institute for Federalist Studies<\/span><br \/><\/span><\/p>\n<p style=%22text-align: left;%22><span class=%22media-metadata-value%22><i><span style=%22font-weight: 400;%22><\/span><\/i><\/span><\/p>\n<p>&#8221; content_phone=&#8221;<\/p>\n<p style=%22text-align: left;%22><span class=%22media-metadata-value%22><strong><span style=%22font-weight: 400;%22>(down)<\/span><i><span style=%22font-weight: 400;%22><\/span><\/i> <\/strong><span style=%22font-weight: 400;%22><strong>Cover of the second printed edition of the Ventotene Manifesto contained in No. 1 of the \u201cQuaderni del Movimento Federalista Europeo\u201d (Notebooks of the European Federalist Movement), entitled \u201cManifesto del Movimento Federalista Europeo\u201d (Manifesto of the European Federalist Movement), with an introduction dated 29 August 1943. It is here that the text acquires its first subdivision into four chapters (which later became three in the last version of the Manifesto): I) The Crisis of Modern Civilisation; II) Post-War Duties \u2013 European Unity; III) Post-War Duties \u2013 The Reform of Society; IV) The Revolutionary Situation: Old and New Trends<\/strong> | Source: Altiero Spinelli Institute for Federalist Studies<\/span><strong><\/strong><\/span><\/p>\n<p style=%22text-align: left;%22><span class=%22media-metadata-value%22><i><span style=%22font-weight: 400;%22><\/span><\/i><\/span><\/p>\n<p>&#8221; content_last_edited=&#8221;on|phone&#8221; _builder_version=&#8221;4.16&#8243; text_font=&#8221;Open Sans||||||||&#8221; text_text_color=&#8221;#F3B0B0&#8243; text_line_height=&#8221;1.5em&#8221; custom_margin=&#8221;||||false|true&#8221; custom_margin_tablet=&#8221;|100px||100px|false|true&#8221; custom_margin_phone=&#8221;|20px||20px|false|true&#8221; custom_margin_last_edited=&#8221;on|phone&#8221; custom_padding_tablet=&#8221;|||20px|false|false&#8221; custom_padding_phone=&#8221;|||20px|false|false&#8221; custom_padding_last_edited=&#8221;on|phone&#8221; text_font_size_tablet=&#8221;12px&#8221; text_font_size_phone=&#8221;14px&#8221; text_font_size_last_edited=&#8221;on|phone&#8221; global_colors_info=&#8221;{}&#8221;]<\/p>\n<p><span style=\"font-weight: 400;\"><strong>Cover of the second printed edition of the Ventotene Manifesto contained in No. 1 of the \u201cQuaderni del Movimento Federalista Europeo\u201d (Notebooks of the European Federalist Movement), entitled \u201cManifesto del Movimento Federalista Europeo\u201d (Manifesto of the European Federalist Movement), with an introduction dated 29 August 1943. It is here that the text acquires its first subdivision into four chapters (which later became three in the last version of the Manifesto): I) The Crisis of Modern Civilisation; II) Post-War Duties \u2013 European Unity; III) Post-War Duties \u2013 The Reform of Society; IV) The Revolutionary Situation: Old and New Trends<\/strong> <br \/>| Source: Altiero Spinelli Institute for Federalist Studies<\/span><\/p>\n<p style=\"text-align: right;\"><strong><i>\u00a0<\/i><\/strong><\/p>\n<p>[\/et_pb_text][\/et_pb_column][et_pb_column type=&#8221;1_2&#8243; _builder_version=&#8221;4.16&#8243; custom_padding=&#8221;|||&#8221; global_colors_info=&#8221;{}&#8221; custom_padding__hover=&#8221;|||&#8221;][et_pb_image src=&#8221;https:\/\/europeanmemories.net\/stories\/wp-content\/uploads\/sites\/13\/2021\/09\/4.jpg&#8221; title_text=&#8221;4&#8243; align_tablet=&#8221;center&#8221; align_phone=&#8221;&#8221; align_last_edited=&#8221;on|phone&#8221; _builder_version=&#8221;4.16&#8243; module_alignment=&#8221;center&#8221; custom_margin=&#8221;||15px||false|false&#8221; global_colors_info=&#8221;{}&#8221;][\/et_pb_image][\/et_pb_column][\/et_pb_row][et_pb_row admin_label=&#8221;Coffee items&#8221; _builder_version=&#8221;4.16&#8243; custom_margin=&#8221;|||&#8221; custom_padding=&#8221;50px|0px|60px|0px||&#8221; locked=&#8221;off&#8221; global_colors_info=&#8221;{}&#8221;][et_pb_column type=&#8221;4_4&#8243; _builder_version=&#8221;4.16&#8243; custom_padding=&#8221;|||&#8221; global_colors_info=&#8221;{}&#8221; custom_padding__hover=&#8221;|||&#8221;][et_pb_text _builder_version=&#8221;4.16&#8243; text_font=&#8221;Open Sans||||||||&#8221; text_text_color=&#8221;#F3B0B0&#8243; text_font_size=&#8221;20px&#8221; text_line_height=&#8221;1.5em&#8221; header_font=&#8221;Abril Fatface||||||||&#8221; header_text_color=&#8221;rgba(255,255,255,0.5)&#8221; header_font_size=&#8221;100px&#8221; header_letter_spacing=&#8221;-1px&#8221; header_line_height=&#8221;0em&#8221; header_2_font=&#8221;Open Sans|600|||||||&#8221; header_2_text_color=&#8221;#17181A&#8221; header_2_font_size=&#8221;120px&#8221; header_2_letter_spacing=&#8221;1px&#8221; header_2_line_height=&#8221;1.2em&#8221; header_3_font=&#8221;Abril Fatface||||||||&#8221; header_3_text_color=&#8221;#41485C&#8221; header_3_font_size=&#8221;30px&#8221; header_3_letter_spacing=&#8221;1px&#8221; header_4_font=&#8221;Open Sans||||||||&#8221; header_4_text_color=&#8221;#ffffff&#8221; header_4_font_size=&#8221;27px&#8221; header_4_line_height=&#8221;1.3em&#8221; header_5_font=&#8221;Abril Fatface||||||||&#8221; header_5_text_color=&#8221;#ffffff&#8221; header_5_font_size=&#8221;50px&#8221; header_5_letter_spacing=&#8221;1px&#8221; header_5_line_height=&#8221;1.2em&#8221; header_6_font=&#8221;Open Sans|600|||||||&#8221; header_6_text_align=&#8221;center&#8221; header_6_text_color=&#8221;#17181A&#8221; header_6_font_size=&#8221;16px&#8221; z_index=&#8221;0&#8243; custom_margin=&#8221;|185px||185px|false|true&#8221; custom_margin_tablet=&#8221;|25px||25px|false|true&#8221; custom_margin_phone=&#8221;|4px||4px|false|true&#8221; custom_margin_last_edited=&#8221;on|tablet&#8221; animation_direction=&#8221;bottom&#8221; text_font_size_tablet=&#8221;16px&#8221; text_font_size_phone=&#8221;20px&#8221; text_font_size_last_edited=&#8221;on|phone&#8221; header_font_size_tablet=&#8221;80px&#8221; header_font_size_phone=&#8221;48px&#8221; header_font_size_last_edited=&#8221;on|tablet&#8221; header_2_font_size_tablet=&#8221;85px&#8221; header_2_font_size_phone=&#8221;56px&#8221; header_2_font_size_last_edited=&#8221;on|phone&#8221; header_2_letter_spacing_tablet=&#8221;0px&#8221; header_2_letter_spacing_phone=&#8221;&#8221; header_2_letter_spacing_last_edited=&#8221;on|desktop&#8221; header_2_line_height_tablet=&#8221;1.1em&#8221; header_2_line_height_phone=&#8221;1em&#8221; header_2_line_height_last_edited=&#8221;on|desktop&#8221; header_3_font_size_tablet=&#8221;25px&#8221; header_3_font_size_phone=&#8221;20px&#8221; header_3_font_size_last_edited=&#8221;on|phone&#8221; header_3_letter_spacing_tablet=&#8221;1px&#8221; header_3_letter_spacing_phone=&#8221;1px&#8221; header_3_letter_spacing_last_edited=&#8221;on|phone&#8221; header_3_line_height_tablet=&#8221;1em&#8221; header_3_line_height_phone=&#8221;1em&#8221; header_3_line_height_last_edited=&#8221;on|phone&#8221; header_4_font_size_tablet=&#8221;24px&#8221; header_4_font_size_phone=&#8221;19px&#8221; header_4_font_size_last_edited=&#8221;on|tablet&#8221; header_5_font_size_tablet=&#8221;25px&#8221; header_5_font_size_phone=&#8221;22px&#8221; header_5_font_size_last_edited=&#8221;on|phone&#8221; header_6_font_size_tablet=&#8221;14px&#8221; header_6_font_size_phone=&#8221;12px&#8221; header_6_font_size_last_edited=&#8221;on|phone&#8221; global_colors_info=&#8221;{}&#8221;]<\/p>\n<p><span style=\"font-weight: 400;\">Unlike a part of the federalist theory which considered the nation as evil in itself, the authors of the <\/span><i><span style=\"font-weight: 400;\">Manifesto <\/span><\/i><span style=\"font-weight: 400;\">believed that the ideology of national independence was \u00aba powerful leverage for progress\u00bb but that it brought with it \u00abthe germs of capitalist imperialism\u00bb.<\/span><\/p>\n<p><span style=\"font-weight: 400;\">Spinelli was fully aware of the fact that the federalist culture was alien to the political cultures existing in the countries of Europe, which, he believed, would emerge from the war to try and restore national democracies, despite the universalist origin of Catholic movements, the internationalist origin of socialist and communist parties and the cosmopolitan origin of forces of liberal inspiration. He knew that these parties were now accustomed to addressing every problem on the tacit assumption that the national state did exist. They considered international problems as foreign policy issues which could only be resolved through diplomatic actions and agreements between the various governments.<\/span><\/p>\n<p><span style=\"font-weight: 400;\">Yet he was convinced that the ideal of a European federation \u2013\u00aba prelude to a world federation\u00bb \u2013 would emerge at the end of the war as an attainable goal, \u00abalmost at hand\u00bb, and that \u00abforces from all social classes\u00bb would express their interest in it. Spinelli was opposed to using diplomatic channels, preferring what is called in the <\/span><i><span style=\"font-weight: 400;\">Manifesto <\/span><\/i><span style=\"font-weight: 400;\">the revolutionary \u2018people\u2019s movement\u2019: once certain events have occurred, it would be virtually impossible to go back to the previous situation.<\/span><\/p>\n<p><span style=\"font-weight: 400;\">Although they were confined on the island of Ventotene, Spinelli, Rossi and Colorni succeeded in analyzing with the utmost clarity the state of the war in 1941. They predicted the defeat of German imperialism and totalitarian powers; on the other hand, they did not predict that Europeans would not remain their own masters in the search for their future. But Europe had ceased to be at the center of the world, and they would be heavily conditioned by powers outside Europe: Soviet imperialism in the East and the hegemony of the USA in the West.<\/span><\/p>\n<p><span style=\"font-weight: 400;\">Thus the road taken by the new democracies born after the war was not aimed at the elimination of national sovereignty but at reinstating the national States, albeit within the limits and framework of the process of community integration, which began with the \u201csmall Europe\u201d of Six countries, following the functionalist model conceived by Jean Monnet in which the objective of creating a federal State was replaced with a new goal of supranationality.\u00a0<\/span><\/p>\n<p><span style=\"font-weight: 400;\">Spinelli\u2019s criticism of the functionalist model \u2013 radically expressed at the time of the birth of the European Communities with the Treaties of Rome (\u2018<\/span><i><span style=\"font-weight: 400;\">the mockery of the Common Market<\/span><\/i><span style=\"font-weight: 400;\">\u2019, wrote Spinelli\u00a0 in 1957) \u2013 never came to an end, not even when he acknowledged the federalist opportunities offered by the community construction.<\/span><\/p>\n<p><span style=\"font-weight: 400;\">The functionalist approach \u2013which Jacques Delors, president of the European Commission from 1985 to 1995<\/span><b>, <\/b><span style=\"font-weight: 400;\">subsequently defined as \u2018the step-by-step method\u2019 \u2013was continually challenged by Spinelli. He did not accept the idea that a lasting and effective union could be created gradually while keeping the various\u00a0 sectors of the life of the state\u2019s separate from each other, leaving until the end the creation of a democratic and federal power.<\/span><\/p>\n<p>&nbsp;<\/p>\n<p>[\/et_pb_text][\/et_pb_column][\/et_pb_row][et_pb_row column_structure=&#8221;1_2,1_2&#8243; use_custom_gutter=&#8221;on&#8221; gutter_width=&#8221;1&#8243; make_equal=&#8221;on&#8221; custom_padding_last_edited=&#8221;on|desktop&#8221; admin_label=&#8221;Coffee items&#8221; _builder_version=&#8221;4.16&#8243; width=&#8221;100%&#8221; custom_margin=&#8221;|||&#8221; custom_padding=&#8221;10px|185px|50px|185px|false|true&#8221; custom_padding_tablet=&#8221;25px|10px|0px|10px|false|true&#8221; custom_padding_phone=&#8221;||0px||false|false&#8221; locked=&#8221;off&#8221; global_colors_info=&#8221;{}&#8221;][et_pb_column type=&#8221;1_2&#8243; _builder_version=&#8221;4.16&#8243; custom_padding=&#8221;|||&#8221; global_colors_info=&#8221;{}&#8221; custom_padding__hover=&#8221;|||&#8221;][et_pb_image src=&#8221;https:\/\/europeanmemories.net\/stories\/wp-content\/uploads\/sites\/13\/2021\/11\/JP-312_07.jpg&#8221; title_text=&#8221;JP-312_07&#8243; align=&#8221;right&#8221; align_tablet=&#8221;center&#8221; align_phone=&#8221;&#8221; align_last_edited=&#8221;on|phone&#8221; _builder_version=&#8221;4.16&#8243; module_alignment=&#8221;center&#8221; custom_margin=&#8221;||15px||false|false&#8221; custom_padding=&#8221;||||false|true&#8221; custom_padding_tablet=&#8221;&#8221; custom_padding_phone=&#8221;|10px||10px|false|true&#8221; custom_padding_last_edited=&#8221;on|tablet&#8221; global_colors_info=&#8221;{}&#8221;][\/et_pb_image][\/et_pb_column][et_pb_column type=&#8221;1_2&#8243; _builder_version=&#8221;4.16&#8243; custom_padding=&#8221;|||&#8221; global_colors_info=&#8221;{}&#8221; custom_padding__hover=&#8221;|||&#8221;][et_pb_text content_tablet=&#8221;<\/p>\n<p style=%22text-align: left;%22><strong><\/strong><span style=%22font-weight: 400;%22><strong><\/strong><\/span><span style=%22font-weight: 400;%22><strong>Altiero Spinelli, plenary session in Strasbourg, March 1984<\/strong><\/span><i><span style=%22font-weight: 400;%22> | Photo Service of the European Parliament | \u00a9 European Union &#8211; EP<\/span><\/i><\/p>\n<\/p>\n<p class=%22page-section-title%22><span class=%22media-metadata-value%22><\/span><\/p>\n<p>&#8221; content_phone=&#8221;<\/p>\n<p><strong><\/strong><span style=%22font-weight: 400;%22><strong><\/strong><\/span><span style=%22font-weight: 400;%22><strong>Altiero Spinelli, plenary session in Strasbourg, March 1984<\/strong><\/span><i><span style=%22font-weight: 400;%22> | Photo Service of the European Parliament | \u00a9 European Union &#8211; EP<\/span><\/i><\/p>\n<\/p>\n<p class=%22page-section-title%22 style=%22text-align: left;%22><span class=%22media-metadata-value%22><\/span><\/p>\n<p class=%22page-section-title%22><span class=%22media-metadata-value%22><\/span><\/p>\n<p>&#8221; content_last_edited=&#8221;on|phone&#8221; _builder_version=&#8221;4.16&#8243; text_font=&#8221;Open Sans||||||||&#8221; text_text_color=&#8221;#F3B0B0&#8243; text_line_height=&#8221;1.5em&#8221; custom_margin=&#8221;|20px||20px|false|true&#8221; custom_margin_tablet=&#8221;|120px||120px|false|true&#8221; custom_margin_phone=&#8221;|40px||40px|false|true&#8221; custom_margin_last_edited=&#8221;on|tablet&#8221; text_font_size_tablet=&#8221;12px&#8221; text_font_size_phone=&#8221;14px&#8221; text_font_size_last_edited=&#8221;on|phone&#8221; global_colors_info=&#8221;{}&#8221;]<\/p>\n<div class=\"media-right-block media-description\">\n<p><span style=\"font-weight: 400;\"><strong><\/strong><\/span><strong>Altiero Spinelli, plenary session in Strasbourg, March 1984<\/strong><i><span style=\"font-weight: 400;\"> | Photo Service of the European Parliament | \u00a9 European Union &#8211; EP<\/span><\/i><\/p>\n<\/div>\n<p>[\/et_pb_text][\/et_pb_column][\/et_pb_row][et_pb_row column_structure=&#8221;1_3,2_3&#8243; use_custom_gutter=&#8221;on&#8221; gutter_width=&#8221;2&#8243; make_equal=&#8221;on&#8221; custom_padding_last_edited=&#8221;on|desktop&#8221; admin_label=&#8221;Coffee items&#8221; _builder_version=&#8221;4.16&#8243; width=&#8221;100%&#8221; custom_margin=&#8221;|||&#8221; custom_padding=&#8221;10px|185px|50px|185px|false|false&#8221; custom_padding_tablet=&#8221;25px|10px|0px|10px|false|false&#8221; custom_padding_phone=&#8221;||0px||false|false&#8221; locked=&#8221;off&#8221; global_colors_info=&#8221;{}&#8221;][et_pb_column type=&#8221;1_3&#8243; _builder_version=&#8221;4.16&#8243; custom_padding=&#8221;|||&#8221; global_colors_info=&#8221;{}&#8221; custom_padding__hover=&#8221;|||&#8221;][et_pb_text content_tablet=&#8221;<\/p>\n<p style=%22text-align: left;%22><span class=%22media-metadata-value%22><span style=%22font-weight: 400;%22>(down) <\/span><span style=%22font-weight: 400;%22><strong>Jacques Delors delivering a speech about his appointment as European Commission President at the European Parliament of Strasbourg in January 1985 <\/strong><em>| Photo Service of the European Parliament <\/em><\/span><em>| \u00a9 European Union \u2013 EP<\/em><br \/><\/span><\/p>\n<p style=%22text-align: left;%22><span class=%22media-metadata-value%22><i><span style=%22font-weight: 400;%22><\/span><\/i><\/span><\/p>\n<p>&#8221; content_phone=&#8221;<\/p>\n<p style=%22text-align: left;%22><span class=%22media-metadata-value%22><strong><span style=%22font-weight: 400;%22>(down) <\/span><\/strong><span style=%22font-weight: 400;%22><strong>Jacques Delors delivering a speech about his appointment as European Commission President at the European Parliament of Strasbourg in January 1985 <\/strong><em>| Photo Service of the European Parliament <\/em><br \/><\/span><em><span style=%22font-weight: 400;%22>| \u00a9 European Union \u2013 EP<\/span><\/em><\/span><\/p>\n<p style=%22text-align: left;%22><span class=%22media-metadata-value%22><i><span style=%22font-weight: 400;%22><\/span><\/i><\/span><\/p>\n<p>&#8221; content_last_edited=&#8221;on|desktop&#8221; _builder_version=&#8221;4.16&#8243; text_font=&#8221;Open Sans||||||||&#8221; text_text_color=&#8221;#F3B0B0&#8243; text_line_height=&#8221;1.5em&#8221; custom_margin=&#8221;||||false|true&#8221; custom_margin_tablet=&#8221;|100px||100px|false|true&#8221; custom_margin_phone=&#8221;|20px||20px|false|true&#8221; custom_margin_last_edited=&#8221;on|phone&#8221; custom_padding_tablet=&#8221;|||20px|false|false&#8221; custom_padding_phone=&#8221;|||20px|false|false&#8221; custom_padding_last_edited=&#8221;on|phone&#8221; text_font_size_tablet=&#8221;12px&#8221; text_font_size_phone=&#8221;14px&#8221; text_font_size_last_edited=&#8221;on|phone&#8221; global_colors_info=&#8221;{}&#8221;]<\/p>\n<p><span style=\"font-weight: 400;\"><strong>Jacques Delors delivering a speech about his appointment as European Commission President at the European Parliament of Strasbourg in January 1985<\/strong><em> | Photo Service of the European Parliament <\/em><\/span><em><span style=\"font-weight: 400;\">| \u00a9 European Union \u2013 EP<\/span><\/em><\/p>\n<p style=\"text-align: right;\"><strong><span style=\"font-weight: 400;\">\u00a0<\/span><\/strong><\/p>\n<p>[\/et_pb_text][\/et_pb_column][et_pb_column type=&#8221;2_3&#8243; _builder_version=&#8221;4.16&#8243; custom_padding=&#8221;|||&#8221; global_colors_info=&#8221;{}&#8221; custom_padding__hover=&#8221;|||&#8221;][et_pb_image src=&#8221;https:\/\/europeanmemories.net\/stories\/wp-content\/uploads\/sites\/13\/2021\/09\/19850100_010_001.jpg&#8221; title_text=&#8221;19850100_010_001&#8243; align_tablet=&#8221;center&#8221; align_phone=&#8221;&#8221; align_last_edited=&#8221;on|phone&#8221; _builder_version=&#8221;4.16&#8243; module_alignment=&#8221;center&#8221; custom_margin=&#8221;||15px||false|false&#8221; custom_padding_tablet=&#8221;&#8221; custom_padding_phone=&#8221;|10px||10px|false|true&#8221; custom_padding_last_edited=&#8221;on|phone&#8221; global_colors_info=&#8221;{}&#8221;][\/et_pb_image][\/et_pb_column][\/et_pb_row][et_pb_row admin_label=&#8221;Coffee items&#8221; _builder_version=&#8221;4.16&#8243; custom_margin=&#8221;|||&#8221; custom_padding=&#8221;50px|0px|60px|0px||&#8221; locked=&#8221;off&#8221; global_colors_info=&#8221;{}&#8221;][et_pb_column type=&#8221;4_4&#8243; _builder_version=&#8221;4.16&#8243; custom_padding=&#8221;|||&#8221; global_colors_info=&#8221;{}&#8221; custom_padding__hover=&#8221;|||&#8221;][et_pb_text _builder_version=&#8221;4.16&#8243; text_font=&#8221;Open Sans||||||||&#8221; text_text_color=&#8221;#F3B0B0&#8243; text_font_size=&#8221;20px&#8221; text_line_height=&#8221;1.5em&#8221; header_font=&#8221;Abril Fatface||||||||&#8221; header_text_color=&#8221;rgba(255,255,255,0.5)&#8221; header_font_size=&#8221;100px&#8221; header_letter_spacing=&#8221;-1px&#8221; header_line_height=&#8221;0em&#8221; header_2_font=&#8221;Open Sans|600|||||||&#8221; header_2_text_color=&#8221;#17181A&#8221; header_2_font_size=&#8221;120px&#8221; header_2_letter_spacing=&#8221;1px&#8221; header_2_line_height=&#8221;1.2em&#8221; header_3_font=&#8221;Abril Fatface||||||||&#8221; header_3_text_color=&#8221;#41485C&#8221; header_3_font_size=&#8221;30px&#8221; header_3_letter_spacing=&#8221;1px&#8221; header_4_font=&#8221;Open Sans||||||||&#8221; header_4_text_color=&#8221;#ffffff&#8221; header_4_font_size=&#8221;27px&#8221; header_4_line_height=&#8221;1.3em&#8221; header_5_font=&#8221;Abril Fatface||||||||&#8221; header_5_text_color=&#8221;#ffffff&#8221; header_5_font_size=&#8221;50px&#8221; header_5_letter_spacing=&#8221;1px&#8221; header_5_line_height=&#8221;1.2em&#8221; header_6_font=&#8221;Open Sans|600|||||||&#8221; header_6_text_align=&#8221;center&#8221; header_6_text_color=&#8221;#17181A&#8221; header_6_font_size=&#8221;16px&#8221; z_index=&#8221;0&#8243; custom_margin=&#8221;|185px||185px|false|true&#8221; custom_margin_tablet=&#8221;|25px||25px|false|true&#8221; custom_margin_phone=&#8221;|4px||4px|false|true&#8221; custom_margin_last_edited=&#8221;on|tablet&#8221; animation_direction=&#8221;bottom&#8221; text_font_size_tablet=&#8221;16px&#8221; text_font_size_phone=&#8221;20px&#8221; text_font_size_last_edited=&#8221;on|phone&#8221; header_font_size_tablet=&#8221;80px&#8221; header_font_size_phone=&#8221;48px&#8221; header_font_size_last_edited=&#8221;on|tablet&#8221; header_2_font_size_tablet=&#8221;85px&#8221; header_2_font_size_phone=&#8221;56px&#8221; header_2_font_size_last_edited=&#8221;on|phone&#8221; header_2_letter_spacing_tablet=&#8221;0px&#8221; header_2_letter_spacing_phone=&#8221;&#8221; header_2_letter_spacing_last_edited=&#8221;on|desktop&#8221; header_2_line_height_tablet=&#8221;1.1em&#8221; header_2_line_height_phone=&#8221;1em&#8221; header_2_line_height_last_edited=&#8221;on|desktop&#8221; header_3_font_size_tablet=&#8221;25px&#8221; header_3_font_size_phone=&#8221;20px&#8221; header_3_font_size_last_edited=&#8221;on|phone&#8221; header_3_letter_spacing_tablet=&#8221;1px&#8221; header_3_letter_spacing_phone=&#8221;1px&#8221; header_3_letter_spacing_last_edited=&#8221;on|phone&#8221; header_3_line_height_tablet=&#8221;1em&#8221; header_3_line_height_phone=&#8221;1em&#8221; header_3_line_height_last_edited=&#8221;on|phone&#8221; header_4_font_size_tablet=&#8221;24px&#8221; header_4_font_size_phone=&#8221;19px&#8221; header_4_font_size_last_edited=&#8221;on|tablet&#8221; header_5_font_size_tablet=&#8221;25px&#8221; header_5_font_size_phone=&#8221;22px&#8221; header_5_font_size_last_edited=&#8221;on|phone&#8221; header_6_font_size_tablet=&#8221;14px&#8221; header_6_font_size_phone=&#8221;12px&#8221; header_6_font_size_last_edited=&#8221;on|phone&#8221; global_colors_info=&#8221;{}&#8221;]<\/p>\n<p><span style=\"font-weight: 400;\">To this approach \u2013after taking stock of the failure of the revolutionary project advocated by the <\/span><i><span style=\"font-weight: 400;\">Manifesto <\/span><\/i><span style=\"font-weight: 400;\">\u2013 Spinelli preferred a constitutional method: he claimed the need for a European constitution based on a federal model, with a parliamentary assembly as the political space to discuss it, as has happened in all our countries, where the democratic constitutions were written either by a constituent assembly or by a parliament elected by the citizens for such purpose.<\/span><\/p>\n<p><span style=\"font-weight: 400;\">The constitutional position of Spinelli has appeared to be very relevant in the last thirty years of European history, and even before that, when he was a Commissioner and tried to persuade the Commission to follow a federal path for the construction of the European Union.\u00a0<\/span><\/p>\n<p>[\/et_pb_text][\/et_pb_column][\/et_pb_row][et_pb_row custom_padding_last_edited=&#8221;on|phone&#8221; admin_label=&#8221;Best Beans Row&#8221; module_class=&#8221;et_pb_row_fullwidth&#8221; _builder_version=&#8221;4.16&#8243; background_enable_color=&#8221;off&#8221; width=&#8221;60%&#8221; width_tablet=&#8221;&#8221; width_phone=&#8221;95%&#8221; width_last_edited=&#8221;on|phone&#8221; max_width_tablet=&#8221;&#8221; max_width_phone=&#8221;&#8221; max_width_last_edited=&#8221;on|desktop&#8221; custom_margin=&#8221;||||false|false&#8221; custom_padding=&#8221;0px|0px|60px|0px|false|true&#8221; custom_padding_tablet=&#8221;&#8221; custom_padding_phone=&#8221;&#8221; make_fullwidth=&#8221;on&#8221; global_colors_info=&#8221;{}&#8221;][et_pb_column type=&#8221;4_4&#8243; _builder_version=&#8221;4.16&#8243; custom_padding=&#8221;|||&#8221; global_colors_info=&#8221;{}&#8221; custom_padding__hover=&#8221;|||&#8221;][et_pb_video src=&#8221;https:\/\/europeanmemories.net\/stories\/wp-content\/uploads\/sites\/13\/2021\/09\/The_EP_drafts_Treaty_on_the_European_Union-_Spinelli_English_EuroparlTV_SD_384_EN.mp4&#8243; image_src=&#8221;https:\/\/europeanmemories.net\/stories\/wp-content\/uploads\/sites\/13\/2021\/11\/833cf8791c6f86d34f68993157a715.jpg&#8221; thumbnail_overlay_color=&#8221;rgba(0,0,0,0.6)&#8221; _builder_version=&#8221;4.16&#8243; custom_margin=&#8221;|60px||60px|false|true&#8221; custom_margin_tablet=&#8221;|0px||0px|false|true&#8221; custom_margin_phone=&#8221;&#8221; custom_margin_last_edited=&#8221;on|desktop&#8221; global_colors_info=&#8221;{}&#8221;][\/et_pb_video][et_pb_text content_tablet=&#8221;<\/p>\n<p style=%22text-align: left;%22><span class=%22media-metadata-value%22><strong>European Defence Community Treaty Signed in Paris on May 27, 1952<br \/> <\/strong>Photographer: unknown | \u00a9 <span>No known copyright restrictions<\/span><\/span><\/p>\n<\/p>\n<p class=%22page-section-title%22><span class=%22media-metadata-value%22><\/span><\/p>\n<p>&#8221; content_phone=&#8221;<\/p>\n<p class=%22page-section-title%22 style=%22text-align: left;%22><span class=%22media-metadata-value%22><strong>European Defence Community Treaty Signed in Paris on May 27, 1952<br \/> <\/strong>Photographer: unknown | \u00a9 <span>No known copyright restrictions<\/span><\/span><\/p>\n<p class=%22page-section-title%22><span class=%22media-metadata-value%22><\/span><\/p>\n<p>&#8221; content_last_edited=&#8221;off|desktop&#8221; _builder_version=&#8221;4.16&#8243; text_font=&#8221;Open Sans||||||||&#8221; text_text_color=&#8221;#F3B0B0&#8243; text_line_height=&#8221;1.5em&#8221; custom_margin=&#8221;|140px||140px|false|true&#8221; custom_margin_tablet=&#8221;|0px||0px|false|true&#8221; custom_margin_phone=&#8221;|20px||20px|false|true&#8221; custom_margin_last_edited=&#8221;on|tablet&#8221; text_font_size_tablet=&#8221;12px&#8221; text_font_size_phone=&#8221;14px&#8221; text_font_size_last_edited=&#8221;on|phone&#8221; locked=&#8221;off&#8221; global_colors_info=&#8221;{}&#8221;]<\/p>\n<div>\n<p><span style=\"font-weight: 400;\">Video: <strong>The European Parliament drafts Treaty on the European Union: Spinelli \u2013 14 February 1984<\/strong> <em>| \u00a9 EP Multimedia Centre<\/em><\/span><\/p>\n<p><span style=\"font-weight: 400;\">Picture: <strong>Spinelli in the European Parliament, shortly after it adopted his plan for a federal Europe in 1984<\/strong><em> | \u00a9 EP Multimedia Centre<\/em><\/span><\/p>\n<\/div>\n<p class=\"_4b3da m-b h4\" style=\"text-align: center;\"><span class=\"media-metadata-value\"><span><span style=\"font-weight: 400;\"><br \/><\/span><\/span><\/span><span class=\"media-metadata-value\"><\/span><\/p>\n<p>[\/et_pb_text][\/et_pb_column][\/et_pb_row][et_pb_row admin_label=&#8221;Coffee items&#8221; _builder_version=&#8221;4.16&#8243; custom_margin=&#8221;|||&#8221; custom_padding=&#8221;50px|0px|60px|0px||&#8221; locked=&#8221;off&#8221; global_colors_info=&#8221;{}&#8221;][et_pb_column type=&#8221;4_4&#8243; _builder_version=&#8221;4.16&#8243; custom_padding=&#8221;|||&#8221; global_colors_info=&#8221;{}&#8221; custom_padding__hover=&#8221;|||&#8221;][et_pb_text _builder_version=&#8221;4.16&#8243; text_font=&#8221;Open Sans||||||||&#8221; text_text_color=&#8221;#F3B0B0&#8243; text_font_size=&#8221;20px&#8221; text_line_height=&#8221;1.5em&#8221; header_font=&#8221;Abril Fatface||||||||&#8221; header_text_color=&#8221;rgba(255,255,255,0.5)&#8221; header_font_size=&#8221;100px&#8221; header_letter_spacing=&#8221;-1px&#8221; header_line_height=&#8221;0em&#8221; header_2_font=&#8221;Open Sans|600|||||||&#8221; header_2_text_color=&#8221;#17181A&#8221; header_2_font_size=&#8221;120px&#8221; header_2_letter_spacing=&#8221;1px&#8221; header_2_line_height=&#8221;1.2em&#8221; header_3_font=&#8221;Abril Fatface||||||||&#8221; header_3_text_color=&#8221;#41485C&#8221; header_3_font_size=&#8221;30px&#8221; header_3_letter_spacing=&#8221;1px&#8221; header_4_font=&#8221;Open Sans||||||||&#8221; header_4_text_color=&#8221;#ffffff&#8221; header_4_font_size=&#8221;27px&#8221; header_4_line_height=&#8221;1.3em&#8221; header_5_font=&#8221;Abril Fatface||||||||&#8221; header_5_text_color=&#8221;#ffffff&#8221; header_5_font_size=&#8221;50px&#8221; header_5_letter_spacing=&#8221;1px&#8221; header_5_line_height=&#8221;1.2em&#8221; header_6_font=&#8221;Open Sans|600|||||||&#8221; header_6_text_align=&#8221;center&#8221; header_6_text_color=&#8221;#17181A&#8221; header_6_font_size=&#8221;16px&#8221; z_index=&#8221;0&#8243; custom_margin=&#8221;|185px||185px|false|true&#8221; custom_margin_tablet=&#8221;|25px||25px|false|true&#8221; custom_margin_phone=&#8221;|4px||4px|false|true&#8221; custom_margin_last_edited=&#8221;on|tablet&#8221; animation_direction=&#8221;bottom&#8221; text_font_size_tablet=&#8221;16px&#8221; text_font_size_phone=&#8221;20px&#8221; text_font_size_last_edited=&#8221;on|phone&#8221; header_font_size_tablet=&#8221;80px&#8221; header_font_size_phone=&#8221;48px&#8221; header_font_size_last_edited=&#8221;on|tablet&#8221; header_2_font_size_tablet=&#8221;85px&#8221; header_2_font_size_phone=&#8221;56px&#8221; header_2_font_size_last_edited=&#8221;on|phone&#8221; header_2_letter_spacing_tablet=&#8221;0px&#8221; header_2_letter_spacing_phone=&#8221;&#8221; header_2_letter_spacing_last_edited=&#8221;on|desktop&#8221; header_2_line_height_tablet=&#8221;1.1em&#8221; header_2_line_height_phone=&#8221;1em&#8221; header_2_line_height_last_edited=&#8221;on|desktop&#8221; header_3_font_size_tablet=&#8221;25px&#8221; header_3_font_size_phone=&#8221;20px&#8221; header_3_font_size_last_edited=&#8221;on|phone&#8221; header_3_letter_spacing_tablet=&#8221;1px&#8221; header_3_letter_spacing_phone=&#8221;1px&#8221; header_3_letter_spacing_last_edited=&#8221;on|phone&#8221; header_3_line_height_tablet=&#8221;1em&#8221; header_3_line_height_phone=&#8221;1em&#8221; header_3_line_height_last_edited=&#8221;on|phone&#8221; header_4_font_size_tablet=&#8221;24px&#8221; header_4_font_size_phone=&#8221;19px&#8221; header_4_font_size_last_edited=&#8221;on|tablet&#8221; header_5_font_size_tablet=&#8221;25px&#8221; header_5_font_size_phone=&#8221;22px&#8221; header_5_font_size_last_edited=&#8221;on|phone&#8221; header_6_font_size_tablet=&#8221;14px&#8221; header_6_font_size_phone=&#8221;12px&#8221; header_6_font_size_last_edited=&#8221;on|phone&#8221; global_colors_info=&#8221;{}&#8221;]<\/p>\n<p><span style=\"font-weight: 400;\">In line with this approach, the project of the European Parliament \u2013 approved on<\/span><span style=\"font-weight: 400;\"> 14 February 1984<\/span><span style=\"font-weight: 400;\">\u2013 put the realization of the political unity of Europe before economic and monetary unification, while the \u00a0 Maastricht Treaty \u2013 far from constituting the embryo of a European federal power \u2013 put the achievement of monetary union before the completion of the economic union, leaving the creation of a political union behind on an undefined agenda with no content or\u00a0 timing.<\/span><b>\u00a0<\/b><\/p>\n<p><span style=\"font-weight: 400;\">According to the same perverse logic, governments imagined that the response to the financial crisis of 2007-2008 could come from a process that started with an incomplete banking union, to then move \u00a0 \u00a0 \u00a0 \u00a0 \u00a0 \u00a0 \u00a0 \u00a0 to budgetary union and finally to economic union, leaving democratic legitimacy once again only vaguely characterized in terms of methods and timing.<\/span><\/p>\n<p><span style=\"font-weight: 400;\">Finally, there is a statement by Spinelli on the three reasons for the relevance of the <\/span><i><span style=\"font-weight: 400;\">Manifesto <\/span><\/i><span style=\"font-weight: 400;\">to our times &#8211; after the turmoil caused in the second decade of the 21st century by the financial crisis, by international terrorism which arose and was active in Europe, by the desperate search for a better future for millions of asylum seekers and finally by the pandemic:<\/span><\/p>\n<ul>\n<li style=\"font-weight: 400;\" aria-level=\"1\"><span style=\"font-weight: 400;\">the idea of the foundation of a European federation belongs to the current generation and not to an indeterminate generation far away in time,<\/span><\/li>\n<li style=\"font-weight: 400;\" aria-level=\"1\"><span style=\"font-weight: 400;\">the action to carry it out requires a vast mobilization of public opinion but above all a movement organized according to revolutionary logic,<\/span><\/li>\n<li style=\"font-weight: 400;\" aria-level=\"1\"><span style=\"font-weight: 400;\">and the line between political cultures no longer divides right and left, conservation and progress, but those who defend apparent national sovereignties and those who are ready to fight for a higher European sovereignty, that is, between the immobile\u00a0 and the innovators.<\/span><\/li>\n<\/ul>\n<p><span style=\"font-weight: 400;\">On the agenda for the future of Europe it will be worth going back to these analyses and recommendations, placing them in the context of a new form of international cooperation where the federal unification of Europe is a model of regional integration, through which it is possible to build a new\u00a0 relationship between our continent and the others, within the framework of a project for a new world.<\/span><\/p>\n<p>[\/et_pb_text][et_pb_text _builder_version=&#8221;4.16&#8243; text_font=&#8221;Open Sans||||||||&#8221; text_text_color=&#8221;#F3B0B0&#8243; text_font_size=&#8221;20px&#8221; text_line_height=&#8221;1.5em&#8221; link_font=&#8221;||||||||&#8221; link_text_color=&#8221;#FFFFFF&#8221; link_font_size=&#8221;16px&#8221; header_font=&#8221;Abril Fatface||||||||&#8221; header_text_color=&#8221;rgba(255,255,255,0.5)&#8221; header_font_size=&#8221;100px&#8221; header_letter_spacing=&#8221;-1px&#8221; header_line_height=&#8221;0em&#8221; header_2_font=&#8221;Open Sans|600|||||||&#8221; header_2_text_color=&#8221;#17181A&#8221; header_2_font_size=&#8221;120px&#8221; header_2_letter_spacing=&#8221;1px&#8221; header_2_line_height=&#8221;1.2em&#8221; header_3_font=&#8221;Abril Fatface||||||||&#8221; header_3_text_color=&#8221;#41485C&#8221; header_3_font_size=&#8221;30px&#8221; header_3_letter_spacing=&#8221;1px&#8221; header_4_font=&#8221;Open Sans||||||||&#8221; header_4_text_color=&#8221;#ffffff&#8221; header_4_font_size=&#8221;27px&#8221; header_4_line_height=&#8221;1.3em&#8221; header_5_font=&#8221;Abril Fatface||||||||&#8221; header_5_text_color=&#8221;#ffffff&#8221; header_5_font_size=&#8221;50px&#8221; header_5_letter_spacing=&#8221;1px&#8221; header_5_line_height=&#8221;1.2em&#8221; header_6_font=&#8221;Open Sans|600|||||||&#8221; header_6_text_align=&#8221;center&#8221; header_6_text_color=&#8221;#17181A&#8221; header_6_font_size=&#8221;16px&#8221; z_index=&#8221;0&#8243; custom_margin=&#8221;80px|185px|80px|185px|false|true&#8221; custom_margin_tablet=&#8221;|25px||25px|false|true&#8221; custom_margin_phone=&#8221;|4px||4px|false|true&#8221; custom_margin_last_edited=&#8221;on|tablet&#8221; animation_direction=&#8221;bottom&#8221; text_font_size_tablet=&#8221;16px&#8221; text_font_size_phone=&#8221;20px&#8221; text_font_size_last_edited=&#8221;on|phone&#8221; header_font_size_tablet=&#8221;80px&#8221; header_font_size_phone=&#8221;48px&#8221; header_font_size_last_edited=&#8221;on|tablet&#8221; header_2_font_size_tablet=&#8221;85px&#8221; header_2_font_size_phone=&#8221;56px&#8221; header_2_font_size_last_edited=&#8221;on|phone&#8221; header_2_letter_spacing_tablet=&#8221;0px&#8221; header_2_letter_spacing_phone=&#8221;&#8221; header_2_letter_spacing_last_edited=&#8221;on|desktop&#8221; header_2_line_height_tablet=&#8221;1.1em&#8221; header_2_line_height_phone=&#8221;1em&#8221; header_2_line_height_last_edited=&#8221;on|desktop&#8221; header_3_font_size_tablet=&#8221;25px&#8221; header_3_font_size_phone=&#8221;20px&#8221; header_3_font_size_last_edited=&#8221;on|phone&#8221; header_3_letter_spacing_tablet=&#8221;1px&#8221; header_3_letter_spacing_phone=&#8221;1px&#8221; header_3_letter_spacing_last_edited=&#8221;on|phone&#8221; header_3_line_height_tablet=&#8221;1em&#8221; header_3_line_height_phone=&#8221;1em&#8221; header_3_line_height_last_edited=&#8221;on|phone&#8221; header_4_font_size_tablet=&#8221;24px&#8221; header_4_font_size_phone=&#8221;19px&#8221; header_4_font_size_last_edited=&#8221;on|tablet&#8221; header_5_font_size_tablet=&#8221;25px&#8221; header_5_font_size_phone=&#8221;22px&#8221; header_5_font_size_last_edited=&#8221;on|phone&#8221; header_6_font_size_tablet=&#8221;14px&#8221; header_6_font_size_phone=&#8221;12px&#8221; header_6_font_size_last_edited=&#8221;on|phone&#8221; locked=&#8221;off&#8221; global_colors_info=&#8221;{}&#8221;]<\/p>\n<p style=\"padding-left: 80px;\"><span style=\"font-weight: 400; color: #ffffff;\">* <\/span><a href=\"https:\/\/books.google.es\/books\/about\/L_ABC_dell_Europa_di_Ventotene_Piccolo_d.html?id=ug6czgEACAAJ&amp;redir_esc=y\"><span style=\"font-weight: 400;\">This article is a reduced version of a text previously published in the 80th years edition of Altiero Spinelli and Ernesto Rossi, <\/span><i><span style=\"font-weight: 400;\">Manifesto di Ventotene<\/span><\/i><span style=\"font-weight: 400;\">, Ultima<\/span> Spiaggia,<span style=\"font-weight: 400;\"> Genova-Ventotene 2021, edited by Nicola Vallinoto &#8211; with contributions by Josep Borrell Fontenelles, Pier Virgilio Dastoli, Lucio Levi &#8211; in collaboration with the Centre for Studies on Federalism and The Altiero Spinelli Institute of Federalist Studies.<\/span><\/a><\/p>\n<p>[\/et_pb_text][\/et_pb_column][\/et_pb_row][\/et_pb_section][et_pb_section fb_built=&#8221;1&#8243; admin_label=&#8221;\u2022 ART 3&#8243; module_id=&#8221;SEC3&#8243; _builder_version=&#8221;4.16&#8243; background_color=&#8221;#f3b0b0&#8243; background_enable_image=&#8221;off&#8221; custom_padding=&#8221;100px||0px|||&#8221; locked=&#8221;off&#8221; collapsed=&#8221;on&#8221; global_colors_info=&#8221;{}&#8221; da_is_popup=&#8221;off&#8221; da_exit_intent=&#8221;off&#8221; da_has_close=&#8221;on&#8221; da_alt_close=&#8221;off&#8221; da_dark_close=&#8221;off&#8221; da_not_modal=&#8221;on&#8221; da_is_singular=&#8221;off&#8221; da_with_loader=&#8221;off&#8221; da_has_shadow=&#8221;on&#8221; da_disable_devices=&#8221;off|off|off&#8221;][et_pb_row custom_padding_last_edited=&#8221;on|phone&#8221; admin_label=&#8221;Coffee items&#8221; _builder_version=&#8221;4.16&#8243; custom_margin=&#8221;|||&#8221; custom_padding=&#8221;60px|0px|70px|0px|false|false&#8221; custom_padding_tablet=&#8221;30px||||false|false&#8221; custom_padding_phone=&#8221;0px|0px|30px|0px|false|false&#8221; global_colors_info=&#8221;{}&#8221;][et_pb_column type=&#8221;4_4&#8243; _builder_version=&#8221;4.16&#8243; custom_padding=&#8221;|||&#8221; global_colors_info=&#8221;{}&#8221; custom_padding__hover=&#8221;|||&#8221;][et_pb_text content_tablet=&#8221;<\/p>\n<h2><b>Women for Europe. <\/b><b><br \/><\/b><b>A memoir of times and places of tenacious commitment<\/b><\/h2>\n<p>&#8221; content_phone=&#8221;<\/p>\n<h2><b>Women for Europe. <\/b><b><br \/><\/b><b>A memoir of times and places of tenacious commitment<\/b><\/h2>\n<p>&#8221; content_last_edited=&#8221;on|phone&#8221; admin_label=&#8221;Text ti\u00edtol&#8221; _builder_version=&#8221;4.16&#8243; text_font=&#8221;Open Sans||||||||&#8221; text_text_color=&#8221;#ffffff&#8221; text_font_size=&#8221;20px&#8221; text_line_height=&#8221;1.5em&#8221; header_font=&#8221;Abril Fatface||||||||&#8221; header_text_color=&#8221;rgba(255,255,255,0.5)&#8221; header_font_size=&#8221;59px&#8221; header_2_font=&#8221;Open Sans|600|||||||&#8221; header_2_text_color=&#8221;#17181A&#8221; header_2_font_size=&#8221;90px&#8221; header_2_letter_spacing=&#8221;1px&#8221; header_2_line_height=&#8221;1.2em&#8221; header_3_font=&#8221;Abril Fatface||||||||&#8221; header_3_text_color=&#8221;#ffffff&#8221; header_3_font_size=&#8221;30px&#8221; header_3_letter_spacing=&#8221;2px&#8221; header_3_line_height=&#8221;1.2em&#8221; header_4_font=&#8221;Open Sans||||||||&#8221; header_4_text_color=&#8221;#ffffff&#8221; header_4_font_size=&#8221;27px&#8221; header_4_line_height=&#8221;1.3em&#8221; header_5_font=&#8221;Abril Fatface||||||||&#8221; header_5_text_color=&#8221;#ffffff&#8221; header_5_font_size=&#8221;28px&#8221; header_5_letter_spacing=&#8221;1px&#8221; header_5_line_height=&#8221;1.2em&#8221; header_6_font=&#8221;Open Sans|600|||||||&#8221; header_6_text_align=&#8221;center&#8221; header_6_text_color=&#8221;#17181A&#8221; header_6_font_size=&#8221;16px&#8221; z_index=&#8221;0&#8243; animation_style=&#8221;slide&#8221; animation_direction=&#8221;bottom&#8221; animation_duration=&#8221;1450ms&#8221; animation_intensity_slide=&#8221;5%&#8221; animation_starting_opacity=&#8221;88%&#8221; animation_speed_curve=&#8221;ease&#8221; text_font_size_tablet=&#8221;16px&#8221; text_font_size_phone=&#8221;14px&#8221; text_font_size_last_edited=&#8221;on|phone&#8221; header_font_size_tablet=&#8221;39px&#8221; header_font_size_phone=&#8221;38px&#8221; header_font_size_last_edited=&#8221;on|phone&#8221; header_2_text_align_tablet=&#8221;&#8221; header_2_text_align_phone=&#8221;&#8221; header_2_text_align_last_edited=&#8221;on|phone&#8221; header_2_font_size_tablet=&#8221;60px&#8221; header_2_font_size_phone=&#8221;54px&#8221; header_2_font_size_last_edited=&#8221;on|phone&#8221; header_2_letter_spacing_tablet=&#8221;1px&#8221; header_2_letter_spacing_phone=&#8221;-1px&#8221; header_2_letter_spacing_last_edited=&#8221;on|phone&#8221; header_2_line_height_tablet=&#8221;1.2em&#8221; header_2_line_height_phone=&#8221;1.2em&#8221; header_2_line_height_last_edited=&#8221;on|phone&#8221; header_3_font_size_tablet=&#8221;25px&#8221; header_3_font_size_phone=&#8221;20px&#8221; header_3_font_size_last_edited=&#8221;on|phone&#8221; header_3_letter_spacing_tablet=&#8221;1px&#8221; header_3_letter_spacing_phone=&#8221;1px&#8221; header_3_letter_spacing_last_edited=&#8221;on|phone&#8221; header_3_line_height_tablet=&#8221;&#8221; header_3_line_height_phone=&#8221;1.2em&#8221; header_3_line_height_last_edited=&#8221;on|phone&#8221; header_4_font_size_tablet=&#8221;24px&#8221; header_4_font_size_phone=&#8221;19px&#8221; header_4_font_size_last_edited=&#8221;on|tablet&#8221; header_5_font_size_tablet=&#8221;25px&#8221; header_5_font_size_phone=&#8221;22px&#8221; header_5_font_size_last_edited=&#8221;on|phone&#8221; header_6_font_size_tablet=&#8221;14px&#8221; header_6_font_size_phone=&#8221;14px&#8221; header_6_font_size_last_edited=&#8221;on|tablet&#8221; locked=&#8221;off&#8221; global_colors_info=&#8221;{}&#8221;]<\/p>\n<h2><b>Women for Europe. <\/b><b><br \/><\/b><b>A memoir of times and places of tenacious commitment<\/b><\/h2>\n<p>[\/et_pb_text][\/et_pb_column][\/et_pb_row][et_pb_row custom_padding_last_edited=&#8221;off|desktop&#8221; admin_label=&#8221;Coffee items&#8221; _builder_version=&#8221;4.16&#8243; width_tablet=&#8221;&#8221; width_phone=&#8221;100%&#8221; width_last_edited=&#8221;on|phone&#8221; custom_margin=&#8221;|||&#8221; custom_padding=&#8221;20px|0px|20px|0px|false|false&#8221; custom_padding_tablet=&#8221;||70px||false|false&#8221; custom_padding_phone=&#8221;||50px||false|false&#8221; locked=&#8221;off&#8221; global_colors_info=&#8221;{}&#8221;][et_pb_column type=&#8221;4_4&#8243; _builder_version=&#8221;4.16&#8243; custom_padding=&#8221;||||false|false&#8221; global_colors_info=&#8221;{}&#8221; custom_padding__hover=&#8221;|||&#8221;][et_pb_text _builder_version=&#8221;4.16&#8243; _module_preset=&#8221;default&#8221; text_font=&#8221;Open Sans|700|||||||&#8221; text_text_color=&#8221;#000000&#8243; custom_margin=&#8221;||10px||false|false&#8221; custom_margin_tablet=&#8221;&#8221; custom_margin_phone=&#8221;&#8221; custom_margin_last_edited=&#8221;on|phone&#8221; global_colors_info=&#8221;{}&#8221;]<\/p>\n<p style=\"text-align: center;\">share<\/p>\n<p>[\/et_pb_text][et_pb_code _builder_version=&#8221;4.16&#8243; _module_preset=&#8221;default&#8221; width=&#8221;10%&#8221; width_tablet=&#8221;15%&#8221; width_phone=&#8221;100%&#8221; width_last_edited=&#8221;on|phone&#8221; max_width_last_edited=&#8221;off|phone&#8221; module_alignment=&#8221;center&#8221; custom_margin=&#8221;||||false|true&#8221; custom_margin_tablet=&#8221;||||false|true&#8221; custom_margin_phone=&#8221;||||false|true&#8221; custom_margin_last_edited=&#8221;on|phone&#8221; module_alignment_tablet=&#8221;&#8221; module_alignment_phone=&#8221;center&#8221; module_alignment_last_edited=&#8221;on|tablet&#8221; global_colors_info=&#8221;{}&#8221;]<div class=\"et_social_inline et_social_mobile_on et_social_inline_custom\">\n\t\t\t\t<div class=\"et_social_networks et_social_2col et_social_darken et_social_circle et_social_top et_social_no_animation et_social_outer_dark\">\n\t\t\t\t\t\n\t\t\t\t\t<ul class=\"et_social_icons_container\"><li class=\"et_social_facebook\">\n\t\t\t\t\t\t\t\t\t<a href=\"http:\/\/www.facebook.com\/sharer.php?u=https%3A%2F%2Feuropeanmemories.net%2Fstories%2Fventotene-80%2F&#038;t=Ventotene%2080\" class=\"et_social_share\" rel=\"nofollow\" data-social_name=\"facebook\" data-post_id=\"4673\" data-social_type=\"share\" data-location=\"inline\">\n\t\t\t\t\t\t\t\t\t\t<i class=\"et_social_icon et_social_icon_facebook\"><\/i><span class=\"et_social_overlay\"><\/span>\n\t\t\t\t\t\t\t\t\t<\/a>\n\t\t\t\t\t\t\t\t<\/li><li class=\"et_social_twitter\">\n\t\t\t\t\t\t\t\t\t<a href=\"http:\/\/twitter.com\/share?text=Ventotene%2080&#038;url=https%3A%2F%2Feuropeanmemories.net%2Fstories%2Fventotene-80%2F&#038;via=euromemories\" class=\"et_social_share\" rel=\"nofollow\" data-social_name=\"twitter\" data-post_id=\"4673\" data-social_type=\"share\" data-location=\"inline\">\n\t\t\t\t\t\t\t\t\t\t<i class=\"et_social_icon et_social_icon_twitter\"><\/i><span class=\"et_social_overlay\"><\/span>\n\t\t\t\t\t\t\t\t\t<\/a>\n\t\t\t\t\t\t\t\t<\/li><\/ul>\n\t\t\t\t<\/div>\n\t\t\t<\/div>[\/et_pb_code][\/et_pb_column][\/et_pb_row][et_pb_row custom_padding_last_edited=&#8221;on|phone&#8221; admin_label=&#8221;Coffee items&#8221; _builder_version=&#8221;4.16&#8243; custom_margin=&#8221;|||&#8221; custom_padding=&#8221;60px|0px|70px|0px|false|false&#8221; custom_padding_tablet=&#8221;30px||||false|false&#8221; custom_padding_phone=&#8221;0px|0px|30px|0px|false|false&#8221; global_colors_info=&#8221;{}&#8221;][et_pb_column type=&#8221;4_4&#8243; _builder_version=&#8221;4.16&#8243; custom_padding=&#8221;|||&#8221; global_colors_info=&#8221;{}&#8221; custom_padding__hover=&#8221;|||&#8221;][et_pb_text content_last_edited=&#8221;off|desktop&#8221; _builder_version=&#8221;4.16&#8243; text_font=&#8221;Open Sans||||||||&#8221; text_text_color=&#8221;#17181A&#8221; text_font_size=&#8221;20px&#8221; text_line_height=&#8221;1.5em&#8221; link_font=&#8221;|700|||||||&#8221; link_text_color=&#8221;#41485C&#8221; link_font_size=&#8221;13px&#8221; header_font=&#8221;Abril Fatface||||||||&#8221; header_text_color=&#8221;rgba(255,255,255,0.5)&#8221; header_font_size=&#8221;100px&#8221; header_letter_spacing=&#8221;-1px&#8221; header_line_height=&#8221;0em&#8221; header_2_font=&#8221;Open Sans|600|||||||&#8221; header_2_text_color=&#8221;#17181A&#8221; header_2_font_size=&#8221;120px&#8221; header_2_letter_spacing=&#8221;1px&#8221; header_2_line_height=&#8221;1.2em&#8221; header_3_font=&#8221;Abril Fatface||||||||&#8221; header_3_text_color=&#8221;#41485C&#8221; header_3_letter_spacing=&#8221;1px&#8221; header_3_line_height=&#8221;0.9em&#8221; header_4_font=&#8221;Open Sans||||||||&#8221; header_4_text_color=&#8221;#ffffff&#8221; header_4_font_size=&#8221;27px&#8221; header_4_line_height=&#8221;1.3em&#8221; header_5_font=&#8221;Abril Fatface||||||||&#8221; header_5_text_color=&#8221;#ffffff&#8221; header_5_font_size=&#8221;50px&#8221; header_5_letter_spacing=&#8221;1px&#8221; header_5_line_height=&#8221;1.2em&#8221; header_6_font=&#8221;Open Sans|600|||||||&#8221; header_6_text_align=&#8221;center&#8221; header_6_text_color=&#8221;#17181A&#8221; header_6_font_size=&#8221;16px&#8221; z_index=&#8221;0&#8243; custom_margin=&#8221;|185px||185px|false|true&#8221; custom_margin_tablet=&#8221;|25px||25px|false|true&#8221; custom_margin_phone=&#8221;|4px||4px|false|true&#8221; custom_margin_last_edited=&#8221;on|tablet&#8221; animation_direction=&#8221;bottom&#8221; text_font_size_tablet=&#8221;16px&#8221; text_font_size_phone=&#8221;20px&#8221; text_font_size_last_edited=&#8221;on|phone&#8221; header_font_size_tablet=&#8221;80px&#8221; header_font_size_phone=&#8221;48px&#8221; header_font_size_last_edited=&#8221;on|tablet&#8221; header_2_font_size_tablet=&#8221;85px&#8221; header_2_font_size_phone=&#8221;56px&#8221; header_2_font_size_last_edited=&#8221;on|phone&#8221; header_2_letter_spacing_tablet=&#8221;0px&#8221; header_2_letter_spacing_phone=&#8221;&#8221; header_2_letter_spacing_last_edited=&#8221;on|desktop&#8221; header_2_line_height_tablet=&#8221;1.1em&#8221; header_2_line_height_phone=&#8221;1em&#8221; header_2_line_height_last_edited=&#8221;on|desktop&#8221; header_3_font_size_tablet=&#8221;20px&#8221; header_3_font_size_phone=&#8221;23px&#8221; header_3_font_size_last_edited=&#8221;on|phone&#8221; header_3_letter_spacing_tablet=&#8221;1px&#8221; header_3_letter_spacing_phone=&#8221;1px&#8221; header_3_letter_spacing_last_edited=&#8221;on|phone&#8221; header_3_line_height_tablet=&#8221;0.8em&#8221; header_3_line_height_phone=&#8221;0.9em&#8221; header_3_line_height_last_edited=&#8221;on|desktop&#8221; header_4_font_size_tablet=&#8221;24px&#8221; header_4_font_size_phone=&#8221;19px&#8221; header_4_font_size_last_edited=&#8221;on|tablet&#8221; header_5_font_size_tablet=&#8221;25px&#8221; header_5_font_size_phone=&#8221;22px&#8221; header_5_font_size_last_edited=&#8221;on|phone&#8221; header_6_font_size_tablet=&#8221;14px&#8221; header_6_font_size_phone=&#8221;12px&#8221; header_6_font_size_last_edited=&#8221;on|phone&#8221; global_colors_info=&#8221;{}&#8221;]<\/p>\n<h3 style=\"text-align: right;\"><span style=\"font-weight: 400;\"><\/span><\/h3>\n<h3 style=\"text-align: right;\"><span style=\"font-weight: 400;\">By<\/span><span style=\"font-weight: 400;\"> Luciana Rochi<\/span> <span id='easy-footnote-5-4673' class='easy-footnote-margin-adjust'><\/span><span class='easy-footnote'><a href='https:\/\/europeanmemories.net\/stories\/ventotene-80\/#easy-footnote-bottom-5-4673' title='&lt;a href=&quot;https:\/\/it.linkedin.com\/in\/luciana-rocchi-69043b65&quot;&gt;Researcher, and professor of history and philosophy&lt;\/a&gt;'><sup>5<\/sup><\/a><\/span><\/h3>\n<p>&nbsp;<\/p>\n<p style=\"text-align: right;\"><span style=\"font-weight: 400;\">The distant memory of the Manifesto of Ventotene has gone through oblivion, occasions of awakening of interest and critical analysis &#8211; especially when the reasons for the realpolitik or instances of irrelevance of the role of the European Union have appeared so strong as to make us rethink the value of utopia. One of the &#8220;characteristic features of modernity&#8221;, wrote the philosopher Remo Bodei in the 1990s, would be &#8220;the narrowing of the space of experience and the lowering of the horizon of expectations&#8221;, in harder words &#8220;the bankruptcy of utopias and hopes&#8221;<br \/>(<\/span><a href=\"https:\/\/journals.sagepub.com\/doi\/10.1177\/019145379502100401\"><span style=\"font-weight: 400;\">Bodei, 1995<\/span><\/a><span style=\"font-weight: 400;\">).<\/span><span style=\"font-weight: 400;\"><\/span><\/p>\n<p>[\/et_pb_text][\/et_pb_column][\/et_pb_row][et_pb_row column_structure=&#8221;1_2,1_2&#8243; use_custom_gutter=&#8221;on&#8221; gutter_width=&#8221;1&#8243; make_equal=&#8221;on&#8221; admin_label=&#8221;Best Beans Row&#8221; module_class=&#8221; et_pb_row_fullwidth&#8221; _builder_version=&#8221;4.16&#8243; background_enable_color=&#8221;off&#8221; width=&#8221;77%&#8221; width_tablet=&#8221;100%&#8221; width_phone=&#8221;&#8221; width_last_edited=&#8221;on|desktop&#8221; max_width=&#8221;100%&#8221; max_width_tablet=&#8221;100%&#8221; max_width_phone=&#8221;&#8221; max_width_last_edited=&#8221;on|desktop&#8221; custom_margin=&#8221;||||false|false&#8221; custom_padding=&#8221;0px|0px|0px|0px|false|true&#8221; make_fullwidth=&#8221;on&#8221; global_colors_info=&#8221;{}&#8221;][et_pb_column type=&#8221;1_2&#8243; _builder_version=&#8221;4.16&#8243; custom_padding=&#8221;|||&#8221; global_colors_info=&#8221;{}&#8221; custom_padding__hover=&#8221;|||&#8221;][et_pb_text content_tablet=&#8221;<\/p>\n<p style=%22text-align: left;%22><strong><\/strong><strong>Bernard Clappier, Robert Schuman and Jean Monnet (Houjarray, 1950)<\/strong><strong><\/strong><strong><br \/> <\/strong>Photographer: <span class=%22media-metadata-value%22>unknown<\/span> | <span class=%22media-metadata-value%22>\u00a9 Communaut\u00e9s europ\u00e9ennes<\/span><\/p>\n<p>&#8221; content_phone=&#8221;<\/p>\n<p style=%22text-align: left;%22><strong><\/strong><strong>Bernard Clappier, Robert Schuman and Jean Monnet (Houjarray, 1950)<\/strong><strong><\/strong><strong><br \/> <\/strong>Photographer: <span class=%22media-metadata-value%22>unknown<\/span> | <span class=%22media-metadata-value%22>\u00a9 Communaut\u00e9s europ\u00e9ennes<\/span><\/p>\n<p>&#8221; content_last_edited=&#8221;off|desktop&#8221; _builder_version=&#8221;4.16&#8243; text_font=&#8221;Open Sans||||||||&#8221; text_text_color=&#8221;#17181A&#8221; text_line_height=&#8221;1.5em&#8221; custom_margin=&#8221;|20px||20px|false|false&#8221; custom_padding=&#8221;10px||||false|false&#8221; text_font_size_tablet=&#8221;12px&#8221; text_font_size_phone=&#8221;14px&#8221; text_font_size_last_edited=&#8221;on|phone&#8221; locked=&#8221;off&#8221; global_colors_info=&#8221;{}&#8221;]<\/p>\n<p><strong>Federalist meeting in Monte Oriolo, August 1943. In the foreground, from the right: Elide Verardi, Ernesto Rossi, Enrico Giussani, Carlo Pucci, Guglielmo Ferrero, Clara Pucci, Bruno Pucci, Mario Alberto Rollier, Ada Rossi, Eugenio Colorni, Lorenzo Ferrero and Aida Ferrero<\/strong><em><span style=\"font-weight: 400;\"> | Photographer: unknown. \u00a9 European University Institute 2021<\/span><\/em><\/p>\n<p>[\/et_pb_text][\/et_pb_column][et_pb_column type=&#8221;1_2&#8243; _builder_version=&#8221;4.16&#8243; custom_padding=&#8221;|||&#8221; global_colors_info=&#8221;{}&#8221; custom_padding__hover=&#8221;|||&#8221;][et_pb_image src=&#8221;https:\/\/europeanmemories.net\/stories\/wp-content\/uploads\/sites\/13\/2021\/09\/11.-Federalist-meeting-of-Monte-Oriolo-1943-opc.-2-Fondazione-Salvemino-Rossi-copia.jpg&#8221; title_text=&#8221;11. Federalist meeting of Monte Oriolo (1943) (opc. 2) (Fondazione Salvemino-Rossi) copia&#8221; force_fullwidth=&#8221;on&#8221; align_tablet=&#8221;center&#8221; align_phone=&#8221;&#8221; align_last_edited=&#8221;on|desktop&#8221; _builder_version=&#8221;4.16&#8243; custom_margin=&#8221;|||3px||&#8221; custom_margin_tablet=&#8221;|||0px|false|false&#8221; custom_margin_phone=&#8221;|||0px|false|false&#8221; custom_margin_last_edited=&#8221;on|tablet&#8221; custom_padding=&#8221;||0px|0px||&#8221; global_colors_info=&#8221;{}&#8221;][\/et_pb_image][\/et_pb_column][\/et_pb_row][et_pb_row custom_padding_last_edited=&#8221;on|phone&#8221; admin_label=&#8221;Coffee items&#8221; _builder_version=&#8221;4.16&#8243; custom_margin=&#8221;|||&#8221; custom_padding=&#8221;40px|0px|80px|0px|false|false&#8221; custom_padding_tablet=&#8221;20px||||false|false&#8221; custom_padding_phone=&#8221;10px||60px||false|false&#8221; global_colors_info=&#8221;{}&#8221;][et_pb_column type=&#8221;4_4&#8243; _builder_version=&#8221;4.16&#8243; custom_padding=&#8221;|||&#8221; global_colors_info=&#8221;{}&#8221; custom_padding__hover=&#8221;|||&#8221;][et_pb_text _builder_version=&#8221;4.16&#8243; text_font=&#8221;Open Sans||||||||&#8221; text_text_color=&#8221;#17181A&#8221; text_font_size=&#8221;20px&#8221; text_line_height=&#8221;1.5em&#8221; header_font=&#8221;Abril Fatface||||||||&#8221; header_text_color=&#8221;rgba(255,255,255,0.5)&#8221; header_font_size=&#8221;100px&#8221; header_letter_spacing=&#8221;-1px&#8221; header_line_height=&#8221;0em&#8221; header_2_font=&#8221;Open Sans|600|||||||&#8221; header_2_text_color=&#8221;#17181A&#8221; header_2_font_size=&#8221;120px&#8221; header_2_letter_spacing=&#8221;1px&#8221; header_2_line_height=&#8221;1.2em&#8221; header_3_font=&#8221;Abril Fatface||||||||&#8221; header_3_text_color=&#8221;#5C7F87&#8243; header_3_font_size=&#8221;30px&#8221; header_3_letter_spacing=&#8221;1px&#8221; header_4_font=&#8221;Open Sans||||||||&#8221; header_4_text_color=&#8221;#ffffff&#8221; header_4_font_size=&#8221;27px&#8221; header_4_line_height=&#8221;1.3em&#8221; header_5_font=&#8221;Abril Fatface||||||||&#8221; header_5_text_color=&#8221;#ffffff&#8221; header_5_font_size=&#8221;50px&#8221; header_5_letter_spacing=&#8221;1px&#8221; header_5_line_height=&#8221;1.2em&#8221; header_6_font=&#8221;Open Sans|600|||||||&#8221; header_6_text_align=&#8221;center&#8221; header_6_text_color=&#8221;#17181A&#8221; header_6_font_size=&#8221;16px&#8221; z_index=&#8221;0&#8243; custom_margin=&#8221;|185px||185px|false|true&#8221; custom_margin_tablet=&#8221;|25px||25px|false|true&#8221; custom_margin_phone=&#8221;|4px||4px|false|true&#8221; custom_margin_last_edited=&#8221;on|tablet&#8221; animation_direction=&#8221;bottom&#8221; text_font_size_tablet=&#8221;16px&#8221; text_font_size_phone=&#8221;20px&#8221; text_font_size_last_edited=&#8221;on|phone&#8221; header_font_size_tablet=&#8221;80px&#8221; header_font_size_phone=&#8221;48px&#8221; header_font_size_last_edited=&#8221;on|tablet&#8221; header_2_font_size_tablet=&#8221;85px&#8221; header_2_font_size_phone=&#8221;56px&#8221; header_2_font_size_last_edited=&#8221;on|phone&#8221; header_2_letter_spacing_tablet=&#8221;0px&#8221; header_2_letter_spacing_phone=&#8221;&#8221; header_2_letter_spacing_last_edited=&#8221;on|desktop&#8221; header_2_line_height_tablet=&#8221;1.1em&#8221; header_2_line_height_phone=&#8221;1em&#8221; header_2_line_height_last_edited=&#8221;on|desktop&#8221; header_3_font_size_tablet=&#8221;25px&#8221; header_3_font_size_phone=&#8221;20px&#8221; header_3_font_size_last_edited=&#8221;on|phone&#8221; header_3_letter_spacing_tablet=&#8221;1px&#8221; header_3_letter_spacing_phone=&#8221;1px&#8221; header_3_letter_spacing_last_edited=&#8221;on|phone&#8221; header_3_line_height_tablet=&#8221;1em&#8221; header_3_line_height_phone=&#8221;1em&#8221; header_3_line_height_last_edited=&#8221;on|phone&#8221; header_4_font_size_tablet=&#8221;24px&#8221; header_4_font_size_phone=&#8221;19px&#8221; header_4_font_size_last_edited=&#8221;on|tablet&#8221; header_5_font_size_tablet=&#8221;25px&#8221; header_5_font_size_phone=&#8221;22px&#8221; header_5_font_size_last_edited=&#8221;on|phone&#8221; header_6_font_size_tablet=&#8221;14px&#8221; header_6_font_size_phone=&#8221;12px&#8221; header_6_font_size_last_edited=&#8221;on|phone&#8221; global_colors_info=&#8221;{}&#8221;]<\/p>\n<p><span style=\"font-weight: 400;\">Today, in looking at what happened in Ventotene in 1941 there is the &#8220;hard core&#8221; of the facts: at the peak of total war, a small group of confined anti-fascists had the intellectual and moral strength to design a future opposite to what was in progress &#8211; the Nazi-Fascist project of new European order. But despite this, today there is a renewed need for utopia: the desire to complete, beyond its current form, the project of a united Europe.\u00a0<\/span><\/p>\n<p><span style=\"font-weight: 400;\">This is demanded by the return of nationalism and the impossibility for a divided Europe to move in the global world, in the presence of challenges of unprecedented proportions.\u00a0 For this reason, the return to Ventotene today must be an opportunity to focus on unspoken or not sufficiently remembered aspects or unpublished questions.<\/span><\/p>\n<p>[\/et_pb_text][\/et_pb_column][\/et_pb_row][et_pb_row column_structure=&#8221;1_3,1_3,1_3&#8243; use_custom_gutter=&#8221;on&#8221; gutter_width=&#8221;1&#8243; make_equal=&#8221;on&#8221; custom_padding_last_edited=&#8221;on|tablet&#8221; admin_label=&#8221;Best Beans Row&#8221; module_class=&#8221; et_pb_row_fullwidth&#8221; _builder_version=&#8221;4.16&#8243; background_enable_color=&#8221;off&#8221; width=&#8221;90%&#8221; width_tablet=&#8221;100%&#8221; width_phone=&#8221;&#8221; width_last_edited=&#8221;on|desktop&#8221; max_width=&#8221;100%&#8221; max_width_tablet=&#8221;100%&#8221; max_width_phone=&#8221;&#8221; max_width_last_edited=&#8221;on|desktop&#8221; custom_margin=&#8221;||||false|false&#8221; custom_margin_tablet=&#8221;&#8221; custom_margin_phone=&#8221;&#8221; custom_margin_last_edited=&#8221;on|tablet&#8221; custom_padding=&#8221;0px|0px|0px|0px|false|true&#8221; custom_padding_tablet=&#8221;&#8221; custom_padding_phone=&#8221;&#8221; make_fullwidth=&#8221;on&#8221; global_colors_info=&#8221;{}&#8221;][et_pb_column type=&#8221;1_3&#8243; _builder_version=&#8221;4.16&#8243; custom_padding=&#8221;|||5px|false|false&#8221; custom_padding_tablet=&#8221;|||0px|false|false&#8221; custom_padding_phone=&#8221;|0px|||false|false&#8221; custom_padding_last_edited=&#8221;on|phone&#8221; global_colors_info=&#8221;{}&#8221; custom_padding__hover=&#8221;|||&#8221;][\/et_pb_column][et_pb_column type=&#8221;1_3&#8243; _builder_version=&#8221;4.16&#8243; custom_padding=&#8221;|5px|||true|false&#8221; custom_padding_tablet=&#8221;|0px|||true|false&#8221; custom_padding_phone=&#8221;&#8221; custom_padding_last_edited=&#8221;on|phone&#8221; global_colors_info=&#8221;{}&#8221; custom_padding__hover=&#8221;|||&#8221;][et_pb_image src=&#8221;https:\/\/europeanmemories.net\/stories\/wp-content\/uploads\/sites\/13\/2021\/09\/Placa-conmemorativa.jpg&#8221; title_text=&#8221;Placa conmemorativa&#8221; force_fullwidth=&#8221;on&#8221; align_tablet=&#8221;center&#8221; align_phone=&#8221;&#8221; align_last_edited=&#8221;on|desktop&#8221; _builder_version=&#8221;4.16&#8243; custom_padding=&#8221;||10px||false|false&#8221; filter_saturate=&#8221;61%&#8221; locked=&#8221;off&#8221; global_colors_info=&#8221;{}&#8221;][\/et_pb_image][\/et_pb_column][et_pb_column type=&#8221;1_3&#8243; _builder_version=&#8221;4.16&#8243; custom_padding=&#8221;|||5px|false|false&#8221; custom_padding_tablet=&#8221;|||0px|false|false&#8221; custom_padding_phone=&#8221;|0px|||false|false&#8221; custom_padding_last_edited=&#8221;on|phone&#8221; global_colors_info=&#8221;{}&#8221; custom_padding__hover=&#8221;|||&#8221;][\/et_pb_column][\/et_pb_row][et_pb_row custom_padding_last_edited=&#8221;on|phone&#8221; admin_label=&#8221;Coffee items&#8221; _builder_version=&#8221;4.16&#8243; custom_margin=&#8221;|||&#8221; custom_padding=&#8221;40px|0px|100px|0px||&#8221; custom_padding_tablet=&#8221;||20px||false|false&#8221; custom_padding_phone=&#8221;||0px||false|false&#8221; global_colors_info=&#8221;{}&#8221;][et_pb_column type=&#8221;4_4&#8243; _builder_version=&#8221;4.16&#8243; custom_padding=&#8221;|||&#8221; global_colors_info=&#8221;{}&#8221; custom_padding__hover=&#8221;|||&#8221;][et_pb_text _builder_version=&#8221;4.16&#8243; text_font=&#8221;Open Sans||||||||&#8221; text_text_color=&#8221;#17181A&#8221; text_font_size=&#8221;20px&#8221; text_line_height=&#8221;1.5em&#8221; header_font=&#8221;Abril Fatface||||||||&#8221; header_text_color=&#8221;rgba(255,255,255,0.5)&#8221; header_font_size=&#8221;100px&#8221; header_letter_spacing=&#8221;-1px&#8221; header_line_height=&#8221;0em&#8221; header_2_font=&#8221;Open Sans|600|||||||&#8221; header_2_text_color=&#8221;#17181A&#8221; header_2_font_size=&#8221;120px&#8221; header_2_letter_spacing=&#8221;1px&#8221; header_2_line_height=&#8221;1.2em&#8221; header_3_font=&#8221;Abril Fatface||||||||&#8221; header_3_text_color=&#8221;#5C7F87&#8243; header_3_font_size=&#8221;30px&#8221; header_3_letter_spacing=&#8221;1px&#8221; header_4_font=&#8221;Open Sans||||||||&#8221; header_4_text_color=&#8221;#ffffff&#8221; header_4_font_size=&#8221;27px&#8221; header_4_line_height=&#8221;1.3em&#8221; header_5_font=&#8221;Abril Fatface||||||||&#8221; header_5_text_color=&#8221;#ffffff&#8221; header_5_font_size=&#8221;50px&#8221; header_5_letter_spacing=&#8221;1px&#8221; header_5_line_height=&#8221;1.2em&#8221; header_6_font=&#8221;Open Sans|600|||||||&#8221; header_6_text_align=&#8221;center&#8221; header_6_text_color=&#8221;#17181A&#8221; header_6_font_size=&#8221;16px&#8221; z_index=&#8221;0&#8243; custom_margin=&#8221;|185px||185px|false|true&#8221; custom_margin_tablet=&#8221;|25px||25px|false|true&#8221; custom_margin_phone=&#8221;|4px||4px|false|true&#8221; custom_margin_last_edited=&#8221;on|tablet&#8221; animation_direction=&#8221;bottom&#8221; text_font_size_tablet=&#8221;16px&#8221; text_font_size_phone=&#8221;20px&#8221; text_font_size_last_edited=&#8221;on|phone&#8221; header_font_size_tablet=&#8221;80px&#8221; header_font_size_phone=&#8221;48px&#8221; header_font_size_last_edited=&#8221;on|tablet&#8221; header_2_font_size_tablet=&#8221;85px&#8221; header_2_font_size_phone=&#8221;56px&#8221; header_2_font_size_last_edited=&#8221;on|phone&#8221; header_2_letter_spacing_tablet=&#8221;0px&#8221; header_2_letter_spacing_phone=&#8221;&#8221; header_2_letter_spacing_last_edited=&#8221;on|desktop&#8221; header_2_line_height_tablet=&#8221;1.1em&#8221; header_2_line_height_phone=&#8221;1em&#8221; header_2_line_height_last_edited=&#8221;on|desktop&#8221; header_3_font_size_tablet=&#8221;25px&#8221; header_3_font_size_phone=&#8221;20px&#8221; header_3_font_size_last_edited=&#8221;on|phone&#8221; header_3_letter_spacing_tablet=&#8221;1px&#8221; header_3_letter_spacing_phone=&#8221;1px&#8221; header_3_letter_spacing_last_edited=&#8221;on|phone&#8221; header_3_line_height_tablet=&#8221;1em&#8221; header_3_line_height_phone=&#8221;1em&#8221; header_3_line_height_last_edited=&#8221;on|phone&#8221; header_4_font_size_tablet=&#8221;24px&#8221; header_4_font_size_phone=&#8221;19px&#8221; header_4_font_size_last_edited=&#8221;on|tablet&#8221; header_5_font_size_tablet=&#8221;25px&#8221; header_5_font_size_phone=&#8221;22px&#8221; header_5_font_size_last_edited=&#8221;on|phone&#8221; header_6_font_size_tablet=&#8221;14px&#8221; header_6_font_size_phone=&#8221;12px&#8221; header_6_font_size_last_edited=&#8221;on|phone&#8221; global_colors_info=&#8221;{}&#8221;]<\/p>\n<p><span style=\"font-weight: 400;\">The plaque discovered on the island on November 3, 1973 celebrates Eugenio Colorni, Ernesto Rossi, Altiero Spinelli and the birth of the European Federalist Movement. The roots of the ideas developed in Ventotene go back over the years and cross Europe. Those names have so far occupied the entire space of public memory; as part of that European youth, who emancipated themselves between the Spanish war and the Resistance, as well as two women, Ursula Hirschmann and Ada Rossi, whose contribution was recognized was later recognized, and is still less visible in the collective memory. The enormous delay in recognising their role remains to be addressed, as with all\u00a0 women of the European Resistances.\u00a0<\/span><\/p>\n<p><span style=\"font-weight: 400;\">Recent biographies speak of different subjectivity and experiences in the years of formation, of roads that are in fact distant, but with the original character of an extraordinary tenacity, up to the meeting in Ventotene. The irremovable existential and political-cultural refusal of Nazism and Fascism is deep routed; they arrive to action, as often in the Resistance, aligned to a man, since he has obscured the reasons for the commitment of many other women, relegating him to the confines of the space of &#8220;care&#8221;. In their case, they were significant male figures. It is difficult to escape the fascination of Spinelli&#8217;s creativity of thought and writing, of the wealth of philosophical contributions by Eugenio Colorni, of Rossi&#8217;s endless bibliography. In reality, the heroic death of Colorni and the importance of the political role of Rossi and Spinelli remain as symbols.<\/span><\/p>\n<p>[\/et_pb_text][\/et_pb_column][\/et_pb_row][et_pb_row column_structure=&#8221;1_3,1_3,1_3&#8243; use_custom_gutter=&#8221;on&#8221; gutter_width=&#8221;1&#8243; make_equal=&#8221;on&#8221; custom_padding_last_edited=&#8221;on|tablet&#8221; admin_label=&#8221;Best Beans Row&#8221; module_class=&#8221; et_pb_row_fullwidth&#8221; _builder_version=&#8221;4.16&#8243; background_enable_color=&#8221;off&#8221; width=&#8221;90%&#8221; width_tablet=&#8221;100%&#8221; width_phone=&#8221;&#8221; width_last_edited=&#8221;on|desktop&#8221; max_width=&#8221;100%&#8221; max_width_tablet=&#8221;100%&#8221; max_width_phone=&#8221;&#8221; max_width_last_edited=&#8221;on|desktop&#8221; custom_margin=&#8221;||||false|false&#8221; custom_margin_tablet=&#8221;&#8221; custom_margin_phone=&#8221;&#8221; custom_margin_last_edited=&#8221;on|tablet&#8221; custom_padding=&#8221;0px|0px|0px|0px|false|true&#8221; custom_padding_tablet=&#8221;&#8221; custom_padding_phone=&#8221;&#8221; make_fullwidth=&#8221;on&#8221; locked=&#8221;off&#8221; global_colors_info=&#8221;{}&#8221;][et_pb_column type=&#8221;1_3&#8243; _builder_version=&#8221;4.16&#8243; custom_padding=&#8221;|||5px|false|false&#8221; custom_padding_tablet=&#8221;|||0px|false|false&#8221; custom_padding_phone=&#8221;|0px|||false|false&#8221; custom_padding_last_edited=&#8221;on|phone&#8221; global_colors_info=&#8221;{}&#8221; custom_padding__hover=&#8221;|||&#8221;][\/et_pb_column][et_pb_column type=&#8221;1_3&#8243; _builder_version=&#8221;4.16&#8243; custom_padding=&#8221;|5px|||true|false&#8221; custom_padding_tablet=&#8221;|0px|||true|false&#8221; custom_padding_phone=&#8221;&#8221; custom_padding_last_edited=&#8221;on|phone&#8221; global_colors_info=&#8221;{}&#8221; custom_padding__hover=&#8221;|||&#8221;][et_pb_image src=&#8221;https:\/\/europeanmemories.net\/stories\/wp-content\/uploads\/sites\/13\/2021\/11\/HEA2.jpg&#8221; title_text=&#8221;HEA2&#8243; force_fullwidth=&#8221;on&#8221; align_tablet=&#8221;center&#8221; align_phone=&#8221;&#8221; align_last_edited=&#8221;on|desktop&#8221; _builder_version=&#8221;4.16&#8243; custom_padding=&#8221;||10px||false|false&#8221; locked=&#8221;off&#8221; global_colors_info=&#8221;{}&#8221;][\/et_pb_image][et_pb_text content_tablet=&#8221;<\/p>\n<p style=%22text-align: left;%22><strong><\/strong><strong>Bernard Clappier, Robert Schuman and Jean Monnet (Houjarray, 1950)<\/strong><strong><\/strong><strong><br \/> <\/strong>Photographer: <span class=%22media-metadata-value%22>unknown<\/span> | <span class=%22media-metadata-value%22>\u00a9 Communaut\u00e9s europ\u00e9ennes<\/span><\/p>\n<p>&#8221; content_phone=&#8221;<\/p>\n<p style=%22text-align: left;%22><strong><\/strong><strong>Bernard Clappier, Robert Schuman and Jean Monnet (Houjarray, 1950)<\/strong><strong><\/strong><strong><br \/> <\/strong>Photographer: <span class=%22media-metadata-value%22>unknown<\/span> | <span class=%22media-metadata-value%22>\u00a9 Communaut\u00e9s europ\u00e9ennes<\/span><\/p>\n<p>&#8221; content_last_edited=&#8221;off|desktop&#8221; _builder_version=&#8221;4.16&#8243; text_font=&#8221;Open Sans||||||||&#8221; text_text_color=&#8221;#17181A&#8221; text_line_height=&#8221;1.5em&#8221; custom_margin=&#8221;||||false|true&#8221; custom_margin_tablet=&#8221;|20px||20px|false|true&#8221; custom_margin_phone=&#8221;&#8221; custom_margin_last_edited=&#8221;on|phone&#8221; custom_padding=&#8221;10px||||false|false&#8221; text_font_size_tablet=&#8221;12px&#8221; text_font_size_phone=&#8221;14px&#8221; text_font_size_last_edited=&#8221;on|phone&#8221; locked=&#8221;off&#8221; global_colors_info=&#8221;{}&#8221;]<\/p>\n<p><span style=\"font-weight: 400;\"><strong>Eugenio Colorni and Ursula Hirschmann with their first daughter Silvia in Ventotene. Colorni was murdered by fascists in Rome in 1944. Hirschmann married Altiero Spinelli the following year.<\/strong><\/span><span style=\"font-weight: 400;\"> <\/span><em><span style=\"font-weight: 400;\">| \u00a9 2021\u00b7 Fondazione Rossi-Salvemini<\/span><\/em><\/p>\n<p><strong>\u00a0<\/strong><\/p>\n<p>[\/et_pb_text][\/et_pb_column][et_pb_column type=&#8221;1_3&#8243; _builder_version=&#8221;4.16&#8243; custom_padding=&#8221;|||5px|false|false&#8221; custom_padding_tablet=&#8221;|||0px|false|false&#8221; custom_padding_phone=&#8221;|0px|||false|false&#8221; custom_padding_last_edited=&#8221;on|phone&#8221; global_colors_info=&#8221;{}&#8221; custom_padding__hover=&#8221;|||&#8221;][\/et_pb_column][\/et_pb_row][et_pb_row custom_padding_last_edited=&#8221;on|phone&#8221; admin_label=&#8221;Coffee items&#8221; _builder_version=&#8221;4.16&#8243; custom_margin=&#8221;|||&#8221; custom_padding=&#8221;40px|0px|100px|0px||&#8221; custom_padding_tablet=&#8221;||20px||false|false&#8221; custom_padding_phone=&#8221;||0px||false|false&#8221; locked=&#8221;off&#8221; global_colors_info=&#8221;{}&#8221;][et_pb_column type=&#8221;4_4&#8243; _builder_version=&#8221;4.16&#8243; custom_padding=&#8221;|||&#8221; global_colors_info=&#8221;{}&#8221; custom_padding__hover=&#8221;|||&#8221;][et_pb_text _builder_version=&#8221;4.16&#8243; text_font=&#8221;Open Sans||||||||&#8221; text_text_color=&#8221;#17181A&#8221; text_font_size=&#8221;20px&#8221; text_line_height=&#8221;1.5em&#8221; header_font=&#8221;Abril Fatface||||||||&#8221; header_text_color=&#8221;rgba(255,255,255,0.5)&#8221; header_font_size=&#8221;100px&#8221; header_letter_spacing=&#8221;-1px&#8221; header_line_height=&#8221;0em&#8221; header_2_font=&#8221;Open Sans|600|||||||&#8221; header_2_text_color=&#8221;#17181A&#8221; header_2_font_size=&#8221;120px&#8221; header_2_letter_spacing=&#8221;1px&#8221; header_2_line_height=&#8221;1.2em&#8221; header_3_font=&#8221;Abril Fatface||||||||&#8221; header_3_text_color=&#8221;#5C7F87&#8243; header_3_font_size=&#8221;30px&#8221; header_3_letter_spacing=&#8221;1px&#8221; header_4_font=&#8221;Open Sans||||||||&#8221; header_4_text_color=&#8221;#ffffff&#8221; header_4_font_size=&#8221;27px&#8221; header_4_line_height=&#8221;1.3em&#8221; header_5_font=&#8221;Abril Fatface||||||||&#8221; header_5_text_color=&#8221;#ffffff&#8221; header_5_font_size=&#8221;50px&#8221; header_5_letter_spacing=&#8221;1px&#8221; header_5_line_height=&#8221;1.2em&#8221; header_6_font=&#8221;Open Sans|600|||||||&#8221; header_6_text_align=&#8221;center&#8221; header_6_text_color=&#8221;#17181A&#8221; header_6_font_size=&#8221;16px&#8221; z_index=&#8221;0&#8243; custom_margin=&#8221;|185px||185px|false|true&#8221; custom_margin_tablet=&#8221;|25px||25px|false|true&#8221; custom_margin_phone=&#8221;|4px||4px|false|true&#8221; custom_margin_last_edited=&#8221;on|tablet&#8221; animation_direction=&#8221;bottom&#8221; text_font_size_tablet=&#8221;16px&#8221; text_font_size_phone=&#8221;20px&#8221; text_font_size_last_edited=&#8221;on|phone&#8221; header_font_size_tablet=&#8221;80px&#8221; header_font_size_phone=&#8221;48px&#8221; header_font_size_last_edited=&#8221;on|tablet&#8221; header_2_font_size_tablet=&#8221;85px&#8221; header_2_font_size_phone=&#8221;56px&#8221; header_2_font_size_last_edited=&#8221;on|phone&#8221; header_2_letter_spacing_tablet=&#8221;0px&#8221; header_2_letter_spacing_phone=&#8221;&#8221; header_2_letter_spacing_last_edited=&#8221;on|desktop&#8221; header_2_line_height_tablet=&#8221;1.1em&#8221; header_2_line_height_phone=&#8221;1em&#8221; header_2_line_height_last_edited=&#8221;on|desktop&#8221; header_3_font_size_tablet=&#8221;25px&#8221; header_3_font_size_phone=&#8221;20px&#8221; header_3_font_size_last_edited=&#8221;on|phone&#8221; header_3_letter_spacing_tablet=&#8221;1px&#8221; header_3_letter_spacing_phone=&#8221;1px&#8221; header_3_letter_spacing_last_edited=&#8221;on|phone&#8221; header_3_line_height_tablet=&#8221;1em&#8221; header_3_line_height_phone=&#8221;1em&#8221; header_3_line_height_last_edited=&#8221;on|phone&#8221; header_4_font_size_tablet=&#8221;24px&#8221; header_4_font_size_phone=&#8221;19px&#8221; header_4_font_size_last_edited=&#8221;on|tablet&#8221; header_5_font_size_tablet=&#8221;25px&#8221; header_5_font_size_phone=&#8221;22px&#8221; header_5_font_size_last_edited=&#8221;on|phone&#8221; header_6_font_size_tablet=&#8221;14px&#8221; header_6_font_size_phone=&#8221;12px&#8221; header_6_font_size_last_edited=&#8221;on|phone&#8221; global_colors_info=&#8221;{}&#8221;]<\/p>\n<p><span style=\"font-weight: 400;\">Ursula is a German jewess who rejected Nazism early and joined together with her brother Otto Albert in left-wing groups, learning about political conspiracy. She chooses exile from Hitler&#8217;s Germany at a very young age, the beginning of a pilgrimage in Europe &#8211; she will define herself as \u201csenzapatria\u201d -, a prelude to the cosmopolitan vocation, the essence of her Europeanism. Ursula&#8217;s figure is political, but has deep cultural roots, &#8220;very intelligent and very refined&#8230; the agreement with her could only be created on intellectual affinity&#8221;, recalled her daughter Renata Colorni in 2019. So it was for the short years of love between her and Eugenio Colorni, so for the long and intense relationship with Altiero Spinelli; alongside them an ideal and political maturation took place which distanced her from the initial Marxism. She had a generosity of feelings that made her want and raise six daughters. One of Ursula&#8217;s singularities is the inseparable relationship between the vocation for the &#8220;feminine&#8221; &#8211; love and motherhood, a spontaneously &#8220;different life&#8221; &#8211; and the struggle for universal values, which is solidified in the commitment to the Federalist Movement, to assume in maturity a new character: the choice of a common front of women. Among her papers remains the testimony of the versatility of a complex personality, on both intellectual and action levels (Boccanfuso, 2017).\u00a0\u00a0<\/span><\/p>\n<p><span style=\"font-weight: 400;\">Ada goes beyond the female stereotype of the time in choosing her studies: she graduates in mathematics and adds to her passion for science the anti-fascist choice, all-encompassing from the meeting with Ernesto Rossi, whom she married in 1931.\u00a0 In the substantial nucleus of letters from Rossi&#8217;s prison, there are a thousand traces of the intense dialogue between them throughout the Thirties, testimony of the process of elaboration of ideas and political planning. The network of clandestine relations that Ada manages, an invaluable link between prison and free anti-fascists, is astonishing. Ernesto entrusted messages to her, Ada sent transcripts of passages on economics and mathematics lessons to him, which were also used by fellow prisoners (in the absence of paper and pen, they wrote exercises on the glass with their finger). Ada supported him, she was attentive to the international situation, towards the end of the Thirties &#8211; the Spanish War, the explosion of nationalism up to the war\u2026<\/span><\/p>\n<p>[\/et_pb_text][\/et_pb_column][\/et_pb_row][et_pb_row column_structure=&#8221;1_3,1_3,1_3&#8243; use_custom_gutter=&#8221;on&#8221; gutter_width=&#8221;1&#8243; make_equal=&#8221;on&#8221; custom_padding_last_edited=&#8221;on|tablet&#8221; admin_label=&#8221;Best Beans Row&#8221; module_class=&#8221; et_pb_row_fullwidth&#8221; _builder_version=&#8221;4.16&#8243; background_enable_color=&#8221;off&#8221; width=&#8221;90%&#8221; width_tablet=&#8221;100%&#8221; width_phone=&#8221;&#8221; width_last_edited=&#8221;on|desktop&#8221; max_width=&#8221;100%&#8221; max_width_tablet=&#8221;100%&#8221; max_width_phone=&#8221;&#8221; max_width_last_edited=&#8221;on|desktop&#8221; custom_margin=&#8221;||||false|false&#8221; custom_margin_tablet=&#8221;&#8221; custom_margin_phone=&#8221;&#8221; custom_margin_last_edited=&#8221;on|tablet&#8221; custom_padding=&#8221;0px|0px|0px|0px|false|true&#8221; custom_padding_tablet=&#8221;&#8221; custom_padding_phone=&#8221;&#8221; make_fullwidth=&#8221;on&#8221; locked=&#8221;off&#8221; global_colors_info=&#8221;{}&#8221;][et_pb_column type=&#8221;1_3&#8243; _builder_version=&#8221;4.16&#8243; custom_padding=&#8221;|||5px|false|false&#8221; custom_padding_tablet=&#8221;|||0px|false|false&#8221; custom_padding_phone=&#8221;|0px|||false|false&#8221; custom_padding_last_edited=&#8221;on|phone&#8221; global_colors_info=&#8221;{}&#8221; custom_padding__hover=&#8221;|||&#8221;][\/et_pb_column][et_pb_column type=&#8221;1_3&#8243; _builder_version=&#8221;4.16&#8243; custom_padding=&#8221;|5px|||true|false&#8221; custom_padding_tablet=&#8221;|0px|||true|false&#8221; custom_padding_phone=&#8221;&#8221; custom_padding_last_edited=&#8221;on|phone&#8221; global_colors_info=&#8221;{}&#8221; custom_padding__hover=&#8221;|||&#8221;][et_pb_image src=&#8221;https:\/\/europeanmemories.net\/stories\/wp-content\/uploads\/sites\/13\/2021\/09\/38-copia.png&#8221; title_text=&#8221;38 copia&#8221; force_fullwidth=&#8221;on&#8221; align_tablet=&#8221;center&#8221; align_phone=&#8221;&#8221; align_last_edited=&#8221;on|desktop&#8221; _builder_version=&#8221;4.16&#8243; custom_padding=&#8221;||10px||false|false&#8221; locked=&#8221;off&#8221; global_colors_info=&#8221;{}&#8221;][\/et_pb_image][et_pb_text content_tablet=&#8221;<\/p>\n<p style=%22text-align: left;%22><strong><\/strong><strong>Bernard Clappier, Robert Schuman and Jean Monnet (Houjarray, 1950)<\/strong><strong><\/strong><strong><br \/> <\/strong>Photographer: <span class=%22media-metadata-value%22>unknown<\/span> | <span class=%22media-metadata-value%22>\u00a9 Communaut\u00e9s europ\u00e9ennes<\/span><\/p>\n<p>&#8221; content_phone=&#8221;<\/p>\n<p style=%22text-align: left;%22><strong><\/strong><strong>Bernard Clappier, Robert Schuman and Jean Monnet (Houjarray, 1950)<\/strong><strong><\/strong><strong><br \/> <\/strong>Photographer: <span class=%22media-metadata-value%22>unknown<\/span> | <span class=%22media-metadata-value%22>\u00a9 Communaut\u00e9s europ\u00e9ennes<\/span><\/p>\n<p>&#8221; content_last_edited=&#8221;off|desktop&#8221; _builder_version=&#8221;4.16&#8243; text_font=&#8221;Open Sans||||||||&#8221; text_text_color=&#8221;#17181A&#8221; text_line_height=&#8221;1.5em&#8221; custom_margin=&#8221;||||false|true&#8221; custom_margin_tablet=&#8221;|20px||20px|false|true&#8221; custom_margin_phone=&#8221;&#8221; custom_margin_last_edited=&#8221;on|phone&#8221; custom_padding=&#8221;10px||||false|false&#8221; text_font_size_tablet=&#8221;12px&#8221; text_font_size_phone=&#8221;14px&#8221; text_font_size_last_edited=&#8221;on|phone&#8221; locked=&#8221;off&#8221; global_colors_info=&#8221;{}&#8221;]<\/p>\n<p><strong>Ernesto and Ada Rossi in Geneva with two young friends: Guido Majno and Carlo Donati (\u201cDonatino\u201d). <\/strong><em><span style=\"font-weight: 400;\">Photographer: unknown. Copyright \u00a9 2021 \u00b7 Fondazione Rossi-Salvemini<\/span><\/em><\/p>\n<p><strong><i><span style=\"font-weight: 400;\">\u00a0<\/span><\/i><\/strong><\/p>\n<p>[\/et_pb_text][\/et_pb_column][et_pb_column type=&#8221;1_3&#8243; _builder_version=&#8221;4.16&#8243; custom_padding=&#8221;|||5px|false|false&#8221; custom_padding_tablet=&#8221;|||0px|false|false&#8221; custom_padding_phone=&#8221;|0px|||false|false&#8221; custom_padding_last_edited=&#8221;on|phone&#8221; global_colors_info=&#8221;{}&#8221; custom_padding__hover=&#8221;|||&#8221;][\/et_pb_column][\/et_pb_row][et_pb_row custom_padding_last_edited=&#8221;on|phone&#8221; admin_label=&#8221;Coffee items&#8221; _builder_version=&#8221;4.16&#8243; custom_margin=&#8221;|||&#8221; custom_padding=&#8221;40px|0px|99px|0px||&#8221; custom_padding_tablet=&#8221;||20px||false|false&#8221; custom_padding_phone=&#8221;||0px||false|false&#8221; locked=&#8221;off&#8221; global_colors_info=&#8221;{}&#8221;][et_pb_column type=&#8221;4_4&#8243; _builder_version=&#8221;4.16&#8243; custom_padding=&#8221;|||&#8221; global_colors_info=&#8221;{}&#8221; custom_padding__hover=&#8221;|||&#8221;][et_pb_text _builder_version=&#8221;4.16&#8243; text_font=&#8221;Open Sans||||||||&#8221; text_text_color=&#8221;#17181A&#8221; text_font_size=&#8221;20px&#8221; text_line_height=&#8221;1.5em&#8221; header_font=&#8221;Abril Fatface||||||||&#8221; header_text_color=&#8221;rgba(255,255,255,0.5)&#8221; header_font_size=&#8221;100px&#8221; header_letter_spacing=&#8221;-1px&#8221; header_line_height=&#8221;0em&#8221; header_2_font=&#8221;Open Sans|600|||||||&#8221; header_2_text_color=&#8221;#17181A&#8221; header_2_font_size=&#8221;120px&#8221; header_2_letter_spacing=&#8221;1px&#8221; header_2_line_height=&#8221;1.2em&#8221; header_3_font=&#8221;Abril Fatface||||||||&#8221; header_3_text_color=&#8221;#5C7F87&#8243; header_3_font_size=&#8221;30px&#8221; header_3_letter_spacing=&#8221;1px&#8221; header_4_font=&#8221;Open Sans||||||||&#8221; header_4_text_color=&#8221;#ffffff&#8221; header_4_font_size=&#8221;27px&#8221; header_4_line_height=&#8221;1.3em&#8221; header_5_font=&#8221;Abril Fatface||||||||&#8221; header_5_text_color=&#8221;#ffffff&#8221; header_5_font_size=&#8221;50px&#8221; header_5_letter_spacing=&#8221;1px&#8221; header_5_line_height=&#8221;1.2em&#8221; header_6_font=&#8221;Open Sans|600|||||||&#8221; header_6_text_align=&#8221;center&#8221; header_6_text_color=&#8221;#17181A&#8221; header_6_font_size=&#8221;16px&#8221; z_index=&#8221;0&#8243; custom_margin=&#8221;|185px||185px|false|true&#8221; custom_margin_tablet=&#8221;|25px||25px|false|true&#8221; custom_margin_phone=&#8221;|4px||4px|false|true&#8221; custom_margin_last_edited=&#8221;on|tablet&#8221; animation_direction=&#8221;bottom&#8221; text_font_size_tablet=&#8221;16px&#8221; text_font_size_phone=&#8221;20px&#8221; text_font_size_last_edited=&#8221;on|phone&#8221; header_font_size_tablet=&#8221;80px&#8221; header_font_size_phone=&#8221;48px&#8221; header_font_size_last_edited=&#8221;on|tablet&#8221; header_2_font_size_tablet=&#8221;85px&#8221; header_2_font_size_phone=&#8221;56px&#8221; header_2_font_size_last_edited=&#8221;on|phone&#8221; header_2_letter_spacing_tablet=&#8221;0px&#8221; header_2_letter_spacing_phone=&#8221;&#8221; header_2_letter_spacing_last_edited=&#8221;on|desktop&#8221; header_2_line_height_tablet=&#8221;1.1em&#8221; header_2_line_height_phone=&#8221;1em&#8221; header_2_line_height_last_edited=&#8221;on|desktop&#8221; header_3_font_size_tablet=&#8221;25px&#8221; header_3_font_size_phone=&#8221;20px&#8221; header_3_font_size_last_edited=&#8221;on|phone&#8221; header_3_letter_spacing_tablet=&#8221;1px&#8221; header_3_letter_spacing_phone=&#8221;1px&#8221; header_3_letter_spacing_last_edited=&#8221;on|phone&#8221; header_3_line_height_tablet=&#8221;1em&#8221; header_3_line_height_phone=&#8221;1em&#8221; header_3_line_height_last_edited=&#8221;on|phone&#8221; header_4_font_size_tablet=&#8221;24px&#8221; header_4_font_size_phone=&#8221;19px&#8221; header_4_font_size_last_edited=&#8221;on|tablet&#8221; header_5_font_size_tablet=&#8221;25px&#8221; header_5_font_size_phone=&#8221;22px&#8221; header_5_font_size_last_edited=&#8221;on|phone&#8221; header_6_font_size_tablet=&#8221;14px&#8221; header_6_font_size_phone=&#8221;12px&#8221; header_6_font_size_last_edited=&#8221;on|phone&#8221; global_colors_info=&#8221;{}&#8221;]<\/p>\n<p><span style=\"font-weight: 400;\">Vittorio Foa, one of Ernesto&#8217;s companions, remembers: \u201cWhen she came to see Ernesto, it was for all of us like entering into communication with the world\u201d; she transmitted &#8220;a vital charge that represented all possibilities&#8221; (Braga Vittori, 2017). Their emotional bond was of great intensity; the marriage, celebrated in prison in 1931, will cease to be \u201cputative\u201d only from 1939, according to Ernesto&#8217;s playful definition. After the death of her husband, she becomes the custodian of the precious Salvemini-Rossi archival fund, which has gone through political controversies, now safe in Florence.<\/span><\/p>\n<p><span style=\"font-weight: 400;\">It took time to break the shell of &#8220;wives of&#8221;, which has left the protagonism of Ada and Ursula in the shadows in the history of the federalist utopia. Emma Bonino, commemorating her, wanted to ignore the man with whom Ada had shared hopes and struggles; many sources give her the image of her intelligent, protective, tireless relay companion. Even an enlightened mind like Gaetano Salvemini pays her esteem and affection by virtue of the care with which he supports his beloved \u201cpuppet\u201d &#8211; Ernesto&#8217;s affectionate nickname, in \u201cLetters from America\u201d (Salvemini, 1967). And it is she herself who supports the reasons for Salvemini&#8217;s praise, in 1945: &#8220;I promise that I will always watch over Ernesto and modestly help him in my possibilities&#8221;. It would be anachronistic to demand the language of current cultures. Rather, the apparent contradiction is an opportunity to extract new questions from such distant and singular stories. An example: the polysemy of curate, a key concept for a description of the experiences of Ada and Ursula, is today a ground for questioning society as a whole, the feminine and the masculine, about the future.<\/span><\/p>\n<p><span style=\"font-weight: 400;\">Signs of their presence and action in Ventotene remain in Spinelli&#8217;s writings, in letters, literary works, as well as papers in various archives.<\/span><\/p>\n<p><span style=\"font-weight: 400;\">Ventotene, the small island with the &#8220;loud voice&#8221; &#8211; the wind that sweeps its streets and &#8220;makes them sound like organ pipes&#8221; (Paganelli, 1975) &#8211; hosted an enormous number of confined people: eight hundred, with three hundred guards, between 1942 and &#8217;43. Until the 1990s it was almost devoid of physical traces of their passage: the barracks were destroyed, just &#8220;a small plaque on a piece of white wall&#8221;; an absence that made the \u201ccancellation of the memory of confinement\u201d \u201cdisturbing\u201d (Ramondino, 1998). Not even the names of the two women. They met in Ventotene in 1939, when the police of the fascist regime authorized them to join their husbands, Ursula with her first daughter in July, Ada in December, in a climate weighed down by the material difficulties of the life of the confined, struggling with the scarcity of food and conflicts between political groups. Marriage cohabitation begins in Ventotene for Ada and Ernesto. From the diaries of Spinelli and from fleeting references in the diaries of other confined, images of one or the other appear, of Ursula also the beauty &#8211; &#8220;Really, halos and nimbus around her body&#8221; -, which corresponds to the description of Colorni&#8217;s sadness on a day when the &#8220;blonde wife is about to leave&#8221;. (Paganelli, 1975).<\/span><\/p>\n<p>[\/et_pb_text][\/et_pb_column][\/et_pb_row][et_pb_row custom_padding_last_edited=&#8221;on|phone&#8221; admin_label=&#8221;Coffee items&#8221; _builder_version=&#8221;4.16&#8243; custom_margin=&#8221;|||&#8221; custom_padding=&#8221;10px|0px|50px|0px|false|false&#8221; custom_padding_tablet=&#8221;25px||0px||false|false&#8221; custom_padding_phone=&#8221;||0px||false|false&#8221; locked=&#8221;off&#8221; global_colors_info=&#8221;{}&#8221;][et_pb_column type=&#8221;4_4&#8243; _builder_version=&#8221;4.16&#8243; custom_padding=&#8221;|||&#8221; global_colors_info=&#8221;{}&#8221; custom_padding__hover=&#8221;|||&#8221;][et_pb_image src=&#8221;https:\/\/europeanmemories.net\/stories\/wp-content\/uploads\/sites\/13\/2021\/09\/Ernesto-y-Ada-2.jpg&#8221; title_text=&#8221;Ernesto y Ada (2)&#8221; align=&#8221;center&#8221; _builder_version=&#8221;4.16&#8243; custom_margin=&#8221;||15px||false|false&#8221; global_colors_info=&#8221;{}&#8221;][\/et_pb_image][et_pb_text content_tablet=&#8221;<\/p>\n<p style=%22text-align: center;%22><span class=%22media-metadata-value%22><strong><\/strong><span><span style=%22font-weight: 400;%22><strong><\/strong><\/span><i><span style=%22font-weight: 400;%22><b>Ernesto Rossi and Ada Rossi <\/b>| \u00a9 2021 \u00b7 Fondazione Rossi-Salvemini. <\/span><\/i><\/span><\/span><\/p>\n<\/p>\n<p class=%22page-section-title%22><span class=%22media-metadata-value%22><\/span><\/p>\n<p>&#8221; content_phone=&#8221;<\/p>\n<p class=%22page-section-title%22 style=%22text-align: center;%22><span class=%22media-metadata-value%22><strong><\/strong><span><span style=%22font-weight: 400;%22><strong><\/strong><\/span><i><span style=%22font-weight: 400;%22><b>Ernesto Rossi and Ada Rossi <br \/><\/b>| \u00a9 2021 \u00b7 Fondazione Rossi-Salvemini. <\/span><\/i><\/span><\/span><\/p>\n<p class=%22page-section-title%22><span class=%22media-metadata-value%22><\/span><\/p>\n<p>&#8221; content_last_edited=&#8221;on|phone&#8221; _builder_version=&#8221;4.16&#8243; text_font=&#8221;Open Sans||||||||&#8221; text_text_color=&#8221;#17181A&#8221; text_line_height=&#8221;1.5em&#8221; custom_margin=&#8221;|185px||185px|false|true&#8221; custom_margin_tablet=&#8221;|20px||20px|false|true&#8221; custom_margin_phone=&#8221;|10px||10px|false|true&#8221; custom_margin_last_edited=&#8221;on|phone&#8221; text_font_size_tablet=&#8221;12px&#8221; text_font_size_phone=&#8221;14px&#8221; text_font_size_last_edited=&#8221;on|phone&#8221; locked=&#8221;off&#8221; global_colors_info=&#8221;{}&#8221;]<\/p>\n<p class=\"_4b3da m-b h4\" style=\"text-align: center;\"><strong><\/strong><span class=\"media-metadata-value\"><span><span style=\"font-weight: 400;\"><strong><\/strong><\/span><span style=\"font-weight: 400;\"><b>Ernesto Rossi and Ada Rossi <\/b><\/span><i><span style=\"font-weight: 400;\">| \u00a9 2021 \u00b7 Fondazione Rossi-Salvemini. <\/span><\/i><\/span><\/span><span class=\"media-metadata-value\"><\/span><\/p>\n<p>[\/et_pb_text][\/et_pb_column][\/et_pb_row][et_pb_row custom_padding_last_edited=&#8221;on|phone&#8221; admin_label=&#8221;Coffee items&#8221; _builder_version=&#8221;4.16&#8243; custom_margin=&#8221;|||&#8221; custom_padding=&#8221;40px|0px|58px|0px||&#8221; custom_padding_tablet=&#8221;||20px||false|false&#8221; custom_padding_phone=&#8221;||0px||false|false&#8221; locked=&#8221;off&#8221; global_colors_info=&#8221;{}&#8221;][et_pb_column type=&#8221;4_4&#8243; _builder_version=&#8221;4.16&#8243; custom_padding=&#8221;|||&#8221; global_colors_info=&#8221;{}&#8221; custom_padding__hover=&#8221;|||&#8221;][et_pb_text _builder_version=&#8221;4.16&#8243; text_font=&#8221;Open Sans||||||||&#8221; text_text_color=&#8221;#17181A&#8221; text_font_size=&#8221;20px&#8221; text_line_height=&#8221;1.5em&#8221; header_font=&#8221;Abril Fatface||||||||&#8221; header_text_color=&#8221;rgba(255,255,255,0.5)&#8221; header_font_size=&#8221;100px&#8221; header_letter_spacing=&#8221;-1px&#8221; header_line_height=&#8221;0em&#8221; header_2_font=&#8221;Open Sans|600|||||||&#8221; header_2_text_color=&#8221;#17181A&#8221; header_2_font_size=&#8221;120px&#8221; header_2_letter_spacing=&#8221;1px&#8221; header_2_line_height=&#8221;1.2em&#8221; header_3_font=&#8221;Abril Fatface||||||||&#8221; header_3_text_color=&#8221;#5C7F87&#8243; header_3_font_size=&#8221;30px&#8221; header_3_letter_spacing=&#8221;1px&#8221; header_4_font=&#8221;Open Sans||||||||&#8221; header_4_text_color=&#8221;#ffffff&#8221; header_4_font_size=&#8221;27px&#8221; header_4_line_height=&#8221;1.3em&#8221; header_5_font=&#8221;Abril Fatface||||||||&#8221; header_5_text_color=&#8221;#ffffff&#8221; header_5_font_size=&#8221;50px&#8221; header_5_letter_spacing=&#8221;1px&#8221; header_5_line_height=&#8221;1.2em&#8221; header_6_font=&#8221;Open Sans|600|||||||&#8221; header_6_text_align=&#8221;center&#8221; header_6_text_color=&#8221;#17181A&#8221; header_6_font_size=&#8221;16px&#8221; z_index=&#8221;0&#8243; custom_margin=&#8221;|185px||185px|false|true&#8221; custom_margin_tablet=&#8221;|25px||25px|false|true&#8221; custom_margin_phone=&#8221;|4px||4px|false|true&#8221; custom_margin_last_edited=&#8221;on|tablet&#8221; animation_direction=&#8221;bottom&#8221; text_font_size_tablet=&#8221;16px&#8221; text_font_size_phone=&#8221;20px&#8221; text_font_size_last_edited=&#8221;on|phone&#8221; header_font_size_tablet=&#8221;80px&#8221; header_font_size_phone=&#8221;48px&#8221; header_font_size_last_edited=&#8221;on|tablet&#8221; header_2_font_size_tablet=&#8221;85px&#8221; header_2_font_size_phone=&#8221;56px&#8221; header_2_font_size_last_edited=&#8221;on|phone&#8221; header_2_letter_spacing_tablet=&#8221;0px&#8221; header_2_letter_spacing_phone=&#8221;&#8221; header_2_letter_spacing_last_edited=&#8221;on|desktop&#8221; header_2_line_height_tablet=&#8221;1.1em&#8221; header_2_line_height_phone=&#8221;1em&#8221; header_2_line_height_last_edited=&#8221;on|desktop&#8221; header_3_font_size_tablet=&#8221;25px&#8221; header_3_font_size_phone=&#8221;20px&#8221; header_3_font_size_last_edited=&#8221;on|phone&#8221; header_3_letter_spacing_tablet=&#8221;1px&#8221; header_3_letter_spacing_phone=&#8221;1px&#8221; header_3_letter_spacing_last_edited=&#8221;on|phone&#8221; header_3_line_height_tablet=&#8221;1em&#8221; header_3_line_height_phone=&#8221;1em&#8221; header_3_line_height_last_edited=&#8221;on|phone&#8221; header_4_font_size_tablet=&#8221;24px&#8221; header_4_font_size_phone=&#8221;19px&#8221; header_4_font_size_last_edited=&#8221;on|tablet&#8221; header_5_font_size_tablet=&#8221;25px&#8221; header_5_font_size_phone=&#8221;22px&#8221; header_5_font_size_last_edited=&#8221;on|phone&#8221; header_6_font_size_tablet=&#8221;14px&#8221; header_6_font_size_phone=&#8221;12px&#8221; header_6_font_size_last_edited=&#8221;on|phone&#8221; global_colors_info=&#8221;{}&#8221;]<\/p>\n<p><span style=\"font-weight: 400;\">It was the time of confrontation and the progressive elaboration of the theses that will lead to Manifesto, in the first draft completed in the summer of 1941. Without a philological analysis of the document, an attribution is impossible. If in not even one line of the texts signed by Spinelli, Rossi and Colorni between 1941 and 1943 there was the hand of the two women, the time of the internal dialectic of the two families, in presence or from afar, is part of the path of thought that converged in the thesis. Although of different origin, it is legitimate to speak of their preexisting pro-European vocation. Throughout the Thirties, Ada&#8217;s house in Bergamo had been a school of anti-fascism for a group of young people, who would join the Resistance in 1943, in the formation of Justice and Freedom. In Rossi&#8217;s letters to his wife during the period of detention at Regina Coeli, common readings are cited, rich in &#8220;teachings [&#8230;] to better put into concrete our ideas on the perspective of a federalist organization of Europe&#8221; (Franzinelli, 2001 ).<\/span><\/p>\n<p><span style=\"font-weight: 400;\">Of Ursula, the &#8220;enlightenment, violent and definitive&#8221; that had made her abandon the Marxism and communism of the years in Berlin and her exile in Paris, between 1933 and 1935, was the result of that impatient &#8220;waiting for the anti-Hitler revolution&#8221; Berliners had not wanted to try. The philosophical and political dialogue with Ernesto&#8217;s secular liberal socialism allowed her to reach a balance, but by her, Ernesto was led to move more quickly towards action; in emphatic language, she wrote to him that it was time to &#8220;put life at the service of history&#8221;. It is not possible to go beyond a &#8220;circumstantial paradigm&#8221;, but we seem to understand that her exceptional experience as a Jew and dissident, in the Berlin of the dark moments of the Reichstag fire, and then of deracin\u00e9e in radically formed the abandonment of the absolute sovereignty of the nation-states for the European federation. Not having a language, having lost heimat, not having really lived even her Jewishness had made it \u201ceasier for her to be European\u201d, she writes in her autobiography (Hirschmann, 1993).\u00a0 <\/span><\/p>\n<p>[\/et_pb_text][\/et_pb_column][\/et_pb_row][et_pb_row column_structure=&#8221;1_2,1_2&#8243; use_custom_gutter=&#8221;on&#8221; gutter_width=&#8221;1&#8243; make_equal=&#8221;on&#8221; custom_padding_last_edited=&#8221;on|phone&#8221; admin_label=&#8221;Coffee items&#8221; _builder_version=&#8221;4.16&#8243; custom_margin=&#8221;|||&#8221; custom_padding=&#8221;10px|0px|29px|0px|false|false&#8221; custom_padding_tablet=&#8221;25px||0px||false|false&#8221; custom_padding_phone=&#8221;||0px||false|false&#8221; locked=&#8221;off&#8221; global_colors_info=&#8221;{}&#8221;][et_pb_column type=&#8221;1_2&#8243; _builder_version=&#8221;4.16&#8243; custom_padding=&#8221;|||&#8221; global_colors_info=&#8221;{}&#8221; custom_padding__hover=&#8221;|||&#8221;][et_pb_image src=&#8221;https:\/\/europeanmemories.net\/stories\/wp-content\/uploads\/sites\/13\/2021\/09\/1.-Ursula-Hisrchmann-MFE.it-opc.-2.jpeg&#8221; title_text=&#8221;1. Ursula Hisrchmann (MFE.it) (opc. 2)&#8221; align=&#8221;right&#8221; align_tablet=&#8221;center&#8221; align_phone=&#8221;&#8221; align_last_edited=&#8221;on|desktop&#8221; _builder_version=&#8221;4.16&#8243; custom_margin=&#8221;||15px||false|false&#8221; global_colors_info=&#8221;{}&#8221;][\/et_pb_image][\/et_pb_column][et_pb_column type=&#8221;1_2&#8243; _builder_version=&#8221;4.16&#8243; custom_padding=&#8221;|||&#8221; global_colors_info=&#8221;{}&#8221; custom_padding__hover=&#8221;|||&#8221;][et_pb_text content_tablet=&#8221;<\/p>\n<p style=%22text-align: center;%22><span style=%22font-weight: 400;%22><strong>Portrait of Ursula Hirschmann (circa 1943-1945)<\/strong><\/span><em><span style=%22font-weight: 400;%22> <br \/>| \u00a9 European Federalist Movement 2021 \/ \u00a9 2021 mfe.it \u2013 Services<\/span><\/em><\/p>\n<p class=%22page-section-title%22><span class=%22media-metadata-value%22><\/span><\/p>\n<p>&#8221; content_phone=&#8221;<\/p>\n<p class=%22page-section-title%22 style=%22text-align: center;%22><span class=%22media-metadata-value%22><strong><\/strong><span><span style=%22font-weight: 400;%22><strong><\/strong><\/span><span style=%22font-weight: 400;%22><strong>Portrait of Ursula Hirschmann (circa 1943-1945)<\/strong> <\/span><i><span style=%22font-weight: 400;%22><em><br \/>| \u00a9 European Federalist Movement 2021 \/ \u00a9 2021 mfe.it \u2013 Services<\/em><\/span><\/i><\/span><\/span><\/p>\n<p class=%22page-section-title%22><span class=%22media-metadata-value%22><\/span><\/p>\n<p>&#8221; content_last_edited=&#8221;on|phone&#8221; _builder_version=&#8221;4.16&#8243; text_font=&#8221;Open Sans||||||||&#8221; text_text_color=&#8221;#17181A&#8221; text_line_height=&#8221;1.5em&#8221; custom_margin=&#8221;|185px||20px|false|false&#8221; custom_margin_tablet=&#8221;|20px||20px|false|true&#8221; custom_margin_phone=&#8221;|10px||10px|false|true&#8221; custom_margin_last_edited=&#8221;on|phone&#8221; text_font_size_tablet=&#8221;12px&#8221; text_font_size_phone=&#8221;14px&#8221; text_font_size_last_edited=&#8221;on|phone&#8221; locked=&#8221;off&#8221; global_colors_info=&#8221;{}&#8221;]<\/p>\n<p><span style=\"font-weight: 400;\"><strong>Portrait of Ursula Hirschmann (circa 1943-1945)<\/strong><\/span><em><span style=\"font-weight: 400;\"> | \u00a9 European Federalist Movement 2021 \/ \u00a9 2021 mfe.it \u2013 Services<\/span><\/em><\/p>\n<p style=\"text-align: left;\"><em><span style=\"font-weight: 400;\">\u00a0<\/span><\/em><\/p>\n<p class=\"_4b3da m-b h4\" style=\"text-align: center;\"><em><span class=\"media-metadata-value\"><span style=\"font-weight: 400;\"><br \/><\/span><\/span><\/em><span class=\"media-metadata-value\"><\/span><\/p>\n<p>[\/et_pb_text][\/et_pb_column][\/et_pb_row][et_pb_row custom_padding_last_edited=&#8221;on|phone&#8221; admin_label=&#8221;Coffee items&#8221; _builder_version=&#8221;4.16&#8243; custom_margin=&#8221;|||&#8221; custom_padding=&#8221;40px|0px|5px|0px||&#8221; custom_padding_tablet=&#8221;||20px||false|false&#8221; custom_padding_phone=&#8221;||0px||false|false&#8221; locked=&#8221;off&#8221; global_colors_info=&#8221;{}&#8221;][et_pb_column type=&#8221;4_4&#8243; _builder_version=&#8221;4.16&#8243; custom_padding=&#8221;|||&#8221; global_colors_info=&#8221;{}&#8221; custom_padding__hover=&#8221;|||&#8221;][et_pb_text _builder_version=&#8221;4.16&#8243; text_font=&#8221;Open Sans||||||||&#8221; text_text_color=&#8221;#17181A&#8221; text_font_size=&#8221;20px&#8221; text_line_height=&#8221;1.5em&#8221; header_font=&#8221;Abril Fatface||||||||&#8221; header_text_color=&#8221;rgba(255,255,255,0.5)&#8221; header_font_size=&#8221;100px&#8221; header_letter_spacing=&#8221;-1px&#8221; header_line_height=&#8221;0em&#8221; header_2_font=&#8221;Open Sans|600|||||||&#8221; header_2_text_color=&#8221;#17181A&#8221; header_2_font_size=&#8221;120px&#8221; header_2_letter_spacing=&#8221;1px&#8221; header_2_line_height=&#8221;1.2em&#8221; header_3_font=&#8221;Abril Fatface||||||||&#8221; header_3_text_color=&#8221;#5C7F87&#8243; header_3_font_size=&#8221;30px&#8221; header_3_letter_spacing=&#8221;1px&#8221; header_4_font=&#8221;Open Sans||||||||&#8221; header_4_text_color=&#8221;#ffffff&#8221; header_4_font_size=&#8221;27px&#8221; header_4_line_height=&#8221;1.3em&#8221; header_5_font=&#8221;Abril Fatface||||||||&#8221; header_5_text_color=&#8221;#ffffff&#8221; header_5_font_size=&#8221;50px&#8221; header_5_letter_spacing=&#8221;1px&#8221; header_5_line_height=&#8221;1.2em&#8221; header_6_font=&#8221;Open Sans|600|||||||&#8221; header_6_text_align=&#8221;center&#8221; header_6_text_color=&#8221;#17181A&#8221; header_6_font_size=&#8221;16px&#8221; z_index=&#8221;0&#8243; custom_margin=&#8221;|185px||185px|false|true&#8221; custom_margin_tablet=&#8221;|25px||25px|false|true&#8221; custom_margin_phone=&#8221;|4px||4px|false|true&#8221; custom_margin_last_edited=&#8221;on|tablet&#8221; animation_direction=&#8221;bottom&#8221; text_font_size_tablet=&#8221;16px&#8221; text_font_size_phone=&#8221;20px&#8221; text_font_size_last_edited=&#8221;on|phone&#8221; header_font_size_tablet=&#8221;80px&#8221; header_font_size_phone=&#8221;48px&#8221; header_font_size_last_edited=&#8221;on|tablet&#8221; header_2_font_size_tablet=&#8221;85px&#8221; header_2_font_size_phone=&#8221;56px&#8221; header_2_font_size_last_edited=&#8221;on|phone&#8221; header_2_letter_spacing_tablet=&#8221;0px&#8221; header_2_letter_spacing_phone=&#8221;&#8221; header_2_letter_spacing_last_edited=&#8221;on|desktop&#8221; header_2_line_height_tablet=&#8221;1.1em&#8221; header_2_line_height_phone=&#8221;1em&#8221; header_2_line_height_last_edited=&#8221;on|desktop&#8221; header_3_font_size_tablet=&#8221;25px&#8221; header_3_font_size_phone=&#8221;20px&#8221; header_3_font_size_last_edited=&#8221;on|phone&#8221; header_3_letter_spacing_tablet=&#8221;1px&#8221; header_3_letter_spacing_phone=&#8221;1px&#8221; header_3_letter_spacing_last_edited=&#8221;on|phone&#8221; header_3_line_height_tablet=&#8221;1em&#8221; header_3_line_height_phone=&#8221;1em&#8221; header_3_line_height_last_edited=&#8221;on|phone&#8221; header_4_font_size_tablet=&#8221;24px&#8221; header_4_font_size_phone=&#8221;19px&#8221; header_4_font_size_last_edited=&#8221;on|tablet&#8221; header_5_font_size_tablet=&#8221;25px&#8221; header_5_font_size_phone=&#8221;22px&#8221; header_5_font_size_last_edited=&#8221;on|phone&#8221; header_6_font_size_tablet=&#8221;14px&#8221; header_6_font_size_phone=&#8221;12px&#8221; header_6_font_size_last_edited=&#8221;on|phone&#8221; global_colors_info=&#8221;{}&#8221;]<\/p>\n<p><span style=\"font-weight: 400;\">Both enter and leave the places of confinement, after Ventotene, in Melfi, Ada in 1942 condemned herself for conspiratorial activity, Ursula to follow her husband, when he was transferred there. They are the ones who weave relationships with the Italian anti-fascist conspiracy, of which they had already experienced in different forms, and circulate the Manifesto in Italy. We do not know with what stratagem Ursula\u2019s husband left the island; the exceptional nature of the company also fueled the invention of imaginative hypotheses. From the biographers of Ada Rossi comes the curious image of her who &#8220;sharpened the pencils with which Ernesto copied Manifesto in light paper and with a tiny handwriting&#8221;, which does not contradict the intent to document her contribution which is anything but subordinate. As a matter of fact, in Ada&#8217;s personality, it is said, the courageous independence of thought and action coexists with the unawareness of her own role: &#8220;political animal almost without knowing it&#8221;, whose commitment is &#8220;natural continuation of care tasks&#8221; (Braga, Vittori, 2017).<\/span><\/p>\n<p><span style=\"font-weight: 400;\">The outcome: the first diffusion and the beginning of a debate, for the first time in the history of Italy (perhaps of Europe) with the ambition to go beyond the level of ideals. The task of recovering the historical roots and civilization of the European population was measured against the political ties, with the lesson of the harmful consequences of nationalisms. There was &#8211; Ursula and Ada had direct experience &#8211; the hostility of the communist confined, in the struggle of Europe between the Ribbentrop-Molotov pact and the war. The Communist group itself was torn apart, as the solitary walks of Camilla Ravera and Umberto Terracini, marginalized after the expulsion from the party, recount in the memoirs of an exiled person. From the correspondence between Rossi and Spinelli, \u201cEmpirico\u201d and \u201cPantagruel\u201d, (Graglia, 2012), from the writings of Colorni and from many pages of Spinelli, the loneliness of the Europeanists appears. The network of relations between Ada and Ursula favors socialist and shareholder groups, from which adhesions came, together with painful ruptures of ancient political affinities. Altiero&#8217;s sisters Fiorella and Gigliola also took part in the dissemination work, who will join the Partisan Action Groups. They secretly provided the printing of the first Manifesto, then of the modified versions and other texts, in Bergamo, Milan and elsewhere. In the documents produced by Hirschmann in the two-year period 1941-1943, almost all private, one can read clear analysis, which explain the origin of an apparently outdated utopia in 1941, while Nazi-fascism was winning. In reality it would have arisen precisely from the catastrophic course of the war; leaving Europe in the hands of the nation-states meant giving up the future.<\/span><\/p>\n<p><span style=\"font-weight: 400;\">When the Fascist regime collapsed in the summer of 1943, but it was still in secrecy, the Federalist Movement was born. The chronicle of the preparation of the founding meeting, on August 27 in Milan, at Alberto Mario Rollier&#8217;s home, saw an enormous organizational effort, especially by women. Among the participants were notable names from the different political orientations of Italian anti-fascism; some, such as Colorni and Leone Ginzburg, soon became victims of the Nazi-Fascist repression. The basis of discussion was Spinelli&#8217;s Federalist thesis, not the Manifesto. From the north of Italy in 1943, the attention is turned to Europe: Ernesto and Ada Rossi, Ursula, the three daughters (born from the marriage with Eugenio Colorni, long overdue) and Spinelli, move to Switzerland, crossing the border adventurously. Since then and forever, the two will be linked by a great love, set-off in 1944 by marriage, after the assassination of Colorni, in Rome, a few days before the Liberation. From this moment on, a European history of hopes and disappointments begins for the Movement. Norberto Bobbio will write that federalism and the Resistance are welded together through multiple \u201ccultural and political convergences\u201d, so much so that \u201cno one today can make the history of the Resistance without the federalist perspective\u201d (Bobbio, 1991). The Resistance is European. German anti-Nazis, French anti-fascists and other countries are progressively joined by the increasingly large and efficient organization of the Movement, whose fortune has a karstic evolution. The newspaper \u201cL&#8217;Unit\u00e0 Europea\u201d, an organ of the Movement, was also born. Spinelli attributes to Ursula the commitment for editing and printing.<\/span><\/p>\n<p><span style=\"font-weight: 400;\">The next step was a conference in Geneva, the first experiment of discussion with important European federalists, in May 1944, again thanks to the fundamental commitment of women, Hirschmann the only intermediary with the German component. The outcome was not exciting, but the results obtained in the liberation of France led to a third appointment, in Paris, in March 1945, where a \u201cComit\u00e9 fran\u00e7ais pour la f\u00e9d\u00e9ration europ\u00e9enne\u201d already existed.<\/span><\/p>\n<p>[\/et_pb_text][\/et_pb_column][\/et_pb_row][et_pb_row custom_padding_last_edited=&#8221;on|phone&#8221; admin_label=&#8221;Coffee items&#8221; _builder_version=&#8221;4.16&#8243; custom_margin=&#8221;|||&#8221; custom_padding=&#8221;|0px|58px|0px|false|false&#8221; custom_padding_tablet=&#8221;||20px||false|false&#8221; custom_padding_phone=&#8221;||0px||false|false&#8221; locked=&#8221;off&#8221; global_colors_info=&#8221;{}&#8221;][et_pb_column type=&#8221;4_4&#8243; _builder_version=&#8221;4.16&#8243; custom_padding=&#8221;|||&#8221; global_colors_info=&#8221;{}&#8221; custom_padding__hover=&#8221;|||&#8221;][et_pb_text _builder_version=&#8221;4.16&#8243; text_font=&#8221;Open Sans||||||||&#8221; text_text_color=&#8221;#17181A&#8221; text_font_size=&#8221;20px&#8221; text_line_height=&#8221;1.5em&#8221; header_font=&#8221;Abril Fatface||||||||&#8221; header_text_color=&#8221;rgba(255,255,255,0.5)&#8221; header_font_size=&#8221;100px&#8221; header_letter_spacing=&#8221;-1px&#8221; header_line_height=&#8221;0em&#8221; header_2_font=&#8221;Open Sans|600|||||||&#8221; header_2_text_color=&#8221;#17181A&#8221; header_2_font_size=&#8221;120px&#8221; header_2_letter_spacing=&#8221;1px&#8221; header_2_line_height=&#8221;1.2em&#8221; header_3_font=&#8221;Abril Fatface||||||||&#8221; header_3_text_color=&#8221;#5C7F87&#8243; header_3_font_size=&#8221;30px&#8221; header_3_letter_spacing=&#8221;1px&#8221; header_4_font=&#8221;Open Sans||||||||&#8221; header_4_text_color=&#8221;#ffffff&#8221; header_4_font_size=&#8221;27px&#8221; header_4_line_height=&#8221;1.3em&#8221; header_5_font=&#8221;Abril Fatface||||||||&#8221; header_5_text_color=&#8221;#ffffff&#8221; header_5_font_size=&#8221;50px&#8221; header_5_letter_spacing=&#8221;1px&#8221; header_5_line_height=&#8221;1.2em&#8221; header_6_font=&#8221;Open Sans|600|||||||&#8221; header_6_text_align=&#8221;center&#8221; header_6_text_color=&#8221;#17181A&#8221; header_6_font_size=&#8221;16px&#8221; z_index=&#8221;0&#8243; custom_margin=&#8221;|185px||185px|false|true&#8221; custom_margin_tablet=&#8221;|25px||25px|false|true&#8221; custom_margin_phone=&#8221;|4px||4px|false|true&#8221; custom_margin_last_edited=&#8221;on|tablet&#8221; animation_direction=&#8221;bottom&#8221; text_font_size_tablet=&#8221;16px&#8221; text_font_size_phone=&#8221;20px&#8221; text_font_size_last_edited=&#8221;on|phone&#8221; header_font_size_tablet=&#8221;80px&#8221; header_font_size_phone=&#8221;48px&#8221; header_font_size_last_edited=&#8221;on|tablet&#8221; header_2_font_size_tablet=&#8221;85px&#8221; header_2_font_size_phone=&#8221;56px&#8221; header_2_font_size_last_edited=&#8221;on|phone&#8221; header_2_letter_spacing_tablet=&#8221;0px&#8221; header_2_letter_spacing_phone=&#8221;&#8221; header_2_letter_spacing_last_edited=&#8221;on|desktop&#8221; header_2_line_height_tablet=&#8221;1.1em&#8221; header_2_line_height_phone=&#8221;1em&#8221; header_2_line_height_last_edited=&#8221;on|desktop&#8221; header_3_font_size_tablet=&#8221;25px&#8221; header_3_font_size_phone=&#8221;20px&#8221; header_3_font_size_last_edited=&#8221;on|phone&#8221; header_3_letter_spacing_tablet=&#8221;1px&#8221; header_3_letter_spacing_phone=&#8221;1px&#8221; header_3_letter_spacing_last_edited=&#8221;on|phone&#8221; header_3_line_height_tablet=&#8221;1em&#8221; header_3_line_height_phone=&#8221;1em&#8221; header_3_line_height_last_edited=&#8221;on|phone&#8221; header_4_font_size_tablet=&#8221;24px&#8221; header_4_font_size_phone=&#8221;19px&#8221; header_4_font_size_last_edited=&#8221;on|tablet&#8221; header_5_font_size_tablet=&#8221;25px&#8221; header_5_font_size_phone=&#8221;22px&#8221; header_5_font_size_last_edited=&#8221;on|phone&#8221; header_6_font_size_tablet=&#8221;14px&#8221; header_6_font_size_phone=&#8221;12px&#8221; header_6_font_size_last_edited=&#8221;on|phone&#8221; global_colors_info=&#8221;{}&#8221;]<\/p>\n<p><span style=\"font-weight: 400;\">Italian delegates were only Altiero Spinelli and Ursula Hirschmann, alongside a bouquet of French intellectuals, including Albert Camus. The enthusiasm for the high level of the debate was short-lived; no turning point, if anything, a setback also in Italy.\u00a0 Scrolling through the editorials of Camus himself in &#8220;Combat&#8221;, a newspaper born from the Resistance and edited by him, the distance between the interests of the Italian and French federalists is evident, these last concentrated on the fate of France in the post-war, on the reconstruction of bilateral agreements in view of peace treaties, not on the promotion of federalism. Camus realistically foresees the crystallization of the two blocks and the competition between the most powerful winners, the Soviet Union and the United States (here we find an assonance with previous analysis by some Italian pro-Europeans) and, if anything, cultivates in another utopia: a capable universalism to guarantee international democracy (Camus, 2010).<\/span><\/p>\n<p><span style=\"font-weight: 400;\">It is worth remembering the meeting, crucial for the actual realization of the conference, between Albert Camus and Ursula, for what it reveals about her. Without having read the books, with these and other expressions he painted the character: \u201cA great player who would play themselves rather than abandon the game\u201d or \u201cA happy Sisyphus, who was able &#8230;to transform their duty into passion\u201d. The immediate intellectual and instinctive understanding, which seems to matter more to her than the awareness that Camus would have disappeared from the horizon of the Ventotene project, will be highlighted in her story. In 1947 Camus dreamt of, yes, a Europe &#8220;of people, free from the myths of sovereignty&#8221;, but after the Paris Convention he had ignored Spinelli&#8217;s requests; in the Treaty of Rome of 1957 he saw only &#8220;about twenty snares&#8221; that &#8220;do not make it breathe&#8221; (Camus, 2012).<\/span><\/p>\n<p>[\/et_pb_text][\/et_pb_column][\/et_pb_row][et_pb_row custom_padding_last_edited=&#8221;on|phone&#8221; admin_label=&#8221;Coffee items&#8221; _builder_version=&#8221;4.16&#8243; custom_margin=&#8221;|||&#8221; custom_padding=&#8221;0px|0px|100px|0px||&#8221; custom_padding_tablet=&#8221;||100px||false|false&#8221; custom_padding_phone=&#8221;||100px||false|false&#8221; locked=&#8221;off&#8221; global_colors_info=&#8221;{}&#8221;][et_pb_column type=&#8221;4_4&#8243; _builder_version=&#8221;4.16&#8243; custom_padding=&#8221;|||&#8221; global_colors_info=&#8221;{}&#8221; custom_padding__hover=&#8221;|||&#8221;][et_pb_text _builder_version=&#8221;4.16&#8243; text_font=&#8221;Open Sans||||||||&#8221; text_text_color=&#8221;#17181A&#8221; text_font_size=&#8221;20px&#8221; text_line_height=&#8221;1.5em&#8221; link_text_color=&#8221;#41485C&#8221; header_font=&#8221;Abril Fatface||||||||&#8221; header_text_color=&#8221;rgba(255,255,255,0.5)&#8221; header_font_size=&#8221;100px&#8221; header_letter_spacing=&#8221;-1px&#8221; header_line_height=&#8221;0em&#8221; header_2_font=&#8221;Open Sans|600|||||||&#8221; header_2_text_color=&#8221;#17181A&#8221; header_2_font_size=&#8221;120px&#8221; header_2_letter_spacing=&#8221;1px&#8221; header_2_line_height=&#8221;1.2em&#8221; header_3_font=&#8221;Abril Fatface||||||||&#8221; header_3_text_color=&#8221;#5C7F87&#8243; header_3_font_size=&#8221;30px&#8221; header_3_letter_spacing=&#8221;1px&#8221; header_4_font=&#8221;Open Sans||||||||&#8221; header_4_text_color=&#8221;#ffffff&#8221; header_4_font_size=&#8221;27px&#8221; header_4_line_height=&#8221;1.3em&#8221; header_5_font=&#8221;Abril Fatface||||||||&#8221; header_5_text_color=&#8221;#ffffff&#8221; header_5_font_size=&#8221;50px&#8221; header_5_letter_spacing=&#8221;1px&#8221; header_5_line_height=&#8221;1.2em&#8221; header_6_font=&#8221;Open Sans|600|||||||&#8221; header_6_text_align=&#8221;center&#8221; header_6_text_color=&#8221;#17181A&#8221; header_6_font_size=&#8221;16px&#8221; z_index=&#8221;0&#8243; custom_margin=&#8221;|185px||185px|false|true&#8221; custom_margin_tablet=&#8221;|25px||25px|false|true&#8221; custom_margin_phone=&#8221;|4px||4px|false|true&#8221; custom_margin_last_edited=&#8221;on|tablet&#8221; animation_direction=&#8221;bottom&#8221; text_font_size_tablet=&#8221;16px&#8221; text_font_size_phone=&#8221;20px&#8221; text_font_size_last_edited=&#8221;on|phone&#8221; header_font_size_tablet=&#8221;80px&#8221; header_font_size_phone=&#8221;48px&#8221; header_font_size_last_edited=&#8221;on|tablet&#8221; header_2_font_size_tablet=&#8221;85px&#8221; header_2_font_size_phone=&#8221;56px&#8221; header_2_font_size_last_edited=&#8221;on|phone&#8221; header_2_letter_spacing_tablet=&#8221;0px&#8221; header_2_letter_spacing_phone=&#8221;&#8221; header_2_letter_spacing_last_edited=&#8221;on|desktop&#8221; header_2_line_height_tablet=&#8221;1.1em&#8221; header_2_line_height_phone=&#8221;1em&#8221; header_2_line_height_last_edited=&#8221;on|desktop&#8221; header_3_font_size_tablet=&#8221;25px&#8221; header_3_font_size_phone=&#8221;20px&#8221; header_3_font_size_last_edited=&#8221;on|phone&#8221; header_3_letter_spacing_tablet=&#8221;1px&#8221; header_3_letter_spacing_phone=&#8221;1px&#8221; header_3_letter_spacing_last_edited=&#8221;on|phone&#8221; header_3_line_height_tablet=&#8221;1em&#8221; header_3_line_height_phone=&#8221;1em&#8221; header_3_line_height_last_edited=&#8221;on|phone&#8221; header_4_font_size_tablet=&#8221;24px&#8221; header_4_font_size_phone=&#8221;19px&#8221; header_4_font_size_last_edited=&#8221;on|tablet&#8221; header_5_font_size_tablet=&#8221;25px&#8221; header_5_font_size_phone=&#8221;22px&#8221; header_5_font_size_last_edited=&#8221;on|phone&#8221; header_6_font_size_tablet=&#8221;14px&#8221; header_6_font_size_phone=&#8221;12px&#8221; header_6_font_size_last_edited=&#8221;on|phone&#8221; global_colors_info=&#8221;{}&#8221;]<\/p>\n<p><span style=\"font-weight: 400;\">In the tortuous paths of the Federalist Movement, in the Europe of the cold war, there was still the passionate and vigilant presence of these two extraordinary female figures, Hirschmann, despite the six daughters being raised. During the time of the common life of the two couples, the male-female alliance represented an added value, which would be very interesting to deepen.<\/span><\/p>\n<p><span style=\"font-weight: 400;\">Something is captured by a glance at the years of full maturity. After the painful separation from the common commitment with Altiero, a member of the European Parliament since 1970, Ursula founded \u201cFemmes pour l&#8217;Europe\u201d, stating the feminism of the Seventies in the European dimension. In EFFE magazine she denounced the &#8220;bad conscience of the rulers [and the] weariness and dullness of European politics where obviously &#8211; as in all politics &#8211; women are absent&#8221; (<\/span><a href=\"https:\/\/efferivistafemminista.it\/2015\/01\/leuropa-puo-cambiare\/\"><span style=\"font-weight: 400;\">Hirschmann, 1975<\/span><\/a><span style=\"font-weight: 400;\">). Political disappointment, along with inner torment, is evident between the lines of autobiography, interrupted when an illness prevented her from speaking and writing, without ever stopping her completely.<\/span><\/p>\n<p><span style=\"font-weight: 400;\">After the death of her husband (1967), Ada experienced a new period of political activism in the Radical Party. She was over seventy, Ursula sixty years old and they invented &#8220;something entirely new&#8221;; as should happen to politics, the philosopher Hannah Arendt wrote in 1967 (Arendt, 1995).<\/span><\/p>\n<p>[\/et_pb_text][\/et_pb_column][\/et_pb_row][\/et_pb_section][et_pb_section fb_built=&#8221;1&#8243; admin_label=&#8221;\u2022 ART 4&#8243; module_id=&#8221;SEC4&#8243; _builder_version=&#8221;4.16&#8243; background_color=&#8221;#FFFFFF&#8221; background_enable_image=&#8221;off&#8221; custom_padding=&#8221;100px||0px|||&#8221; locked=&#8221;off&#8221; collapsed=&#8221;on&#8221; global_colors_info=&#8221;{}&#8221; da_is_popup=&#8221;off&#8221; da_exit_intent=&#8221;off&#8221; da_has_close=&#8221;on&#8221; da_alt_close=&#8221;off&#8221; da_dark_close=&#8221;off&#8221; da_not_modal=&#8221;on&#8221; da_is_singular=&#8221;off&#8221; da_with_loader=&#8221;off&#8221; da_has_shadow=&#8221;on&#8221; da_disable_devices=&#8221;off|off|off&#8221;][et_pb_row custom_padding_last_edited=&#8221;on|phone&#8221; admin_label=&#8221;Coffee items&#8221; _builder_version=&#8221;4.16&#8243; custom_margin=&#8221;||100px||false|false&#8221; custom_padding=&#8221;60px|0px|3px|0px|false|false&#8221; custom_padding_tablet=&#8221;30px||||false|false&#8221; custom_padding_phone=&#8221;0px|0px|30px|0px|false|false&#8221; global_colors_info=&#8221;{}&#8221;][et_pb_column type=&#8221;4_4&#8243; _builder_version=&#8221;4.16&#8243; custom_padding=&#8221;|||&#8221; global_colors_info=&#8221;{}&#8221; custom_padding__hover=&#8221;|||&#8221;][et_pb_text content_tablet=&#8221;<\/p>\n<h2><b>Ursula Hirschmann<\/b><\/h2>\n<p>&#8221; content_phone=&#8221;<\/p>\n<h2><b>Ursula Hirschmann<\/b><\/h2>\n<p>&#8221; content_last_edited=&#8221;on|phone&#8221; admin_label=&#8221;Text ti\u00edtol&#8221; _builder_version=&#8221;4.16&#8243; text_font=&#8221;Open Sans||||||||&#8221; text_text_color=&#8221;#ffffff&#8221; text_font_size=&#8221;20px&#8221; text_line_height=&#8221;1.5em&#8221; header_font=&#8221;Abril Fatface||||||||&#8221; header_text_color=&#8221;rgba(255,255,255,0.5)&#8221; header_font_size=&#8221;59px&#8221; header_2_font=&#8221;Open Sans|600|||||||&#8221; header_2_text_color=&#8221;#ed8989&#8243; header_2_font_size=&#8221;90px&#8221; header_2_letter_spacing=&#8221;1px&#8221; header_2_line_height=&#8221;1.2em&#8221; header_3_font=&#8221;Abril Fatface||||||||&#8221; header_3_text_color=&#8221;#ffffff&#8221; header_3_font_size=&#8221;30px&#8221; header_3_letter_spacing=&#8221;2px&#8221; header_3_line_height=&#8221;1.2em&#8221; header_4_font=&#8221;Open Sans||||||||&#8221; header_4_text_color=&#8221;#ffffff&#8221; header_4_font_size=&#8221;27px&#8221; header_4_line_height=&#8221;1.3em&#8221; header_5_font=&#8221;Abril Fatface||||||||&#8221; header_5_text_color=&#8221;#ffffff&#8221; header_5_font_size=&#8221;28px&#8221; header_5_letter_spacing=&#8221;1px&#8221; header_5_line_height=&#8221;1.2em&#8221; header_6_font=&#8221;Open Sans|600|||||||&#8221; header_6_text_align=&#8221;center&#8221; header_6_text_color=&#8221;#f3b0b0&#8243; header_6_font_size=&#8221;16px&#8221; z_index=&#8221;0&#8243; animation_style=&#8221;slide&#8221; animation_direction=&#8221;bottom&#8221; animation_duration=&#8221;1450ms&#8221; animation_intensity_slide=&#8221;5%&#8221; animation_starting_opacity=&#8221;88%&#8221; animation_speed_curve=&#8221;ease&#8221; text_font_size_tablet=&#8221;16px&#8221; text_font_size_phone=&#8221;14px&#8221; text_font_size_last_edited=&#8221;on|phone&#8221; header_font_size_tablet=&#8221;39px&#8221; header_font_size_phone=&#8221;38px&#8221; header_font_size_last_edited=&#8221;on|phone&#8221; header_2_text_align_tablet=&#8221;&#8221; header_2_text_align_phone=&#8221;&#8221; header_2_text_align_last_edited=&#8221;on|phone&#8221; header_2_font_size_tablet=&#8221;60px&#8221; header_2_font_size_phone=&#8221;54px&#8221; header_2_font_size_last_edited=&#8221;on|phone&#8221; header_2_letter_spacing_tablet=&#8221;1px&#8221; header_2_letter_spacing_phone=&#8221;-1px&#8221; header_2_letter_spacing_last_edited=&#8221;on|phone&#8221; header_2_line_height_tablet=&#8221;1.2em&#8221; header_2_line_height_phone=&#8221;1.2em&#8221; header_2_line_height_last_edited=&#8221;on|phone&#8221; header_3_font_size_tablet=&#8221;25px&#8221; header_3_font_size_phone=&#8221;20px&#8221; header_3_font_size_last_edited=&#8221;on|phone&#8221; header_3_letter_spacing_tablet=&#8221;1px&#8221; header_3_letter_spacing_phone=&#8221;1px&#8221; header_3_letter_spacing_last_edited=&#8221;on|phone&#8221; header_3_line_height_tablet=&#8221;&#8221; header_3_line_height_phone=&#8221;1.2em&#8221; header_3_line_height_last_edited=&#8221;on|phone&#8221; header_4_font_size_tablet=&#8221;24px&#8221; header_4_font_size_phone=&#8221;19px&#8221; header_4_font_size_last_edited=&#8221;on|tablet&#8221; header_5_font_size_tablet=&#8221;25px&#8221; header_5_font_size_phone=&#8221;22px&#8221; header_5_font_size_last_edited=&#8221;on|phone&#8221; header_6_font_size_tablet=&#8221;14px&#8221; header_6_font_size_phone=&#8221;14px&#8221; header_6_font_size_last_edited=&#8221;on|tablet&#8221; locked=&#8221;off&#8221; global_colors_info=&#8221;{}&#8221;]<\/p>\n<h2><b>Ursula Hirschmann<\/b><\/h2>\n<p>[\/et_pb_text][\/et_pb_column][\/et_pb_row][et_pb_row custom_padding_last_edited=&#8221;off|desktop&#8221; admin_label=&#8221;Coffee items&#8221; _builder_version=&#8221;4.16&#8243; width_tablet=&#8221;&#8221; width_phone=&#8221;100%&#8221; width_last_edited=&#8221;on|phone&#8221; custom_margin=&#8221;|||&#8221; custom_padding=&#8221;20px|0px|20px|0px|false|false&#8221; custom_padding_tablet=&#8221;||70px||false|false&#8221; custom_padding_phone=&#8221;||50px||false|false&#8221; locked=&#8221;off&#8221; global_colors_info=&#8221;{}&#8221;][et_pb_column type=&#8221;4_4&#8243; _builder_version=&#8221;4.16&#8243; custom_padding=&#8221;||||false|false&#8221; global_colors_info=&#8221;{}&#8221; custom_padding__hover=&#8221;|||&#8221;][et_pb_text _builder_version=&#8221;4.16&#8243; _module_preset=&#8221;default&#8221; text_font=&#8221;Open Sans|700|||||||&#8221; text_text_color=&#8221;#000000&#8243; custom_margin=&#8221;||10px||false|false&#8221; custom_margin_tablet=&#8221;&#8221; custom_margin_phone=&#8221;&#8221; custom_margin_last_edited=&#8221;on|phone&#8221; global_colors_info=&#8221;{}&#8221;]<\/p>\n<p style=\"text-align: center;\">share<\/p>\n<p>[\/et_pb_text][et_pb_code _builder_version=&#8221;4.16&#8243; _module_preset=&#8221;default&#8221; width=&#8221;10%&#8221; width_tablet=&#8221;15%&#8221; width_phone=&#8221;100%&#8221; width_last_edited=&#8221;on|phone&#8221; max_width_last_edited=&#8221;off|phone&#8221; module_alignment=&#8221;center&#8221; custom_margin=&#8221;||||false|true&#8221; custom_margin_tablet=&#8221;||||false|true&#8221; custom_margin_phone=&#8221;||||false|true&#8221; custom_margin_last_edited=&#8221;on|phone&#8221; module_alignment_tablet=&#8221;&#8221; module_alignment_phone=&#8221;center&#8221; module_alignment_last_edited=&#8221;on|tablet&#8221; global_colors_info=&#8221;{}&#8221;]<div class=\"et_social_inline et_social_mobile_on et_social_inline_custom\">\n\t\t\t\t<div class=\"et_social_networks et_social_2col et_social_darken et_social_circle et_social_top et_social_no_animation et_social_outer_dark\">\n\t\t\t\t\t\n\t\t\t\t\t<ul class=\"et_social_icons_container\"><li class=\"et_social_facebook\">\n\t\t\t\t\t\t\t\t\t<a href=\"http:\/\/www.facebook.com\/sharer.php?u=https%3A%2F%2Feuropeanmemories.net%2Fstories%2Fventotene-80%2F&#038;t=Ventotene%2080\" class=\"et_social_share\" rel=\"nofollow\" data-social_name=\"facebook\" data-post_id=\"4673\" data-social_type=\"share\" data-location=\"inline\">\n\t\t\t\t\t\t\t\t\t\t<i class=\"et_social_icon et_social_icon_facebook\"><\/i><span class=\"et_social_overlay\"><\/span>\n\t\t\t\t\t\t\t\t\t<\/a>\n\t\t\t\t\t\t\t\t<\/li><li class=\"et_social_twitter\">\n\t\t\t\t\t\t\t\t\t<a href=\"http:\/\/twitter.com\/share?text=Ventotene%2080&#038;url=https%3A%2F%2Feuropeanmemories.net%2Fstories%2Fventotene-80%2F&#038;via=euromemories\" class=\"et_social_share\" rel=\"nofollow\" data-social_name=\"twitter\" data-post_id=\"4673\" data-social_type=\"share\" data-location=\"inline\">\n\t\t\t\t\t\t\t\t\t\t<i class=\"et_social_icon et_social_icon_twitter\"><\/i><span class=\"et_social_overlay\"><\/span>\n\t\t\t\t\t\t\t\t\t<\/a>\n\t\t\t\t\t\t\t\t<\/li><\/ul>\n\t\t\t\t<\/div>\n\t\t\t<\/div>[\/et_pb_code][\/et_pb_column][\/et_pb_row][et_pb_row custom_padding_last_edited=&#8221;on|phone&#8221; admin_label=&#8221;Coffee items&#8221; _builder_version=&#8221;4.16&#8243; custom_margin=&#8221;|||&#8221; custom_padding=&#8221;60px|0px|3px|0px|false|false&#8221; custom_padding_tablet=&#8221;30px||||false|false&#8221; custom_padding_phone=&#8221;0px|0px|30px|0px|false|false&#8221; global_colors_info=&#8221;{}&#8221;][et_pb_column type=&#8221;4_4&#8243; _builder_version=&#8221;4.16&#8243; custom_padding=&#8221;|||&#8221; global_colors_info=&#8221;{}&#8221; custom_padding__hover=&#8221;|||&#8221;][et_pb_text content_last_edited=&#8221;off|desktop&#8221; _builder_version=&#8221;4.16&#8243; text_font=&#8221;Open Sans||||||||&#8221; text_text_color=&#8221;#41485C&#8221; text_font_size=&#8221;20px&#8221; text_line_height=&#8221;1.5em&#8221; link_font=&#8221;||||||||&#8221; link_text_color=&#8221;#ed8989&#8243; header_font=&#8221;Abril Fatface||||||||&#8221; header_text_color=&#8221;rgba(255,255,255,0.5)&#8221; header_font_size=&#8221;100px&#8221; header_letter_spacing=&#8221;-1px&#8221; header_line_height=&#8221;0em&#8221; header_2_font=&#8221;Open Sans|600|||||||&#8221; header_2_text_color=&#8221;#17181A&#8221; header_2_font_size=&#8221;120px&#8221; header_2_letter_spacing=&#8221;1px&#8221; header_2_line_height=&#8221;1.2em&#8221; header_3_font=&#8221;Abril Fatface||||||||&#8221; header_3_text_color=&#8221;#41485C&#8221; header_3_letter_spacing=&#8221;1px&#8221; header_3_line_height=&#8221;1.2em&#8221; header_4_font=&#8221;Open Sans||||||||&#8221; header_4_text_color=&#8221;#ffffff&#8221; header_4_font_size=&#8221;27px&#8221; header_4_line_height=&#8221;1.3em&#8221; header_5_font=&#8221;Abril Fatface||||||||&#8221; header_5_text_color=&#8221;#ffffff&#8221; header_5_font_size=&#8221;50px&#8221; header_5_letter_spacing=&#8221;1px&#8221; header_5_line_height=&#8221;1.2em&#8221; header_6_font=&#8221;Open Sans|600|||||||&#8221; header_6_text_align=&#8221;center&#8221; header_6_text_color=&#8221;#17181A&#8221; header_6_font_size=&#8221;16px&#8221; z_index=&#8221;0&#8243; custom_margin=&#8221;|185px||185px|false|true&#8221; custom_margin_tablet=&#8221;|25px||25px|false|true&#8221; custom_margin_phone=&#8221;|4px||4px|false|true&#8221; custom_margin_last_edited=&#8221;on|tablet&#8221; animation_direction=&#8221;bottom&#8221; text_font_size_tablet=&#8221;16px&#8221; text_font_size_phone=&#8221;20px&#8221; text_font_size_last_edited=&#8221;on|phone&#8221; header_font_size_tablet=&#8221;80px&#8221; header_font_size_phone=&#8221;48px&#8221; header_font_size_last_edited=&#8221;on|tablet&#8221; header_2_font_size_tablet=&#8221;85px&#8221; header_2_font_size_phone=&#8221;56px&#8221; header_2_font_size_last_edited=&#8221;on|phone&#8221; header_2_letter_spacing_tablet=&#8221;0px&#8221; header_2_letter_spacing_phone=&#8221;&#8221; header_2_letter_spacing_last_edited=&#8221;on|desktop&#8221; header_2_line_height_tablet=&#8221;1.1em&#8221; header_2_line_height_phone=&#8221;1em&#8221; header_2_line_height_last_edited=&#8221;on|desktop&#8221; header_3_font_size_tablet=&#8221;20px&#8221; header_3_font_size_phone=&#8221;23px&#8221; header_3_font_size_last_edited=&#8221;on|phone&#8221; header_3_letter_spacing_tablet=&#8221;1px&#8221; header_3_letter_spacing_phone=&#8221;1px&#8221; header_3_letter_spacing_last_edited=&#8221;on|phone&#8221; header_3_line_height_tablet=&#8221;1em&#8221; header_3_line_height_phone=&#8221;1.2em&#8221; header_3_line_height_last_edited=&#8221;on|desktop&#8221; header_4_font_size_tablet=&#8221;24px&#8221; header_4_font_size_phone=&#8221;19px&#8221; header_4_font_size_last_edited=&#8221;on|tablet&#8221; header_5_font_size_tablet=&#8221;25px&#8221; header_5_font_size_phone=&#8221;22px&#8221; header_5_font_size_last_edited=&#8221;on|phone&#8221; header_6_font_size_tablet=&#8221;14px&#8221; header_6_font_size_phone=&#8221;12px&#8221; header_6_font_size_last_edited=&#8221;on|phone&#8221; global_colors_info=&#8221;{}&#8221;]<\/p>\n<h3 style=\"text-align: right;\"><span style=\"font-weight: 400;\"><\/span><\/h3>\n<h3 style=\"text-align: right;\"><span style=\"font-weight: 400;\">By Silvana Boccanfuso<\/span><span style=\"font-weight: 400;\"><br \/><\/span><span style=\"font-weight: 400;\">Historian, author of<\/span><br \/><a href=\"https:\/\/www.amazon.es\/Ursula-Hirschmann-lEuropa-Granelli-sabbia\/dp\/8898607288\"> <span style=\"font-weight: 400;\">\u00darsula Hirschmann, una donna per l&#8217;Europa<\/span><\/a><\/h3>\n<p>[\/et_pb_text][et_pb_text content_last_edited=&#8221;off|desktop&#8221; _builder_version=&#8221;4.16&#8243; text_font=&#8221;Open Sans||||||||&#8221; text_text_color=&#8221;#41485C&#8221; text_font_size=&#8221;20px&#8221; text_line_height=&#8221;1.5em&#8221; link_font=&#8221;||||||||&#8221; link_text_color=&#8221;#17181a&#8221; link_font_size=&#8221;13px&#8221; header_font=&#8221;Abril Fatface||||||||&#8221; header_text_color=&#8221;rgba(255,255,255,0.5)&#8221; header_font_size=&#8221;100px&#8221; header_letter_spacing=&#8221;-1px&#8221; header_line_height=&#8221;0em&#8221; header_2_font=&#8221;Open Sans|600|||||||&#8221; header_2_text_color=&#8221;#17181A&#8221; header_2_font_size=&#8221;120px&#8221; header_2_letter_spacing=&#8221;1px&#8221; header_2_line_height=&#8221;1.2em&#8221; header_3_font=&#8221;Abril Fatface||||||||&#8221; header_3_text_color=&#8221;#41485C&#8221; header_3_letter_spacing=&#8221;1px&#8221; header_3_line_height=&#8221;1.2em&#8221; header_4_font=&#8221;Open Sans||||||||&#8221; header_4_text_color=&#8221;#ffffff&#8221; header_4_font_size=&#8221;27px&#8221; header_4_line_height=&#8221;1.3em&#8221; header_5_font=&#8221;Abril Fatface||||||||&#8221; header_5_text_color=&#8221;#ffffff&#8221; header_5_font_size=&#8221;50px&#8221; header_5_letter_spacing=&#8221;1px&#8221; header_5_line_height=&#8221;1.2em&#8221; header_6_font=&#8221;Open Sans|600|||||||&#8221; header_6_text_align=&#8221;center&#8221; header_6_text_color=&#8221;#17181A&#8221; header_6_font_size=&#8221;16px&#8221; z_index=&#8221;0&#8243; custom_margin=&#8221;|185px||185px|false|true&#8221; custom_margin_tablet=&#8221;|25px||25px|false|true&#8221; custom_margin_phone=&#8221;|4px||4px|false|true&#8221; custom_margin_last_edited=&#8221;on|tablet&#8221; animation_direction=&#8221;bottom&#8221; text_font_size_tablet=&#8221;16px&#8221; text_font_size_phone=&#8221;20px&#8221; text_font_size_last_edited=&#8221;on|phone&#8221; link_font_size_tablet=&#8221;&#8221; link_font_size_phone=&#8221;&#8221; link_font_size_last_edited=&#8221;on|desktop&#8221; header_font_size_tablet=&#8221;80px&#8221; header_font_size_phone=&#8221;48px&#8221; header_font_size_last_edited=&#8221;on|tablet&#8221; header_2_font_size_tablet=&#8221;85px&#8221; header_2_font_size_phone=&#8221;56px&#8221; header_2_font_size_last_edited=&#8221;on|phone&#8221; header_2_letter_spacing_tablet=&#8221;0px&#8221; header_2_letter_spacing_phone=&#8221;&#8221; header_2_letter_spacing_last_edited=&#8221;on|desktop&#8221; header_2_line_height_tablet=&#8221;1.1em&#8221; header_2_line_height_phone=&#8221;1em&#8221; header_2_line_height_last_edited=&#8221;on|desktop&#8221; header_3_font_size_tablet=&#8221;20px&#8221; header_3_font_size_phone=&#8221;23px&#8221; header_3_font_size_last_edited=&#8221;on|phone&#8221; header_3_letter_spacing_tablet=&#8221;1px&#8221; header_3_letter_spacing_phone=&#8221;1px&#8221; header_3_letter_spacing_last_edited=&#8221;on|phone&#8221; header_3_line_height_tablet=&#8221;1em&#8221; header_3_line_height_phone=&#8221;1.2em&#8221; header_3_line_height_last_edited=&#8221;on|desktop&#8221; header_4_font_size_tablet=&#8221;24px&#8221; header_4_font_size_phone=&#8221;19px&#8221; header_4_font_size_last_edited=&#8221;on|tablet&#8221; header_5_font_size_tablet=&#8221;25px&#8221; header_5_font_size_phone=&#8221;22px&#8221; header_5_font_size_last_edited=&#8221;on|phone&#8221; header_6_font_size_tablet=&#8221;14px&#8221; header_6_font_size_phone=&#8221;12px&#8221; header_6_font_size_last_edited=&#8221;on|phone&#8221; global_colors_info=&#8221;{}&#8221;]<\/p>\n<p><span style=\"font-weight: 400;\"><\/span><\/p>\n<p><span style=\"font-weight: 400;\">Born in Berlin on September 2, 1913, the eldest daughter of a wealthy middle-class family<span id='easy-footnote-6-4673' class='easy-footnote-margin-adjust'><\/span><span class='easy-footnote'><a href='https:\/\/europeanmemories.net\/stories\/ventotene-80\/#easy-footnote-bottom-6-4673' title='&lt;\/span&gt;&lt;span style=&quot;font-weight: 400;&quot;&gt;His father Carl is a surgeon, her mother Hedwig Marcuse belongs to a family of bankers and lawyers originally from Frankfurt. Ursula has a brother and sister whose future will be, like hers, outside of Germany. His brother Otto Albert, born in Berlin on April 7, 1915, left Germany in 1933 immediately after Hitler came to power. First in Paris, then in London and Trieste; fighter in Spain and again in the south of France before emigrating to the United States in 1941. The surname became American and lost a final &lt;\/span&gt;&lt;i&gt;&lt;span style=&quot;font-weight: 400;&quot;&gt;n&lt;\/span&gt;&lt;\/i&gt;&lt;span style=&quot;font-weight: 400;&quot;&gt;. Economist in the trace of a Nobel Prize (never obtained), he has taught in the most prestigious North American universities such as Columbia, Yale, Harvard and Princeton. He died on December 11, 2012. The younger of the Hirschmann brothers, Eva Estelle, born in Berlin in 1920, after a few years in England and a short-lived marriage in the United States, moved to Italy in the late 1940s. She lived in Rome, as Mrs. Monteforte, until her death in February 2020&lt;\/span&gt;&lt;span style=&quot;font-weight: 400;&quot;&gt;.'><sup>6<\/sup><\/a><\/span><\/span><span style=\"font-weight: 400;\">, Ursula Hirschmann, not yet twenty, leaves her city to escape political and racial persecution.\u00a0 She will see Berlin again only in the 1950s; she will never live there ever again. Italy will be her home, Europe her homeland. Refined intellectual and persevering political activist, her history is inextricably linked to that of European federalism since the drafting and dissemination, at the beginning of the 1940s, of the <\/span><i><span style=\"font-weight: 400;\">Ventotene Manifesto.<\/span><\/i><span style=\"font-weight: 400;\">\u00a0<\/span><\/p>\n<p style=\"text-align: right;\"><span style=\"font-weight: 400;\"><br \/><\/span><span style=\"font-weight: 400;\"><\/span><\/p>\n<p>[\/et_pb_text][\/et_pb_column][\/et_pb_row][et_pb_row column_structure=&#8221;1_2,1_2&#8243; use_custom_gutter=&#8221;on&#8221; gutter_width=&#8221;1&#8243; make_equal=&#8221;on&#8221; custom_padding_last_edited=&#8221;on|phone&#8221; admin_label=&#8221;Coffee items&#8221; _builder_version=&#8221;4.16&#8243; custom_margin=&#8221;|||&#8221; custom_padding=&#8221;10px|0px|29px|0px|false|false&#8221; custom_padding_tablet=&#8221;25px||0px||false|false&#8221; custom_padding_phone=&#8221;||0px||false|false&#8221; locked=&#8221;off&#8221; global_colors_info=&#8221;{}&#8221;][et_pb_column type=&#8221;1_2&#8243; _builder_version=&#8221;4.16&#8243; custom_padding=&#8221;|||&#8221; global_colors_info=&#8221;{}&#8221; custom_padding__hover=&#8221;|||&#8221;][et_pb_image src=&#8221;https:\/\/europeanmemories.net\/stories\/wp-content\/uploads\/sites\/13\/2021\/09\/1.-Ursula-Hirschmann-portrait-European-Union.jpeg&#8221; title_text=&#8221;1. Ursula Hirschmann portrait (European Union)&#8221; align=&#8221;right&#8221; align_tablet=&#8221;center&#8221; align_phone=&#8221;&#8221; align_last_edited=&#8221;on|desktop&#8221; _builder_version=&#8221;4.16&#8243; custom_margin=&#8221;||15px||false|false&#8221; global_colors_info=&#8221;{}&#8221;][\/et_pb_image][\/et_pb_column][et_pb_column type=&#8221;1_2&#8243; _builder_version=&#8221;4.16&#8243; custom_padding=&#8221;|||&#8221; global_colors_info=&#8221;{}&#8221; custom_padding__hover=&#8221;|||&#8221;][et_pb_text content_tablet=&#8221;<\/p>\n<p style=%22text-align: center;%22><span class=%22media-metadata-value%22><strong><\/strong><span><span style=%22font-weight: 400;%22><strong><\/strong><\/span><span style=%22font-weight: 400;%22><strong><\/strong><\/span><span style=%22font-weight: 400;%22><strong>Portrait of Ursula Hirschmann<\/strong> <\/span><i><span style=%22font-weight: 400;%22><em>| \u00a9 European Union, 1995-2021<\/em><\/span><\/i><\/span><\/span><\/p>\n<\/p>\n<p class=%22page-section-title%22><span class=%22media-metadata-value%22><\/span><\/p>\n<p>&#8221; content_phone=&#8221;<\/p>\n<p class=%22page-section-title%22 style=%22text-align: center;%22><span class=%22media-metadata-value%22><strong><\/strong><span><span style=%22font-weight: 400;%22><strong><\/strong><\/span><span style=%22font-weight: 400;%22><strong><\/strong><\/span><span style=%22font-weight: 400;%22><strong>Portrait of Ursula Hirschmann<\/strong><\/span><i><span style=%22font-weight: 400;%22><em>| \u00a9 European Union, 1995-2021<\/em><\/span><\/i><\/span><\/span><\/p>\n<p class=%22page-section-title%22><span class=%22media-metadata-value%22><\/span><\/p>\n<p>&#8221; content_last_edited=&#8221;on|desktop&#8221; _builder_version=&#8221;4.16&#8243; text_font=&#8221;Open Sans||||||||&#8221; text_text_color=&#8221;#41485C&#8221; text_line_height=&#8221;1.5em&#8221; custom_margin=&#8221;|185px||20px|false|false&#8221; custom_margin_tablet=&#8221;|20px||20px|false|true&#8221; custom_margin_phone=&#8221;|10px||10px|false|true&#8221; custom_margin_last_edited=&#8221;on|phone&#8221; text_font_size_tablet=&#8221;12px&#8221; text_font_size_phone=&#8221;14px&#8221; text_font_size_last_edited=&#8221;on|phone&#8221; locked=&#8221;off&#8221; global_colors_info=&#8221;{}&#8221;]<\/p>\n<p><span style=\"font-weight: 400;\"><strong>Portrait of Ursula Hirschmann<\/strong><\/span><em><span style=\"font-weight: 400;\"><br \/>| \u00a9 European Union, 1995-2021<\/span><\/em><\/p>\n<p style=\"text-align: left;\"><em><span style=\"font-weight: 400;\">\u00a0<\/span><\/em><\/p>\n<p class=\"_4b3da m-b h4\" style=\"text-align: center;\"><span class=\"media-metadata-value\"><span><i><span style=\"font-weight: 400;\"><br \/><\/span><\/i><\/span><\/span><span class=\"media-metadata-value\"><\/span><\/p>\n<p>[\/et_pb_text][\/et_pb_column][\/et_pb_row][et_pb_row custom_padding_last_edited=&#8221;on|phone&#8221; admin_label=&#8221;Coffee items&#8221; _builder_version=&#8221;4.16&#8243; custom_margin=&#8221;|||&#8221; custom_padding=&#8221;40px|0px|51px|0px||&#8221; custom_padding_tablet=&#8221;||20px||false|false&#8221; custom_padding_phone=&#8221;||0px||false|false&#8221; locked=&#8221;off&#8221; global_colors_info=&#8221;{}&#8221;][et_pb_column type=&#8221;4_4&#8243; _builder_version=&#8221;4.16&#8243; custom_padding=&#8221;|||&#8221; global_colors_info=&#8221;{}&#8221; custom_padding__hover=&#8221;|||&#8221;][et_pb_text _builder_version=&#8221;4.16&#8243; text_font=&#8221;Open Sans||||||||&#8221; text_text_color=&#8221;#41485C&#8221; text_font_size=&#8221;20px&#8221; text_line_height=&#8221;1.5em&#8221; link_font=&#8221;|700|||||||&#8221; link_text_color=&#8221;#41485c&#8221; link_font_size=&#8221;13px&#8221; header_font=&#8221;Abril Fatface||||||||&#8221; header_text_color=&#8221;rgba(255,255,255,0.5)&#8221; header_font_size=&#8221;100px&#8221; header_letter_spacing=&#8221;-1px&#8221; header_line_height=&#8221;0em&#8221; header_2_font=&#8221;Open Sans|600|||||||&#8221; header_2_text_color=&#8221;#17181A&#8221; header_2_font_size=&#8221;120px&#8221; header_2_letter_spacing=&#8221;1px&#8221; header_2_line_height=&#8221;1.2em&#8221; header_3_font=&#8221;Abril Fatface||||||||&#8221; header_3_text_color=&#8221;#5C7F87&#8243; header_3_font_size=&#8221;30px&#8221; header_3_letter_spacing=&#8221;1px&#8221; header_4_font=&#8221;Open Sans||||||||&#8221; header_4_text_color=&#8221;#ffffff&#8221; header_4_font_size=&#8221;27px&#8221; header_4_line_height=&#8221;1.3em&#8221; header_5_font=&#8221;Abril Fatface||||||||&#8221; header_5_text_color=&#8221;#ffffff&#8221; header_5_font_size=&#8221;50px&#8221; header_5_letter_spacing=&#8221;1px&#8221; header_5_line_height=&#8221;1.2em&#8221; header_6_font=&#8221;Open Sans|600|||||||&#8221; header_6_text_align=&#8221;center&#8221; header_6_text_color=&#8221;#17181A&#8221; header_6_font_size=&#8221;16px&#8221; z_index=&#8221;0&#8243; custom_margin=&#8221;|186px||186px|false|true&#8221; custom_margin_tablet=&#8221;|25px||25px|false|true&#8221; custom_margin_phone=&#8221;|4px||4px|false|true&#8221; custom_margin_last_edited=&#8221;on|tablet&#8221; animation_direction=&#8221;bottom&#8221; text_font_size_tablet=&#8221;16px&#8221; text_font_size_phone=&#8221;20px&#8221; text_font_size_last_edited=&#8221;on|phone&#8221; header_font_size_tablet=&#8221;80px&#8221; header_font_size_phone=&#8221;48px&#8221; header_font_size_last_edited=&#8221;on|tablet&#8221; header_2_font_size_tablet=&#8221;85px&#8221; header_2_font_size_phone=&#8221;56px&#8221; header_2_font_size_last_edited=&#8221;on|phone&#8221; header_2_letter_spacing_tablet=&#8221;0px&#8221; header_2_letter_spacing_phone=&#8221;&#8221; header_2_letter_spacing_last_edited=&#8221;on|desktop&#8221; header_2_line_height_tablet=&#8221;1.1em&#8221; header_2_line_height_phone=&#8221;1em&#8221; header_2_line_height_last_edited=&#8221;on|desktop&#8221; header_3_font_size_tablet=&#8221;25px&#8221; header_3_font_size_phone=&#8221;20px&#8221; header_3_font_size_last_edited=&#8221;on|phone&#8221; header_3_letter_spacing_tablet=&#8221;1px&#8221; header_3_letter_spacing_phone=&#8221;1px&#8221; header_3_letter_spacing_last_edited=&#8221;on|phone&#8221; header_3_line_height_tablet=&#8221;1em&#8221; header_3_line_height_phone=&#8221;1em&#8221; header_3_line_height_last_edited=&#8221;on|phone&#8221; header_4_font_size_tablet=&#8221;24px&#8221; header_4_font_size_phone=&#8221;19px&#8221; header_4_font_size_last_edited=&#8221;on|tablet&#8221; header_5_font_size_tablet=&#8221;25px&#8221; header_5_font_size_phone=&#8221;22px&#8221; header_5_font_size_last_edited=&#8221;on|phone&#8221; header_6_font_size_tablet=&#8221;14px&#8221; header_6_font_size_phone=&#8221;12px&#8221; header_6_font_size_last_edited=&#8221;on|phone&#8221; global_colors_info=&#8221;{}&#8221;]<\/p>\n<p><span style=\"font-weight: 400;\">For the realization of the European federation Ursula fought all her life, even in those times of crisis, economic or political, in which the idea of a united Europe has not been particularly popular. The commitment is up to the end of her days: when Ursula Hirschmann died at the age of seventy-eight, in 1991, she held the position of president of the Roman section of the European Federalist Movement.\u00a0<\/span><\/p>\n<p><span style=\"font-weight: 400;\">So much conviction in a project can only be explained by starting from the beginnings of Ursula Hirschmann&#8217;s political commitment. It is in Berlin in the 1930s, between the Weimar Republic and the rise of National Socialism, that little more than a teenager, Ursula approaches politics by enrolling with her brother Otto Albert at <\/span><i><span style=\"font-weight: 400;\">Sozialistische Arbeiter-Jugend<\/span><\/i><span style=\"font-weight: 400;\">, the organization youth of the German Social Democratic Party (SPD). The weakening of democracy, the now evident social contrasts, the spread of violence, the obstinate blindness and political inactivity of the liberal bourgeoisie also demand action from the young. Ursula and Otto do not hesitate. The Socialist Youth is, above all, a discussion group but it still gives the young woman the opportunity to witness firsthand the internal political debate of the SPD &#8211; and of the left in general &#8211; at a time when left-wing parties, displaced by events, are looking for establishing a course of action (which will later be &#8220;inaction&#8221;) to counter National Socialism. In June 1933, the arrest of a friend and comrade in struggle of the Hirschmann brothers by the Gestapo and the discovery of a notebook with the names of the members of the Social Democratic youth gave Ursula the idea of leaving Germany for a while. Destination Paris. In her escape, which took place in July, Ursula is accompanied by a young Communist friend from university with whom she will share, in love, the first months of her stay in Paris. The young woman lives expatriation with the romantic unconsciousness typical of her young age, perhaps because she is in love, or simply because she is sure of returning to Berlin soon, convinced of what the left party was preaching, &#8220;that Hitler would not last long&#8221; <span id='easy-footnote-7-4673' class='easy-footnote-margin-adjust'><\/span><span class='easy-footnote'><a href='https:\/\/europeanmemories.net\/stories\/ventotene-80\/#easy-footnote-bottom-7-4673' title='U. Hirschmann, &lt;i&gt;Noi senzapatria&lt;\/i&gt;, Bologna, Il Mulino, p. 107.'><sup>7<\/sup><\/a><\/span><\/span><span style=\"font-weight: 400;\">. On the other hand, that step out of Germany will be irreversible. 1933 is the year in which Hitler&#8217;s grim racial policy takes shape with the promulgation of the first racial laws and Ursula&#8217;s mother, worried, invites her two expatriate children not to return to Germany.<\/span><\/p>\n<p><span style=\"font-weight: 400;\">In Paris, Ursula spends time with anti-fascist and anti-Nazi exiles; she turns away disappointed from social democracy; she approaches the Communists, taking distance from them, as well as criticize them. After two years, in search of truth and political clarification, she wrote to a friend from the time spent in Berlin, a young Italian philosopher she met in the winter of 1932 <span id='easy-footnote-8-4673' class='easy-footnote-margin-adjust'><\/span><span class='easy-footnote'><a href='https:\/\/europeanmemories.net\/stories\/ventotene-80\/#easy-footnote-bottom-8-4673' title='The friendship between Ursula and Eugenio had started by chance in Berlin, in the autumn of 1932, among the silent stalls of the &lt;i&gt;Staatsbibliothek&lt;\/i&gt; where Ursula, recently enrolled in the philology faculty of the &lt;i&gt;Friedrich-Wilhelms-Universit\u00e4t&lt;\/i&gt; in Berlin, went to study Hegel, and Eugenio, a brilliant philosopher with a promising future, trained at the Royal University of Milan following the wise teachings of professors Giuseppe Antonio Borgese and Piero Martinetti, deepened his research on Leibniz.\u00a0.'><sup>8<\/sup><\/a><\/span><\/span><span style=\"font-weight: 400;\">, Eugenio Colorni.\u00a0<\/span><\/p>\n<p><span style=\"font-weight: 400;\">Eugenio invites the young woman for a short vacation in Trieste, where he lives and works as a philosophy teacher in a teaching institute. The friendship there in Trieste, in that spring of 1935, turns into love and at the end of December of the same year, in Milan, Ursula becomes Mrs. Colorni. Eugenio, militant anti-fascist, director of the Socialist Internal Center, was arrested on September 8, 1938. However, there is no evidence to support the hypothesis of Mrs. Colorni&#8217;s actual involvement in her husband&#8217;s anti-fascist activities, therefore Ursula is not prosecuted, and when Eugenio, after four months in prison between Varese and Trieste, is sentenced to five years of confinement to be done on the Ventotene island, Ursula was given the permission to follow her husband on the island, since she was as a foreigner with a small child <span id='easy-footnote-9-4673' class='easy-footnote-margin-adjust'><\/span><span class='easy-footnote'><a href='https:\/\/europeanmemories.net\/stories\/ventotene-80\/#easy-footnote-bottom-9-4673' title='\u00a0Silvia, the eldest, born in Trieste on April 2, 1937.'><sup>9<\/sup><\/a><\/span><\/span><span style=\"font-weight: 400;\"> and without any family support.\u00a0<\/span><\/p>\n<p>[\/et_pb_text][\/et_pb_column][\/et_pb_row][et_pb_row custom_padding_last_edited=&#8221;on|phone&#8221; admin_label=&#8221;Coffee items&#8221; _builder_version=&#8221;4.16&#8243; custom_margin=&#8221;|||&#8221; custom_padding=&#8221;10px|0px|0px|0px|false|false&#8221; custom_padding_tablet=&#8221;25px||0px||false|false&#8221; custom_padding_phone=&#8221;||0px||false|false&#8221; locked=&#8221;off&#8221; global_colors_info=&#8221;{}&#8221;][et_pb_column type=&#8221;4_4&#8243; _builder_version=&#8221;4.16&#8243; custom_padding=&#8221;|||&#8221; global_colors_info=&#8221;{}&#8221; custom_padding__hover=&#8221;|||&#8221;][et_pb_image src=&#8221;https:\/\/europeanmemories.net\/stories\/wp-content\/uploads\/sites\/13\/2021\/09\/Ventotene-1940-Colorni-e-Ursula-con-le-figlie-Silvia-e-Renata.jpeg&#8221; title_text=&#8221;Ventotene-1940-Colorni-e-Ursula-con-le-figlie-Silvia-e-Renata&#8221; align=&#8221;center&#8221; _builder_version=&#8221;4.16&#8243; custom_margin=&#8221;||15px||false|false&#8221; global_colors_info=&#8221;{}&#8221;][\/et_pb_image][et_pb_text content_tablet=&#8221;<\/p>\n<p style=%22text-align: center;%22><span class=%22media-metadata-value%22><strong><\/strong><span><span style=%22font-weight: 400;%22><strong><\/strong><\/span><span style=%22font-weight: 400;%22><strong>Ursula Hirschmann portrait<\/strong> <\/span><i><span style=%22font-weight: 400;%22><em>| \u00a9 European Union, 1995-2021<\/em><\/span><\/i><\/span><\/span><\/p>\n<\/p>\n<p class=%22page-section-title%22><span class=%22media-metadata-value%22><\/span><\/p>\n<p>&#8221; content_phone=&#8221;<\/p>\n<p class=%22page-section-title%22 style=%22text-align: center;%22><span class=%22media-metadata-value%22><strong><\/strong><span><span style=%22font-weight: 400;%22><strong><\/strong><\/span><span style=%22font-weight: 400;%22><strong>Ursula Hirschmann portrait<\/strong> <\/span><i><span style=%22font-weight: 400;%22><em>| \u00a9 European Union, 1995-2021<\/em><\/span><\/i><\/span><\/span><\/p>\n<p class=%22page-section-title%22><span class=%22media-metadata-value%22><\/span><\/p>\n<p>&#8221; content_last_edited=&#8221;off|desktop&#8221; _builder_version=&#8221;4.16&#8243; text_font=&#8221;Open Sans||||||||&#8221; text_text_color=&#8221;#41485C&#8221; text_line_height=&#8221;1.5em&#8221; custom_margin=&#8221;|185px||185px|false|false&#8221; custom_margin_tablet=&#8221;|20px||20px|false|true&#8221; custom_margin_phone=&#8221;|10px||10px|false|true&#8221; custom_margin_last_edited=&#8221;on|desktop&#8221; custom_padding=&#8221;||||false|true&#8221; custom_padding_tablet=&#8221;&#8221; custom_padding_phone=&#8221;&#8221; custom_padding_last_edited=&#8221;on|desktop&#8221; text_font_size_tablet=&#8221;12px&#8221; text_font_size_phone=&#8221;14px&#8221; text_font_size_last_edited=&#8221;on|phone&#8221; locked=&#8221;off&#8221; global_colors_info=&#8221;{}&#8221;]<\/p>\n<p style=\"text-align: center;\"><span style=\"font-weight: 400;\"><strong><\/strong><\/span><strong>Colorni and Ursula with their daughters Silvia and Renata. Ventotene,1940<\/strong> |\u00a0\u00a9\u00a0 <em>Fondazione Rossi-Salvemini.<\/em><\/p>\n<p class=\"_4b3da m-b h4\" style=\"text-align: center;\"><span class=\"media-metadata-value\"><span><i><span style=\"font-weight: 400;\"><br \/><\/span><\/i><\/span><\/span><span class=\"media-metadata-value\"><\/span><\/p>\n<p>[\/et_pb_text][\/et_pb_column][\/et_pb_row][et_pb_row custom_padding_last_edited=&#8221;on|phone&#8221; admin_label=&#8221;Coffee items&#8221; _builder_version=&#8221;4.16&#8243; custom_margin=&#8221;|||&#8221; custom_padding=&#8221;40px|0px|100px|0px||&#8221; custom_padding_tablet=&#8221;||100px||false|false&#8221; custom_padding_phone=&#8221;||100px||false|false&#8221; locked=&#8221;off&#8221; global_colors_info=&#8221;{}&#8221;][et_pb_column type=&#8221;4_4&#8243; _builder_version=&#8221;4.16&#8243; custom_padding=&#8221;|||&#8221; global_colors_info=&#8221;{}&#8221; custom_padding__hover=&#8221;|||&#8221;][et_pb_text _builder_version=&#8221;4.16&#8243; text_font=&#8221;Open Sans||||||||&#8221; text_text_color=&#8221;#17181A&#8221; text_font_size=&#8221;20px&#8221; text_line_height=&#8221;1.5em&#8221; link_font=&#8221;|700|||||||&#8221; link_text_color=&#8221;#41485C&#8221; link_font_size=&#8221;13px&#8221; header_font=&#8221;Abril Fatface||||||||&#8221; header_text_color=&#8221;rgba(255,255,255,0.5)&#8221; header_font_size=&#8221;100px&#8221; header_letter_spacing=&#8221;-1px&#8221; header_line_height=&#8221;0em&#8221; header_2_font=&#8221;Open Sans|600|||||||&#8221; header_2_text_color=&#8221;#17181A&#8221; header_2_font_size=&#8221;120px&#8221; header_2_letter_spacing=&#8221;1px&#8221; header_2_line_height=&#8221;1.2em&#8221; header_3_font=&#8221;Abril Fatface||||||||&#8221; header_3_text_color=&#8221;#5C7F87&#8243; header_3_font_size=&#8221;30px&#8221; header_3_letter_spacing=&#8221;1px&#8221; header_4_font=&#8221;Open Sans||||||||&#8221; header_4_text_color=&#8221;#ffffff&#8221; header_4_font_size=&#8221;27px&#8221; header_4_line_height=&#8221;1.3em&#8221; header_5_font=&#8221;Abril Fatface||||||||&#8221; header_5_text_color=&#8221;#ffffff&#8221; header_5_font_size=&#8221;50px&#8221; header_5_letter_spacing=&#8221;1px&#8221; header_5_line_height=&#8221;1.2em&#8221; header_6_font=&#8221;Open Sans|600|||||||&#8221; header_6_text_align=&#8221;center&#8221; header_6_text_color=&#8221;#17181A&#8221; header_6_font_size=&#8221;16px&#8221; z_index=&#8221;0&#8243; custom_margin=&#8221;|185px||185px|false|true&#8221; custom_margin_tablet=&#8221;|25px||25px|false|true&#8221; custom_margin_phone=&#8221;|4px||4px|false|true&#8221; custom_margin_last_edited=&#8221;on|tablet&#8221; animation_direction=&#8221;bottom&#8221; text_font_size_tablet=&#8221;16px&#8221; text_font_size_phone=&#8221;20px&#8221; text_font_size_last_edited=&#8221;on|phone&#8221; header_font_size_tablet=&#8221;80px&#8221; header_font_size_phone=&#8221;48px&#8221; header_font_size_last_edited=&#8221;on|tablet&#8221; header_2_font_size_tablet=&#8221;85px&#8221; header_2_font_size_phone=&#8221;56px&#8221; header_2_font_size_last_edited=&#8221;on|phone&#8221; header_2_letter_spacing_tablet=&#8221;0px&#8221; header_2_letter_spacing_phone=&#8221;&#8221; header_2_letter_spacing_last_edited=&#8221;on|desktop&#8221; header_2_line_height_tablet=&#8221;1.1em&#8221; header_2_line_height_phone=&#8221;1em&#8221; header_2_line_height_last_edited=&#8221;on|desktop&#8221; header_3_font_size_tablet=&#8221;25px&#8221; header_3_font_size_phone=&#8221;20px&#8221; header_3_font_size_last_edited=&#8221;on|phone&#8221; header_3_letter_spacing_tablet=&#8221;1px&#8221; header_3_letter_spacing_phone=&#8221;1px&#8221; header_3_letter_spacing_last_edited=&#8221;on|phone&#8221; header_3_line_height_tablet=&#8221;1em&#8221; header_3_line_height_phone=&#8221;1em&#8221; header_3_line_height_last_edited=&#8221;on|phone&#8221; header_4_font_size_tablet=&#8221;24px&#8221; header_4_font_size_phone=&#8221;19px&#8221; header_4_font_size_last_edited=&#8221;on|tablet&#8221; header_5_font_size_tablet=&#8221;25px&#8221; header_5_font_size_phone=&#8221;22px&#8221; header_5_font_size_last_edited=&#8221;on|phone&#8221; header_6_font_size_tablet=&#8221;14px&#8221; header_6_font_size_phone=&#8221;12px&#8221; header_6_font_size_last_edited=&#8221;on|phone&#8221; global_colors_info=&#8221;{}&#8221;]<\/p>\n<p><span style=\"font-weight: 400;\">Ursula settled permanently in Ventotene at the beginning of July 1939, determined to bring the family unit back together. The other two daughters of the couple, Renata and Eva, are conceived in Ventotene. But, above all, in Ventotene, Ursula&#8217;s anxiety for political action finds a concrete and definitive form through which to express herself.\u00a0<\/span><\/p>\n<p><span style=\"font-weight: 400;\">In the Pontine islet some intellectuals meeting &#8220;recognize each other&#8221;, to use the words of one of them, Altiero Spinelli. Ernesto Rossi, Altiero Spinelli, Eugenio Colorni, Ursula Hirschmann, sporadically Ada Rossi (Ernesto&#8217;s wife), who lives in Bergamo and arrives on the island only for a visit, and very few other confined compare ideas, experiences, ambitions and their vision of the world. From the encounter, sometimes clash, of this intelligence comes what has gone down in history as the <\/span><i><span style=\"font-weight: 400;\">Ventotene Manifesto<\/span><\/i><span style=\"font-weight: 400;\">, the programmatic document of European federalism of Italian origin. A main basic idea: the overcome of national sovereign states and the creation of a European federation as the only possible form of peaceful coexistence in Europe.<\/span><\/p>\n<p><span style=\"font-weight: 400;\">For the realization of this ideal, a true European unity, Ursula begins to fight immediately. Benefiting from fewer restrictions on movement, the young woman manages to bring the Manifesto to the <\/span><i><span style=\"font-weight: 400;\">continent<\/span><\/i><span style=\"font-weight: 400;\"> transcribed on small cigarette papers hidden in the fur pillowcase, and to spread it. Ada Rossi also plays the same role, as well as Altiero&#8217;s sisters. In 1941-1942 these women began a work of proselytism &#8211; which continued in geometric progression &#8211; thanks to which it was possible to organize a meeting of the neo-federalists immediately after the fall of fascism in a few weeks. The meeting was held at the end of August 1943 in Milan, in the home of the Rollier couple. It is the birth of the European Federalist Movement.<\/span><\/p>\n<p><span style=\"font-weight: 400;\">The meeting has another value for Ursula. The marriage with Eugenio ended some time ago and in the Rollier home Ursula sees Altiero after two years <span id='easy-footnote-10-4673' class='easy-footnote-margin-adjust'><\/span><span class='easy-footnote'><a href='https:\/\/europeanmemories.net\/stories\/ventotene-80\/#easy-footnote-bottom-10-4673' title='Eugenio Colorni, after the birth of his third daughter, asked and obtained the transfer to a place of confinement in the \u00abmainland\u00bb. Mr and Mrs Colorni left Ventotene on October 1941. '><sup>10<\/sup><\/a><\/span><\/span><span style=\"font-weight: 400;\">. Since then, they will never break up. They will be companions in life and in struggle; a solid, affectionate, passionate couple, intellectually and politically complicit. Together, they will fight the thousand federalist battles inside and outside the MFE. <\/span><\/p>\n<p>[\/et_pb_text][et_pb_text _builder_version=&#8221;4.16&#8243; text_font=&#8221;Open Sans||||||||&#8221; text_text_color=&#8221;#17181A&#8221; text_font_size=&#8221;20px&#8221; text_line_height=&#8221;1.5em&#8221; link_font=&#8221;|700|||||||&#8221; link_text_color=&#8221;#ED8989&#8243; header_font=&#8221;Abril Fatface||||||||&#8221; header_text_color=&#8221;rgba(255,255,255,0.5)&#8221; header_font_size=&#8221;100px&#8221; header_letter_spacing=&#8221;-1px&#8221; header_line_height=&#8221;0em&#8221; header_2_font=&#8221;Open Sans|600|||||||&#8221; header_2_text_color=&#8221;#17181A&#8221; header_2_font_size=&#8221;120px&#8221; header_2_letter_spacing=&#8221;1px&#8221; header_2_line_height=&#8221;1.2em&#8221; header_3_font=&#8221;Abril Fatface||||||||&#8221; header_3_text_color=&#8221;#5C7F87&#8243; header_3_font_size=&#8221;30px&#8221; header_3_letter_spacing=&#8221;1px&#8221; header_4_font=&#8221;Open Sans||||||||&#8221; header_4_text_color=&#8221;#ffffff&#8221; header_4_font_size=&#8221;27px&#8221; header_4_line_height=&#8221;1.3em&#8221; header_5_font=&#8221;Abril Fatface||||||||&#8221; header_5_text_color=&#8221;#ffffff&#8221; header_5_font_size=&#8221;50px&#8221; header_5_letter_spacing=&#8221;1px&#8221; header_5_line_height=&#8221;1.2em&#8221; header_6_font=&#8221;Open Sans|600|||||||&#8221; header_6_text_align=&#8221;center&#8221; header_6_text_color=&#8221;#17181A&#8221; header_6_font_size=&#8221;16px&#8221; z_index=&#8221;0&#8243; custom_margin=&#8221;|185px||185px|false|true&#8221; custom_margin_tablet=&#8221;|25px||25px|false|true&#8221; custom_margin_phone=&#8221;|4px||4px|false|true&#8221; custom_margin_last_edited=&#8221;on|tablet&#8221; animation_direction=&#8221;bottom&#8221; text_font_size_tablet=&#8221;16px&#8221; text_font_size_phone=&#8221;20px&#8221; text_font_size_last_edited=&#8221;on|phone&#8221; header_font_size_tablet=&#8221;80px&#8221; header_font_size_phone=&#8221;48px&#8221; header_font_size_last_edited=&#8221;on|tablet&#8221; header_2_font_size_tablet=&#8221;85px&#8221; header_2_font_size_phone=&#8221;56px&#8221; header_2_font_size_last_edited=&#8221;on|phone&#8221; header_2_letter_spacing_tablet=&#8221;0px&#8221; header_2_letter_spacing_phone=&#8221;&#8221; header_2_letter_spacing_last_edited=&#8221;on|desktop&#8221; header_2_line_height_tablet=&#8221;1.1em&#8221; header_2_line_height_phone=&#8221;1em&#8221; header_2_line_height_last_edited=&#8221;on|desktop&#8221; header_3_font_size_tablet=&#8221;25px&#8221; header_3_font_size_phone=&#8221;20px&#8221; header_3_font_size_last_edited=&#8221;on|phone&#8221; header_3_letter_spacing_tablet=&#8221;1px&#8221; header_3_letter_spacing_phone=&#8221;1px&#8221; header_3_letter_spacing_last_edited=&#8221;on|phone&#8221; header_3_line_height_tablet=&#8221;1em&#8221; header_3_line_height_phone=&#8221;1em&#8221; header_3_line_height_last_edited=&#8221;on|phone&#8221; header_4_font_size_tablet=&#8221;24px&#8221; header_4_font_size_phone=&#8221;19px&#8221; header_4_font_size_last_edited=&#8221;on|tablet&#8221; header_5_font_size_tablet=&#8221;25px&#8221; header_5_font_size_phone=&#8221;22px&#8221; header_5_font_size_last_edited=&#8221;on|phone&#8221; header_6_font_size_tablet=&#8221;14px&#8221; header_6_font_size_phone=&#8221;12px&#8221; header_6_font_size_last_edited=&#8221;on|phone&#8221; global_colors_info=&#8221;{}&#8221;]<\/p>\n<p><span style=\"font-weight: 400;\">So, the key to understanding the solidity of Ursula Hirschmann&#8217;s pro-European commitment lies perhaps in that summer day in 1933: in the estrangement from Germany, in not returning there and in the inevitable gradual loss of her own national identity. Here is how Ursula herself talks about it in her autobiography, with the explanatory title <\/span><a href=\"https:\/\/www.mulino.it\/isbn\/9788815032614?forcedLocale=it&amp;fbrefresh=CAN_BE_ANYTHING\"><i><span style=\"font-weight: 400;\">Noi senzapatria<\/span><\/i><\/a><span style=\"font-weight: 400;\">:<\/span><span style=\"font-weight: 400;\">\u00a0\u00a0\u00a0 <\/span><span style=\"font-weight: 400;\"> \u00a0 <\/span><span style=\"font-weight: 400;\">\u00a0\u00a0\u00a0 <\/span><\/p>\n<p style=\"padding-left: 40px;\"><span style=\"font-weight: 400;\">[\u2026] I am not Italian although I have Italian children, I am not German although Germany was once my homeland. And I am not even Jewish, although it is pure chance that I was not arrested and then burned in one of the ovens of some extermination camp [&#8230;] We <\/span><i><span style=\"font-weight: 400;\">d\u00e9racin\u00e9s<\/span><\/i><span style=\"font-weight: 400;\"> of Europe that we have &#8220;changed borders more times than shoes&#8221; &#8211; as Brecht says, this king of <\/span><i><span style=\"font-weight: 400;\">d\u00e9racin\u00e9s<\/span><\/i><span style=\"font-weight: 400;\"> &#8211; we too have nothing to lose but our chains in a united Europe and therefore we are federalists.<\/span><\/p>\n<p>[\/et_pb_text][et_pb_text _builder_version=&#8221;4.16&#8243; text_font=&#8221;Open Sans||||||||&#8221; text_text_color=&#8221;#17181A&#8221; text_font_size=&#8221;20px&#8221; text_line_height=&#8221;1.5em&#8221; link_font=&#8221;|700|||||||&#8221; link_text_color=&#8221;#41485C&#8221; link_font_size=&#8221;13px&#8221; header_font=&#8221;Abril Fatface||||||||&#8221; header_text_color=&#8221;rgba(255,255,255,0.5)&#8221; header_font_size=&#8221;100px&#8221; header_letter_spacing=&#8221;-1px&#8221; header_line_height=&#8221;0em&#8221; header_2_font=&#8221;Open Sans|600|||||||&#8221; header_2_text_color=&#8221;#17181A&#8221; header_2_font_size=&#8221;120px&#8221; header_2_letter_spacing=&#8221;1px&#8221; header_2_line_height=&#8221;1.2em&#8221; header_3_font=&#8221;Abril Fatface||||||||&#8221; header_3_text_color=&#8221;#5C7F87&#8243; header_3_font_size=&#8221;30px&#8221; header_3_letter_spacing=&#8221;1px&#8221; header_4_font=&#8221;Open Sans||||||||&#8221; header_4_text_color=&#8221;#ffffff&#8221; header_4_font_size=&#8221;27px&#8221; header_4_line_height=&#8221;1.3em&#8221; header_5_font=&#8221;Abril Fatface||||||||&#8221; header_5_text_color=&#8221;#ffffff&#8221; header_5_font_size=&#8221;50px&#8221; header_5_letter_spacing=&#8221;1px&#8221; header_5_line_height=&#8221;1.2em&#8221; header_6_font=&#8221;Open Sans|600|||||||&#8221; header_6_text_align=&#8221;center&#8221; header_6_text_color=&#8221;#17181A&#8221; header_6_font_size=&#8221;16px&#8221; z_index=&#8221;0&#8243; custom_margin=&#8221;|185px||185px|false|true&#8221; custom_margin_tablet=&#8221;|25px||25px|false|true&#8221; custom_margin_phone=&#8221;|4px||4px|false|true&#8221; custom_margin_last_edited=&#8221;on|tablet&#8221; animation_direction=&#8221;bottom&#8221; text_font_size_tablet=&#8221;16px&#8221; text_font_size_phone=&#8221;20px&#8221; text_font_size_last_edited=&#8221;on|phone&#8221; header_font_size_tablet=&#8221;80px&#8221; header_font_size_phone=&#8221;48px&#8221; header_font_size_last_edited=&#8221;on|tablet&#8221; header_2_font_size_tablet=&#8221;85px&#8221; header_2_font_size_phone=&#8221;56px&#8221; header_2_font_size_last_edited=&#8221;on|phone&#8221; header_2_letter_spacing_tablet=&#8221;0px&#8221; header_2_letter_spacing_phone=&#8221;&#8221; header_2_letter_spacing_last_edited=&#8221;on|desktop&#8221; header_2_line_height_tablet=&#8221;1.1em&#8221; header_2_line_height_phone=&#8221;1em&#8221; header_2_line_height_last_edited=&#8221;on|desktop&#8221; header_3_font_size_tablet=&#8221;25px&#8221; header_3_font_size_phone=&#8221;20px&#8221; header_3_font_size_last_edited=&#8221;on|phone&#8221; header_3_letter_spacing_tablet=&#8221;1px&#8221; header_3_letter_spacing_phone=&#8221;1px&#8221; header_3_letter_spacing_last_edited=&#8221;on|phone&#8221; header_3_line_height_tablet=&#8221;1em&#8221; header_3_line_height_phone=&#8221;1em&#8221; header_3_line_height_last_edited=&#8221;on|phone&#8221; header_4_font_size_tablet=&#8221;24px&#8221; header_4_font_size_phone=&#8221;19px&#8221; header_4_font_size_last_edited=&#8221;on|tablet&#8221; header_5_font_size_tablet=&#8221;25px&#8221; header_5_font_size_phone=&#8221;22px&#8221; header_5_font_size_last_edited=&#8221;on|phone&#8221; header_6_font_size_tablet=&#8221;14px&#8221; header_6_font_size_phone=&#8221;12px&#8221; header_6_font_size_last_edited=&#8221;on|phone&#8221; locked=&#8221;off&#8221; global_colors_info=&#8221;{}&#8221;]<\/p>\n<p><span style=\"font-weight: 400;\">The lack of roots, the absence of a homeland, the rejection of any form of nationalism and of any race as a dividing line between men: over the years, the national belonging theme cannot but weave together in Ursula with the most delicate reflection on what it means for her to be Jewish. In an exchange of letters with Natalia Ginzburg<\/span><span style=\"font-weight: 400;\"> <span id='easy-footnote-11-4673' class='easy-footnote-margin-adjust'><\/span><span class='easy-footnote'><a href='https:\/\/europeanmemories.net\/stories\/ventotene-80\/#easy-footnote-bottom-11-4673' title='Natalia Levi was a leading writer in twentieth century Italian literature, born in Palermo on July 14, 1916, from a Jewish family of Trieste origin. In 1938 she married Leone Ginzburg (with whose surname he would later sign all his works), university professor of Russian literature, a well-known anti-fascist who, like Colorni with whom he was a companion in struggle, paid with his life his commitment in the Resistance. Like Ursula, Natalia also lives the experience of confinement (in Pizzoli, Abruzzo, from 1940 to 1943) as the wife of an anti-fascist with the aggravating circumstance of the racial reason. The 1970s were the years of a renewed political commitment that culminated in the election to Parliament as an independent on the PCI list. She died in Rome on the night between October 6 and 7, 1991.'><sup>11<\/sup><\/a><\/span> in the first half of the 1970s, Ursula Hirschmann tackles the subject with the intellectual honesty and incisiveness that are her own, clarifying that her connection with Judaism is neither of religion nor of race, but it is the feeling of being a &#8220;stray&#8221;, proud of being one. These are the weeks following the Munich massacre by &#8220;Black September&#8221; and Ursula, in the fervor of the debate that ensues, does not hesitate to firmly reaffirm her lifelong belief: not to be able to accept any nationalism, not even that as a Jew of Israel, certain that &#8220;even in Israel it will bear the poisoned fruits it has given everywhere: conspicuous successes, less conspicuous but deep wounds, a spirit of revenge, revenge and so on until new genocides&#8221; <span id='easy-footnote-12-4673' class='easy-footnote-margin-adjust'><\/span><span class='easy-footnote'><a href='https:\/\/europeanmemories.net\/stories\/ventotene-80\/#easy-footnote-bottom-12-4673' title='Letter from U. Hirschmann to Natalia Ginzburg, sl [in Brussels], [October] 1972. The text of this letter becomes part of an article, &lt;i&gt;Jews before Israel, &lt;\/i&gt;published in &amp;#8220;Il Globo&amp;#8221; on December 6, 1972. '><sup>12<\/sup><\/a><\/span><\/span><span style=\"font-weight: 400;\">.<\/span><span style=\"font-weight: 400;\">\u00a0<\/span><\/p>\n<p>[\/et_pb_text][et_pb_text _builder_version=&#8221;4.16&#8243; text_font=&#8221;Open Sans||||||||&#8221; text_text_color=&#8221;#17181A&#8221; text_font_size=&#8221;20px&#8221; text_line_height=&#8221;1.5em&#8221; link_font=&#8221;|700|||||||&#8221; link_text_color=&#8221;#41485C&#8221; link_font_size=&#8221;13px&#8221; header_font=&#8221;Abril Fatface||||||||&#8221; header_text_color=&#8221;rgba(255,255,255,0.5)&#8221; header_font_size=&#8221;100px&#8221; header_letter_spacing=&#8221;-1px&#8221; header_line_height=&#8221;0em&#8221; header_2_font=&#8221;Open Sans|600|||||||&#8221; header_2_text_color=&#8221;#17181A&#8221; header_2_font_size=&#8221;120px&#8221; header_2_letter_spacing=&#8221;1px&#8221; header_2_line_height=&#8221;1.2em&#8221; header_3_font=&#8221;Abril Fatface||||||||&#8221; header_3_text_color=&#8221;#5C7F87&#8243; header_3_font_size=&#8221;30px&#8221; header_3_letter_spacing=&#8221;1px&#8221; header_4_font=&#8221;Open Sans||||||||&#8221; header_4_text_color=&#8221;#ffffff&#8221; header_4_font_size=&#8221;27px&#8221; header_4_line_height=&#8221;1.3em&#8221; header_5_font=&#8221;Abril Fatface||||||||&#8221; header_5_text_color=&#8221;#ffffff&#8221; header_5_font_size=&#8221;50px&#8221; header_5_letter_spacing=&#8221;1px&#8221; header_5_line_height=&#8221;1.2em&#8221; header_6_font=&#8221;Open Sans|600|||||||&#8221; header_6_text_align=&#8221;center&#8221; header_6_text_color=&#8221;#17181A&#8221; header_6_font_size=&#8221;16px&#8221; z_index=&#8221;0&#8243; custom_margin=&#8221;|185px||185px|false|true&#8221; custom_margin_tablet=&#8221;|25px||25px|false|true&#8221; custom_margin_phone=&#8221;|4px||4px|false|true&#8221; custom_margin_last_edited=&#8221;on|tablet&#8221; animation_direction=&#8221;bottom&#8221; text_font_size_tablet=&#8221;16px&#8221; text_font_size_phone=&#8221;20px&#8221; text_font_size_last_edited=&#8221;on|phone&#8221; header_font_size_tablet=&#8221;80px&#8221; header_font_size_phone=&#8221;48px&#8221; header_font_size_last_edited=&#8221;on|tablet&#8221; header_2_font_size_tablet=&#8221;85px&#8221; header_2_font_size_phone=&#8221;56px&#8221; header_2_font_size_last_edited=&#8221;on|phone&#8221; header_2_letter_spacing_tablet=&#8221;0px&#8221; header_2_letter_spacing_phone=&#8221;&#8221; header_2_letter_spacing_last_edited=&#8221;on|desktop&#8221; header_2_line_height_tablet=&#8221;1.1em&#8221; header_2_line_height_phone=&#8221;1em&#8221; header_2_line_height_last_edited=&#8221;on|desktop&#8221; header_3_font_size_tablet=&#8221;25px&#8221; header_3_font_size_phone=&#8221;20px&#8221; header_3_font_size_last_edited=&#8221;on|phone&#8221; header_3_letter_spacing_tablet=&#8221;1px&#8221; header_3_letter_spacing_phone=&#8221;1px&#8221; header_3_letter_spacing_last_edited=&#8221;on|phone&#8221; header_3_line_height_tablet=&#8221;1em&#8221; header_3_line_height_phone=&#8221;1em&#8221; header_3_line_height_last_edited=&#8221;on|phone&#8221; header_4_font_size_tablet=&#8221;24px&#8221; header_4_font_size_phone=&#8221;19px&#8221; header_4_font_size_last_edited=&#8221;on|tablet&#8221; header_5_font_size_tablet=&#8221;25px&#8221; header_5_font_size_phone=&#8221;22px&#8221; header_5_font_size_last_edited=&#8221;on|phone&#8221; header_6_font_size_tablet=&#8221;14px&#8221; header_6_font_size_phone=&#8221;12px&#8221; header_6_font_size_last_edited=&#8221;on|phone&#8221; locked=&#8221;off&#8221; global_colors_info=&#8221;{}&#8221;]<\/p>\n<p><span style=\"font-weight: 400;\">Ursula Hirschmann arrives at her full maturity and she is not afraid to sum up her intellectual reflections, not only political but also personal. Also in Natalia Ginzburg, Ursula confides the conclusions she reaches by critically reconsidering her own life as a woman also in the light of reading feminist texts. It is precisely feminism, to which Hirschmann never completely yields, the source of inspiration for Ursula&#8217;s most important pro-European action: the creation, in the mid-1970s, of the initiative group <\/span><i><span style=\"font-weight: 400;\">Femmes pour l&#8217;Europe<\/span><\/i><span style=\"font-weight: 400;\">.\u00a0<\/span><\/p>\n<p><span style=\"font-weight: 400;\">Created by combining federalism and feminism in an original way, <\/span><i><span style=\"font-weight: 400;\">Femmes pour l&#8217;Europe<\/span><\/i><span style=\"font-weight: 400;\"> was born in response to a period of individual and collective crisis. It is the attempt of a woman engaged in the battle for the United States of Europe since its inception to give new and renewed operational vigor to an idea &#8211; that of a united Europe &#8211; which not only had lost credibility over time, but which risked collapsing definitively under the weight of the severe economic and financial crisis of those years. The fact that claims linked to gender discrimination are grafted onto this primordial objective is the inevitable consequence of a social commitment to women that the movement cannot fail to assume given the historical period in which it is located, and which allows Ursula&#8217;s idea Hirschmann to survive them, albeit in different organizational forms, thanks to the political activism of other women. Fausta Deshormes la Valle and Jacqueline de Groote will be the two main architects of the change in a new form.<\/span><span style=\"font-weight: 400;\"><\/span><\/p>\n<p><span style=\"font-weight: 400;\">Therefore, the most important moment of Ursula&#8217;s commitment to European construction &#8211; understood as her own and original contribution to the federalist cause &#8211; is not to be found in the 40s, the years of <\/span><i><span style=\"font-weight: 400;\">Manifesto di Ventotene<\/span><\/i><span style=\"font-weight: 400;\"> to be clear, but in the much more recent 70&#8217;s.\u00a0<\/span><\/p>\n<p><span style=\"font-weight: 400;\"><i>Femmes pour l\u2019Europe<\/i> had short life because of the unexpected disease of Ursula <span id='easy-footnote-13-4673' class='easy-footnote-margin-adjust'><\/span><span class='easy-footnote'><a href='https:\/\/europeanmemories.net\/stories\/ventotene-80\/#easy-footnote-bottom-13-4673' title='On December 1, 1975 Ursula Hirschmann is struck by a cerebral aneurysm. Subjected to an emergency operation to stop the cerebral hemorrhage, part of the skull is removed. She remains invalid for the rest of her life.'><sup>13<\/sup><\/a><\/span> occurred only little months after the official constitution of the group, happened to Brussels <span id='easy-footnote-14-4673' class='easy-footnote-margin-adjust'><\/span><span class='easy-footnote'><a href='https:\/\/europeanmemories.net\/stories\/ventotene-80\/#easy-footnote-bottom-14-4673' title='&lt;\/span&gt;&lt;span style=&quot;font-weight: 400;&quot;&gt;Since September 1970 Ursula lives in Brussels, having followed her husband Altiero who was appointed Commissioner of the European Communities in June of that year.&lt;\/span&gt;&lt;span style=&quot;font-weight: 400;&quot;&gt;'><sup>14<\/sup><\/a><\/span> on April 24, 1975. However, there is a lot to be said about it. And to be clarified. Here, I will limit myself to reiterating two important concepts. <br \/><\/span><\/p>\n<p>[\/et_pb_text][et_pb_text _builder_version=&#8221;4.16&#8243; text_font=&#8221;Open Sans||||||||&#8221; text_text_color=&#8221;#17181A&#8221; text_font_size=&#8221;20px&#8221; text_line_height=&#8221;1.5em&#8221; link_font=&#8221;|700|||||||&#8221; link_text_color=&#8221;#41485C&#8221; link_font_size=&#8221;13px&#8221; header_font=&#8221;Abril Fatface||||||||&#8221; header_text_color=&#8221;rgba(255,255,255,0.5)&#8221; header_font_size=&#8221;100px&#8221; header_letter_spacing=&#8221;-1px&#8221; header_line_height=&#8221;0em&#8221; header_2_font=&#8221;Open Sans|600|||||||&#8221; header_2_text_color=&#8221;#17181A&#8221; header_2_font_size=&#8221;120px&#8221; header_2_letter_spacing=&#8221;1px&#8221; header_2_line_height=&#8221;1.2em&#8221; header_3_font=&#8221;Abril Fatface||||||||&#8221; header_3_text_color=&#8221;#5C7F87&#8243; header_3_font_size=&#8221;30px&#8221; header_3_letter_spacing=&#8221;1px&#8221; header_4_font=&#8221;Open Sans||||||||&#8221; header_4_text_color=&#8221;#ffffff&#8221; header_4_font_size=&#8221;27px&#8221; header_4_line_height=&#8221;1.3em&#8221; header_5_font=&#8221;Abril Fatface||||||||&#8221; header_5_text_color=&#8221;#ffffff&#8221; header_5_font_size=&#8221;50px&#8221; header_5_letter_spacing=&#8221;1px&#8221; header_5_line_height=&#8221;1.2em&#8221; header_6_font=&#8221;Open Sans|600|||||||&#8221; header_6_text_align=&#8221;center&#8221; header_6_text_color=&#8221;#17181A&#8221; header_6_font_size=&#8221;16px&#8221; z_index=&#8221;0&#8243; custom_margin=&#8221;|185px||185px|false|true&#8221; custom_margin_tablet=&#8221;|25px||25px|false|true&#8221; custom_margin_phone=&#8221;|4px||4px|false|true&#8221; custom_margin_last_edited=&#8221;on|tablet&#8221; animation_direction=&#8221;bottom&#8221; text_font_size_tablet=&#8221;16px&#8221; text_font_size_phone=&#8221;20px&#8221; text_font_size_last_edited=&#8221;on|phone&#8221; header_font_size_tablet=&#8221;80px&#8221; header_font_size_phone=&#8221;48px&#8221; header_font_size_last_edited=&#8221;on|tablet&#8221; header_2_font_size_tablet=&#8221;85px&#8221; header_2_font_size_phone=&#8221;56px&#8221; header_2_font_size_last_edited=&#8221;on|phone&#8221; header_2_letter_spacing_tablet=&#8221;0px&#8221; header_2_letter_spacing_phone=&#8221;&#8221; header_2_letter_spacing_last_edited=&#8221;on|desktop&#8221; header_2_line_height_tablet=&#8221;1.1em&#8221; header_2_line_height_phone=&#8221;1em&#8221; header_2_line_height_last_edited=&#8221;on|desktop&#8221; header_3_font_size_tablet=&#8221;25px&#8221; header_3_font_size_phone=&#8221;20px&#8221; header_3_font_size_last_edited=&#8221;on|phone&#8221; header_3_letter_spacing_tablet=&#8221;1px&#8221; header_3_letter_spacing_phone=&#8221;1px&#8221; header_3_letter_spacing_last_edited=&#8221;on|phone&#8221; header_3_line_height_tablet=&#8221;1em&#8221; header_3_line_height_phone=&#8221;1em&#8221; header_3_line_height_last_edited=&#8221;on|phone&#8221; header_4_font_size_tablet=&#8221;24px&#8221; header_4_font_size_phone=&#8221;19px&#8221; header_4_font_size_last_edited=&#8221;on|tablet&#8221; header_5_font_size_tablet=&#8221;25px&#8221; header_5_font_size_phone=&#8221;22px&#8221; header_5_font_size_last_edited=&#8221;on|phone&#8221; header_6_font_size_tablet=&#8221;14px&#8221; header_6_font_size_phone=&#8221;12px&#8221; header_6_font_size_last_edited=&#8221;on|phone&#8221; locked=&#8221;off&#8221; global_colors_info=&#8221;{}&#8221;]<\/p>\n<p><span style=\"font-weight: 400;\">First of all, by interpreting the birth of the initiative group in terms of Ursula Hirschmann&#8217;s adhesion to the feminist movement would be a mistake because <\/span><i><span style=\"font-weight: 400;\">Femmes pour l&#8217;Europe<\/span><\/i><span style=\"font-weight: 400;\"> was the result of numerous considerations of a political and personal nature that are more articulated than a simple acceptance of the feminist movement. It is true, in fact, that the intuition that gives rise to the project is the idea of &#8220;channeling the feminist dynamism of our times towards the federalist struggle&#8221; <span id='easy-footnote-15-4673' class='easy-footnote-margin-adjust'><\/span><span class='easy-footnote'><a href='https:\/\/europeanmemories.net\/stories\/ventotene-80\/#easy-footnote-bottom-15-4673' title='Letter from U. Hirschmann Mario Albertini, Brussels, December 11, 1974, Hirschmann Fund, Rome.'><sup>15<\/sup><\/a><\/span><\/span><span style=\"font-weight: 400;\"> but it is also true that Ursula, from the very beginning, appeals to all European women regardless of their political beliefs or social commitment.<\/span><\/p>\n<p><span style=\"font-weight: 400;\">Secondly, that it was a federalist action, as clearly expressed in the two programmatic documents of the group, <\/span><i><span style=\"font-weight: 400;\">Appel aux femmes d&#8217;Europe<\/span><\/i><span style=\"font-weight: 400;\"> and <\/span><i><span style=\"font-weight: 400;\">Lettre d&#8217;accompagnement \u00e0 l&#8217; &#8220;Appel aux femmes d&#8217;Europe&#8221;.<\/span><\/i><span style=\"font-weight: 400;\"> The women of\u00a0 <\/span><i><span style=\"font-weight: 400;\">Femmes pour l&#8217;Europe<\/span><\/i><span style=\"font-weight: 400;\"> do not ask Europe but they act in support of Europe! Ursula&#8217;s logic is compelling: if Europe collapsed under the ax of the general crisis, a return to national policies would cause an economic, social and cultural regression from which all Europeans would suffer, but first of all women. In fact, being their most recent conquests, they would be the first to be sacrificed. Hence the need for women to take an active part, with a political weight corresponding to their numerical importance, in the battle for real European unification. And their political weight is decisive: it is only with the freshness, imagination and courage of new forces that a true, future European democracy will see the light.<\/span><\/p>\n<p><span style=\"font-weight: 400;\"><\/span><\/p>\n<p><span style=\"font-weight: 400;\">And this still holds true today.<\/span><\/p>\n<p>[\/et_pb_text][\/et_pb_column][\/et_pb_row][\/et_pb_section][et_pb_section fb_built=&#8221;1&#8243; admin_label=&#8221;\u2022 ART 5&#8243; module_id=&#8221;SEC5&#8243; _builder_version=&#8221;4.16&#8243; background_color=&#8221;#41485C&#8221; background_enable_image=&#8221;off&#8221; custom_padding=&#8221;100px||0px|||&#8221; locked=&#8221;off&#8221; collapsed=&#8221;on&#8221; global_colors_info=&#8221;{}&#8221; da_is_popup=&#8221;off&#8221; da_exit_intent=&#8221;off&#8221; da_has_close=&#8221;on&#8221; da_alt_close=&#8221;off&#8221; da_dark_close=&#8221;off&#8221; da_not_modal=&#8221;on&#8221; da_is_singular=&#8221;off&#8221; da_with_loader=&#8221;off&#8221; da_has_shadow=&#8221;on&#8221; da_disable_devices=&#8221;off|off|off&#8221;][et_pb_row custom_padding_last_edited=&#8221;on|phone&#8221; admin_label=&#8221;Coffee items&#8221; _builder_version=&#8221;4.16&#8243; custom_margin=&#8221;||50px||false|false&#8221; custom_padding=&#8221;60px|0px|3px|0px|false|false&#8221; custom_padding_tablet=&#8221;30px||||false|false&#8221; custom_padding_phone=&#8221;0px|0px|30px|0px|false|false&#8221; global_colors_info=&#8221;{}&#8221;][et_pb_column type=&#8221;4_4&#8243; _builder_version=&#8221;4.16&#8243; custom_padding=&#8221;|||&#8221; global_colors_info=&#8221;{}&#8221; custom_padding__hover=&#8221;|||&#8221;][et_pb_text content_tablet=&#8221;<\/p>\n<h2><b> Ventotene integrated project for the recovery of the Santo Stefano prison<\/b><\/h2>\n<p>&#8221; content_phone=&#8221;<\/p>\n<h2><b> Ventotene integrated project for the recovery of the Santo Stefano prison<\/b><\/h2>\n<p>&#8221; content_last_edited=&#8221;on|phone&#8221; admin_label=&#8221;Text ti\u00edtol&#8221; _builder_version=&#8221;4.16&#8243; text_font=&#8221;Open Sans||||||||&#8221; text_text_color=&#8221;#ffffff&#8221; text_font_size=&#8221;20px&#8221; text_line_height=&#8221;1.5em&#8221; header_font=&#8221;Abril Fatface||||||||&#8221; header_text_color=&#8221;rgba(255,255,255,0.5)&#8221; header_font_size=&#8221;59px&#8221; header_2_font=&#8221;Open Sans|600|||||||&#8221; header_2_text_color=&#8221;#F3B0B0&#8243; header_2_font_size=&#8221;90px&#8221; header_2_letter_spacing=&#8221;1px&#8221; header_2_line_height=&#8221;1.2em&#8221; header_3_font=&#8221;Abril Fatface||||||||&#8221; header_3_text_color=&#8221;#ffffff&#8221; header_3_font_size=&#8221;30px&#8221; header_3_letter_spacing=&#8221;2px&#8221; header_3_line_height=&#8221;1.2em&#8221; header_4_font=&#8221;Open Sans||||||||&#8221; header_4_text_color=&#8221;#ffffff&#8221; header_4_font_size=&#8221;27px&#8221; header_4_line_height=&#8221;1.3em&#8221; header_5_font=&#8221;Abril Fatface||||||||&#8221; header_5_text_color=&#8221;#ffffff&#8221; header_5_font_size=&#8221;28px&#8221; header_5_letter_spacing=&#8221;1px&#8221; header_5_line_height=&#8221;1.2em&#8221; header_6_font=&#8221;Open Sans|600|||||||&#8221; header_6_text_align=&#8221;center&#8221; header_6_text_color=&#8221;#FFFFFF&#8221; header_6_font_size=&#8221;16px&#8221; z_index=&#8221;0&#8243; animation_style=&#8221;slide&#8221; animation_direction=&#8221;bottom&#8221; animation_duration=&#8221;1450ms&#8221; animation_intensity_slide=&#8221;5%&#8221; animation_starting_opacity=&#8221;88%&#8221; animation_speed_curve=&#8221;ease&#8221; text_font_size_tablet=&#8221;16px&#8221; text_font_size_phone=&#8221;14px&#8221; text_font_size_last_edited=&#8221;on|phone&#8221; header_font_size_tablet=&#8221;39px&#8221; header_font_size_phone=&#8221;38px&#8221; header_font_size_last_edited=&#8221;on|phone&#8221; header_2_text_align_tablet=&#8221;&#8221; header_2_text_align_phone=&#8221;&#8221; header_2_text_align_last_edited=&#8221;on|phone&#8221; header_2_font_size_tablet=&#8221;60px&#8221; header_2_font_size_phone=&#8221;54px&#8221; header_2_font_size_last_edited=&#8221;on|phone&#8221; header_2_letter_spacing_tablet=&#8221;1px&#8221; header_2_letter_spacing_phone=&#8221;-1px&#8221; header_2_letter_spacing_last_edited=&#8221;on|phone&#8221; header_2_line_height_tablet=&#8221;1.2em&#8221; header_2_line_height_phone=&#8221;1.2em&#8221; header_2_line_height_last_edited=&#8221;on|phone&#8221; header_3_font_size_tablet=&#8221;25px&#8221; header_3_font_size_phone=&#8221;20px&#8221; header_3_font_size_last_edited=&#8221;on|phone&#8221; header_3_letter_spacing_tablet=&#8221;1px&#8221; header_3_letter_spacing_phone=&#8221;1px&#8221; header_3_letter_spacing_last_edited=&#8221;on|phone&#8221; header_3_line_height_tablet=&#8221;&#8221; header_3_line_height_phone=&#8221;1.2em&#8221; header_3_line_height_last_edited=&#8221;on|phone&#8221; header_4_font_size_tablet=&#8221;24px&#8221; header_4_font_size_phone=&#8221;19px&#8221; header_4_font_size_last_edited=&#8221;on|tablet&#8221; header_5_font_size_tablet=&#8221;25px&#8221; header_5_font_size_phone=&#8221;22px&#8221; header_5_font_size_last_edited=&#8221;on|phone&#8221; header_6_font_size_tablet=&#8221;14px&#8221; header_6_font_size_phone=&#8221;14px&#8221; header_6_font_size_last_edited=&#8221;on|tablet&#8221; locked=&#8221;off&#8221; global_colors_info=&#8221;{}&#8221;]<\/p>\n<h2><b>Ventotene integrated project for the recovery of the Santo Stefano prison<\/b><\/h2>\n<p>[\/et_pb_text][\/et_pb_column][\/et_pb_row][et_pb_row custom_padding_last_edited=&#8221;off|desktop&#8221; admin_label=&#8221;Coffee items&#8221; _builder_version=&#8221;4.16&#8243; width_tablet=&#8221;&#8221; width_phone=&#8221;100%&#8221; width_last_edited=&#8221;on|phone&#8221; custom_margin=&#8221;|||&#8221; custom_padding=&#8221;20px|0px|20px|0px|false|false&#8221; custom_padding_tablet=&#8221;||70px||false|false&#8221; custom_padding_phone=&#8221;||50px||false|false&#8221; locked=&#8221;off&#8221; global_colors_info=&#8221;{}&#8221;][et_pb_column type=&#8221;4_4&#8243; _builder_version=&#8221;4.16&#8243; custom_padding=&#8221;||||false|false&#8221; global_colors_info=&#8221;{}&#8221; custom_padding__hover=&#8221;|||&#8221;][et_pb_text _builder_version=&#8221;4.16&#8243; _module_preset=&#8221;default&#8221; text_font=&#8221;Open Sans|700|||||||&#8221; text_text_color=&#8221;#F3B0B0&#8243; custom_margin=&#8221;||10px||false|false&#8221; custom_margin_tablet=&#8221;&#8221; custom_margin_phone=&#8221;&#8221; custom_margin_last_edited=&#8221;on|phone&#8221; global_colors_info=&#8221;{}&#8221;]<\/p>\n<p style=\"text-align: center;\">share<\/p>\n<p>[\/et_pb_text][et_pb_code _builder_version=&#8221;4.16&#8243; _module_preset=&#8221;default&#8221; width=&#8221;10%&#8221; width_tablet=&#8221;15%&#8221; width_phone=&#8221;100%&#8221; width_last_edited=&#8221;on|phone&#8221; max_width_last_edited=&#8221;off|phone&#8221; module_alignment=&#8221;center&#8221; custom_margin=&#8221;||||false|true&#8221; custom_margin_tablet=&#8221;||||false|true&#8221; custom_margin_phone=&#8221;||||false|true&#8221; custom_margin_last_edited=&#8221;on|phone&#8221; module_alignment_tablet=&#8221;&#8221; module_alignment_phone=&#8221;center&#8221; module_alignment_last_edited=&#8221;on|tablet&#8221; global_colors_info=&#8221;{}&#8221;]<div class=\"et_social_inline et_social_mobile_on et_social_inline_custom\">\n\t\t\t\t<div class=\"et_social_networks et_social_2col et_social_darken et_social_circle et_social_top et_social_no_animation et_social_outer_dark\">\n\t\t\t\t\t\n\t\t\t\t\t<ul class=\"et_social_icons_container\"><li class=\"et_social_facebook\">\n\t\t\t\t\t\t\t\t\t<a href=\"http:\/\/www.facebook.com\/sharer.php?u=https%3A%2F%2Feuropeanmemories.net%2Fstories%2Fventotene-80%2F&#038;t=Ventotene%2080\" class=\"et_social_share\" rel=\"nofollow\" data-social_name=\"facebook\" data-post_id=\"4673\" data-social_type=\"share\" data-location=\"inline\">\n\t\t\t\t\t\t\t\t\t\t<i class=\"et_social_icon et_social_icon_facebook\"><\/i><span class=\"et_social_overlay\"><\/span>\n\t\t\t\t\t\t\t\t\t<\/a>\n\t\t\t\t\t\t\t\t<\/li><li class=\"et_social_twitter\">\n\t\t\t\t\t\t\t\t\t<a href=\"http:\/\/twitter.com\/share?text=Ventotene%2080&#038;url=https%3A%2F%2Feuropeanmemories.net%2Fstories%2Fventotene-80%2F&#038;via=euromemories\" class=\"et_social_share\" rel=\"nofollow\" data-social_name=\"twitter\" data-post_id=\"4673\" data-social_type=\"share\" data-location=\"inline\">\n\t\t\t\t\t\t\t\t\t\t<i class=\"et_social_icon et_social_icon_twitter\"><\/i><span class=\"et_social_overlay\"><\/span>\n\t\t\t\t\t\t\t\t\t<\/a>\n\t\t\t\t\t\t\t\t<\/li><\/ul>\n\t\t\t\t<\/div>\n\t\t\t<\/div>[\/et_pb_code][\/et_pb_column][\/et_pb_row][et_pb_row custom_padding_last_edited=&#8221;on|phone&#8221; admin_label=&#8221;Coffee items&#8221; _builder_version=&#8221;4.16&#8243; custom_margin=&#8221;|||&#8221; custom_padding=&#8221;60px|0px|3px|0px|false|false&#8221; custom_padding_tablet=&#8221;30px||||false|false&#8221; custom_padding_phone=&#8221;0px|0px|30px|0px|false|false&#8221; global_colors_info=&#8221;{}&#8221;][et_pb_column type=&#8221;4_4&#8243; _builder_version=&#8221;4.16&#8243; custom_padding=&#8221;|||&#8221; global_colors_info=&#8221;{}&#8221; custom_padding__hover=&#8221;|||&#8221;][et_pb_text content_last_edited=&#8221;off|desktop&#8221; _builder_version=&#8221;4.16&#8243; text_font=&#8221;Open Sans||||||||&#8221; text_text_color=&#8221;#41485C&#8221; text_font_size=&#8221;20px&#8221; text_line_height=&#8221;1.5em&#8221; link_font=&#8221;||||||||&#8221; link_text_color=&#8221;#FFFFFF&#8221; link_font_size=&#8221;13px&#8221; header_font=&#8221;Abril Fatface||||||||&#8221; header_text_color=&#8221;rgba(255,255,255,0.5)&#8221; header_font_size=&#8221;100px&#8221; header_letter_spacing=&#8221;-1px&#8221; header_line_height=&#8221;0em&#8221; header_2_font=&#8221;Open Sans|600|||||||&#8221; header_2_text_color=&#8221;#17181A&#8221; header_2_font_size=&#8221;120px&#8221; header_2_letter_spacing=&#8221;1px&#8221; header_2_line_height=&#8221;1.2em&#8221; header_3_font=&#8221;Abril Fatface||||||||&#8221; header_3_text_color=&#8221;#FFFFFF&#8221; header_3_letter_spacing=&#8221;1px&#8221; header_3_line_height=&#8221;1.2em&#8221; header_4_font=&#8221;Open Sans||||||||&#8221; header_4_text_color=&#8221;#ffffff&#8221; header_4_font_size=&#8221;27px&#8221; header_4_line_height=&#8221;1.3em&#8221; header_5_font=&#8221;Abril Fatface||||||||&#8221; header_5_text_color=&#8221;#ffffff&#8221; header_5_font_size=&#8221;50px&#8221; header_5_letter_spacing=&#8221;1px&#8221; header_5_line_height=&#8221;1.2em&#8221; header_6_font=&#8221;Open Sans|600|||||||&#8221; header_6_text_align=&#8221;center&#8221; header_6_text_color=&#8221;#17181A&#8221; header_6_font_size=&#8221;16px&#8221; z_index=&#8221;0&#8243; custom_margin=&#8221;|185px||185px|false|true&#8221; custom_margin_tablet=&#8221;|25px||25px|false|true&#8221; custom_margin_phone=&#8221;|4px||4px|false|true&#8221; custom_margin_last_edited=&#8221;on|tablet&#8221; animation_direction=&#8221;bottom&#8221; text_font_size_tablet=&#8221;16px&#8221; text_font_size_phone=&#8221;20px&#8221; text_font_size_last_edited=&#8221;on|phone&#8221; header_font_size_tablet=&#8221;80px&#8221; header_font_size_phone=&#8221;48px&#8221; header_font_size_last_edited=&#8221;on|tablet&#8221; header_2_font_size_tablet=&#8221;85px&#8221; header_2_font_size_phone=&#8221;56px&#8221; header_2_font_size_last_edited=&#8221;on|phone&#8221; header_2_letter_spacing_tablet=&#8221;0px&#8221; header_2_letter_spacing_phone=&#8221;&#8221; header_2_letter_spacing_last_edited=&#8221;on|desktop&#8221; header_2_line_height_tablet=&#8221;1.1em&#8221; header_2_line_height_phone=&#8221;1em&#8221; header_2_line_height_last_edited=&#8221;on|desktop&#8221; header_3_font_size_tablet=&#8221;20px&#8221; header_3_font_size_phone=&#8221;23px&#8221; header_3_font_size_last_edited=&#8221;on|phone&#8221; header_3_letter_spacing_tablet=&#8221;1px&#8221; header_3_letter_spacing_phone=&#8221;1px&#8221; header_3_letter_spacing_last_edited=&#8221;on|phone&#8221; header_3_line_height_tablet=&#8221;1em&#8221; header_3_line_height_phone=&#8221;1.2em&#8221; header_3_line_height_last_edited=&#8221;on|desktop&#8221; header_4_font_size_tablet=&#8221;24px&#8221; header_4_font_size_phone=&#8221;19px&#8221; header_4_font_size_last_edited=&#8221;on|tablet&#8221; header_5_font_size_tablet=&#8221;25px&#8221; header_5_font_size_phone=&#8221;22px&#8221; header_5_font_size_last_edited=&#8221;on|phone&#8221; header_6_font_size_tablet=&#8221;14px&#8221; header_6_font_size_phone=&#8221;12px&#8221; header_6_font_size_last_edited=&#8221;on|phone&#8221; global_colors_info=&#8221;{}&#8221;]<\/p>\n<h3 style=\"text-align: right;\"><span style=\"font-weight: 400;\"><\/span><span style=\"font-weight: 400;\">By Stefano Baia Curioni <span id='easy-footnote-16-4673' class='easy-footnote-margin-adjust'><\/span><span class='easy-footnote'><a href='https:\/\/europeanmemories.net\/stories\/ventotene-80\/#easy-footnote-bottom-16-4673' title='Professor at Bocconi University in Milan'><sup>16<\/sup><\/a><\/span><\/span><span style=\"font-weight: 400;\">, Rita Biasi <span id='easy-footnote-17-4673' class='easy-footnote-margin-adjust'><\/span><span class='easy-footnote'><a href='https:\/\/europeanmemories.net\/stories\/ventotene-80\/#easy-footnote-bottom-17-4673' title='Professor at the University of Tuscia, Viterbo'><sup>17<\/sup><\/a><\/span><\/span><span style=\"font-weight: 400;\">, Francesco Collotti <span id='easy-footnote-18-4673' class='easy-footnote-margin-adjust'><\/span><span class='easy-footnote'><a href='https:\/\/europeanmemories.net\/stories\/ventotene-80\/#easy-footnote-bottom-18-4673' title='Professor at the University of Florence, Florence'><sup>18<\/sup><\/a><\/span><\/span><a href=\"https:\/\/www.amazon.es\/Ursula-Hirschmann-lEuropa-Granelli-sabbia\/dp\/8898607288\"><span style=\"font-weight: 400;\"><\/span><\/a><\/h3>\n<p>[\/et_pb_text][et_pb_text content_last_edited=&#8221;off|desktop&#8221; _builder_version=&#8221;4.16&#8243; text_font=&#8221;Open Sans||||||||&#8221; text_text_color=&#8221;#FFFFFF&#8221; text_font_size=&#8221;20px&#8221; text_line_height=&#8221;1.5em&#8221; link_font=&#8221;||||||||&#8221; link_text_color=&#8221;#FFFFFF&#8221; link_font_size=&#8221;13px&#8221; header_font=&#8221;Abril Fatface||||||||&#8221; header_text_color=&#8221;rgba(255,255,255,0.5)&#8221; header_font_size=&#8221;100px&#8221; header_letter_spacing=&#8221;-1px&#8221; header_line_height=&#8221;0em&#8221; header_2_font=&#8221;Open Sans|600|||||||&#8221; header_2_text_color=&#8221;#17181A&#8221; header_2_font_size=&#8221;120px&#8221; header_2_letter_spacing=&#8221;1px&#8221; header_2_line_height=&#8221;1.2em&#8221; header_3_font=&#8221;Abril Fatface||||||||&#8221; header_3_text_color=&#8221;#F3B0B0&#8243; header_3_letter_spacing=&#8221;1px&#8221; header_3_line_height=&#8221;1.2em&#8221; header_4_font=&#8221;Open Sans||||||||&#8221; header_4_text_color=&#8221;#ffffff&#8221; header_4_font_size=&#8221;27px&#8221; header_4_line_height=&#8221;1.3em&#8221; header_5_font=&#8221;Abril Fatface||||||||&#8221; header_5_text_color=&#8221;#ffffff&#8221; header_5_font_size=&#8221;50px&#8221; header_5_letter_spacing=&#8221;1px&#8221; header_5_line_height=&#8221;1.2em&#8221; header_6_font=&#8221;Open Sans|600|||||||&#8221; header_6_text_align=&#8221;center&#8221; header_6_text_color=&#8221;#17181A&#8221; header_6_font_size=&#8221;16px&#8221; z_index=&#8221;0&#8243; custom_margin=&#8221;|185px||185px|false|true&#8221; custom_margin_tablet=&#8221;|25px||25px|false|true&#8221; custom_margin_phone=&#8221;|4px||4px|false|true&#8221; custom_margin_last_edited=&#8221;on|tablet&#8221; animation_direction=&#8221;bottom&#8221; text_font_size_tablet=&#8221;16px&#8221; text_font_size_phone=&#8221;20px&#8221; text_font_size_last_edited=&#8221;on|phone&#8221; link_font_size_tablet=&#8221;&#8221; link_font_size_phone=&#8221;&#8221; link_font_size_last_edited=&#8221;on|desktop&#8221; header_font_size_tablet=&#8221;80px&#8221; header_font_size_phone=&#8221;48px&#8221; header_font_size_last_edited=&#8221;on|tablet&#8221; header_2_font_size_tablet=&#8221;85px&#8221; header_2_font_size_phone=&#8221;56px&#8221; header_2_font_size_last_edited=&#8221;on|phone&#8221; header_2_letter_spacing_tablet=&#8221;0px&#8221; header_2_letter_spacing_phone=&#8221;&#8221; header_2_letter_spacing_last_edited=&#8221;on|desktop&#8221; header_2_line_height_tablet=&#8221;1.1em&#8221; header_2_line_height_phone=&#8221;1em&#8221; header_2_line_height_last_edited=&#8221;on|desktop&#8221; header_3_font_size_tablet=&#8221;20px&#8221; header_3_font_size_phone=&#8221;23px&#8221; header_3_font_size_last_edited=&#8221;on|phone&#8221; header_3_letter_spacing_tablet=&#8221;1px&#8221; header_3_letter_spacing_phone=&#8221;1px&#8221; header_3_letter_spacing_last_edited=&#8221;on|phone&#8221; header_3_line_height_tablet=&#8221;1em&#8221; header_3_line_height_phone=&#8221;1.2em&#8221; header_3_line_height_last_edited=&#8221;on|desktop&#8221; header_4_font_size_tablet=&#8221;24px&#8221; header_4_font_size_phone=&#8221;19px&#8221; header_4_font_size_last_edited=&#8221;on|tablet&#8221; header_5_font_size_tablet=&#8221;25px&#8221; header_5_font_size_phone=&#8221;22px&#8221; header_5_font_size_last_edited=&#8221;on|phone&#8221; header_6_font_size_tablet=&#8221;14px&#8221; header_6_font_size_phone=&#8221;12px&#8221; header_6_font_size_last_edited=&#8221;on|phone&#8221; global_colors_info=&#8221;{}&#8221;]<\/p>\n<h3><b>Vision\u00a0<\/b><\/h3>\n<p><span style=\"font-weight: 400;\">Ventotene and Santo Stefano, a single city-hall, two islands that shared the fate of imprisonment and confinement also linked to political dissidence, freedom of thought and the construction of democratic and pro-European principles.\u00a0<\/span><\/p>\n<p style=\"text-align: right;\">[\/et_pb_text][\/et_pb_column][\/et_pb_row][et_pb_row use_custom_gutter=&#8221;on&#8221; gutter_width=&#8221;1&#8243; make_equal=&#8221;on&#8221; custom_padding_last_edited=&#8221;on|phone&#8221; admin_label=&#8221;Coffee items&#8221; _builder_version=&#8221;4.16&#8243; custom_margin=&#8221;|||&#8221; custom_padding=&#8221;10px|0px|29px|0px|false|false&#8221; custom_padding_tablet=&#8221;25px||0px||false|false&#8221; custom_padding_phone=&#8221;||0px||false|false&#8221; locked=&#8221;off&#8221; global_colors_info=&#8221;{}&#8221;][et_pb_column type=&#8221;4_4&#8243; _builder_version=&#8221;4.16&#8243; custom_padding=&#8221;|||&#8221; global_colors_info=&#8221;{}&#8221; custom_padding__hover=&#8221;|||&#8221;][et_pb_image src=&#8221;https:\/\/europeanmemories.net\/stories\/wp-content\/uploads\/sites\/13\/2021\/09\/7_ventotene.jpg&#8221; title_text=&#8221;7_ventotene&#8221; align=&#8221;center&#8221; align_tablet=&#8221;center&#8221; align_last_edited=&#8221;off|desktop&#8221; _builder_version=&#8221;4.16&#8243; custom_margin=&#8221;||15px||false|false&#8221; global_colors_info=&#8221;{}&#8221;][\/et_pb_image][et_pb_text content_tablet=&#8221;<\/p>\n<p style=%22text-align: center;%22><span class=%22media-metadata-value%22><strong><\/strong><span><span style=%22font-weight: 400;%22><strong><\/strong><\/span><span style=%22font-weight: 400;%22><strong>Ursula Hirschmann portrait<\/strong> <\/span><i><span style=%22font-weight: 400;%22><em>| \u00a9 European Union, 1995-2021<\/em><\/span><\/i><\/span><\/span><\/p>\n<\/p>\n<p class=%22page-section-title%22><span class=%22media-metadata-value%22><\/span><\/p>\n<p>&#8221; content_phone=&#8221;<\/p>\n<p class=%22page-section-title%22 style=%22text-align: center;%22><span class=%22media-metadata-value%22><strong><\/strong><span><span style=%22font-weight: 400;%22><strong><\/strong><\/span><span style=%22font-weight: 400;%22><strong>Ursula Hirschmann portrait<\/strong> <\/span><i><span style=%22font-weight: 400;%22><em>| \u00a9 European Union, 1995-2021<\/em><\/span><\/i><\/span><\/span><\/p>\n<p class=%22page-section-title%22><span class=%22media-metadata-value%22><\/span><\/p>\n<p>&#8221; content_last_edited=&#8221;off|desktop&#8221; _builder_version=&#8221;4.16&#8243; text_font=&#8221;Open Sans||||||||&#8221; text_text_color=&#8221;#FFFFFF&#8221; text_line_height=&#8221;1.5em&#8221; custom_margin=&#8221;|185px||185px|false|false&#8221; custom_margin_tablet=&#8221;|20px||20px|false|true&#8221; custom_margin_phone=&#8221;|10px||10px|false|true&#8221; custom_margin_last_edited=&#8221;on|desktop&#8221; custom_padding=&#8221;||||false|true&#8221; custom_padding_tablet=&#8221;&#8221; custom_padding_phone=&#8221;&#8221; custom_padding_last_edited=&#8221;on|desktop&#8221; text_font_size_tablet=&#8221;12px&#8221; text_font_size_phone=&#8221;14px&#8221; text_font_size_last_edited=&#8221;on|phone&#8221; locked=&#8221;off&#8221; global_colors_info=&#8221;{}&#8221;]<\/p>\n<p style=\"text-align: center;\"><span style=\"font-weight: 400;\"><strong><\/strong><\/span><strong>Ventotene view from Santo Stefano<\/strong><em> | Picture: Francesco Collotti<\/em><\/p>\n<p class=\"_4b3da m-b h4\" style=\"text-align: center;\"><span class=\"media-metadata-value\"><span><i><span style=\"font-weight: 400;\"><br \/><\/span><\/i><\/span><\/span><span class=\"media-metadata-value\"><\/span><\/p>\n<p>[\/et_pb_text][\/et_pb_column][\/et_pb_row][et_pb_row custom_padding_last_edited=&#8221;on|phone&#8221; admin_label=&#8221;Coffee items&#8221; _builder_version=&#8221;4.16&#8243; custom_margin=&#8221;|||&#8221; custom_padding=&#8221;40px|0px|100px|0px||&#8221; custom_padding_tablet=&#8221;||20px||false|false&#8221; custom_padding_phone=&#8221;||0px||false|false&#8221; locked=&#8221;off&#8221; global_colors_info=&#8221;{}&#8221;][et_pb_column type=&#8221;4_4&#8243; _builder_version=&#8221;4.16&#8243; custom_padding=&#8221;|||&#8221; global_colors_info=&#8221;{}&#8221; custom_padding__hover=&#8221;|||&#8221;][et_pb_text _builder_version=&#8221;4.16&#8243; text_font=&#8221;Open Sans||||||||&#8221; text_text_color=&#8221;#FFFFFF&#8221; text_font_size=&#8221;20px&#8221; text_line_height=&#8221;1.5em&#8221; link_font=&#8221;||||||||&#8221; link_text_color=&#8221;#FFFFFF&#8221; link_font_size=&#8221;13px&#8221; header_font=&#8221;Abril Fatface||||||||&#8221; header_text_color=&#8221;rgba(255,255,255,0.5)&#8221; header_font_size=&#8221;100px&#8221; header_letter_spacing=&#8221;-1px&#8221; header_line_height=&#8221;0em&#8221; header_2_font=&#8221;Open Sans|600|||||||&#8221; header_2_text_color=&#8221;#17181A&#8221; header_2_font_size=&#8221;120px&#8221; header_2_letter_spacing=&#8221;1px&#8221; header_2_line_height=&#8221;1.2em&#8221; header_3_font=&#8221;Abril Fatface||||||||&#8221; header_3_text_color=&#8221;#41485C&#8221; header_3_letter_spacing=&#8221;1px&#8221; header_3_line_height=&#8221;1.2em&#8221; header_4_font=&#8221;Open Sans||||||||&#8221; header_4_text_color=&#8221;#ffffff&#8221; header_4_font_size=&#8221;27px&#8221; header_4_line_height=&#8221;1.3em&#8221; header_5_font=&#8221;Abril Fatface||||||||&#8221; header_5_text_color=&#8221;#ffffff&#8221; header_5_font_size=&#8221;50px&#8221; header_5_letter_spacing=&#8221;1px&#8221; header_5_line_height=&#8221;1.2em&#8221; header_6_font=&#8221;Open Sans|600|||||||&#8221; header_6_text_align=&#8221;center&#8221; header_6_text_color=&#8221;#17181A&#8221; header_6_font_size=&#8221;16px&#8221; z_index=&#8221;0&#8243; custom_margin=&#8221;|185px||185px|false|true&#8221; custom_margin_tablet=&#8221;|25px||25px|false|true&#8221; custom_margin_phone=&#8221;|4px||4px|false|true&#8221; custom_margin_last_edited=&#8221;on|tablet&#8221; animation_direction=&#8221;bottom&#8221; text_font_size_tablet=&#8221;16px&#8221; text_font_size_phone=&#8221;20px&#8221; text_font_size_last_edited=&#8221;on|phone&#8221; link_font_size_tablet=&#8221;&#8221; link_font_size_phone=&#8221;&#8221; link_font_size_last_edited=&#8221;on|desktop&#8221; header_font_size_tablet=&#8221;80px&#8221; header_font_size_phone=&#8221;48px&#8221; header_font_size_last_edited=&#8221;on|tablet&#8221; header_2_font_size_tablet=&#8221;85px&#8221; header_2_font_size_phone=&#8221;56px&#8221; header_2_font_size_last_edited=&#8221;on|phone&#8221; header_2_letter_spacing_tablet=&#8221;0px&#8221; header_2_letter_spacing_phone=&#8221;&#8221; header_2_letter_spacing_last_edited=&#8221;on|desktop&#8221; header_2_line_height_tablet=&#8221;1.1em&#8221; header_2_line_height_phone=&#8221;1em&#8221; header_2_line_height_last_edited=&#8221;on|desktop&#8221; header_3_font_size_tablet=&#8221;20px&#8221; header_3_font_size_phone=&#8221;23px&#8221; header_3_font_size_last_edited=&#8221;on|phone&#8221; header_3_letter_spacing_tablet=&#8221;1px&#8221; header_3_letter_spacing_phone=&#8221;1px&#8221; header_3_letter_spacing_last_edited=&#8221;on|phone&#8221; header_3_line_height_tablet=&#8221;1em&#8221; header_3_line_height_phone=&#8221;1.2em&#8221; header_3_line_height_last_edited=&#8221;on|desktop&#8221; header_4_font_size_tablet=&#8221;24px&#8221; header_4_font_size_phone=&#8221;19px&#8221; header_4_font_size_last_edited=&#8221;on|tablet&#8221; header_5_font_size_tablet=&#8221;25px&#8221; header_5_font_size_phone=&#8221;22px&#8221; header_5_font_size_last_edited=&#8221;on|phone&#8221; header_6_font_size_tablet=&#8221;14px&#8221; header_6_font_size_phone=&#8221;12px&#8221; header_6_font_size_last_edited=&#8221;on|phone&#8221; global_colors_info=&#8221;{}&#8221;]<\/p>\n<p><span style=\"font-weight: 400;\">Ventotene, <\/span><span style=\"font-weight: 400;\">&#8220;<\/span><span style=\"font-weight: 400;\">Cradle of Europe&#8221;, where in 1941, from the confinement of the fascist regime, Altiero Spinelli, Ernesto Rossi and Eugenio Colorni founded the Manifesto &#8220;For a free and united Europe&#8221;, those United States of Europe which are an increasingly topical target.\u00a0<\/span><\/p>\n<p><span style=\"font-weight: 400;\">Santo Stefano, where for two hundred years since 1795, the Bourbon prison recluses first, alongside the common inmates, patriots, jacobins, Risorgimento fathers, and then, during the unitary Italy and the twenty years Fascist, dissidents and fathers of the Italian Constitution who were guide, since the Fifties, for the enlightened director Eugenio Perucatti.<\/span><\/p>\n<p><span style=\"font-weight: 400;\">In both these Italian islands, located in front of the Tyrrhenian coast and on the border between the regions of Lazio and Campania, we can recognize an explicit, clairvoyant and shared critique of the totalitarian experience that marks out the continental twentieth century after the First World War, thus as a weaving of humanistic principles and institutional political visions that show, after eighty years, their relevance and their modernity.\u00a0\u00a0<\/span><\/p>\n<p><span style=\"font-weight: 400;\">Preserving and passing on to future generations the memory of these places, which also due to territorial marginality have incurred phenomena of abandonment and oblivion, is an essential process and a constant commitment.<\/span><\/p>\n<p><span style=\"font-weight: 400;\">In the program for the recovery of the recent historical memory of these places, three main principles are identified that can inspire the project for an integrated and possible vision of Europe.<\/span><\/p>\n<p><span style=\"font-weight: 400;\"><strong>Human rights<\/strong> &#8211; Freedom of action and critical thinking, human dignity, the rule of law, solidarity, <\/span><span style=\"font-weight: 400;\"><br \/><\/span><span style=\"font-weight: 400;\">justice, international cooperation. As well as the shadows and ambiguities that run through the history of the conception of the sentence between reparation and rehabilitation that accompanied the prison\u2019s organization.<\/span><\/p>\n<p><span style=\"font-weight: 400;\"><strong>The history<\/strong> &#8211; \u00abRemembrance\u00bb, non-rhetorical coexistence of present and memory, testimony that preserves the mystery of human lives and of time and that imbues the ways of conservation, of the redevelopment of the monument that becomes a stratified document over time.\u00a0<\/span><\/p>\n<p><span style=\"font-weight: 400;\"><strong>The mediterranean<\/strong> &#8211; Complex ecosystem, historical presence, set of millenarian places and civilizations that have been stratified in them, custody of a tangible and intangible heritage and an inevitable challenge for a sustainable future. A reading inspired by Fernand Braudel&#8217;s long-term vision and by contemporary social, demographic and naturalistic challenges.\u00a0<\/span><\/p>\n<p style=\"text-align: right;\">[\/et_pb_text][\/et_pb_column][\/et_pb_row][et_pb_row custom_padding_last_edited=&#8221;on|phone&#8221; admin_label=&#8221;Coffee items&#8221; _builder_version=&#8221;4.16&#8243; custom_margin=&#8221;|||&#8221; custom_padding=&#8221;40px|0px|100px|0px||&#8221; custom_padding_tablet=&#8221;||20px||false|false&#8221; custom_padding_phone=&#8221;||0px||false|false&#8221; locked=&#8221;off&#8221; global_colors_info=&#8221;{}&#8221;][et_pb_column type=&#8221;4_4&#8243; _builder_version=&#8221;4.16&#8243; custom_padding=&#8221;|||&#8221; global_colors_info=&#8221;{}&#8221; custom_padding__hover=&#8221;|||&#8221;][et_pb_text _builder_version=&#8221;4.16&#8243; text_font=&#8221;Open Sans||||||||&#8221; text_text_color=&#8221;#FFFFFF&#8221; text_font_size=&#8221;20px&#8221; text_line_height=&#8221;1.5em&#8221; link_font=&#8221;||||||||&#8221; link_text_color=&#8221;#FFFFFF&#8221; link_font_size=&#8221;13px&#8221; header_font=&#8221;Abril Fatface||||||||&#8221; header_text_color=&#8221;rgba(255,255,255,0.5)&#8221; header_font_size=&#8221;100px&#8221; header_letter_spacing=&#8221;-1px&#8221; header_line_height=&#8221;0em&#8221; header_2_font=&#8221;Open Sans|600|||||||&#8221; header_2_text_color=&#8221;#17181A&#8221; header_2_font_size=&#8221;120px&#8221; header_2_letter_spacing=&#8221;1px&#8221; header_2_line_height=&#8221;1.2em&#8221; header_3_font=&#8221;Abril Fatface||||||||&#8221; header_3_text_color=&#8221;#F3B0B0&#8243; header_3_letter_spacing=&#8221;1px&#8221; header_3_line_height=&#8221;1.2em&#8221; header_4_font=&#8221;Open Sans||||||||&#8221; header_4_text_color=&#8221;#ffffff&#8221; header_4_font_size=&#8221;27px&#8221; header_4_line_height=&#8221;1.3em&#8221; header_5_font=&#8221;Abril Fatface||||||||&#8221; header_5_text_color=&#8221;#ffffff&#8221; header_5_font_size=&#8221;50px&#8221; header_5_letter_spacing=&#8221;1px&#8221; header_5_line_height=&#8221;1.2em&#8221; header_6_font=&#8221;Open Sans|600|||||||&#8221; header_6_text_align=&#8221;center&#8221; header_6_text_color=&#8221;#17181A&#8221; header_6_font_size=&#8221;16px&#8221; z_index=&#8221;0&#8243; custom_margin=&#8221;|185px||185px|false|true&#8221; custom_margin_tablet=&#8221;|25px||25px|false|true&#8221; custom_margin_phone=&#8221;|4px||4px|false|true&#8221; custom_margin_last_edited=&#8221;on|tablet&#8221; animation_direction=&#8221;bottom&#8221; text_font_size_tablet=&#8221;16px&#8221; text_font_size_phone=&#8221;20px&#8221; text_font_size_last_edited=&#8221;on|phone&#8221; link_font_size_tablet=&#8221;&#8221; link_font_size_phone=&#8221;&#8221; link_font_size_last_edited=&#8221;on|desktop&#8221; header_font_size_tablet=&#8221;80px&#8221; header_font_size_phone=&#8221;48px&#8221; header_font_size_last_edited=&#8221;on|tablet&#8221; header_2_font_size_tablet=&#8221;85px&#8221; header_2_font_size_phone=&#8221;56px&#8221; header_2_font_size_last_edited=&#8221;on|phone&#8221; header_2_letter_spacing_tablet=&#8221;0px&#8221; header_2_letter_spacing_phone=&#8221;&#8221; header_2_letter_spacing_last_edited=&#8221;on|desktop&#8221; header_2_line_height_tablet=&#8221;1.1em&#8221; header_2_line_height_phone=&#8221;1em&#8221; header_2_line_height_last_edited=&#8221;on|desktop&#8221; header_3_font_size_tablet=&#8221;20px&#8221; header_3_font_size_phone=&#8221;23px&#8221; header_3_font_size_last_edited=&#8221;on|phone&#8221; header_3_letter_spacing_tablet=&#8221;1px&#8221; header_3_letter_spacing_phone=&#8221;1px&#8221; header_3_letter_spacing_last_edited=&#8221;on|phone&#8221; header_3_line_height_tablet=&#8221;1em&#8221; header_3_line_height_phone=&#8221;1.2em&#8221; header_3_line_height_last_edited=&#8221;on|desktop&#8221; header_4_font_size_tablet=&#8221;24px&#8221; header_4_font_size_phone=&#8221;19px&#8221; header_4_font_size_last_edited=&#8221;on|tablet&#8221; header_5_font_size_tablet=&#8221;25px&#8221; header_5_font_size_phone=&#8221;22px&#8221; header_5_font_size_last_edited=&#8221;on|phone&#8221; header_6_font_size_tablet=&#8221;14px&#8221; header_6_font_size_phone=&#8221;12px&#8221; header_6_font_size_last_edited=&#8221;on|phone&#8221; global_colors_info=&#8221;{}&#8221;]<\/p>\n<h3><b>Concept<\/b> <span style=\"font-weight: 400;\">\u00a0<\/span><\/h3>\n<p><span style=\"font-weight: 400;\"><\/span><span style=\"font-weight: 400;\">Today, the arrival in Santo Stefano is both suggestive and challenging. It is a long route that stretches from Rome towards Formia, then by sea towards Ventotene and then from Ventotene with small boats towards the prison island. From Naples, it entails the passage from the Phlegraean Fields and then a path from Procida and Ischia to Ventotene.<br \/>The arrival on the island is &#8211; for a visitor of average athleticism &#8211; quite complex, a quay made up of modeled rocks, beaten by the undertow, a climb on hand-chiseled, disconnected and steep steps between basalts dug out or overlooked by caves and ravines. Remains of corroded artifacts and technologies, writings and graffiti of prison guests, and then the ascent under an often beating sun, among scents and glimpses of the landscape that stretch over the sea and Ventotene. The arrival at the prison with its abandoned and dilapidated buildings leaves an impression of \u201c<i>mort &#8211; sub\u00ecte<\/i>\u201d, of hasty and definitive abandonment as from a place that has exhausted, due to an excess of ferocity, its meaning and purpose. <\/span><\/p>\n<p><span style=\"font-weight: 400;\">The imposing and eloquent panoptic (a model structure conceived by the architect Francesco Carpi, only a few years after Jeremy Bentham&#8217;s ideal prison) reaffirms, at the same time, the strength of the original project and its inability to hold on to the present. It re-launches an imprint of horror and power. The path on the road that runs through part of the perimeter of the island up, up to the cemetery, opens up to a dimension of meditation, of relationship with the power of nature, of the rocks, of the sea, of the sky, which is found in the abandoned cemetery, with its worn crosses lying on the ground, as a point of further concentration and thought. <\/span><span style=\"font-weight: 400;\">\u00a0<\/span><\/p>\n<p><span style=\"font-weight: 400;\"><br \/><\/span><span style=\"font-weight: 400;\">The recognition of the character of this place and its history was the starting point of the project, which has been set, since the beginning, the goal of a \u201cremembrance\u201d capable, however, of representing an opportunity to \u201cpresence\u201d and therefore to relaunch towards the future. A goal that deserves, in its intonation, a brief clarification. <\/span><span style=\"font-weight: 400;\"><br \/><\/span><span style=\"font-weight: 400;\">The \u201cremembrance\u201d does not coincide with the erudition, it is not resolved by an antiquarian dimension, nor with the abstract consideration of \u201cintrinsic\u201d, nostalgic or worse historicism values, of memories. Remembrance, as Walter Benjamin suggests, is not articulated on a linear and empty time, but a time in which memory and present intersect. \u201c<\/span><i><span style=\"font-weight: 400;\">The time that fortune-tellers questioned, to steal from them what was hidden in her womb, was certainly not experienced by them either as homogeneous or as void. Those who keep this in mind perhaps come to get an<\/span><\/i><span style=\"font-weight: 400;\">\u00a0 <\/span><i><span style=\"font-weight: 400;\">idea of how past time was experienced in remembrance&#8230;. In it, every second was the small door through which the messiah could enter<\/span><\/i><span style=\"font-weight: 400;\">&#8221; (Thesis XVII B).\u00a0<\/span><\/p>\n<p><span style=\"font-weight: 400;\"><br \/><\/span><span style=\"font-weight: 400;\">In this perspective, remembrance is the path that leads to the qualification of \u201cpresence\u201d. <\/span><span style=\"font-weight: 400;\"><br \/><\/span><span style=\"font-weight: 400;\">The place that this project is called to constitute must not be a memorial for its own sake, but the living opportunity for a conscious experience of the presence. What does it mean to really be \u201cpresent\u201d? It is the result of an alchemy that allows you to undertake a non-rhetorical coexistence of present and memory, to be held in measure, as a fundamental act of culture. The Latin <\/span><i><span style=\"font-weight: 400;\">prae-sum <\/span><\/i><span style=\"font-weight: 400;\">indicates, in the first place, the ability and the act of to stand in the presence of. Being in front of something, or someone, literally implies a stance: standing in front of, implies a relationship of reciprocity. What lies before us, literally, concerns us &#8211; and therefore inevitably transforms us.\u00a0<\/span><\/p>\n<p><span style=\"font-weight: 400;\">Giving life to a place of presence is equivalent to defining a non-random choice: a space of awareness, and of radical questioning about what really concerns us, as men and women and as a community. In this sense, inevitably, and in the highest sense, a fact and a political act.\u00a0<\/span><\/p>\n<p><span style=\"font-weight: 400;\"><\/span><span style=\"font-weight: 400;\">In this case, due to the strong and immanent presence of a memory of confinement and pain, remembrance also implied a confrontation with a possible solution to the heaviness of this memory. Not so much in the sense of its \u201credemption\u201d, but rather of its solution: the possibility of dissolving the horror that led to the abandonment of this place, making it somehow compatible with the present and with the future.\u00a0<\/span><\/p>\n<p><span style=\"font-weight: 400;\">This principle has therefore determined some fundamental choices: the overall experience that is intended to favor with the visit, the quality and limit of the renovation and refurbishment interventions, the nature of the museum and service structures, the usability of the panoptic and the possibility of inserting in it the work of one or more great contemporary artists, the re-connection of the cultural capital represented by the panoptic and its history with the natural capital of the island. <\/span><\/p>\n<p>[\/et_pb_text][\/et_pb_column][\/et_pb_row][et_pb_row custom_padding_last_edited=&#8221;on|phone&#8221; admin_label=&#8221;Best Beans Row&#8221; module_class=&#8221;et_pb_row_fullwidth&#8221; _builder_version=&#8221;4.16&#8243; background_enable_color=&#8221;off&#8221; width_tablet=&#8221;&#8221; width_phone=&#8221;&#8221; width_last_edited=&#8221;on|phone&#8221; max_width_tablet=&#8221;&#8221; max_width_phone=&#8221;&#8221; max_width_last_edited=&#8221;on|desktop&#8221; custom_margin=&#8221;||||false|false&#8221; custom_padding=&#8221;0px|0px|60px|0px|false|true&#8221; custom_padding_tablet=&#8221;&#8221; custom_padding_phone=&#8221;&#8221; make_fullwidth=&#8221;on&#8221; locked=&#8221;off&#8221; global_colors_info=&#8221;{}&#8221;][et_pb_column type=&#8221;4_4&#8243; _builder_version=&#8221;4.16&#8243; custom_padding=&#8221;|||&#8221; global_colors_info=&#8221;{}&#8221; custom_padding__hover=&#8221;|||&#8221;][et_pb_video src=&#8221;https:\/\/www.youtube.com\/watch?v=MLGcANfyulQ&#8221; thumbnail_overlay_color=&#8221;rgba(0,0,0,0.6)&#8221; _builder_version=&#8221;4.16&#8243; custom_margin=&#8221;|60px||60px|false|true&#8221; custom_margin_tablet=&#8221;|0px||0px|false|true&#8221; custom_margin_phone=&#8221;&#8221; custom_margin_last_edited=&#8221;on|desktop&#8221; global_colors_info=&#8221;{}&#8221;][\/et_pb_video][\/et_pb_column][\/et_pb_row][et_pb_row custom_padding_last_edited=&#8221;on|phone&#8221; admin_label=&#8221;Coffee items&#8221; _builder_version=&#8221;4.16&#8243; custom_margin=&#8221;|||&#8221; custom_padding=&#8221;40px|0px|100px|0px||&#8221; custom_padding_tablet=&#8221;||20px||false|false&#8221; custom_padding_phone=&#8221;||0px||false|false&#8221; locked=&#8221;off&#8221; global_colors_info=&#8221;{}&#8221;][et_pb_column type=&#8221;4_4&#8243; _builder_version=&#8221;4.16&#8243; custom_padding=&#8221;|||&#8221; global_colors_info=&#8221;{}&#8221; custom_padding__hover=&#8221;|||&#8221;][et_pb_text _builder_version=&#8221;4.16&#8243; text_font=&#8221;Open Sans||||||||&#8221; text_text_color=&#8221;#FFFFFF&#8221; text_font_size=&#8221;20px&#8221; text_line_height=&#8221;1.5em&#8221; link_font=&#8221;||||||||&#8221; link_text_color=&#8221;#FFFFFF&#8221; link_font_size=&#8221;13px&#8221; header_font=&#8221;Abril Fatface||||||||&#8221; header_text_color=&#8221;rgba(255,255,255,0.5)&#8221; header_font_size=&#8221;100px&#8221; header_letter_spacing=&#8221;-1px&#8221; header_line_height=&#8221;0em&#8221; header_2_font=&#8221;Open Sans|600|||||||&#8221; header_2_text_color=&#8221;#17181A&#8221; header_2_font_size=&#8221;120px&#8221; header_2_letter_spacing=&#8221;1px&#8221; header_2_line_height=&#8221;1.2em&#8221; header_3_font=&#8221;Abril Fatface||||||||&#8221; header_3_text_color=&#8221;#F3B0B0&#8243; header_3_letter_spacing=&#8221;1px&#8221; header_3_line_height=&#8221;1.2em&#8221; header_4_font=&#8221;Open Sans||||||||&#8221; header_4_text_color=&#8221;#ffffff&#8221; header_4_font_size=&#8221;27px&#8221; header_4_line_height=&#8221;1.3em&#8221; header_5_font=&#8221;Abril Fatface||||||||&#8221; header_5_text_color=&#8221;#ffffff&#8221; header_5_font_size=&#8221;50px&#8221; header_5_letter_spacing=&#8221;1px&#8221; header_5_line_height=&#8221;1.2em&#8221; header_6_font=&#8221;Open Sans|600|||||||&#8221; header_6_text_align=&#8221;center&#8221; header_6_text_color=&#8221;#17181A&#8221; header_6_font_size=&#8221;16px&#8221; z_index=&#8221;0&#8243; custom_margin=&#8221;|185px||185px|false|true&#8221; custom_margin_tablet=&#8221;|25px||25px|false|true&#8221; custom_margin_phone=&#8221;|4px||4px|false|true&#8221; custom_margin_last_edited=&#8221;on|tablet&#8221; animation_direction=&#8221;bottom&#8221; text_font_size_tablet=&#8221;16px&#8221; text_font_size_phone=&#8221;20px&#8221; text_font_size_last_edited=&#8221;on|phone&#8221; link_font_size_tablet=&#8221;&#8221; link_font_size_phone=&#8221;&#8221; link_font_size_last_edited=&#8221;on|desktop&#8221; header_font_size_tablet=&#8221;80px&#8221; header_font_size_phone=&#8221;48px&#8221; header_font_size_last_edited=&#8221;on|tablet&#8221; header_2_font_size_tablet=&#8221;85px&#8221; header_2_font_size_phone=&#8221;56px&#8221; header_2_font_size_last_edited=&#8221;on|phone&#8221; header_2_letter_spacing_tablet=&#8221;0px&#8221; header_2_letter_spacing_phone=&#8221;&#8221; header_2_letter_spacing_last_edited=&#8221;on|desktop&#8221; header_2_line_height_tablet=&#8221;1.1em&#8221; header_2_line_height_phone=&#8221;1em&#8221; header_2_line_height_last_edited=&#8221;on|desktop&#8221; header_3_font_size_tablet=&#8221;20px&#8221; header_3_font_size_phone=&#8221;23px&#8221; header_3_font_size_last_edited=&#8221;on|phone&#8221; header_3_letter_spacing_tablet=&#8221;1px&#8221; header_3_letter_spacing_phone=&#8221;1px&#8221; header_3_letter_spacing_last_edited=&#8221;on|phone&#8221; header_3_line_height_tablet=&#8221;1em&#8221; header_3_line_height_phone=&#8221;1.2em&#8221; header_3_line_height_last_edited=&#8221;on|desktop&#8221; header_4_font_size_tablet=&#8221;24px&#8221; header_4_font_size_phone=&#8221;19px&#8221; header_4_font_size_last_edited=&#8221;on|tablet&#8221; header_5_font_size_tablet=&#8221;25px&#8221; header_5_font_size_phone=&#8221;22px&#8221; header_5_font_size_last_edited=&#8221;on|phone&#8221; header_6_font_size_tablet=&#8221;14px&#8221; header_6_font_size_phone=&#8221;12px&#8221; header_6_font_size_last_edited=&#8221;on|phone&#8221; global_colors_info=&#8221;{}&#8221;]<\/p>\n<p><span style=\"font-weight: 400;\">The project &#8211; as regards the island of Santo Stefano &#8211; was therefore articulated around some fundamental issues: <\/span><span style=\"font-weight: 400;\">\u00a0<\/span><span style=\"font-weight: 400;\">\u00a0<\/span><\/p>\n<p style=\"padding-left: 40px;\"><span style=\"font-weight: 400;\">\u25aa <\/span><i><span style=\"font-weight: 400;\">The historical experience of the prison\u2019s organization of Santo Stefano<\/span><\/i><span style=\"font-weight: 400;\">, declined in all its stratification that include the architecture, the lives of inmates and their sufferings, the work of managers and guards, daily life, the presence of great intellectuals detained for political reasons, speeches, methods and tools of coercion and <\/span><span style=\"font-weight: 400;\"><\/span><span style=\"font-weight: 400;\">redemption; the feelings, the values expressed in the two centuries of life of the institution.\u00a0<\/span><\/p>\n<p style=\"padding-left: 40px;\"><span style=\"font-weight: 400;\">\u25aa<\/span> <i><span style=\"font-weight: 400;\">The<\/span><\/i> <i><span style=\"font-weight: 400;\">historical experience of<\/span><\/i> <i><span style=\"font-weight: 400;\">Ventotene island <\/span><\/i><span style=\"font-weight: 400;\">as a place of exile, since the times of imperial Rome; as the seat and place of the composition of the pro-European Manifesto which represented one of the inspirations of the European formation process; as an example of a small Mediterranean island, hit by the great challenges of modernization.\u00a0<\/span><\/p>\n<p><span style=\"font-weight: 400;\">The need to organize the overall use of the place in the direction of a poetic remembrance, oriented to meditation, capable of taking charge of the density of the historical experience by translating it into viable values and visions.<\/span><\/p>\n<p>[\/et_pb_text][\/et_pb_column][\/et_pb_row][et_pb_row use_custom_gutter=&#8221;on&#8221; gutter_width=&#8221;1&#8243; make_equal=&#8221;on&#8221; custom_padding_last_edited=&#8221;on|phone&#8221; admin_label=&#8221;Coffee items&#8221; _builder_version=&#8221;4.16&#8243; custom_margin=&#8221;|||&#8221; custom_padding=&#8221;10px|0px|29px|0px|false|false&#8221; custom_padding_tablet=&#8221;25px||0px||false|false&#8221; custom_padding_phone=&#8221;||0px||false|false&#8221; locked=&#8221;off&#8221; global_colors_info=&#8221;{}&#8221;][et_pb_column type=&#8221;4_4&#8243; _builder_version=&#8221;4.16&#8243; custom_padding=&#8221;|||&#8221; global_colors_info=&#8221;{}&#8221; custom_padding__hover=&#8221;|||&#8221;][et_pb_image src=&#8221;https:\/\/europeanmemories.net\/stories\/wp-content\/uploads\/sites\/13\/2021\/10\/6.jpg&#8221; title_text=&#8221;6&#8243; align=&#8221;center&#8221; align_tablet=&#8221;center&#8221; align_last_edited=&#8221;off|desktop&#8221; _builder_version=&#8221;4.16&#8243; custom_margin=&#8221;||15px||false|false&#8221; global_colors_info=&#8221;{}&#8221;][\/et_pb_image][et_pb_text content_tablet=&#8221;<\/p>\n<p style=%22text-align: center;%22><span class=%22media-metadata-value%22><strong><\/strong><span><span style=%22font-weight: 400;%22><strong><\/strong><\/span><span style=%22font-weight: 400;%22><strong>Ursula Hirschmann portrait<\/strong> <\/span><i><span style=%22font-weight: 400;%22><em>| \u00a9 European Union, 1995-2021<\/em><\/span><\/i><\/span><\/span><\/p>\n<\/p>\n<p class=%22page-section-title%22><span class=%22media-metadata-value%22><\/span><\/p>\n<p>&#8221; content_phone=&#8221;<\/p>\n<p class=%22page-section-title%22 style=%22text-align: center;%22><span class=%22media-metadata-value%22><strong><\/strong><span><span style=%22font-weight: 400;%22><strong><\/strong><\/span><span style=%22font-weight: 400;%22><strong>Ursula Hirschmann portrait<\/strong> <\/span><i><span style=%22font-weight: 400;%22><em>| \u00a9 European Union, 1995-2021<\/em><\/span><\/i><\/span><\/span><\/p>\n<p class=%22page-section-title%22><span class=%22media-metadata-value%22><\/span><\/p>\n<p>&#8221; content_last_edited=&#8221;off|desktop&#8221; _builder_version=&#8221;4.16&#8243; text_font=&#8221;Open Sans||||||||&#8221; text_text_color=&#8221;#FFFFFF&#8221; text_line_height=&#8221;1.5em&#8221; custom_margin=&#8221;|185px||185px|false|false&#8221; custom_margin_tablet=&#8221;|20px||20px|false|true&#8221; custom_margin_phone=&#8221;|10px||10px|false|true&#8221; custom_margin_last_edited=&#8221;on|desktop&#8221; custom_padding=&#8221;||||false|true&#8221; custom_padding_tablet=&#8221;&#8221; custom_padding_phone=&#8221;&#8221; custom_padding_last_edited=&#8221;on|desktop&#8221; text_font_size_tablet=&#8221;12px&#8221; text_font_size_phone=&#8221;14px&#8221; text_font_size_last_edited=&#8221;on|phone&#8221; locked=&#8221;off&#8221; global_colors_info=&#8221;{}&#8221;]<\/p>\n<p style=\"text-align: center;\"><span style=\"font-weight: 400;\"><strong>Monument to Pertini<\/strong> <em>| Picture: Francesco Collotti<\/em><\/span><\/p>\n<p style=\"text-align: center;\"><em>\u00a0<\/em><\/p>\n<p class=\"_4b3da m-b h4\" style=\"text-align: center;\"><span class=\"media-metadata-value\"><span><i><span style=\"font-weight: 400;\"><br \/><\/span><\/i><\/span><\/span><span class=\"media-metadata-value\"><\/span><\/p>\n<p>[\/et_pb_text][\/et_pb_column][\/et_pb_row][et_pb_row custom_padding_last_edited=&#8221;on|phone&#8221; admin_label=&#8221;Coffee items&#8221; _builder_version=&#8221;4.16&#8243; custom_margin=&#8221;|||&#8221; custom_padding=&#8221;40px|0px|151px|0px||&#8221; custom_padding_tablet=&#8221;||20px||false|false&#8221; custom_padding_phone=&#8221;||0px||false|false&#8221; locked=&#8221;off&#8221; global_colors_info=&#8221;{}&#8221;][et_pb_column type=&#8221;4_4&#8243; _builder_version=&#8221;4.16&#8243; custom_padding=&#8221;|||&#8221; global_colors_info=&#8221;{}&#8221; custom_padding__hover=&#8221;|||&#8221;][et_pb_text _builder_version=&#8221;4.16&#8243; text_font=&#8221;Open Sans||||||||&#8221; text_text_color=&#8221;#FFFFFF&#8221; text_font_size=&#8221;20px&#8221; text_line_height=&#8221;1.5em&#8221; link_font=&#8221;||||||||&#8221; link_text_color=&#8221;#FFFFFF&#8221; link_font_size=&#8221;13px&#8221; header_font=&#8221;Abril Fatface||||||||&#8221; header_text_color=&#8221;rgba(255,255,255,0.5)&#8221; header_font_size=&#8221;100px&#8221; header_letter_spacing=&#8221;-1px&#8221; header_line_height=&#8221;0em&#8221; header_2_font=&#8221;Open Sans|600|||||||&#8221; header_2_text_color=&#8221;#17181A&#8221; header_2_font_size=&#8221;120px&#8221; header_2_letter_spacing=&#8221;1px&#8221; header_2_line_height=&#8221;1.2em&#8221; header_3_font=&#8221;Abril Fatface||||||||&#8221; header_3_text_color=&#8221;#F3B0B0&#8243; header_3_letter_spacing=&#8221;1px&#8221; header_3_line_height=&#8221;1.2em&#8221; header_4_font=&#8221;Open Sans||||||||&#8221; header_4_text_color=&#8221;#ffffff&#8221; header_4_font_size=&#8221;27px&#8221; header_4_line_height=&#8221;1.3em&#8221; header_5_font=&#8221;Abril Fatface||||||||&#8221; header_5_text_color=&#8221;#ffffff&#8221; header_5_font_size=&#8221;50px&#8221; header_5_letter_spacing=&#8221;1px&#8221; header_5_line_height=&#8221;1.2em&#8221; header_6_font=&#8221;Open Sans|600|||||||&#8221; header_6_text_align=&#8221;center&#8221; header_6_text_color=&#8221;#17181A&#8221; header_6_font_size=&#8221;16px&#8221; z_index=&#8221;0&#8243; custom_margin=&#8221;|185px||185px|false|true&#8221; custom_margin_tablet=&#8221;|25px||25px|false|true&#8221; custom_margin_phone=&#8221;|4px||4px|false|true&#8221; custom_margin_last_edited=&#8221;on|tablet&#8221; animation_direction=&#8221;bottom&#8221; text_font_size_tablet=&#8221;16px&#8221; text_font_size_phone=&#8221;20px&#8221; text_font_size_last_edited=&#8221;on|phone&#8221; link_font_size_tablet=&#8221;&#8221; link_font_size_phone=&#8221;&#8221; link_font_size_last_edited=&#8221;on|desktop&#8221; header_font_size_tablet=&#8221;80px&#8221; header_font_size_phone=&#8221;48px&#8221; header_font_size_last_edited=&#8221;on|tablet&#8221; header_2_font_size_tablet=&#8221;85px&#8221; header_2_font_size_phone=&#8221;56px&#8221; header_2_font_size_last_edited=&#8221;on|phone&#8221; header_2_letter_spacing_tablet=&#8221;0px&#8221; header_2_letter_spacing_phone=&#8221;&#8221; header_2_letter_spacing_last_edited=&#8221;on|desktop&#8221; header_2_line_height_tablet=&#8221;1.1em&#8221; header_2_line_height_phone=&#8221;1em&#8221; header_2_line_height_last_edited=&#8221;on|desktop&#8221; header_3_font_size_tablet=&#8221;20px&#8221; header_3_font_size_phone=&#8221;23px&#8221; header_3_font_size_last_edited=&#8221;on|phone&#8221; header_3_letter_spacing_tablet=&#8221;1px&#8221; header_3_letter_spacing_phone=&#8221;1px&#8221; header_3_letter_spacing_last_edited=&#8221;on|phone&#8221; header_3_line_height_tablet=&#8221;1em&#8221; header_3_line_height_phone=&#8221;1.2em&#8221; header_3_line_height_last_edited=&#8221;on|desktop&#8221; header_4_font_size_tablet=&#8221;24px&#8221; header_4_font_size_phone=&#8221;19px&#8221; header_4_font_size_last_edited=&#8221;on|tablet&#8221; header_5_font_size_tablet=&#8221;25px&#8221; header_5_font_size_phone=&#8221;22px&#8221; header_5_font_size_last_edited=&#8221;on|phone&#8221; header_6_font_size_tablet=&#8221;14px&#8221; header_6_font_size_phone=&#8221;12px&#8221; header_6_font_size_last_edited=&#8221;on|phone&#8221; global_colors_info=&#8221;{}&#8221;]<\/p>\n<p><span style=\"font-weight: 400;\">In practice, this concept required to set the characteristics of the intervention in the direction of:\u00a0<\/span><\/p>\n<p style=\"padding-left: 40px;\"><span style=\"font-weight: 400;\">\u25aa<\/span> <span style=\"font-weight: 400;\">\u00a0<\/span><span style=\"font-weight: 400;\">\u00a0<\/span><b>An<\/b> <b>extended and flexible accessibility<\/b><span style=\"font-weight: 400;\">. So, with accessible costs of use, openness to a multidisciplinary and multimedia use capable of ranging between genres and levels always with consistency of quality; opening to special programming for weak categories. To operate so that citizens feel not only the monument, but also the institution that manages it, a necessary part of their own constitution.<\/span><\/p>\n<p style=\"padding-left: 40px;\"><span style=\"font-weight: 400;\">\u25aa<\/span> <span style=\"font-weight: 400;\">\u00a0<\/span><span style=\"font-weight: 400;\">\u00a0<\/span><b>An orientation towards training in relation to all the components of the project<\/b><span style=\"font-weight: 400;\">. This means: architecture, restoration, history of prison institutions, history of<\/span><span style=\"font-weight: 400;\">\u00a0 <\/span><span style=\"font-weight: 400;\">Europe and human rights, artistic practices, heritage management practices. It is essential that the space can host educational and research experiences in the relationship with the various artistic and scientific components that represent its legacy.\u00a0<\/span><\/p>\n<p style=\"padding-left: 40px;\"><span style=\"font-weight: 400;\">\u25aa<\/span> <span style=\"font-weight: 400;\">\u00a0<\/span><span style=\"font-weight: 400;\">\u00a0<\/span><b>Opening to listening, networking and co-production practices with neighboring territories<\/b><span style=\"font-weight: 400;\">. The presence of a heritage institution, starting from the managed space, can and perhaps must become a leaven for the\u00a0 activation of cultural production practices of the territory. Preserving the contemporaneity and topicality of the heritage, educating the visitor to recognize its disruptive power, is the (unexpected) task of protection, as well as a continuous possibility of critical and informative enrichment. Part of this productive responsibility lies in the dialogue with local contexts regarding the definition and explanation of choices. It is not a question of sharing responsibility, but of assuming specific cultural responsibilities within the framework of an intense dialogue, which also allows for situations of confrontation, conflict and dissonance. The<\/span><span style=\"font-weight: 400;\">\u00a0 <\/span><span style=\"font-weight: 400;\">cultural institution thus assumes the political and technical task of forming a public cultural sphere.\u00a0<\/span><\/p>\n<p style=\"padding-left: 40px;\"><span style=\"font-weight: 400;\">\u25aa<\/span> <span style=\"font-weight: 400;\">\u00a0<\/span><span style=\"font-weight: 400;\">\u00a0<\/span><b>Environmental sustainability of processes, practices and technologies<\/b><span style=\"font-weight: 400;\">. These processes must be integrated and sustainable. This means that the disciplines of environmental and technological sustainability must be an aware part of the redesign of the activities starting from the materials used in cleaning, catering services, materials and technologies available, but also incorporated into the principles of ecological design provided for recovery open spaces. The reduction of the environmental <\/span><i><span style=\"font-weight: 400;\">fingerprint <\/span><\/i><span style=\"font-weight: 400;\">of cultural institutions must be part of the process of reallocating resources to the advantage of the more sophisticated processes of attention to presence.\u00a0<\/span><\/p>\n<p><span style=\"font-weight: 400;\">The physical and infrastructural characteristics of the island have suggested to strongly delimit the technological intensity and the overall purpose of the intervention, both for the renewal and refurbishment components and the museum interventions. <\/span><span style=\"font-weight: 400;\"><br \/><\/span><span style=\"font-weight: 400;\">The place is difficult. An island with high vertical walls, not always accessible, not by chance chosen to host a hard prison, in the center of a precious marine protected area and itself a terrestrial nature reserve, a landing place for migratory and sedentary avifauna, without sources of water, without electricity, without sewage and waste treatment plants, exposed to extreme atmospheric agents. Every activity that is decided to install in this place translates not only into enormous operational difficulties, but also into costs and problems of economic and environmental sustainability. For this reason, the project drew inspiration for the definition of artistic and museum interventions from the great experiences of land art, with low infrastructural impact, which have characterized the experimentation of public art in recent decades. Cultural program and environmental program therefore reflect each other: the redevelopment of open spaces itself requires the adoption of non-invasive criteria on the nature of the places, through the use of native biodiversity, the only one that, thanks to the optimal genotype-environment interaction, guarantees a sustainable management with low demand for external inputs.<\/span><\/p>\n<p>[\/et_pb_text][\/et_pb_column][\/et_pb_row][\/et_pb_section][et_pb_section fb_built=&#8221;1&#8243; admin_label=&#8221;\u2022 ART 6&#8243; module_id=&#8221;SEC6&#8243; _builder_version=&#8221;4.16&#8243; background_color=&#8221;#FFFFFF&#8221; background_enable_image=&#8221;off&#8221; custom_padding=&#8221;100px||0px|||&#8221; locked=&#8221;off&#8221; collapsed=&#8221;on&#8221; global_colors_info=&#8221;{}&#8221; da_is_popup=&#8221;off&#8221; da_exit_intent=&#8221;off&#8221; da_has_close=&#8221;on&#8221; da_alt_close=&#8221;off&#8221; da_dark_close=&#8221;off&#8221; da_not_modal=&#8221;on&#8221; da_is_singular=&#8221;off&#8221; da_with_loader=&#8221;off&#8221; da_has_shadow=&#8221;on&#8221; da_disable_devices=&#8221;off|off|off&#8221;][et_pb_row custom_padding_last_edited=&#8221;on|phone&#8221; admin_label=&#8221;Coffee items&#8221; _builder_version=&#8221;4.16&#8243; custom_margin=&#8221;|||&#8221; custom_padding=&#8221;60px|0px|70px|0px|false|false&#8221; custom_padding_tablet=&#8221;30px||||false|false&#8221; custom_padding_phone=&#8221;0px|0px|30px|0px|false|false&#8221; global_colors_info=&#8221;{}&#8221;][et_pb_column type=&#8221;4_4&#8243; _builder_version=&#8221;4.16&#8243; custom_padding=&#8221;|||&#8221; global_colors_info=&#8221;{}&#8221; custom_padding__hover=&#8221;|||&#8221;][et_pb_text content_tablet=&#8221;<\/p>\n<h2><strong>The importance of commemorating European milestones<\/strong><\/h2>\n<p>&#8221; content_phone=&#8221;<\/p>\n<h2><strong>The importance of commemorating European milestones<\/strong><\/h2>\n<p>&#8221; content_last_edited=&#8221;off|desktop&#8221; admin_label=&#8221;Text ti\u00edtol&#8221; _builder_version=&#8221;4.16&#8243; text_font=&#8221;Open Sans||||||||&#8221; text_text_color=&#8221;#F3B0B0&#8243; text_font_size=&#8221;20px&#8221; text_line_height=&#8221;1.5em&#8221; header_font=&#8221;Abril Fatface||||||||&#8221; header_text_color=&#8221;rgba(255,255,255,0.5)&#8221; header_font_size=&#8221;59px&#8221; header_2_font=&#8221;Open Sans|600|||||||&#8221; header_2_text_color=&#8221;#41485C&#8221; header_2_font_size=&#8221;90px&#8221; header_2_letter_spacing=&#8221;1px&#8221; header_2_line_height=&#8221;1.2em&#8221; header_3_font=&#8221;Abril Fatface||on||||||&#8221; header_3_text_align=&#8221;right&#8221; header_3_text_color=&#8221;#ed8989&#8243; header_3_font_size=&#8221;30px&#8221; header_3_letter_spacing=&#8221;2px&#8221; header_3_line_height=&#8221;1.2em&#8221; header_4_font=&#8221;Open Sans|800|||||||&#8221; header_4_text_align=&#8221;left&#8221; header_4_text_color=&#8221;#ED8989&#8243; header_4_font_size=&#8221;35px&#8221; header_4_line_height=&#8221;1.3em&#8221; header_5_font=&#8221;Abril Fatface||||||||&#8221; header_5_text_color=&#8221;#ffffff&#8221; header_5_font_size=&#8221;28px&#8221; header_5_letter_spacing=&#8221;1px&#8221; header_5_line_height=&#8221;1.2em&#8221; header_6_font=&#8221;Open Sans|600|||||||&#8221; header_6_text_align=&#8221;center&#8221; header_6_text_color=&#8221;#000000&#8243; header_6_font_size=&#8221;16px&#8221; z_index=&#8221;0&#8243; animation_style=&#8221;slide&#8221; animation_direction=&#8221;bottom&#8221; animation_duration=&#8221;1450ms&#8221; animation_intensity_slide=&#8221;5%&#8221; animation_starting_opacity=&#8221;88%&#8221; animation_speed_curve=&#8221;ease&#8221; text_font_size_tablet=&#8221;16px&#8221; text_font_size_phone=&#8221;14px&#8221; text_font_size_last_edited=&#8221;on|phone&#8221; header_font_size_tablet=&#8221;39px&#8221; header_font_size_phone=&#8221;38px&#8221; header_font_size_last_edited=&#8221;on|phone&#8221; header_2_text_align_tablet=&#8221;&#8221; header_2_text_align_phone=&#8221;&#8221; header_2_text_align_last_edited=&#8221;on|phone&#8221; header_2_font_size_tablet=&#8221;60px&#8221; header_2_font_size_phone=&#8221;54px&#8221; header_2_font_size_last_edited=&#8221;on|phone&#8221; header_2_letter_spacing_tablet=&#8221;1px&#8221; header_2_letter_spacing_phone=&#8221;-1px&#8221; header_2_letter_spacing_last_edited=&#8221;on|phone&#8221; header_2_line_height_tablet=&#8221;1.2em&#8221; header_2_line_height_phone=&#8221;1em&#8221; header_2_line_height_last_edited=&#8221;on|phone&#8221; header_3_font_size_tablet=&#8221;25px&#8221; header_3_font_size_phone=&#8221;20px&#8221; header_3_font_size_last_edited=&#8221;on|phone&#8221; header_3_letter_spacing_tablet=&#8221;1px&#8221; header_3_letter_spacing_phone=&#8221;1px&#8221; header_3_letter_spacing_last_edited=&#8221;on|phone&#8221; header_3_line_height_tablet=&#8221;&#8221; header_3_line_height_phone=&#8221;1.2em&#8221; header_3_line_height_last_edited=&#8221;on|phone&#8221; header_4_font_size_tablet=&#8221;22px&#8221; header_4_font_size_phone=&#8221;22px&#8221; header_4_font_size_last_edited=&#8221;on|phone&#8221; header_5_font_size_tablet=&#8221;25px&#8221; header_5_font_size_phone=&#8221;22px&#8221; header_5_font_size_last_edited=&#8221;on|phone&#8221; header_6_font_size_tablet=&#8221;14px&#8221; header_6_font_size_phone=&#8221;14px&#8221; header_6_font_size_last_edited=&#8221;on|tablet&#8221; locked=&#8221;off&#8221; global_colors_info=&#8221;{}&#8221;]<\/p>\n<h2><strong>The importance of commemorating the milestones in European unity<\/strong><\/h2>\n<h4>History, memory and passing down the story of Europe<\/h4>\n<p>[\/et_pb_text][\/et_pb_column][\/et_pb_row][et_pb_row custom_padding_last_edited=&#8221;off|desktop&#8221; admin_label=&#8221;Coffee items&#8221; _builder_version=&#8221;4.16&#8243; width_tablet=&#8221;&#8221; width_phone=&#8221;100%&#8221; width_last_edited=&#8221;on|phone&#8221; custom_margin=&#8221;|||&#8221; custom_padding=&#8221;20px|0px|20px|0px|false|false&#8221; custom_padding_tablet=&#8221;||70px||false|false&#8221; custom_padding_phone=&#8221;||50px||false|false&#8221; locked=&#8221;off&#8221; global_colors_info=&#8221;{}&#8221;][et_pb_column type=&#8221;4_4&#8243; _builder_version=&#8221;4.16&#8243; custom_padding=&#8221;||||false|false&#8221; global_colors_info=&#8221;{}&#8221; custom_padding__hover=&#8221;|||&#8221;][et_pb_text _builder_version=&#8221;4.16&#8243; _module_preset=&#8221;default&#8221; text_font=&#8221;Open Sans|700|||||||&#8221; text_text_color=&#8221;#41485c&#8221; custom_margin=&#8221;||10px||false|false&#8221; custom_margin_tablet=&#8221;&#8221; custom_margin_phone=&#8221;&#8221; custom_margin_last_edited=&#8221;on|phone&#8221; global_colors_info=&#8221;{}&#8221;]<\/p>\n<p style=\"text-align: center;\">share<\/p>\n<p>[\/et_pb_text][et_pb_code _builder_version=&#8221;4.16&#8243; _module_preset=&#8221;default&#8221; width=&#8221;10%&#8221; width_tablet=&#8221;15%&#8221; width_phone=&#8221;100%&#8221; width_last_edited=&#8221;on|phone&#8221; max_width_last_edited=&#8221;off|phone&#8221; module_alignment=&#8221;center&#8221; custom_margin=&#8221;||||false|true&#8221; custom_margin_tablet=&#8221;||||false|true&#8221; custom_margin_phone=&#8221;||||false|true&#8221; custom_margin_last_edited=&#8221;on|phone&#8221; module_alignment_tablet=&#8221;&#8221; module_alignment_phone=&#8221;center&#8221; module_alignment_last_edited=&#8221;on|tablet&#8221; global_colors_info=&#8221;{}&#8221;]<div class=\"et_social_inline et_social_mobile_on et_social_inline_custom\">\n\t\t\t\t<div class=\"et_social_networks et_social_2col et_social_darken et_social_circle et_social_top et_social_no_animation et_social_outer_dark\">\n\t\t\t\t\t\n\t\t\t\t\t<ul class=\"et_social_icons_container\"><li class=\"et_social_facebook\">\n\t\t\t\t\t\t\t\t\t<a href=\"http:\/\/www.facebook.com\/sharer.php?u=https%3A%2F%2Feuropeanmemories.net%2Fstories%2Fventotene-80%2F&#038;t=Ventotene%2080\" class=\"et_social_share\" rel=\"nofollow\" data-social_name=\"facebook\" data-post_id=\"4673\" data-social_type=\"share\" data-location=\"inline\">\n\t\t\t\t\t\t\t\t\t\t<i class=\"et_social_icon et_social_icon_facebook\"><\/i><span class=\"et_social_overlay\"><\/span>\n\t\t\t\t\t\t\t\t\t<\/a>\n\t\t\t\t\t\t\t\t<\/li><li class=\"et_social_twitter\">\n\t\t\t\t\t\t\t\t\t<a href=\"http:\/\/twitter.com\/share?text=Ventotene%2080&#038;url=https%3A%2F%2Feuropeanmemories.net%2Fstories%2Fventotene-80%2F&#038;via=euromemories\" class=\"et_social_share\" rel=\"nofollow\" data-social_name=\"twitter\" data-post_id=\"4673\" data-social_type=\"share\" data-location=\"inline\">\n\t\t\t\t\t\t\t\t\t\t<i class=\"et_social_icon et_social_icon_twitter\"><\/i><span class=\"et_social_overlay\"><\/span>\n\t\t\t\t\t\t\t\t\t<\/a>\n\t\t\t\t\t\t\t\t<\/li><\/ul>\n\t\t\t\t<\/div>\n\t\t\t<\/div>[\/et_pb_code][\/et_pb_column][\/et_pb_row][et_pb_row custom_padding_last_edited=&#8221;on|phone&#8221; admin_label=&#8221;Coffee items&#8221; _builder_version=&#8221;4.16&#8243; custom_margin=&#8221;|||&#8221; custom_padding=&#8221;60px|0px|40px|0px|false|false&#8221; custom_padding_tablet=&#8221;30px||||false|false&#8221; custom_padding_phone=&#8221;0px|0px|30px|0px|false|false&#8221; global_colors_info=&#8221;{}&#8221;][et_pb_column type=&#8221;4_4&#8243; _builder_version=&#8221;4.16&#8243; custom_padding=&#8221;|||&#8221; global_colors_info=&#8221;{}&#8221; custom_padding__hover=&#8221;|||&#8221;][et_pb_text content_last_edited=&#8221;off|desktop&#8221; _builder_version=&#8221;4.16&#8243; text_font=&#8221;Open Sans||||||||&#8221; text_text_color=&#8221;#41485C&#8221; text_font_size=&#8221;20px&#8221; text_line_height=&#8221;1.5em&#8221; link_font=&#8221;|700|||||||&#8221; link_text_color=&#8221;#F3B0B0&#8243; link_font_size=&#8221;13px&#8221; header_font=&#8221;Abril Fatface||||||||&#8221; header_text_color=&#8221;rgba(255,255,255,0.5)&#8221; header_font_size=&#8221;100px&#8221; header_letter_spacing=&#8221;-1px&#8221; header_line_height=&#8221;0em&#8221; header_2_font=&#8221;Open Sans|600|||||||&#8221; header_2_text_color=&#8221;#17181A&#8221; header_2_font_size=&#8221;120px&#8221; header_2_letter_spacing=&#8221;1px&#8221; header_2_line_height=&#8221;1.2em&#8221; header_3_font=&#8221;Abril Fatface||||||||&#8221; header_3_text_color=&#8221;#F3B0B0&#8243; header_3_letter_spacing=&#8221;1px&#8221; header_3_line_height=&#8221;1.2em&#8221; header_4_font=&#8221;Open Sans||||||||&#8221; header_4_text_color=&#8221;#ffffff&#8221; header_4_font_size=&#8221;27px&#8221; header_4_line_height=&#8221;1.3em&#8221; header_5_font=&#8221;Abril Fatface||||||||&#8221; header_5_text_color=&#8221;#ffffff&#8221; header_5_font_size=&#8221;50px&#8221; header_5_letter_spacing=&#8221;1px&#8221; header_5_line_height=&#8221;1.2em&#8221; header_6_font=&#8221;Open Sans|600|||||||&#8221; header_6_text_align=&#8221;center&#8221; header_6_text_color=&#8221;#17181A&#8221; header_6_font_size=&#8221;16px&#8221; z_index=&#8221;0&#8243; custom_margin=&#8221;|185px||185px|false|true&#8221; custom_margin_tablet=&#8221;|25px||25px|false|true&#8221; custom_margin_phone=&#8221;|4px||4px|false|true&#8221; custom_margin_last_edited=&#8221;on|tablet&#8221; animation_direction=&#8221;bottom&#8221; text_font_size_tablet=&#8221;16px&#8221; text_font_size_phone=&#8221;20px&#8221; text_font_size_last_edited=&#8221;on|phone&#8221; header_font_size_tablet=&#8221;80px&#8221; header_font_size_phone=&#8221;48px&#8221; header_font_size_last_edited=&#8221;on|tablet&#8221; header_2_font_size_tablet=&#8221;85px&#8221; header_2_font_size_phone=&#8221;56px&#8221; header_2_font_size_last_edited=&#8221;on|phone&#8221; header_2_letter_spacing_tablet=&#8221;0px&#8221; header_2_letter_spacing_phone=&#8221;&#8221; header_2_letter_spacing_last_edited=&#8221;on|desktop&#8221; header_2_line_height_tablet=&#8221;1.1em&#8221; header_2_line_height_phone=&#8221;1em&#8221; header_2_line_height_last_edited=&#8221;on|desktop&#8221; header_3_font_size_tablet=&#8221;20px&#8221; header_3_font_size_phone=&#8221;23px&#8221; header_3_font_size_last_edited=&#8221;on|phone&#8221; header_3_letter_spacing_tablet=&#8221;1px&#8221; header_3_letter_spacing_phone=&#8221;1px&#8221; header_3_letter_spacing_last_edited=&#8221;on|phone&#8221; header_3_line_height_tablet=&#8221;1em&#8221; header_3_line_height_phone=&#8221;1.2em&#8221; header_3_line_height_last_edited=&#8221;on|desktop&#8221; header_4_font_size_tablet=&#8221;24px&#8221; header_4_font_size_phone=&#8221;19px&#8221; header_4_font_size_last_edited=&#8221;on|tablet&#8221; header_5_font_size_tablet=&#8221;25px&#8221; header_5_font_size_phone=&#8221;22px&#8221; header_5_font_size_last_edited=&#8221;on|phone&#8221; header_6_font_size_tablet=&#8221;14px&#8221; header_6_font_size_phone=&#8221;12px&#8221; header_6_font_size_last_edited=&#8221;on|phone&#8221; global_colors_info=&#8221;{}&#8221;]<\/p>\n<h3 style=\"text-align: right;\"><span style=\"font-weight: 400;\">By Debora Righetti <span id='easy-footnote-19-4673' class='easy-footnote-margin-adjust'><\/span><span class='easy-footnote'><a href='https:\/\/europeanmemories.net\/stories\/ventotene-80\/#easy-footnote-bottom-19-4673' title='Lecturer, Jean Monnet House, European Parliament'><sup>19<\/sup><\/a><\/span><br \/><\/span><\/h3>\n<p>[\/et_pb_text][\/et_pb_column][\/et_pb_row][et_pb_row custom_padding_last_edited=&#8221;on|phone&#8221; admin_label=&#8221;Coffee items&#8221; _builder_version=&#8221;4.16&#8243; custom_margin=&#8221;|||&#8221; custom_padding=&#8221;10px|0px|50px|0px|false|false&#8221; custom_padding_tablet=&#8221;25px||0px||false|false&#8221; custom_padding_phone=&#8221;||0px||false|false&#8221; locked=&#8221;off&#8221; global_colors_info=&#8221;{}&#8221;][et_pb_column type=&#8221;4_4&#8243; _builder_version=&#8221;4.16&#8243; custom_padding=&#8221;|||&#8221; global_colors_info=&#8221;{}&#8221; custom_padding__hover=&#8221;|||&#8221;][et_pb_image src=&#8221;https:\/\/europeanmemories.net\/stories\/wp-content\/uploads\/sites\/13\/2021\/11\/EP-110167A_001.jpg&#8221; title_text=&#8221;EP-110167A_archives&#8221; align=&#8221;center&#8221; _builder_version=&#8221;4.16&#8243; custom_margin=&#8221;||15px||false|false&#8221; global_colors_info=&#8221;{}&#8221;][\/et_pb_image][et_pb_text content_tablet=&#8221;<\/p>\n<p class=%22page-section-title%22 style=%22text-align: left;%22><span class=%22media-metadata-value%22><strong><\/strong><span><span style=%22font-weight: 400;%22><strong><\/strong><\/span><span style=%22font-weight: 400;%22><strong><\/strong><\/span><span style=%22font-weight: 400;%22><strong><\/strong><strong>Workers sit on a locomotive carrying the flags of the six Member States of the European Coal and Steel Community (ECSC) and pulling wagons loaded with coal cross the France-Luxembourg border, without stopping at it, to mark the opening of the common market for coal and iron ore, 2 May 1956.<\/strong><em>| Photograph: Theo MEY \u00a9 European Union 2021 \u2013 Source : EP<\/em><\/span><\/span><\/span><\/p>\n<p class=%22page-section-title%22><span class=%22media-metadata-value%22><\/span><\/p>\n<p>&#8221; content_phone=&#8221;<\/p>\n<p class=%22page-section-title%22 style=%22text-align: left;%22><span class=%22media-metadata-value%22><strong><\/strong><span><span style=%22font-weight: 400;%22><strong><\/strong><\/span><span style=%22font-weight: 400;%22><strong><\/strong><\/span><span style=%22font-weight: 400;%22><strong><\/strong><strong>Workers sit on a locomotive carrying the flags of the six Member States of the European Coal and Steel Community (ECSC) and pulling wagons loaded with coal cross the France-Luxembourg border, without stopping at it, to mark the opening of the common market for coal and iron ore, 2 May 1956.<\/strong> <em>| Photograph: Theo MEY \u00a9 European Union 2021 \u2013 Source : EP<\/em><\/span><\/span><\/span><\/p>\n<p class=%22page-section-title%22><span class=%22media-metadata-value%22><\/span><\/p>\n<p>&#8221; content_last_edited=&#8221;on|phone&#8221; _builder_version=&#8221;4.16&#8243; text_font=&#8221;Open Sans||||||||&#8221; text_text_color=&#8221;#17181A&#8221; text_line_height=&#8221;1.5em&#8221; custom_margin=&#8221;|185px||185px|false|true&#8221; custom_margin_tablet=&#8221;|20px||20px|false|true&#8221; custom_margin_phone=&#8221;|10px||10px|false|true&#8221; custom_margin_last_edited=&#8221;on|phone&#8221; text_font_size_tablet=&#8221;12px&#8221; text_font_size_phone=&#8221;14px&#8221; text_font_size_last_edited=&#8221;on|phone&#8221; locked=&#8221;off&#8221; global_colors_info=&#8221;{}&#8221;]<\/p>\n<p><span style=\"font-weight: 400;\"><strong>Workers sit on a locomotive carrying the flags of the six Member States of the European Coal and Steel Community (ECSC) and pulling wagons loaded with coal cross the France-Luxembourg border, without stopping at it, to mark the opening of the common market for coal and iron ore, 2 May 1956.<\/strong> <em>| Photograph: Theo MEY \u00a9 European Union 2021 \u2013 Source : EP<\/em><\/span><\/p>\n<p><span style=\"font-weight: 400;\"><em>\u00a0<\/em><\/span><\/p>\n<p><span class=\"media-metadata-value\"><span><i><span style=\"font-weight: 400;\"><\/span><\/i><\/span><\/span><span class=\"media-metadata-value\"><\/span><\/p>\n<p>[\/et_pb_text][\/et_pb_column][\/et_pb_row][et_pb_row custom_padding_last_edited=&#8221;on|phone&#8221; admin_label=&#8221;Coffee items&#8221; _builder_version=&#8221;4.16&#8243; custom_margin=&#8221;|||&#8221; custom_padding=&#8221;10px|0px|50px|0px|false|false&#8221; custom_padding_tablet=&#8221;50px||||false|false&#8221; custom_padding_phone=&#8221;50px|0px|30px|0px|false|false&#8221; global_colors_info=&#8221;{}&#8221;][et_pb_column type=&#8221;4_4&#8243; _builder_version=&#8221;4.16&#8243; custom_padding=&#8221;|||&#8221; global_colors_info=&#8221;{}&#8221; custom_padding__hover=&#8221;|||&#8221;][et_pb_text _builder_version=&#8221;4.16&#8243; text_font=&#8221;Open Sans||||||||&#8221; text_text_color=&#8221;#41485C&#8221; text_font_size=&#8221;20px&#8221; text_line_height=&#8221;1.5em&#8221; link_font=&#8221;|600|||||||&#8221; link_text_color=&#8221;#41485C&#8221; link_font_size=&#8221;13px&#8221; header_font=&#8221;Abril Fatface||||||||&#8221; header_text_color=&#8221;rgba(255,255,255,0.5)&#8221; header_font_size=&#8221;100px&#8221; header_letter_spacing=&#8221;-1px&#8221; header_line_height=&#8221;0em&#8221; header_2_font=&#8221;Open Sans|600|||||||&#8221; header_2_text_color=&#8221;#17181A&#8221; header_2_font_size=&#8221;120px&#8221; header_2_letter_spacing=&#8221;1px&#8221; header_2_line_height=&#8221;1.2em&#8221; header_3_font=&#8221;Abril Fatface||||||||&#8221; header_3_text_color=&#8221;#F3B0B0&#8243; header_3_letter_spacing=&#8221;1px&#8221; header_3_line_height=&#8221;1.2em&#8221; header_4_font=&#8221;Open Sans||||||||&#8221; header_4_text_color=&#8221;#ffffff&#8221; header_4_font_size=&#8221;27px&#8221; header_4_line_height=&#8221;1.3em&#8221; header_5_font=&#8221;Abril Fatface||||||||&#8221; header_5_text_color=&#8221;#ffffff&#8221; header_5_font_size=&#8221;50px&#8221; header_5_letter_spacing=&#8221;1px&#8221; header_5_line_height=&#8221;1.2em&#8221; header_6_font=&#8221;Open Sans|600|||||||&#8221; header_6_text_align=&#8221;center&#8221; header_6_text_color=&#8221;#17181A&#8221; header_6_font_size=&#8221;16px&#8221; z_index=&#8221;0&#8243; custom_margin=&#8221;|185px||185px|false|true&#8221; custom_margin_tablet=&#8221;|25px||25px|false|true&#8221; custom_margin_phone=&#8221;|4px||4px|false|true&#8221; custom_margin_last_edited=&#8221;on|tablet&#8221; animation_direction=&#8221;bottom&#8221; text_font_size_tablet=&#8221;16px&#8221; text_font_size_phone=&#8221;20px&#8221; text_font_size_last_edited=&#8221;on|phone&#8221; link_font_size_tablet=&#8221;&#8221; link_font_size_phone=&#8221;&#8221; link_font_size_last_edited=&#8221;on|desktop&#8221; header_font_size_tablet=&#8221;80px&#8221; header_font_size_phone=&#8221;48px&#8221; header_font_size_last_edited=&#8221;on|tablet&#8221; header_2_font_size_tablet=&#8221;85px&#8221; header_2_font_size_phone=&#8221;56px&#8221; header_2_font_size_last_edited=&#8221;on|phone&#8221; header_2_letter_spacing_tablet=&#8221;0px&#8221; header_2_letter_spacing_phone=&#8221;&#8221; header_2_letter_spacing_last_edited=&#8221;on|desktop&#8221; header_2_line_height_tablet=&#8221;1.1em&#8221; header_2_line_height_phone=&#8221;1em&#8221; header_2_line_height_last_edited=&#8221;on|desktop&#8221; header_3_font_size_tablet=&#8221;20px&#8221; header_3_font_size_phone=&#8221;23px&#8221; header_3_font_size_last_edited=&#8221;on|phone&#8221; header_3_letter_spacing_tablet=&#8221;1px&#8221; header_3_letter_spacing_phone=&#8221;1px&#8221; header_3_letter_spacing_last_edited=&#8221;on|phone&#8221; header_3_line_height_tablet=&#8221;1em&#8221; header_3_line_height_phone=&#8221;1.2em&#8221; header_3_line_height_last_edited=&#8221;on|desktop&#8221; header_4_font_size_tablet=&#8221;24px&#8221; header_4_font_size_phone=&#8221;19px&#8221; header_4_font_size_last_edited=&#8221;on|tablet&#8221; header_5_font_size_tablet=&#8221;25px&#8221; header_5_font_size_phone=&#8221;22px&#8221; header_5_font_size_last_edited=&#8221;on|phone&#8221; header_6_font_size_tablet=&#8221;14px&#8221; header_6_font_size_phone=&#8221;12px&#8221; header_6_font_size_last_edited=&#8221;on|phone&#8221; locked=&#8221;off&#8221; global_colors_info=&#8221;{}&#8221;]<\/p>\n<p><em><span style=\"font-weight: 400;\">\u2018The sovereign nations of the past<br \/><\/span><span style=\"font-weight: 400;\">can no longer solve the problems of the present.<br \/><\/span><span style=\"font-weight: 400;\">And the [European] Community itself<br \/><\/span><span style=\"font-weight: 400;\">is only a stage on the way<br \/><\/span><span style=\"font-weight: 400;\">to the organised world<br \/><\/span><span style=\"font-weight: 400;\">of tomorrow.\u2019 <span id='easy-footnote-20-4673' class='easy-footnote-margin-adjust'><\/span><span class='easy-footnote'><a href='https:\/\/europeanmemories.net\/stories\/ventotene-80\/#easy-footnote-bottom-20-4673' title='&lt;\/span&gt;&lt;span style=&quot;font-weight: 400;&quot;&gt;Jean Monnet, &lt;\/span&gt;&lt;span style=&quot;font-weight: 400;&quot;&gt;Memoirs&lt;\/span&gt;&lt;span style=&quot;font-weight: 400;&quot;&gt;, 1976&lt;\/span&gt;&lt;span style=&quot;font-weight: 400;&quot;&gt;'><sup>20<\/sup><\/a><\/span><\/span><\/em><span style=\"font-weight: 400;\"><\/span><\/p>\n<p><span style=\"font-weight: 400;\">\u2018To commemorate\u2019 means to remember together (from Latin <\/span><i><span style=\"font-weight: 400;\">c\u016dm<\/span><\/i><span style=\"font-weight: 400;\"> and <\/span><i><span style=\"font-weight: 400;\">memor\u0101re<\/span><\/i><span style=\"font-weight: 400;\">).\u00a0<\/span><\/p>\n<p><span style=\"font-weight: 400;\">Unlike the more private and intimate concept of \u2018remembrance\u2019, there is with \u2018commemoration\u2019 the fundamental notion of being part of a group, a community.<\/span><\/p>\n<p><span style=\"font-weight: 400;\">The first commemorations were an act of remembering the dead, of worshiping forebears and of reliving a common past, in a manner which captured and reflected a sense of community <span id='easy-footnote-21-4673' class='easy-footnote-margin-adjust'><\/span><span class='easy-footnote'><a href='https:\/\/europeanmemories.net\/stories\/ventotene-80\/#easy-footnote-bottom-21-4673' title='In the Weberian sense of the term: a social relationship will be called a \u201ccommunitization\u201d (Vergemeinschaftung) if and to the extent that the orientation of social action rests \u2013 in the individual instance, or on average, or as a pure type \u2013 upon a subjectively felt (affectual or traditional) mutual sense of belonging among those involved.\u201d Weber, M., Wirtschaft und Gesellschaft, T\u00fcbingen, 1922 '><sup>21<\/sup><\/a><\/span>. Such an act was therefore key to defining one\u2019s identity and origins.<\/span><\/p>\n<p><span style=\"font-weight: 400;\">However who and what events should one remember? And with whom should one share this reliving of the past? To which community \u2013 or rather communities \u2013 does one belong? Of which community\/communities does one feel oneself a member?<\/span><span style=\"font-weight: 400;\"><\/span><\/p>\n<p><span style=\"font-weight: 400;\">In modern times, membership of a community<\/span><span style=\"font-weight: 400;\"> overlaps with membership of the nation\u2019s political society.<\/span><span style=\"font-weight: 400;\"><\/span><\/p>\n<p><span style=\"font-weight: 400;\">There are many possible definitions but, for this article, it seems significant to mention the reflection of the historian Federico Chabod, according to whom there are two ways to consider the nation:<\/span><\/p>\n<p><span style=\"font-weight: 400;\">1) on a \u201cnaturalistic\u201d background, as an ethnic concept that can lead to racism (\u2018pure blood\u2019, \u2018pure language\u2019, etc.);<\/span><\/p>\n<p><span style=\"font-weight: 400;\">2) or on a \u201cvoluntary\u201d background, which is to say having freedom of choice as regards belonging <span id='easy-footnote-22-4673' class='easy-footnote-margin-adjust'><\/span><span class='easy-footnote'><a href='https:\/\/europeanmemories.net\/stories\/ventotene-80\/#easy-footnote-bottom-22-4673' title='Federico Chabod, &lt;i&gt;L\u2019idea di nazione&lt;\/i&gt;, Laterza, 1961'><sup>22<\/sup><\/a><\/span>.<\/span><\/p>\n<p><span style=\"font-weight: 400;\">The difference between these two concepts was shown clearly in 1870-71 when the Prussian government decided to annex Alsace-Lorraine, asserting that the region was German, without regard to the views of those involved.<\/span><\/p>\n<p><span style=\"font-weight: 400;\">\u00a0<\/span><\/p>\n<p><span style=\"font-weight: 400;\">Before the birth of the modern concept of nation-state, what linked members of the same community was\u00a0 being subject to the same monarch, adhering to a given religion or belonging to a certain social class.<\/span><\/p>\n<p><span style=\"font-weight: 400;\">The idea of the nation, developed since the end of the 18th century, draws its members from a broad community bonded by the struggle for liberty and modernity, against monarchical absolutism.<\/span><span style=\"font-weight: 400;\"><\/span><\/p>\n<p><span style=\"font-weight: 400;\">The sociologist Alberto Martinelli writes that \u2018through the centuries Europe has been an open and multiform world in which diverse cultural identities have crossed and compared themselves\u2019 and have constantly revamped established beliefs and \u2018the unifying ties\u2019. This is why many scientific works use the term European identities, in the plural<span id='easy-footnote-23-4673' class='easy-footnote-margin-adjust'><\/span><span class='easy-footnote'><a href='https:\/\/europeanmemories.net\/stories\/ventotene-80\/#easy-footnote-bottom-23-4673' title='Alberto Martinelli, &lt;i&gt;The European Identity&lt;\/i&gt; in &lt;i&gt;Quaderni di Sociologia \u2013 Social Sciences and Europe&lt;\/i&gt;, 2011'><sup>23<\/sup><\/a><\/span>.<\/span><\/p>\n<p><span style=\"font-weight: 400;\">Belonging to the \u2018European community\u2019 therefore implies layers of multiple identities, which is a new concept that extends beyond the idea dating from the Enlightenment of a sole and exclusive national identity.<\/span><span style=\"font-weight: 400;\"><\/span><\/p>\n<p><span style=\"font-weight: 400;\">Already in the modern nation-states, Chabod points out that a notion of pluralism can be found in the overcoming of linguistic unity as a parameter of community belonging The United States and the United Kingdom, or Latin America and Spain, may speak the same languages, but they are not single nations. The opposite is true of Switzerland, which is a single nation but has four languages. These examples show that the criterion of belonging to a political community do not boil down to speaking a common language, thereby effectively giving the lie to the archetypal idea of uniform and monolithic national cultures.\u00a0<\/span><span style=\"font-weight: 400;\"><\/span><\/p>\n<p><span style=\"font-weight: 400;\">The various identities of the peoples of Europe have been constructed in this \u2018open world\u2019, as Martinelli describes it, forming a common cultural, political and social backdrop.\u00a0<\/span><\/p>\n<p><span style=\"font-weight: 400;\">Individual European identities therefore coexist with shared core values and <\/span><i><span style=\"font-weight: 400;\">acquis<\/span><\/i><span style=\"font-weight: 400;\">, forming common roots (Greek philosophy, Roman law, Renaissance civilisation, artistic and cultural movements of the 19<\/span><span style=\"font-weight: 400;\">th<\/span><span style=\"font-weight: 400;\"> and 20<\/span><span style=\"font-weight: 400;\">th<\/span><span style=\"font-weight: 400;\"> centuries), with European integration being based on these democratic and interlocking developments.\u00a0<\/span><\/p>\n<p><span style=\"font-weight: 400;\">At a European level, commemoration plays a key role in disseminating, calling to mind and strengthening these values and common roots, which are a distinct hinge around which belonging to the European cultural cradle revolves.<\/span><\/p>\n<p><span style=\"font-weight: 400;\">As Remo Bodei writes: \u2018Memory can be compared to a steam train, which only moves forward if shovelfuls of coal are cast into its boiler. Similarly, memory works precisely because of commemoration [&#8230;]\u2019 \u2018[&#8230;] which means that if [the collective memory] is not continuously fed, [it] is bound to burn out\u2019 <span id='easy-footnote-24-4673' class='easy-footnote-margin-adjust'><\/span><span class='easy-footnote'><a href='https:\/\/europeanmemories.net\/stories\/ventotene-80\/#easy-footnote-bottom-24-4673' title='Accademia dei Lincei press conference \u2013 &lt;i&gt;Tra memoria e oblio&lt;\/i&gt;. &lt;i&gt;Una partita a scacchi&lt;\/i&gt;\u2019 (\u2018Between memory and oblivion. A game of chess\u2019) \u2013 11.02.2016 '><sup>24<\/sup><\/a><\/span>. <\/span><\/p>\n<p>[\/et_pb_text][\/et_pb_column][\/et_pb_row][et_pb_row custom_padding_last_edited=&#8221;on|phone&#8221; admin_label=&#8221;Coffee items&#8221; _builder_version=&#8221;4.16&#8243; custom_margin=&#8221;|||&#8221; custom_padding=&#8221;10px|0px|50px|0px|false|false&#8221; custom_padding_tablet=&#8221;25px||0px||false|false&#8221; custom_padding_phone=&#8221;||0px||false|false&#8221; locked=&#8221;off&#8221; global_colors_info=&#8221;{}&#8221;][et_pb_column type=&#8221;4_4&#8243; _builder_version=&#8221;4.16&#8243; custom_padding=&#8221;|||&#8221; global_colors_info=&#8221;{}&#8221; custom_padding__hover=&#8221;|||&#8221;][et_pb_image src=&#8221;https:\/\/europeanmemories.net\/stories\/wp-content\/uploads\/sites\/13\/2021\/11\/EP-110167A_005.jpg&#8221; title_text=&#8221;EP-110167A_archives&#8221; align=&#8221;center&#8221; _builder_version=&#8221;4.16&#8243; custom_margin=&#8221;||15px||false|false&#8221; global_colors_info=&#8221;{}&#8221;][\/et_pb_image][et_pb_text content_tablet=&#8221;<\/p>\n<p class=%22page-section-title%22 style=%22text-align: left;%22><span class=%22media-metadata-value%22><strong><\/strong><span><span style=%22font-weight: 400;%22><strong><\/strong><\/span><span style=%22font-weight: 400;%22><strong><\/strong><\/span><span style=%22font-weight: 400;%22><strong>Workers sit on a locomotive carrying the flags of the six Member States of the European Coal and Steel Community (ECSC) and pulling wagons loaded with coal cross the Franco-Luxembourg border, without stopping at it, to mark the opening of the common market for coal and iron ore, May 2nd, 1956.<\/strong> <em>Photographe: Theo MEY \u00a9 European Union 2021 &#8211; Source : EP<\/em><\/span><\/span><\/span><\/p>\n<p class=%22page-section-title%22><span class=%22media-metadata-value%22><\/span><\/p>\n<p>&#8221; content_phone=&#8221;<\/p>\n<p class=%22page-section-title%22 style=%22text-align: left;%22><span class=%22media-metadata-value%22><strong><\/strong><span><span style=%22font-weight: 400;%22><strong><\/strong><\/span><span style=%22font-weight: 400;%22><strong><\/strong><\/span><span style=%22font-weight: 400;%22><strong>Workers sit on a locomotive carrying the flags of the six Member States of the European Coal and Steel Community (ECSC) and pulling wagons loaded with coal cross the Franco-Luxembourg border, without stopping at it, to mark the opening of the common market for coal and iron ore, May 2nd, 1956.<\/strong> <em>Photographe: Theo MEY \u00a9 European Union 2021 &#8211; Source : EP<\/em><\/span><\/span><\/span><\/p>\n<p class=%22page-section-title%22><span class=%22media-metadata-value%22><\/span><\/p>\n<p>&#8221; content_last_edited=&#8221;off|desktop&#8221; _builder_version=&#8221;4.16&#8243; text_font=&#8221;Open Sans||||||||&#8221; text_text_color=&#8221;#17181A&#8221; text_line_height=&#8221;1.5em&#8221; custom_margin=&#8221;|185px||185px|false|true&#8221; custom_margin_tablet=&#8221;|20px||20px|false|true&#8221; custom_margin_phone=&#8221;|10px||10px|false|true&#8221; custom_margin_last_edited=&#8221;on|phone&#8221; text_font_size_tablet=&#8221;12px&#8221; text_font_size_phone=&#8221;14px&#8221; text_font_size_last_edited=&#8221;on|phone&#8221; locked=&#8221;off&#8221; global_colors_info=&#8221;{}&#8221;]<\/p>\n<p><span style=\"font-weight: 400;\"><strong>President of the High Authority of the ECSC, Jean Monnet, poses as he visits a coal mine in France, 31 December 1950.<\/strong> <em>| \u00a9 European Union 2021 \u2013 Source : EP<\/em><\/span><\/p>\n<p><span style=\"font-weight: 400;\"><em>\u00a0<\/em><\/span><\/p>\n<p><span class=\"media-metadata-value\"><span><i><span style=\"font-weight: 400;\"><\/span><\/i><\/span><\/span><span class=\"media-metadata-value\"><\/span><\/p>\n<p>[\/et_pb_text][\/et_pb_column][\/et_pb_row][et_pb_row custom_padding_last_edited=&#8221;on|phone&#8221; admin_label=&#8221;Coffee items&#8221; _builder_version=&#8221;4.16&#8243; custom_margin=&#8221;|||&#8221; custom_padding=&#8221;|0px|151px|0px|false|false&#8221; custom_padding_tablet=&#8221;30px||||false|false&#8221; custom_padding_phone=&#8221;40px|0px|30px|0px|false|false&#8221; global_colors_info=&#8221;{}&#8221;][et_pb_column type=&#8221;4_4&#8243; _builder_version=&#8221;4.16&#8243; custom_padding=&#8221;|||&#8221; global_colors_info=&#8221;{}&#8221; custom_padding__hover=&#8221;|||&#8221;][et_pb_text _builder_version=&#8221;4.16&#8243; text_font=&#8221;Open Sans||||||||&#8221; text_text_color=&#8221;#41485C&#8221; text_font_size=&#8221;20px&#8221; text_line_height=&#8221;1.5em&#8221; link_font=&#8221;|600|||||||&#8221; link_text_color=&#8221;#41485C&#8221; link_font_size=&#8221;13px&#8221; header_font=&#8221;Abril Fatface||||||||&#8221; header_text_color=&#8221;rgba(255,255,255,0.5)&#8221; header_font_size=&#8221;100px&#8221; header_letter_spacing=&#8221;-1px&#8221; header_line_height=&#8221;0em&#8221; header_2_font=&#8221;Open Sans|600|||||||&#8221; header_2_text_color=&#8221;#17181A&#8221; header_2_font_size=&#8221;120px&#8221; header_2_letter_spacing=&#8221;1px&#8221; header_2_line_height=&#8221;1.2em&#8221; header_3_font=&#8221;Abril Fatface||||||||&#8221; header_3_text_color=&#8221;#F3B0B0&#8243; header_3_letter_spacing=&#8221;1px&#8221; header_3_line_height=&#8221;1.2em&#8221; header_4_font=&#8221;Open Sans||||||||&#8221; header_4_text_color=&#8221;#ffffff&#8221; header_4_font_size=&#8221;27px&#8221; header_4_line_height=&#8221;1.3em&#8221; header_5_font=&#8221;Abril Fatface||||||||&#8221; header_5_text_color=&#8221;#ffffff&#8221; header_5_font_size=&#8221;50px&#8221; header_5_letter_spacing=&#8221;1px&#8221; header_5_line_height=&#8221;1.2em&#8221; header_6_font=&#8221;Open Sans|600|||||||&#8221; header_6_text_align=&#8221;center&#8221; header_6_text_color=&#8221;#17181A&#8221; header_6_font_size=&#8221;16px&#8221; z_index=&#8221;0&#8243; custom_margin=&#8221;|185px||185px|false|true&#8221; custom_margin_tablet=&#8221;|25px||25px|false|true&#8221; custom_margin_phone=&#8221;|4px||4px|false|true&#8221; custom_margin_last_edited=&#8221;on|tablet&#8221; animation_direction=&#8221;bottom&#8221; text_font_size_tablet=&#8221;16px&#8221; text_font_size_phone=&#8221;20px&#8221; text_font_size_last_edited=&#8221;on|phone&#8221; link_font_size_tablet=&#8221;&#8221; link_font_size_phone=&#8221;&#8221; link_font_size_last_edited=&#8221;on|desktop&#8221; header_font_size_tablet=&#8221;80px&#8221; header_font_size_phone=&#8221;48px&#8221; header_font_size_last_edited=&#8221;on|tablet&#8221; header_2_font_size_tablet=&#8221;85px&#8221; header_2_font_size_phone=&#8221;56px&#8221; header_2_font_size_last_edited=&#8221;on|phone&#8221; header_2_letter_spacing_tablet=&#8221;0px&#8221; header_2_letter_spacing_phone=&#8221;&#8221; header_2_letter_spacing_last_edited=&#8221;on|desktop&#8221; header_2_line_height_tablet=&#8221;1.1em&#8221; header_2_line_height_phone=&#8221;1em&#8221; header_2_line_height_last_edited=&#8221;on|desktop&#8221; header_3_font_size_tablet=&#8221;20px&#8221; header_3_font_size_phone=&#8221;23px&#8221; header_3_font_size_last_edited=&#8221;on|phone&#8221; header_3_letter_spacing_tablet=&#8221;1px&#8221; header_3_letter_spacing_phone=&#8221;1px&#8221; header_3_letter_spacing_last_edited=&#8221;on|phone&#8221; header_3_line_height_tablet=&#8221;1em&#8221; header_3_line_height_phone=&#8221;1.2em&#8221; header_3_line_height_last_edited=&#8221;on|desktop&#8221; header_4_font_size_tablet=&#8221;24px&#8221; header_4_font_size_phone=&#8221;19px&#8221; header_4_font_size_last_edited=&#8221;on|tablet&#8221; header_5_font_size_tablet=&#8221;25px&#8221; header_5_font_size_phone=&#8221;22px&#8221; header_5_font_size_last_edited=&#8221;on|phone&#8221; header_6_font_size_tablet=&#8221;14px&#8221; header_6_font_size_phone=&#8221;12px&#8221; header_6_font_size_last_edited=&#8221;on|phone&#8221; locked=&#8221;off&#8221; global_colors_info=&#8221;{}&#8221;]<\/p>\n<p><span style=\"font-weight: 400;\">This comparison lends itself in particular to the European Union, the precursor of which \u2013 the ECSC \u2013 introduced the pooling and free movement of coal and steel. Following the Second World War, European identity automatically became a political issue too.\u00a0<\/span><\/p>\n<p><span style=\"font-weight: 400;\">Jean Monnet\u2019s functionalist and so-called \u2018small steps\u2019 approach certainly contributed to a \u2013 primarily economic \u2013 form of integration. But in the 1950s, were the peoples of Europe ready to move from a modernist concept of national identity to the contemporary concept of a pluralistic identity? To conceive of their own past and (especially) their own recent history as one side of the same coin? And were European governments willing to dilute their power as part of a supranational system?<\/span><\/p>\n<p><span style=\"font-weight: 400;\">According to Bodei, changes in individual and collective identity only happen following political trauma (a revolution, war, the fall of apparently solid regimes or natural disasters) <span id='easy-footnote-25-4673' class='easy-footnote-margin-adjust'><\/span><span class='easy-footnote'><a href='https:\/\/europeanmemories.net\/stories\/ventotene-80\/#easy-footnote-bottom-25-4673' title='&lt;i&gt;Ibid&lt;\/i&gt;'><sup>25<\/sup><\/a><\/span>.<\/span><\/p>\n<p><span style=\"font-weight: 400;\">We can certainly view the Second World War as belonging to this category.\u00a0<\/span><\/p>\n<p><span style=\"font-weight: 400;\">In the Ventotene Manifesto, the authors describe the crisis of modern civilisation, which reached its peak in the 20th century, as follows:\u00a0<\/span><\/p>\n<p><span style=\"font-weight: 400;\">\u2018The absolute sovereignty of these national states has led to the desire of each to dominate over the others, since they feel threatened by their strength, and each nation feels the need for increasingly vast territories as part of their \u00abliving space\u00bb to guarantee their right to free movement and self-sufficiency, without needing to rely on others. The only way to placate this desire for domination is through the hegemony of the strongest state over all the other subordinate nations. As a result, the state has turned from being the guardian of the freedom of its citizens into a master who has relegated all his subjects into servitude, and has every faculty at his disposal to make them as war effective as possible\u2019 <span id='easy-footnote-26-4673' class='easy-footnote-margin-adjust'><\/span><span class='easy-footnote'><a href='https:\/\/europeanmemories.net\/stories\/ventotene-80\/#easy-footnote-bottom-26-4673' title='Altiero Spinelli, Ernesto Rossi, THE VENTOTENE MANIFESTO. &lt;i&gt;For a Free and United Europe. A draft manifesto&lt;\/i&gt;'><sup>26<\/sup><\/a><\/span>.<\/span><\/p>\n<p><span style=\"font-weight: 400;\">It is interesting to note that in the same years (early 1940s), at a time when the Second World War was still looming over the Old Continent, despite the different context in which they acted \u2013 the first in internal exil in Fascist Italy and the second in Algiers as a member of the <\/span><i><span style=\"font-weight: 400;\">Comit\u00e9 fran\u00e7ais de lib\u00e9ration nationale <\/span><\/i><span style=\"font-weight: 400;\">and international broker among the allied powers \u2013 both Altiero Spinelli and Jean Monnet saw in the European federal union the only viable path to a peaceful Europe.\u00a0<\/span><\/p>\n<p><span style=\"font-weight: 400;\">\u00a0\u2018The most pressing problem, without whose solution progress is merely an illusion, is the definitive abolition of the division of Europe into national, sovereign states. The collapse of most of the continent\u2019s states under the German steamroller has already meant a common destiny for the people of Europe: they will either all succumb to Hitler\u2019s dominion, or, after his fall, they will all enter a revolutionary crisis where they will not find themselves separated and defined by solid state structures.\u00a0<\/span><\/p>\n<p><span style=\"font-weight: 400;\">People are in general far better disposed than in the past towards a federal reorganization of Europe. The harsh experience of recent decades has opened the eyes of even those who refused to see, and has brought about many changes favourable to our ideal\u2019 <span id='easy-footnote-27-4673' class='easy-footnote-margin-adjust'><\/span><span class='easy-footnote'><a href='https:\/\/europeanmemories.net\/stories\/ventotene-80\/#easy-footnote-bottom-27-4673' title='&lt;i&gt;Ibid.&lt;\/i&gt;'><sup>27<\/sup><\/a><\/span>.<\/span><\/p>\n<p><span style=\"font-weight: 400;\">In 1943, Jean Monnet, at a meeting of the <\/span><i><span style=\"font-weight: 400;\">Comit\u00e9 fran\u00e7ais de lib\u00e9ration nationale<\/span><\/i><span style=\"font-weight: 400;\">, states:<\/span><\/p>\n<p><span style=\"font-weight: 400;\">\u2018There will be no peace in Europe if the States are reconstituted on the basis of national sovereignty &#8230; The countries of Europe are too small to guarantee their peoples &#8230; prosperity and the social developments that must go with it [which] will only be possible if they form a federation&#8230;\u2019.\u00a0<\/span><\/p>\n<p><span style=\"font-weight: 400;\">This was the ultimate goal of the Schuman Declaration drafted by Monnet and his collaborators and made public by the French Minister of Foreign Affairs Robert Schuman on 9 May 1950.<\/span><span style=\"font-weight: 400;\"><\/span><\/p>\n<p><span style=\"font-weight: 400;\">The fledgling federalism project met with a setback at the hands of the French National Assembly \u2013 and in particular of the French Communist Party (PCF) and the <\/span><i><span style=\"font-weight: 400;\">Rassemblement du peuple fran\u00e7ais<\/span><\/i><span style=\"font-weight: 400;\"> (RPF) established by General de Gaulle \u2013 in the form of the rejection of the European common defence project that Jean Monnet had launched and which was supposed to have filled with political content the \u2013 initially economic \u2013 Coal and Steel Community. Following that rejection (1954), Jean Monnet resigned from the post of President of the High Authority of the ECSC.\u00a0\u00a0<\/span><\/p>\n<p><span style=\"font-weight: 400;\">Old-established political power and its traditional interests were therefore resisting a project that threatened to weaken it through the sharing of sovereign prerogatives. But the political trauma of the wars of the 20th century had instilled the idea of change into the way the peoples of Europe perceived their own identities.<\/span><span style=\"font-weight: 400;\"><\/span><\/p>\n<p><span style=\"font-weight: 400;\">During the second half of the 20th century, the two founding fathers pursued their commitment to the federalist project.\u00a0<\/span><\/p>\n<p><span style=\"font-weight: 400;\">Jean Monnet through the creation of the <\/span><i><span style=\"font-weight: 400;\">Comit\u00e9 d&#8217;action pour les Etats-Unis d&#8217;Europe<\/span><\/i><span style=\"font-weight: 400;\">, which operated until 1969, and Altiero Spinelli through his political commitment, which saw in particular the creation of the Crocodile Club, founded with the aim of reforming the European institutions from within in a federalist direction.\u00a0<\/span><span style=\"font-weight: 400;\"><\/span><\/p>\n<p><span style=\"font-weight: 400;\">The political integration of Europe forged ahead from decade to decade through \u2013 among other things \u2013 the extension of the powers of the European Parliament, as legitimised by the granting of direct universal suffrage in 1979, and the introduction of European citizenship.\u00a0<\/span><\/p>\n<p><span style=\"font-weight: 400;\">In mirror image to what is happening as regards the latter (which complements rather than replaces national citizenship), one might ask whether European commemoration can be constructed in a manner that is complementary rather than antagonistic to national remembrance, and whether European history can be interpreted and taught from a more inclusive perspective which highlights its multifaceted nature.\u00a0\u00a0<\/span><span style=\"font-weight: 400;\"><\/span><\/p>\n<p><span style=\"font-weight: 400;\">It is certainly not possible to change the past, understood as a succession of historical events, but it is possible to change its meaning by giving it a new and alternative reading.\u00a0<\/span><\/p>\n<p><span style=\"font-weight: 400;\">In the case of the European Union, commemoration therefore goes hand in hand with establishing a multi-perspective narrative of Europe\u2019s past and that of its peoples. A narrative able to identify and highlight in the different European contexts their common figures, dynamics and trends.\u00a0\u00a0\u00a0\u00a0\u00a0\u00a0\u00a0\u00a0<\/span><span style=\"font-weight: 400;\"><\/span><\/p>\n<p><span style=\"font-weight: 400;\">In order for European citizens to feel a sense of commitment to the European ideals, in a different fashion than traditional feeling of national belonging\u00a0and to ensure their effective participation in democratic processes they must enjoy a sense of belonging to a European community.\u00a0<\/span><span style=\"font-weight: 400;\"><\/span><\/p>\n<p><span lang=\"EN-GB\">The story of European integration and its passing down by means of commemorations of key events\u00a0<\/span><span lang=\"EN-GB\">such as the publication of the Ventotene Manifesto and the Schuman Declaration \u2013 both manifestations of federalist visions of Europe\u00a0<\/span><span lang=\"EN-GB\">play a crucial role in creating\u00a0\u00a0<\/span><span lang=\"EN-GB\">sense of belonging.<\/span><span style=\"font-weight: 400;\"><\/span><\/p>\n<p><span style=\"font-weight: 400;\">A multi-perspective European view can but help to analyse contemporary challenges more comprehensively and find more effective common solutions.\u00a0\u00a0<\/span><span style=\"font-weight: 400;\"><\/span><\/p>\n<p><span style=\"font-weight: 400;\">Given such major contemporary and future challenges, education \u2013 including through the passing-down of the story of Europe \u2013 is undoubtedly part of the solution, while the sense of belonging to a new and wider community is a prerequisite for our continuing to build Europe together.<\/span><\/p>\n<p>[\/et_pb_text][\/et_pb_column][\/et_pb_row][\/et_pb_section][et_pb_section fb_built=&#8221;1&#8243; custom_padding_last_edited=&#8221;on|phone&#8221; admin_label=&#8221;\u2022 ART 1&#8243; module_id=&#8221;SEC7&#8243; _builder_version=&#8221;4.16&#8243; background_color=&#8221;#ed8989&#8243; background_enable_image=&#8221;off&#8221; custom_padding=&#8221;100px||0px||false|false&#8221; custom_padding_tablet=&#8221;50px||||false|false&#8221; custom_padding_phone=&#8221;30px||||false|false&#8221; top_divider_height=&#8221;36px&#8221; top_divider_height_tablet=&#8221;&#8221; top_divider_height_phone=&#8221;&#8221; top_divider_height_last_edited=&#8221;on|desktop&#8221; locked=&#8221;off&#8221; collapsed=&#8221;off&#8221; global_colors_info=&#8221;{}&#8221; da_is_popup=&#8221;off&#8221; da_exit_intent=&#8221;off&#8221; da_has_close=&#8221;on&#8221; da_alt_close=&#8221;off&#8221; da_dark_close=&#8221;off&#8221; da_not_modal=&#8221;on&#8221; da_is_singular=&#8221;off&#8221; da_with_loader=&#8221;off&#8221; da_has_shadow=&#8221;on&#8221; da_disable_devices=&#8221;off|off|off&#8221;][et_pb_row custom_padding_last_edited=&#8221;on|phone&#8221; admin_label=&#8221;Coffee items&#8221; _builder_version=&#8221;4.16&#8243; custom_margin=&#8221;|||&#8221; custom_padding=&#8221;60px|0px|0px|0px||&#8221; custom_padding_tablet=&#8221;||70px||false|false&#8221; custom_padding_phone=&#8221;||50px||false|false&#8221; global_colors_info=&#8221;{}&#8221;][et_pb_column type=&#8221;4_4&#8243; _builder_version=&#8221;4.16&#8243; custom_padding=&#8221;|||&#8221; global_colors_info=&#8221;{}&#8221; custom_padding__hover=&#8221;|||&#8221;][et_pb_text content_tablet=&#8221;<\/p>\n<h2 style=%22text-align: center;%22><b>The Ventotene Manifesto (1941)<br \/><\/b><\/h2>\n<p>&#8221; content_phone=&#8221;<\/p>\n<h2 style=%22text-align: center;%22><b>The Ventotene Manifesto (1941)<\/p>\n<p><\/b><\/h2>\n<p>\u00a0<\/p>\n<p>&#8221; content_last_edited=&#8221;on|desktop&#8221; admin_label=&#8221;Text ti\u00edtol&#8221; _builder_version=&#8221;4.16&#8243; text_font=&#8221;Open Sans||||||||&#8221; text_text_color=&#8221;#ffffff&#8221; text_font_size=&#8221;20px&#8221; text_line_height=&#8221;1.5em&#8221; header_font=&#8221;Abril Fatface||||||||&#8221; header_text_color=&#8221;rgba(255,255,255,0.5)&#8221; header_font_size=&#8221;59px&#8221; header_2_font=&#8221;Open Sans|600|||||||&#8221; header_2_text_color=&#8221;#41485C&#8221; header_2_font_size=&#8221;90px&#8221; header_2_letter_spacing=&#8221;1px&#8221; header_2_line_height=&#8221;1.2em&#8221; header_3_font=&#8221;Abril Fatface||||||||&#8221; header_3_text_color=&#8221;#ffffff&#8221; header_3_font_size=&#8221;30px&#8221; header_3_letter_spacing=&#8221;2px&#8221; header_3_line_height=&#8221;1.2em&#8221; header_4_font=&#8221;Open Sans||||||||&#8221; header_4_text_color=&#8221;#ffffff&#8221; header_4_font_size=&#8221;27px&#8221; header_4_line_height=&#8221;1.3em&#8221; header_5_font=&#8221;Abril Fatface||||||||&#8221; header_5_text_color=&#8221;#ffffff&#8221; header_5_font_size=&#8221;28px&#8221; header_5_letter_spacing=&#8221;1px&#8221; header_5_line_height=&#8221;1.2em&#8221; header_6_font=&#8221;Open Sans|600|||||||&#8221; header_6_text_align=&#8221;center&#8221; header_6_text_color=&#8221;#17181A&#8221; header_6_font_size=&#8221;16px&#8221; z_index=&#8221;0&#8243; animation_style=&#8221;slide&#8221; animation_direction=&#8221;bottom&#8221; animation_duration=&#8221;1450ms&#8221; animation_intensity_slide=&#8221;5%&#8221; animation_starting_opacity=&#8221;88%&#8221; animation_speed_curve=&#8221;ease&#8221; text_font_size_tablet=&#8221;16px&#8221; text_font_size_phone=&#8221;14px&#8221; text_font_size_last_edited=&#8221;on|phone&#8221; header_font_size_tablet=&#8221;39px&#8221; header_font_size_phone=&#8221;38px&#8221; header_font_size_last_edited=&#8221;on|phone&#8221; header_2_text_align_tablet=&#8221;&#8221; header_2_text_align_phone=&#8221;&#8221; header_2_text_align_last_edited=&#8221;on|phone&#8221; header_2_font_size_tablet=&#8221;60px&#8221; header_2_font_size_phone=&#8221;54px&#8221; header_2_font_size_last_edited=&#8221;on|phone&#8221; header_2_letter_spacing_tablet=&#8221;1px&#8221; header_2_letter_spacing_phone=&#8221;-1px&#8221; header_2_letter_spacing_last_edited=&#8221;on|phone&#8221; header_2_line_height_tablet=&#8221;1.2em&#8221; header_2_line_height_phone=&#8221;1.2em&#8221; header_2_line_height_last_edited=&#8221;on|phone&#8221; header_3_font_size_tablet=&#8221;25px&#8221; header_3_font_size_phone=&#8221;20px&#8221; header_3_font_size_last_edited=&#8221;on|phone&#8221; header_3_letter_spacing_tablet=&#8221;1px&#8221; header_3_letter_spacing_phone=&#8221;1px&#8221; header_3_letter_spacing_last_edited=&#8221;on|phone&#8221; header_3_line_height_tablet=&#8221;&#8221; header_3_line_height_phone=&#8221;1.2em&#8221; header_3_line_height_last_edited=&#8221;on|phone&#8221; header_4_font_size_tablet=&#8221;24px&#8221; header_4_font_size_phone=&#8221;19px&#8221; header_4_font_size_last_edited=&#8221;on|tablet&#8221; header_5_font_size_tablet=&#8221;25px&#8221; header_5_font_size_phone=&#8221;22px&#8221; header_5_font_size_last_edited=&#8221;on|phone&#8221; header_6_font_size_tablet=&#8221;14px&#8221; header_6_font_size_phone=&#8221;14px&#8221; header_6_font_size_last_edited=&#8221;on|tablet&#8221; global_colors_info=&#8221;{}&#8221;]<\/p>\n<h2 style=\"text-align: center;\">\u00a0<b>The Ventotene Manifesto (1941)<\/p>\n<p><\/b><\/h2>\n<p>&nbsp;<\/p>\n<p>[\/et_pb_text][\/et_pb_column][\/et_pb_row][et_pb_row custom_padding_last_edited=&#8221;off|desktop&#8221; admin_label=&#8221;Coffee items&#8221; _builder_version=&#8221;4.16&#8243; width_tablet=&#8221;&#8221; width_phone=&#8221;100%&#8221; width_last_edited=&#8221;on|phone&#8221; custom_margin=&#8221;|||&#8221; custom_padding=&#8221;20px|0px|20px|0px|false|false&#8221; custom_padding_tablet=&#8221;||70px||false|false&#8221; custom_padding_phone=&#8221;||50px||false|false&#8221; locked=&#8221;off&#8221; global_colors_info=&#8221;{}&#8221;][et_pb_column type=&#8221;4_4&#8243; _builder_version=&#8221;4.16&#8243; custom_padding=&#8221;||||false|false&#8221; global_colors_info=&#8221;{}&#8221; custom_padding__hover=&#8221;|||&#8221;][et_pb_text _builder_version=&#8221;4.16&#8243; _module_preset=&#8221;default&#8221; text_font=&#8221;Open Sans|700|||||||&#8221; text_text_color=&#8221;#3B435B&#8221; custom_margin=&#8221;||10px||false|false&#8221; custom_margin_tablet=&#8221;&#8221; custom_margin_phone=&#8221;&#8221; custom_margin_last_edited=&#8221;on|phone&#8221; global_colors_info=&#8221;{}&#8221;]<\/p>\n<p style=\"text-align: center;\">share<\/p>\n<p>[\/et_pb_text][et_pb_code _builder_version=&#8221;4.16&#8243; _module_preset=&#8221;default&#8221; width=&#8221;10%&#8221; width_tablet=&#8221;15%&#8221; width_phone=&#8221;100%&#8221; width_last_edited=&#8221;on|phone&#8221; max_width_last_edited=&#8221;off|phone&#8221; module_alignment=&#8221;center&#8221; custom_margin=&#8221;||||false|true&#8221; custom_margin_tablet=&#8221;||||false|true&#8221; custom_margin_phone=&#8221;||||false|true&#8221; custom_margin_last_edited=&#8221;on|phone&#8221; module_alignment_tablet=&#8221;&#8221; module_alignment_phone=&#8221;center&#8221; module_alignment_last_edited=&#8221;on|tablet&#8221; global_colors_info=&#8221;{}&#8221;]<div class=\"et_social_inline et_social_mobile_on et_social_inline_custom\">\n\t\t\t\t<div class=\"et_social_networks et_social_2col et_social_darken et_social_circle et_social_top et_social_no_animation et_social_outer_dark\">\n\t\t\t\t\t\n\t\t\t\t\t<ul class=\"et_social_icons_container\"><li class=\"et_social_facebook\">\n\t\t\t\t\t\t\t\t\t<a href=\"http:\/\/www.facebook.com\/sharer.php?u=https%3A%2F%2Feuropeanmemories.net%2Fstories%2Fventotene-80%2F&#038;t=Ventotene%2080\" class=\"et_social_share\" rel=\"nofollow\" data-social_name=\"facebook\" data-post_id=\"4673\" data-social_type=\"share\" data-location=\"inline\">\n\t\t\t\t\t\t\t\t\t\t<i class=\"et_social_icon et_social_icon_facebook\"><\/i><span class=\"et_social_overlay\"><\/span>\n\t\t\t\t\t\t\t\t\t<\/a>\n\t\t\t\t\t\t\t\t<\/li><li class=\"et_social_twitter\">\n\t\t\t\t\t\t\t\t\t<a href=\"http:\/\/twitter.com\/share?text=Ventotene%2080&#038;url=https%3A%2F%2Feuropeanmemories.net%2Fstories%2Fventotene-80%2F&#038;via=euromemories\" class=\"et_social_share\" rel=\"nofollow\" data-social_name=\"twitter\" data-post_id=\"4673\" data-social_type=\"share\" data-location=\"inline\">\n\t\t\t\t\t\t\t\t\t\t<i class=\"et_social_icon et_social_icon_twitter\"><\/i><span class=\"et_social_overlay\"><\/span>\n\t\t\t\t\t\t\t\t\t<\/a>\n\t\t\t\t\t\t\t\t<\/li><\/ul>\n\t\t\t\t<\/div>\n\t\t\t<\/div>[\/et_pb_code][\/et_pb_column][\/et_pb_row][et_pb_row custom_padding_last_edited=&#8221;on|phone&#8221; admin_label=&#8221;Coffee items&#8221; _builder_version=&#8221;4.16&#8243; custom_margin=&#8221;|||&#8221; custom_padding=&#8221;60px|0px|151px|0px|false|false&#8221; custom_padding_tablet=&#8221;30px||||false|false&#8221; custom_padding_phone=&#8221;0px|0px|30px|0px|false|false&#8221; locked=&#8221;off&#8221; global_colors_info=&#8221;{}&#8221;][et_pb_column type=&#8221;4_4&#8243; _builder_version=&#8221;4.16&#8243; custom_padding=&#8221;|||&#8221; global_colors_info=&#8221;{}&#8221; custom_padding__hover=&#8221;|||&#8221;][et_pb_text content_last_edited=&#8221;off|desktop&#8221; _builder_version=&#8221;4.16&#8243; text_font=&#8221;Open Sans||||||||&#8221; text_text_color=&#8221;#41485C&#8221; text_font_size=&#8221;20px&#8221; text_line_height=&#8221;1.5em&#8221; link_font=&#8221;||||||||&#8221; link_text_color=&#8221;#41485C&#8221; header_font=&#8221;Abril Fatface||||||||&#8221; header_text_color=&#8221;rgba(255,255,255,0.5)&#8221; header_font_size=&#8221;100px&#8221; header_letter_spacing=&#8221;-1px&#8221; header_line_height=&#8221;0em&#8221; header_2_font=&#8221;Open Sans|600|||||||&#8221; header_2_text_color=&#8221;#17181A&#8221; header_2_font_size=&#8221;120px&#8221; header_2_letter_spacing=&#8221;1px&#8221; header_2_line_height=&#8221;1.2em&#8221; header_3_font=&#8221;Abril Fatface||||||||&#8221; header_3_text_color=&#8221;#ED8989&#8243; header_3_letter_spacing=&#8221;1px&#8221; header_3_line_height=&#8221;1.2em&#8221; header_4_font=&#8221;Open Sans||||||||&#8221; header_4_text_color=&#8221;#ffffff&#8221; header_4_font_size=&#8221;27px&#8221; header_4_line_height=&#8221;1.3em&#8221; header_5_font=&#8221;Abril Fatface||||||||&#8221; header_5_text_color=&#8221;#ffffff&#8221; header_5_font_size=&#8221;50px&#8221; header_5_letter_spacing=&#8221;1px&#8221; header_5_line_height=&#8221;1.2em&#8221; header_6_font=&#8221;Open Sans|600|||||||&#8221; header_6_text_align=&#8221;center&#8221; header_6_text_color=&#8221;#17181A&#8221; header_6_font_size=&#8221;16px&#8221; z_index=&#8221;0&#8243; custom_margin=&#8221;|185px||185px|false|true&#8221; custom_margin_tablet=&#8221;|25px||25px|false|true&#8221; custom_margin_phone=&#8221;|4px||4px|false|true&#8221; custom_margin_last_edited=&#8221;on|tablet&#8221; animation_direction=&#8221;bottom&#8221; text_font_size_tablet=&#8221;16px&#8221; text_font_size_phone=&#8221;20px&#8221; text_font_size_last_edited=&#8221;on|phone&#8221; link_font_size_tablet=&#8221;&#8221; link_font_size_phone=&#8221;&#8221; link_font_size_last_edited=&#8221;on|phone&#8221; header_font_size_tablet=&#8221;80px&#8221; header_font_size_phone=&#8221;48px&#8221; header_font_size_last_edited=&#8221;on|tablet&#8221; header_2_font_size_tablet=&#8221;85px&#8221; header_2_font_size_phone=&#8221;56px&#8221; header_2_font_size_last_edited=&#8221;on|phone&#8221; header_2_letter_spacing_tablet=&#8221;0px&#8221; header_2_letter_spacing_phone=&#8221;&#8221; header_2_letter_spacing_last_edited=&#8221;on|desktop&#8221; header_2_line_height_tablet=&#8221;1.1em&#8221; header_2_line_height_phone=&#8221;1em&#8221; header_2_line_height_last_edited=&#8221;on|desktop&#8221; header_3_font_size_tablet=&#8221;20px&#8221; header_3_font_size_phone=&#8221;23px&#8221; header_3_font_size_last_edited=&#8221;on|phone&#8221; header_3_letter_spacing_tablet=&#8221;1px&#8221; header_3_letter_spacing_phone=&#8221;1px&#8221; header_3_letter_spacing_last_edited=&#8221;on|phone&#8221; header_3_line_height_tablet=&#8221;1em&#8221; header_3_line_height_phone=&#8221;1.2em&#8221; header_3_line_height_last_edited=&#8221;on|desktop&#8221; header_4_font_size_tablet=&#8221;24px&#8221; header_4_font_size_phone=&#8221;19px&#8221; header_4_font_size_last_edited=&#8221;on|tablet&#8221; header_5_font_size_tablet=&#8221;25px&#8221; header_5_font_size_phone=&#8221;22px&#8221; header_5_font_size_last_edited=&#8221;on|phone&#8221; header_6_font_size_tablet=&#8221;14px&#8221; header_6_font_size_phone=&#8221;12px&#8221; header_6_font_size_last_edited=&#8221;on|phone&#8221; global_colors_info=&#8221;{}&#8221;]<\/p>\n<p><i><span style=\"font-weight: 400;\">The moment has arrived in which we must know how to discard old burdens, how to be ready for the new world that is coming, that will be so different from what we have imagined. Among the old, the inept must be put aside; and among the young, new energies are to be stimulated. At this time those who have perceived the reasons behind the present crisis in European civilization are seeking one another, and are beginning to string the loom upon which the future will be woven.<\/span><\/i><\/p>\n<p>[\/et_pb_text][et_pb_button button_url=&#8221;https:\/\/www.cvce.eu\/en\/obj\/the_manifesto_of_ventotene_1941-en-316aa96c-e7ff-4b9e-b43a-958e96afbecc.html&#8221; url_new_window=&#8221;on&#8221; button_text=&#8221;The Ventotene Manifesto&#8221; button_alignment=&#8221;center&#8221; _builder_version=&#8221;4.16&#8243; _module_preset=&#8221;default&#8221; custom_button=&#8221;on&#8221; button_text_color=&#8221;#41485C&#8221; button_bg_color=&#8221;RGBA(0,0,0,0)&#8221; button_border_width=&#8221;1px&#8221; button_border_color=&#8221;#41485C&#8221; button_border_radius=&#8221;0px&#8221; button_letter_spacing=&#8221;1px&#8221; button_font=&#8221;Open Sans|700|||||||&#8221; button_icon=&#8221;&#xe101;||divi||400&#8243; button_icon_color=&#8221;#41485C&#8221; background_layout=&#8221;dark&#8221; custom_margin=&#8221;60px||80px||false|false&#8221; global_colors_info=&#8221;{}&#8221;][\/et_pb_button][\/et_pb_column][\/et_pb_row][\/et_pb_section][et_pb_section fb_built=&#8221;1&#8243; admin_label=&#8221;credits&#8221; module_id=&#8221;SEC5&#8243; module_class=&#8221;section&#8221; _builder_version=&#8221;4.16&#8243; background_color=&#8221;#17181A&#8221; custom_margin=&#8221;||||false|false&#8221; custom_padding=&#8221;150px||0px||false|false&#8221; locked=&#8221;off&#8221; collapsed=&#8221;on&#8221; global_colors_info=&#8221;{}&#8221; da_is_popup=&#8221;off&#8221; da_exit_intent=&#8221;off&#8221; da_has_close=&#8221;on&#8221; da_alt_close=&#8221;off&#8221; da_dark_close=&#8221;off&#8221; da_not_modal=&#8221;on&#8221; da_is_singular=&#8221;off&#8221; da_with_loader=&#8221;off&#8221; da_has_shadow=&#8221;on&#8221; da_disable_devices=&#8221;off|off|off&#8221;][et_pb_row _builder_version=&#8221;4.16&#8243; custom_padding=&#8221;100px|||||&#8221; global_colors_info=&#8221;{}&#8221;][et_pb_column type=&#8221;4_4&#8243; _builder_version=&#8221;4.16&#8243; global_colors_info=&#8221;{}&#8221;][et_pb_text content_tablet=&#8221;<\/p>\n<h2 style=%22text-align: center;%22><span style=%22font-weight: 400;%22>Web design<\/span><\/h2>\n<p style=%22text-align: center;%22><span style=%22font-weight: 400;%22><\/span><span style=%22font-weight: 400;%22>Carles Mestre<\/span><\/p>\n<p>&#8221; content_phone=&#8221;<\/p>\n<h2><span style=%22font-weight: 400;%22>Web design<\/span><\/h2>\n<p style=%22text-align: center;%22><span style=%22font-weight: 400;%22><\/span><span style=%22font-weight: 400;%22>Carles Mestre<\/span><\/p>\n<p>&#8221; content_last_edited=&#8221;off|desktop&#8221; _builder_version=&#8221;4.16&#8243; text_font=&#8221;Open Sans||||||||&#8221; text_text_color=&#8221;#ffffff&#8221; text_font_size=&#8221;18px&#8221; text_line_height=&#8221;1.8em&#8221; header_2_font=&#8221;Abril Fatface||||||||&#8221; header_2_text_align=&#8221;center&#8221; header_2_text_color=&#8221;#F3B0B0&#8243; header_2_font_size=&#8221;35px&#8221; header_3_font=&#8221;Allerta Stencil|||on|||||&#8221; header_3_text_align=&#8221;left&#8221; header_3_text_color=&#8221;#ffffff&#8221; header_3_font_size=&#8221;35px&#8221; header_3_letter_spacing=&#8221;2px&#8221; header_3_line_height=&#8221;1.5em&#8221; text_orientation=&#8221;justified&#8221; custom_padding=&#8221;||0px|||&#8221; text_line_height_tablet=&#8221;&#8221; text_line_height_phone=&#8221;1.2em&#8221; text_line_height_last_edited=&#8221;on|phone&#8221; header_font_size_tablet=&#8221;&#8221; header_font_size_phone=&#8221;&#8221; header_font_size_last_edited=&#8221;on|desktop&#8221; header_2_font_size_tablet=&#8221;&#8221; header_2_font_size_phone=&#8221;30px&#8221; header_2_font_size_last_edited=&#8221;on|phone&#8221; header_3_font_size_tablet=&#8221;&#8221; header_3_font_size_phone=&#8221;28px&#8221; header_3_font_size_last_edited=&#8221;on|tablet&#8221; header_3_line_height_tablet=&#8221;&#8221; header_3_line_height_phone=&#8221;1.2em&#8221; header_3_line_height_last_edited=&#8221;on|phone&#8221; locked=&#8221;off&#8221; global_colors_info=&#8221;{}&#8221;]<\/p>\n<p style=\"text-align: center;\"><span style=\"font-weight: 400;\"><\/span><\/p>\n<h2 style=\"text-align: center;\"><span style=\"font-weight: 400;\">Aknowledgments<\/span><\/h2>\n<p style=\"text-align: center;\"><span style=\"font-weight: 400;\"><\/span><span id=\"m_7333723945545400675gmail-docs-internal-guid-292adaf5-7fff-4b17-5099-d7530721b157\">Published by the European Observatory on Memories of the University of Barcelona\u2019s Solidarity Foundation and the Jean Monnet House &#8211; European Parliament. With the collaboration of Istituto di Studi Federalisti Altiero Spinelli and the support of the Europe for Citizens programme of the European Union.<\/span><\/p>\n<p style=\"text-align: center;\"><span style=\"font-weight: 400;\"><\/span><\/p>\n<p style=\"text-align: center;\"><span style=\"font-weight: 400;\"><\/span><\/p>\n<p style=\"text-align: center;\"><span style=\"font-weight: 400;\"><\/span><\/p>\n<h2 style=\"text-align: center;\"><span style=\"font-weight: 400;\">Image research<\/span><\/h2>\n<p style=\"text-align: center;\"><span id=\"m_7333723945545400675gmail-docs-internal-guid-292adaf5-7fff-4b17-5099-d7530721b157\">Fernanda Zanuzzi (coordination)<br \/><\/span><span id=\"m_7333723945545400675gmail-docs-internal-guid-292adaf5-7fff-4b17-5099-d7530721b157\">Sarai Mart\u00ednez L\u00f3pez<br \/><\/span><span id=\"m_7333723945545400675gmail-docs-internal-guid-292adaf5-7fff-4b17-5099-d7530721b157\">Michele Fiorillo<\/span>\u00a0 <span style=\"font-weight: 400;\"><br \/><\/span><\/p>\n<p style=\"text-align: center;\"><span style=\"font-weight: 400;\"><\/span><\/p>\n<p style=\"text-align: center;\"><span style=\"font-weight: 400;\"><\/span><\/p>\n<p style=\"text-align: center;\"><span style=\"font-weight: 400;\"><\/span><\/p>\n<h2 style=\"text-align: center;\"><span style=\"font-weight: 400;\">Image archives<br \/><\/span><\/h2>\n<p style=\"text-align: center;\"><span id=\"m_7333723945545400675gmail-docs-internal-guid-292adaf5-7fff-4b17-5099-d7530721b157\">Multimedia Centre of the European Parliament, <span style=\"color: #ffffff;\"><a href=\"https:\/\/www.eui.eu\/en\/academic-units\/historical-archives-of-the-european-union\" target=\"_blank\" data-saferedirecturl=\"https:\/\/www.google.com\/url?q=https:\/\/www.eui.eu\/en\/academic-units\/historical-archives-of-the-european-union&amp;source=gmail&amp;ust=1636453822409000&amp;usg=AFQjCNEQ3DWAS5BvILw8fhdK-hn_mN2KGw\" rel=\"noopener\" style=\"color: #ffffff;\">Historical Archives of the European Union<\/a>,<\/span> Wikimedia Commons,Fondazione Rossi-Salvemini, European Federalist Archives\u00a0<\/span>\u00a0 <span style=\"font-weight: 400;\"><br \/><\/span><\/p>\n<h2 dir=\"ltr\" style=\"text-align: center;\"><\/h2>\n<h2 dir=\"ltr\" style=\"text-align: center;\"><\/h2>\n<h2 dir=\"ltr\" style=\"text-align: center;\"><\/h2>\n<p>&nbsp;<\/p>\n<h2 dir=\"ltr\" style=\"text-align: center;\"><\/h2>\n<h2 dir=\"ltr\" style=\"text-align: center;\">Graphic design<\/h2>\n<p dir=\"ltr\" style=\"text-align: center;\">Estudi Carles Mestre<span style=\"font-weight: 400;\">\u00a0<\/span><\/p>\n<p>[\/et_pb_text][\/et_pb_column][\/et_pb_row][\/et_pb_section][et_pb_section fb_built=&#8221;1&#8243; admin_label=&#8221;logos 1&#8243; module_class=&#8221;section&#8221; _builder_version=&#8221;4.16&#8243; background_color=&#8221;#17181A&#8221; min_height=&#8221;301px&#8221; custom_padding=&#8221;197px||180px||false|false&#8221; locked=&#8221;off&#8221; collapsed=&#8221;off&#8221; global_colors_info=&#8221;{}&#8221; da_is_popup=&#8221;off&#8221; da_exit_intent=&#8221;off&#8221; da_has_close=&#8221;on&#8221; da_alt_close=&#8221;off&#8221; da_dark_close=&#8221;off&#8221; da_not_modal=&#8221;on&#8221; da_is_singular=&#8221;off&#8221; da_with_loader=&#8221;off&#8221; da_has_shadow=&#8221;on&#8221; da_disable_devices=&#8221;off|off|off&#8221;][et_pb_row _builder_version=&#8221;4.16&#8243; _module_preset=&#8221;default&#8221; global_colors_info=&#8221;{}&#8221;][et_pb_column type=&#8221;4_4&#8243; _builder_version=&#8221;4.16&#8243; _module_preset=&#8221;default&#8221; global_colors_info=&#8221;{}&#8221;][et_pb_text content_tablet=&#8221;<\/p>\n<h2 style=%22text-align: center;%22><span style=%22font-weight: 400;%22>Web design<\/span><\/h2>\n<p style=%22text-align: center;%22><span style=%22font-weight: 400;%22><\/span><span style=%22font-weight: 400;%22>Carles Mestre<\/span><\/p>\n<p>&#8221; content_phone=&#8221;<\/p>\n<h2><span style=%22font-weight: 400;%22>Web design<\/span><\/h2>\n<p style=%22text-align: center;%22><span style=%22font-weight: 400;%22><\/span><span style=%22font-weight: 400;%22>Carles Mestre<\/span><\/p>\n<p>&#8221; content_last_edited=&#8221;off|desktop&#8221; _builder_version=&#8221;4.16&#8243; text_font=&#8221;Open Sans||||||||&#8221; text_text_color=&#8221;#ffffff&#8221; text_font_size=&#8221;18px&#8221; text_line_height=&#8221;1.8em&#8221; header_2_font=&#8221;Abril Fatface||||||||&#8221; header_2_text_align=&#8221;center&#8221; header_2_text_color=&#8221;#F3B0B0&#8243; header_2_font_size=&#8221;35px&#8221; header_3_font=&#8221;Allerta Stencil|||on|||||&#8221; header_3_text_align=&#8221;left&#8221; header_3_text_color=&#8221;#ffffff&#8221; header_3_font_size=&#8221;35px&#8221; header_3_letter_spacing=&#8221;2px&#8221; header_3_line_height=&#8221;1.5em&#8221; text_orientation=&#8221;justified&#8221; custom_padding=&#8221;||0px|||&#8221; text_line_height_tablet=&#8221;&#8221; text_line_height_phone=&#8221;1.2em&#8221; text_line_height_last_edited=&#8221;on|phone&#8221; header_font_size_tablet=&#8221;&#8221; header_font_size_phone=&#8221;&#8221; header_font_size_last_edited=&#8221;on|desktop&#8221; header_2_font_size_tablet=&#8221;&#8221; header_2_font_size_phone=&#8221;30px&#8221; header_2_font_size_last_edited=&#8221;on|phone&#8221; header_3_font_size_tablet=&#8221;&#8221; header_3_font_size_phone=&#8221;28px&#8221; header_3_font_size_last_edited=&#8221;on|tablet&#8221; header_3_line_height_tablet=&#8221;&#8221; header_3_line_height_phone=&#8221;1.2em&#8221; header_3_line_height_last_edited=&#8221;on|phone&#8221; locked=&#8221;off&#8221; global_colors_info=&#8221;{}&#8221;]<\/p>\n<p style=\"text-align: center;\"><span style=\"font-weight: 400;\"><\/span><\/p>\n<h2 style=\"text-align: center;\"><span style=\"font-weight: 400;\">Production<\/span><span style=\"font-weight: 400;\"><\/span><\/h2>\n<p>[\/et_pb_text][\/et_pb_column][\/et_pb_row][et_pb_row column_structure=&#8221;1_5,1_5,1_5,1_5,1_5&#8243; use_custom_gutter=&#8221;on&#8221; gutter_width=&#8221;1&#8243; make_equal=&#8221;on&#8221; module_class=&#8221; et_pb_row_fullwidth&#8221; _builder_version=&#8221;4.16&#8243; width=&#8221;65%&#8221; width_tablet=&#8221;60%&#8221; width_phone=&#8221;60%&#8221; width_last_edited=&#8221;on|phone&#8221; max_width=&#8221;100%&#8221; max_width_tablet=&#8221;100%&#8221; max_width_phone=&#8221;&#8221; max_width_last_edited=&#8221;on|desktop&#8221; custom_margin=&#8221;|||&#8221; custom_padding=&#8221;0px|0px|0px|0px|false|false&#8221; locked=&#8221;off&#8221; global_colors_info=&#8221;{}&#8221;][et_pb_column type=&#8221;1_5&#8243; _builder_version=&#8221;4.16&#8243; global_colors_info=&#8221;{}&#8221;][et_pb_image src=&#8221;https:\/\/europeanmemories.net\/stories\/wp-content\/uploads\/sites\/13\/2020\/04\/logos-01.png&#8221; align=&#8221;center&#8221; _builder_version=&#8221;4.16&#8243; max_height_tablet=&#8221;150px&#8221; max_height_phone=&#8221;145px&#8221; max_height_last_edited=&#8221;on|phone&#8221; global_colors_info=&#8221;{}&#8221;][\/et_pb_image][\/et_pb_column][et_pb_column type=&#8221;1_5&#8243; _builder_version=&#8221;4.16&#8243; global_colors_info=&#8221;{}&#8221;][et_pb_image src=&#8221;https:\/\/europeanmemories.net\/stories\/wp-content\/uploads\/sites\/13\/2020\/04\/logos-02.png&#8221; align=&#8221;center&#8221; _builder_version=&#8221;4.16&#8243; max_height_tablet=&#8221;150px&#8221; max_height_phone=&#8221;145px&#8221; max_height_last_edited=&#8221;on|tablet&#8221; custom_padding_tablet=&#8221;|||15px|false|false&#8221; custom_padding_phone=&#8221;|||0px|false|false&#8221; custom_padding_last_edited=&#8221;on|phone&#8221; global_colors_info=&#8221;{}&#8221;][\/et_pb_image][\/et_pb_column][et_pb_column type=&#8221;1_5&#8243; _builder_version=&#8221;4.16&#8243; global_colors_info=&#8221;{}&#8221;][et_pb_image src=&#8221;https:\/\/europeanmemories.net\/stories\/wp-content\/uploads\/sites\/13\/2020\/05\/citizens-bl-03.png&#8221; title_text=&#8221;citizens bl-03&#8243; align=&#8221;center&#8221; _builder_version=&#8221;4.16&#8243; width_tablet=&#8221;&#8221; width_phone=&#8221;&#8221; width_last_edited=&#8221;on|desktop&#8221; max_height_tablet=&#8221;150px&#8221; max_height_phone=&#8221;145px&#8221; max_height_last_edited=&#8221;on|tablet&#8221; custom_margin_tablet=&#8221;&#8221; custom_margin_phone=&#8221;&#8221; custom_margin_last_edited=&#8221;on|tablet&#8221; custom_padding_tablet=&#8221;10px||||false|false&#8221; custom_padding_phone=&#8221;0px|||0px|false|false&#8221; custom_padding_last_edited=&#8221;on|phone&#8221; global_colors_info=&#8221;{}&#8221;][\/et_pb_image][\/et_pb_column][et_pb_column type=&#8221;1_5&#8243; _builder_version=&#8221;4.16&#8243; global_colors_info=&#8221;{}&#8221;][et_pb_image src=&#8221;https:\/\/europeanmemories.net\/stories\/wp-content\/uploads\/sites\/13\/2021\/09\/JMH_logo_LVs-03-01.png&#8221; title_text=&#8221;JMH_logo_LVs-03-01&#8243; align=&#8221;center&#8221; align_tablet=&#8221;center&#8221; align_phone=&#8221;&#8221; align_last_edited=&#8221;on|phone&#8221; _builder_version=&#8221;4.16&#8243; background_enable_image=&#8221;off&#8221; width=&#8221;52%&#8221; width_tablet=&#8221;50%&#8221; width_phone=&#8221;47%&#8221; width_last_edited=&#8221;on|phone&#8221; max_height_tablet=&#8221;150px&#8221; max_height_phone=&#8221;145px&#8221; max_height_last_edited=&#8221;on|phone&#8221; custom_padding=&#8221;15px||||false|false&#8221; custom_padding_tablet=&#8221;30px||||false|false&#8221; custom_padding_phone=&#8221;||||false|false&#8221; custom_padding_last_edited=&#8221;on|desktop&#8221; locked=&#8221;off&#8221; global_colors_info=&#8221;{}&#8221; max_width__hover_enabled=&#8221;off|desktop&#8221;][\/et_pb_image][\/et_pb_column][et_pb_column type=&#8221;1_5&#8243; _builder_version=&#8221;4.16&#8243; global_colors_info=&#8221;{}&#8221;][et_pb_image src=&#8221;https:\/\/europeanmemories.net\/stories\/wp-content\/uploads\/sites\/13\/2021\/11\/PROJECT-PARLAMENT_Mesa-de-trabajo-1.png&#8221; title_text=&#8221;PROJECT PARLAMENT_Mesa de trabajo 1&#8243; align=&#8221;center&#8221; align_tablet=&#8221;right&#8221; align_phone=&#8221;&#8221; align_last_edited=&#8221;on|tablet&#8221; _builder_version=&#8221;4.16&#8243; width=&#8221;55%&#8221; max_height_tablet=&#8221;150px&#8221; max_height_phone=&#8221;145px&#8221; max_height_last_edited=&#8221;on|phone&#8221; custom_margin=&#8221;20px||||false|false&#8221; custom_margin_tablet=&#8221;40px|||150px|false|false&#8221; custom_margin_phone=&#8221;60px|||50px|false|false&#8221; custom_margin_last_edited=&#8221;on|phone&#8221; custom_padding=&#8221;||||false|false&#8221; global_colors_info=&#8221;{}&#8221;][\/et_pb_image][\/et_pb_column][\/et_pb_row][\/et_pb_section][et_pb_section fb_built=&#8221;1&#8243; admin_label=&#8221;logos&#8221; module_class=&#8221;section&#8221; _builder_version=&#8221;4.16&#8243; background_color=&#8221;#17181A&#8221; min_height=&#8221;301px&#8221; custom_padding=&#8221;10px||260px||false|false&#8221; locked=&#8221;off&#8221; collapsed=&#8221;off&#8221; global_colors_info=&#8221;{}&#8221; da_is_popup=&#8221;off&#8221; da_exit_intent=&#8221;off&#8221; da_has_close=&#8221;on&#8221; da_alt_close=&#8221;off&#8221; da_dark_close=&#8221;off&#8221; da_not_modal=&#8221;on&#8221; da_is_singular=&#8221;off&#8221; da_with_loader=&#8221;off&#8221; da_has_shadow=&#8221;on&#8221; da_disable_devices=&#8221;off|off|off&#8221;][et_pb_row _builder_version=&#8221;4.16&#8243; _module_preset=&#8221;default&#8221; global_colors_info=&#8221;{}&#8221;][et_pb_column type=&#8221;4_4&#8243; _builder_version=&#8221;4.16&#8243; _module_preset=&#8221;default&#8221; global_colors_info=&#8221;{}&#8221;][et_pb_text content_tablet=&#8221;<\/p>\n<h2 style=%22text-align: center;%22><span style=%22font-weight: 400;%22>Web design<\/span><\/h2>\n<p style=%22text-align: center;%22><span style=%22font-weight: 400;%22><\/span><span style=%22font-weight: 400;%22>Carles Mestre<\/span><\/p>\n<p>&#8221; content_phone=&#8221;<\/p>\n<h2><span style=%22font-weight: 400;%22>Web design<\/span><\/h2>\n<p style=%22text-align: center;%22><span style=%22font-weight: 400;%22><\/span><span style=%22font-weight: 400;%22>Carles Mestre<\/span><\/p>\n<p>&#8221; content_last_edited=&#8221;off|desktop&#8221; _builder_version=&#8221;4.16&#8243; text_font=&#8221;Open Sans||||||||&#8221; text_text_color=&#8221;#ffffff&#8221; text_font_size=&#8221;18px&#8221; text_line_height=&#8221;1.8em&#8221; header_2_font=&#8221;Abril Fatface||||||||&#8221; header_2_text_align=&#8221;center&#8221; header_2_text_color=&#8221;#F3B0B0&#8243; header_2_font_size=&#8221;35px&#8221; header_3_font=&#8221;Allerta Stencil|||on|||||&#8221; header_3_text_align=&#8221;left&#8221; header_3_text_color=&#8221;#ffffff&#8221; header_3_font_size=&#8221;35px&#8221; header_3_letter_spacing=&#8221;2px&#8221; header_3_line_height=&#8221;1.5em&#8221; text_orientation=&#8221;justified&#8221; custom_padding=&#8221;||0px|||&#8221; text_line_height_tablet=&#8221;&#8221; text_line_height_phone=&#8221;1.2em&#8221; text_line_height_last_edited=&#8221;on|phone&#8221; header_font_size_tablet=&#8221;&#8221; header_font_size_phone=&#8221;&#8221; header_font_size_last_edited=&#8221;on|desktop&#8221; header_2_font_size_tablet=&#8221;&#8221; header_2_font_size_phone=&#8221;30px&#8221; header_2_font_size_last_edited=&#8221;on|phone&#8221; header_3_font_size_tablet=&#8221;&#8221; header_3_font_size_phone=&#8221;28px&#8221; header_3_font_size_last_edited=&#8221;on|tablet&#8221; header_3_line_height_tablet=&#8221;&#8221; header_3_line_height_phone=&#8221;1.2em&#8221; header_3_line_height_last_edited=&#8221;on|phone&#8221; locked=&#8221;off&#8221; global_colors_info=&#8221;{}&#8221;]<\/p>\n<p style=\"text-align: center;\"><span style=\"font-weight: 400;\"><\/span><\/p>\n<h2 style=\"text-align: center;\"><span style=\"font-weight: 400;\">Collaboration<\/span><\/h2>\n<p>[\/et_pb_text][\/et_pb_column][\/et_pb_row][et_pb_row column_structure=&#8221;1_2,1_2&#8243; use_custom_gutter=&#8221;on&#8221; gutter_width=&#8221;1&#8243; make_equal=&#8221;on&#8221; module_class=&#8221; et_pb_row_fullwidth&#8221; _builder_version=&#8221;4.16&#8243; width=&#8221;35%&#8221; width_tablet=&#8221;30%&#8221; width_phone=&#8221;60%&#8221; width_last_edited=&#8221;on|phone&#8221; max_width=&#8221;100%&#8221; max_width_tablet=&#8221;100%&#8221; max_width_phone=&#8221;&#8221; max_width_last_edited=&#8221;on|desktop&#8221; custom_margin=&#8221;30px||||false|false&#8221; custom_margin_tablet=&#8221;&#8221; custom_margin_phone=&#8221;&#8221; custom_margin_last_edited=&#8221;on|phone&#8221; custom_padding=&#8221;0px|0px|0px|0px|false|false&#8221; locked=&#8221;off&#8221; global_colors_info=&#8221;{}&#8221;][et_pb_column type=&#8221;1_2&#8243; _builder_version=&#8221;4.16&#8243; global_colors_info=&#8221;{}&#8221;][et_pb_image src=&#8221;https:\/\/europeanmemories.net\/stories\/wp-content\/uploads\/sites\/13\/2021\/09\/logo-01.png&#8221; title_text=&#8221;logo-01&#8243; align=&#8221;center&#8221; _builder_version=&#8221;4.16&#8243; width=&#8221;55%&#8221; max_height_tablet=&#8221;150px&#8221; max_height_phone=&#8221;145px&#8221; max_height_last_edited=&#8221;on|phone&#8221; global_colors_info=&#8221;{}&#8221;][\/et_pb_image][\/et_pb_column][et_pb_column type=&#8221;1_2&#8243; _builder_version=&#8221;4.16&#8243; global_colors_info=&#8221;{}&#8221;][et_pb_image src=&#8221;https:\/\/europeanmemories.net\/stories\/wp-content\/uploads\/sites\/13\/2021\/09\/logo_isgrec.jpg&#8221; title_text=&#8221;logo_isgrec&#8221; align=&#8221;center&#8221; _builder_version=&#8221;4.16&#8243; width=&#8221;50%&#8221; width_tablet=&#8221;&#8221; width_phone=&#8221;&#8221; width_last_edited=&#8221;on|tablet&#8221; max_height_tablet=&#8221;150px&#8221; max_height_phone=&#8221;145px&#8221; max_height_last_edited=&#8221;on|tablet&#8221; custom_padding_tablet=&#8221;80px||||false|false&#8221; custom_padding_phone=&#8221;|||0px|false|false&#8221; custom_padding_last_edited=&#8221;on|desktop&#8221; global_colors_info=&#8221;{}&#8221;][\/et_pb_image][\/et_pb_column][\/et_pb_row][\/et_pb_section][et_pb_section fb_built=&#8221;1&#8243; admin_label=&#8221;credits&#8221; module_class=&#8221;section&#8221; _builder_version=&#8221;4.16&#8243; background_color=&#8221;#17181A&#8221; custom_padding=&#8221;0px||300px||false|false&#8221; locked=&#8221;off&#8221; collapsed=&#8221;on&#8221; global_colors_info=&#8221;{}&#8221; da_is_popup=&#8221;off&#8221; da_exit_intent=&#8221;off&#8221; da_has_close=&#8221;on&#8221; da_alt_close=&#8221;off&#8221; da_dark_close=&#8221;off&#8221; da_not_modal=&#8221;on&#8221; da_is_singular=&#8221;off&#8221; da_with_loader=&#8221;off&#8221; da_has_shadow=&#8221;on&#8221; da_disable_devices=&#8221;off|off|off&#8221;][et_pb_row _builder_version=&#8221;4.16&#8243; custom_margin=&#8221;||||false|false&#8221; global_colors_info=&#8221;{}&#8221;][et_pb_column type=&#8221;4_4&#8243; _builder_version=&#8221;4.16&#8243; global_colors_info=&#8221;{}&#8221;][et_pb_text _builder_version=&#8221;4.16&#8243; text_font=&#8221;Open Sans||||||||&#8221; text_text_color=&#8221;#ffffff&#8221; text_font_size=&#8221;16px&#8221; custom_margin=&#8221;50px||50px|||&#8221; text_font_size_tablet=&#8221;14px&#8221; text_font_size_phone=&#8221;&#8221; text_font_size_last_edited=&#8221;on|phone&#8221; global_colors_info=&#8221;{}&#8221;]<\/p>\n<p style=\"text-align: center;\"><span id=\"m_8721984074487872580gmail-docs-internal-guid-292adaf5-7fff-4b17-5099-d7530721b157\">The European Commission\u2019s support for the production of this publication does not constitute an endorsement of the contents, which reflect the views of the authors, and the Commission cannot be held responsible for any use which may be made of the information contained therein.\u00a0<\/span><\/p>\n<p style=\"text-align: center;\"><a href=\"https:\/\/multimedia.europarl.europa.eu\/es\/home\"><\/a><\/p>\n<p>[\/et_pb_text][\/et_pb_column][\/et_pb_row][et_pb_row _builder_version=&#8221;4.16&#8243; custom_margin=&#8221;||||false|false&#8221; global_colors_info=&#8221;{}&#8221;][et_pb_column type=&#8221;4_4&#8243; _builder_version=&#8221;4.16&#8243; global_colors_info=&#8221;{}&#8221;][et_pb_text _builder_version=&#8221;4.16&#8243; text_font=&#8221;Open Sans||||||||&#8221; text_text_color=&#8221;#ffffff&#8221; text_font_size=&#8221;16px&#8221; custom_margin=&#8221;50px||50px|||&#8221; text_font_size_tablet=&#8221;14px&#8221; text_font_size_phone=&#8221;&#8221; text_font_size_last_edited=&#8221;on|phone&#8221; global_colors_info=&#8221;{}&#8221;]<\/p>\n<p style=\"text-align: center;\"><span style=\"font-weight: 400;\">\u00a9 Texts: the authors<br \/> \u00a9 Pictures: As indicated in the subtitles<br \/> \u00a9 Videos: As indicated in the subtitles<br \/> <\/span><\/p>\n<p style=\"text-align: center;\"><a href=\"https:\/\/multimedia.europarl.europa.eu\/es\/home\"><\/a><\/p>\n<p>[\/et_pb_text][\/et_pb_column][\/et_pb_row][\/et_pb_section]<\/p>\n","protected":false},"excerpt":{"rendered":"<p>*\u00a0View of the Santo Stefano island seen from Ventotene (1941) | \u00a9 European Federalist Movement The construction of democracy in countries and societies has gone hand in hand with the fight against civil wars and humanitarian or political crises of all kinds. The construction of Europe also stems from post-conflict eras and the atrocities endured [&hellip;]<\/p>\n","protected":false},"author":7,"featured_media":0,"parent":0,"menu_order":0,"comment_status":"closed","ping_status":"closed","template":"","meta":{"_et_pb_use_builder":"on","_et_pb_old_content":"<!-- wp:divi\/placeholder \/-->","_et_gb_content_width":"","_monsterinsights_skip_tracking":false,"_monsterinsights_sitenote_active":false,"_monsterinsights_sitenote_note":"","_monsterinsights_sitenote_category":0,"_uf_show_specific_survey":0,"_uf_disable_surveys":false,"footnotes":""},"difl_page_category":[],"class_list":["post-4673","page","type-page","status-publish","hentry"],"aioseo_notices":[],"_links":{"self":[{"href":"https:\/\/europeanmemories.net\/stories\/wp-json\/wp\/v2\/pages\/4673","targetHints":{"allow":["GET"]}}],"collection":[{"href":"https:\/\/europeanmemories.net\/stories\/wp-json\/wp\/v2\/pages"}],"about":[{"href":"https:\/\/europeanmemories.net\/stories\/wp-json\/wp\/v2\/types\/page"}],"author":[{"embeddable":true,"href":"https:\/\/europeanmemories.net\/stories\/wp-json\/wp\/v2\/users\/7"}],"replies":[{"embeddable":true,"href":"https:\/\/europeanmemories.net\/stories\/wp-json\/wp\/v2\/comments?post=4673"}],"version-history":[{"count":265,"href":"https:\/\/europeanmemories.net\/stories\/wp-json\/wp\/v2\/pages\/4673\/revisions"}],"predecessor-version":[{"id":5478,"href":"https:\/\/europeanmemories.net\/stories\/wp-json\/wp\/v2\/pages\/4673\/revisions\/5478"}],"wp:attachment":[{"href":"https:\/\/europeanmemories.net\/stories\/wp-json\/wp\/v2\/media?parent=4673"}],"wp:term":[{"taxonomy":"difl_page_category","embeddable":true,"href":"https:\/\/europeanmemories.net\/stories\/wp-json\/wp\/v2\/difl_page_category?post=4673"}],"curies":[{"name":"wp","href":"https:\/\/api.w.org\/{rel}","templated":true}]}}