{"id":388,"date":"2017-11-09T11:14:02","date_gmt":"2017-11-09T11:14:02","guid":{"rendered":"http:\/\/europeanmemories.net\/frog\/?page_id=388"},"modified":"2017-11-24T14:13:48","modified_gmt":"2017-11-24T14:13:48","slug":"es","status":"publish","type":"page","link":"https:\/\/europeanmemories.net\/frog\/program\/es\/","title":{"rendered":"ES"},"content":{"rendered":"<p><strong><em>Las conferencias contar\u00e1n con servicio de traducci\u00f3n simult\u00e1nea<\/em><\/strong><\/p>\n<p><strong><u>Martes\u00a028 de noviembre<\/u><\/strong><\/p>\n<p><em>Aula Magna de la Universidad de Barcelona<\/em><\/p>\n<p>18\u201930-19\u201900: \u00a0\u00a0\u00a0\u00a0\u00a0 Acreditaciones<\/p>\n<p>19\u201900-19\u201920:\u00a0 \u00a0 \u00a0 \u00a0Bienvenida<\/p>\n<ul>\n<li>Maite Vilalta, Vicerrectora de Igualdad y Acci\u00f3n Social, Universidad de Barcelona<\/li>\n<li>Xavier L\u00f3pez, Director de la Fundaci\u00f3n Solidaridad UB<\/li>\n<li>Jordi Guix\u00e9, Director del Observatorio Europeo de Memorias (EUROM)<\/li>\n<\/ul>\n<p>19\u201920-19\u201945:\u00a0 \u00a0 \u00a0 \u00a0Apertura<\/p>\n<ul>\n<li><span style=\"color: #eb7d4b;\"><a style=\"color: #eb7d4b;\" href=\"https:\/\/www.wikiwand.com\/en\/Manuel_Rivas\" target=\"_blank\">Manuel Rivas<\/a><\/span>,\u00a0escritor\u00a0y periodista<\/li>\n<\/ul>\n<p>Presentado por <span style=\"color: #eb7d4b;\"><a style=\"color: #eb7d4b;\" href=\"https:\/\/es.wikipedia.org\/wiki\/Rosa_Verg%C3%A9s\" target=\"_blank\">Rosa Verg\u00e9s<\/a><\/span>, directora, realizadora y guionista<\/p>\n<p>19\u201945:\u00a0 \u00a0 \u00a0 \u00a0 \u00a0 \u00a0 \u00a0 \u00a0 \u00a0Recepci\u00f3n<\/p>\n<hr \/>\n<p><strong><u>Mi\u00e9rcoles 29 de <strong><u>noviembre<\/u><\/strong><\/u><\/strong><\/p>\n<p><em>Aula Magna de la <em>Universidad de Barcelona<\/em><\/em><\/p>\n<p>09\u201930-11\u201900: \u00a0\u00a0\u00a0\u00a0\u00a0\u00a0<strong>1\u00aa Sessi\u00f3n:\u00a0<em>Leyes, pol\u00edticas y memorias de Europa<\/em><\/strong><\/p>\n<p>Presenta y modera: Oriol L\u00f3pez, <span style=\"color: #eb7d4b;\"><a style=\"color: #eb7d4b;\" href=\"http:\/\/europeanmemories.net\/about-us\/contact\/\" target=\"_blank\">EUROM<\/a><\/span><\/p>\n<ul>\n<li><span style=\"color: #eb7d4b;\"><a style=\"color: #eb7d4b;\" href=\"http:\/\/www.asser.nl\/about-the-institute\/whos-who\/UladBelavusau\" target=\"_blank\">Uladzislau Belavusau<\/a><\/span>, Investigador Senior del\u00a0<a href=\"http:\/\/www.asser.nl\/\" target=\"_blank\" data-saferedirecturl=\"https:\/\/www.google.com\/url?hl=ca&amp;q=http:\/\/www.asser.nl\/&amp;source=gmail&amp;ust=1510316531944000&amp;usg=AFQjCNHC-_1PyD_7XHLFCKaKDkbAVmShdA\">Asser Institute<\/a> &#8211; University of Amsterdam,\u00a0e investigador principal del proyecte\u00a0<a href=\"http:\/\/melaproject.org\/\" target=\"_blank\" data-saferedirecturl=\"https:\/\/www.google.com\/url?hl=ca&amp;q=http:\/\/melaproject.org\/&amp;source=gmail&amp;ust=1510316531944000&amp;usg=AFQjCNGwP4k8OYQkqVGSOBiNv5C1IBEaXg\">MELA<\/a><\/li>\n<li><span style=\"color: #eb7d4b;\"><a style=\"color: #eb7d4b;\" href=\"https:\/\/www.kent.ac.uk\/brussels\/staff\/profiles\/brussels\/malksoo.html\" target=\"_blank\">Maria M\u00e4lksoo<\/a><\/span>, Profesora de la Escuela de Estudios Internacionales de Bruselas\u00a0en la Universidad de Kent<\/li>\n<li><span style=\"color: #eb7d4b;\"><a style=\"color: #eb7d4b;\" href=\"https:\/\/www.coleurope.eu\/whoswho\/person\/georges.mink\" target=\"_blank\">Georges Mink<\/a><\/span>, Director de investigaci\u00f3n del\u00a0<em>Institut des Sciences Sociales et du Politique<\/em> (CNRS), Universit\u00e9 de Paris X, Nanterre<\/li>\n<\/ul>\n<p>&nbsp;<\/p>\n<p>11\u201900-11\u201930:\u00a0\u00a0\u00a0\u00a0\u00a0\u00a0 Coffee-Break<\/p>\n<p>&nbsp;<\/p>\n<p>11\u201930-13\u201900:\u00a0\u00a0\u00a0\u00a0\u00a0\u00a0\u00a0<strong>2\u00aa Sessi\u00f3n:\u00a0<em>Memoria y patrimonio<\/em>\u00a0(I)<\/strong><\/p>\n<p>Presenta y modera: <span style=\"color: #eb7d4b;\"><a style=\"color: #eb7d4b;\" href=\"https:\/\/www.wikiwand.com\/ca\/Jordi_Guix%C3%A9_i_Coromines\" target=\"_blank\">Jordi Guix\u00e9<\/a><\/span>, EUROM<\/p>\n<ul>\n<li>Monuments:\u00a0<span style=\"color: #eb7d4b;\"><a style=\"color: #eb7d4b;\" href=\"http:\/\/www.ub.edu\/escultura\/es\/organizacio\/membres\/ricart-ulldemolins-nuria\/\">N\u00faria Ricart<\/a><\/span>, Profesora de Bellas Artes de la Universidad de Barcelona<\/li>\n<li>Museus: <strong>Jordi Font<\/strong>, Director del\u00a0<span style=\"color: #eb7d4b;\"><a style=\"color: #eb7d4b;\" href=\"http:\/\/www.museuexili.cat\/index.php?lang=es\" target=\"_blank\">Museu Memorial de l\u2019Exili<\/a><\/span><\/li>\n<li>Fosses:\u00a0<span style=\"color: #eb7d4b;\"><a style=\"color: #eb7d4b;\" href=\"http:\/\/www.politicasdelamemoria.org\/2010\/05\/85-an\" target=\"_blank\">\u00c1ngel del R\u00edo<\/a><\/span>, Profesor de antropolog\u00eda de la Universidad Pablo Olavide de Sevilla<\/li>\n<li><\/li>\n<\/ul>\n<p>13\u201900-14\u201900\u00a0\u00a0\u00a0\u00a0\u00a0\u00a0\u00a0\u00a0<strong>3\u00aa Sessi\u00f3n:\u00a0<em>Memoria y patrimonio: archivos\u00a0(II)<\/em><\/strong><\/p>\n<p>Presenta y modera: Ra\u00fcl Aguilar,\u00a0<span style=\"color: #eb7d4b;\"><a style=\"color: #eb7d4b;\" href=\"https:\/\/www.google.es\/url?sa=t&amp;rct=j&amp;q=&amp;esrc=s&amp;source=web&amp;cd=1&amp;ved=0ahUKEwiS3ue_wLHXAhUH8IMKHVwrBJMQFggnMAA&amp;url=http%3A%2F%2Fwww.arxivers.org%2F&amp;usg=AOvVaw1QoQ-DaUZZruto5A47Hz5v\" target=\"_blank\">Arxivers sense Fronteres<\/a><\/span><\/p>\n<ul>\n<li><strong>Ramon Alberch<\/strong>, Presidente de AsF Internacional, mimebro del Consejo Internacional del <span style=\"color: #eb7d00;\"><a style=\"color: #eb7d00;\" href=\"http:\/\/www.centrodememoriahistorica.gov.co\/\" target=\"_blank\">Centro Nacional de Memoria Hist\u00f3rica de Colombia.<\/a><\/span><\/li>\n<li><strong>Manuel Melgar, <\/strong>Director del <span style=\"color: #eb7d4b;\"><a style=\"color: #eb7d4b;\" href=\"https:\/\/www.mecd.gob.es\/cultura\/areas\/archivos\/mc\/archivos\/cdmh\/presentacion.html\" target=\"_blank\">Centro Documental de la Memoria Hist\u00f3rica<\/a><\/span><\/li>\n<\/ul>\n<p>&nbsp;<\/p>\n<p>15\u201930-17\u201900:\u00a0\u00a0\u00a0\u00a0\u00a0\u00a0<strong>\u00a04\u00aa Sessi\u00f3n:\u00a0<em>Leyes, pol\u00edticas y pasado en Espa\u00f1a y Catalu\u00f1a\u00a0(I)<\/em><\/strong><\/p>\n<p>Presenta y modera:<span style=\"color: #eb7d4b;\">\u00a0<a style=\"color: #eb7d4b;\" href=\"http:\/\/fdret.uib.es\/Professorat\/Dret-Public\/Prof.-Dra.-Margalida-CApella-i-Roig\/\" target=\"_blank\">Margalida Capell\u00e0<\/a><\/span>, Profesora de Derecho internacional p\u00fablico y relaciones internacionales, Universidad de las\u00a0Islas Baleares<\/p>\n<ul>\n<li>La ley de memoria historica espa\u00f1ola a debate\n<ul>\n<li><span style=\"color: #eb7d4b;\"><a style=\"color: #eb7d4b;\" href=\"https:\/\/www.wikiwand.com\/es\/Jos%C3%A9_Antonio_Mart%C3%ADn_Pall%C3%ADn\" target=\"_blank\">Jos\u00e9 Antonio Mart\u00edn Pall\u00edn<\/a><\/span>, Magistrado em\u00e9rito del Tribunal Supremo<\/li>\n<li><span style=\"color: #eb7d4b;\"><a style=\"color: #eb7d4b;\" href=\"https:\/\/www.researchgate.net\/profile\/Josefina_Bustillo\" target=\"_blank\">Josefina Cuesta<\/a><\/span>, Catedr\u00e1tica de historia contempor\u00e1nea de la Universidad de Salamanca<\/li>\n<\/ul>\n<\/li>\n<\/ul>\n<p>17\u201900-17\u201930:\u00a0\u00a0\u00a0\u00a0\u00a0\u00a0 Coffee-Break<\/p>\n<p>17\u201930-19\u201900: \u00a0\u00a0\u00a0\u00a0\u00a0<strong>\u00a05\u00aa Sessi\u00f3n:<em>\u00a0Leyes, pol\u00edticas y pasado en Espa\u00f1a y Catalu\u00f1a\u00a0<\/em>(II)<\/strong><\/p>\n<p>Presenta y modera:\u00a0<span style=\"color: #eb7d4b;\"><a style=\"color: #eb7d4b;\" href=\"https:\/\/www.wikiwand.com\/en\/Montse_Armengou_Mart%C3%ADn\" target=\"_blank\">Montserrat Armengou<\/a><\/span>, periodista<\/p>\n<ul>\n<li>La ley del memorial democr\u00e1tico a\u00a0debate:\n<ul>\n<li><strong>Josep Cruanyes<\/strong>, Presidente de la\u00a0<span style=\"color: #eb7d4b;\"><a style=\"color: #eb7d4b;\" href=\"http:\/\/blogs.iec.cat\/scej\/\" target=\"_blank\">Sociedad Catalana de Estudios Jur\u00eddicos<\/a><\/span><\/li>\n<li><span style=\"color: #eb7d4b;\"><a style=\"color: #eb7d4b;\" href=\"http:\/\/www.historia.urv.cat\/professorat\/historia-contemporania\/duch\/\" target=\"_blank\">Montserrat Duch<\/a><\/span>, Catedr\u00e1tica de Historia Contempor\u00e1nea, Universitat Rovira i Virgili<\/li>\n<\/ul>\n<\/li>\n<\/ul>\n<hr \/>\n<p><strong><u>Jueves\u00a030 de <strong><u>noviembre<\/u><\/strong><\/u><\/strong><\/p>\n<p><em>Aula Magna de la <em>Universidad de Barcelona<\/em><\/em><\/p>\n<p>09\u201930-11\u201930:\u00a0 \u00a0 \u00a0 \u00a0<strong>6\u00aa Sessi\u00f3n:\u00a0<\/strong><em><strong>Memoria y transmisi\u00f3n<\/strong><\/em><\/p>\n<p>Presenta y modera: Marina Vinyes<\/p>\n<ul>\n<li>Pel\u00edculas y documentales:\u00a0<span style=\"color: #eb7d4b;\"><a style=\"color: #eb7d4b;\" href=\"http:\/\/www.ub.edu\/dphc\/magicrusellsvaleta.htm\" target=\"_blank\">Mag\u00ed Crusells<\/a><\/span>, Profesor de\u00a0Historia Contempor\u00e1nea y\u00a0del Cine, Universidad de Barcelona<\/li>\n<li>Performances\u00a0en el espacio p\u00fablico:\u00a0<span style=\"color: #eb7d4b;\"><a style=\"color: #eb7d4b;\" href=\"http:\/\/es.eram.cat\/profesorado\/imma-prieto-carrillo\/\" target=\"_blank\">Imma Prieto<\/a><\/span>, Profesora de Arte contempor\u00e1nea\u00a0y\u00a0nuevos medios, ERAM-UdG<\/li>\n<li>Literatura:\u00a0<span style=\"color: #eb7d4b;\"><a style=\"color: #eb7d4b;\" href=\"http:\/\/www.ub.edu\/filhis\/plit_gracia_jordi.htm\" target=\"_blank\">Jordi Gr\u00e0cia<\/a><\/span>, Catedr\u00e1tico de Literatura Espa\u00f1ola, Universidad de Barcelona<\/li>\n<li>Nuevas Tecnolog\u00edas:\u00a0<span style=\"color: #eb7d4b;\"><a style=\"color: #eb7d4b;\" href=\"http:\/\/portal.uc3m.es\/portal\/page\/portal\/grupos_investigacion\/paseet\/miembros\/matilde_eiroa_san_francisco\" target=\"_blank\">Matilde Eiroa<\/a><\/span>, Profesora de Historia Contempor\u00e1nea, Universidad Carlos III<\/li>\n<\/ul>\n<p>&nbsp;<\/p>\n<p>11\u201930-12\u201900:\u00a0\u00a0\u00a0\u00a0\u00a0\u00a0 Coffee Break<\/p>\n<p>&nbsp;<\/p>\n<p>12\u201900-13\u201930:\u00a0\u00a0\u00a0\u00a0\u00a0\u00a0\u00a0<strong>7\u00aa Sessi\u00f3n: <em>La traves\u00eda en el desierto. Les entidades en la \u00faltima d\u00e9cada<\/em><\/strong><\/p>\n<p>Presenta y modera: David Gonz\u00e1lez, Universidad de Barcelona<\/p>\n<ul>\n<li><strong>Emilio Silva<\/strong>,\u00a0<span style=\"color: #eb7d4b;\"><a style=\"color: #eb7d4b;\" href=\"http:\/\/memoriahistorica.org.es\/\" target=\"_blank\">Asociaci\u00f3n por la Recuperaci\u00f3n de la Memoria Hist\u00f3rica<\/a><\/span><\/li>\n<li><strong>Carles Vallejo<\/strong>,\u00a0<span style=\"color: #eb7d4b;\"><a style=\"color: #eb7d4b;\" href=\"http:\/\/www.conc.es\/exprespol\/\" target=\"_blank\">Associaci\u00f3 Catalana d\u2019Ex-Presos Pol\u00edtics<\/a><\/span><\/li>\n<li><strong>Rosa Toran<\/strong>,\u00a0<span style=\"color: #eb7d4b;\"><a style=\"color: #eb7d4b;\" href=\"http:\/\/amical-mauthausen.org\/es\/\" target=\"_blank\">Amical de Mauthausen<\/a><\/span><\/li>\n<li><strong>Daniel Canales<\/strong>,\u00a0<span style=\"color: #eb7d4b;\"><a style=\"color: #eb7d4b;\" href=\"https:\/\/www.es.amnesty.org\/\">Amnistia Internacional<\/a><\/span><\/li>\n<li><strong>Juan Carlos Garc\u00eda Bravo<\/strong>,\u00a0<span style=\"color: #eb7d4b;\"><a style=\"color: #eb7d4b;\" href=\"http:\/\/amesde.org\/junta-directiva\/quienes-somos\/\" target=\"_blank\">Asociaci\u00f3n de la Memoria Social y Democr\u00e1tica<\/a><\/span>\u00a0(Amesde)<\/li>\n<\/ul>\n<p>&nbsp;<\/p>\n<p>15\u201915-17\u201915:\u00a0<strong>8a\u00a0Sessi\u00f3n: \u00a0<span style=\"color: #eb7d4b;\"><a style=\"color: #eb7d4b;\" href=\"http:\/\/europeanmemories.net\/frog\/emerging-approaches\/\" target=\"_blank\"><em>Enfoques\u00a0emergentes<\/em><\/a><\/span><\/strong><br \/>\nSesi\u00f3n coordinada por <span style=\"color: #eb7d4b;\"><a style=\"color: #eb7d4b;\" href=\"http:\/\/memoriasenred.es\/\" target=\"_blank\">Memorias en Red<\/a><\/span>\u00a0(MeR)<\/p>\n<p><strong><span style=\"color: #eb7d4b;\"><a style=\"color: #eb7d4b;\" href=\"http:\/\/europeanmemories.net\/frog\/category\/axis-1-laws-and-the-past\/\" target=\"_blank\">Eje 1:\u00a0<em>Ley y pasado<\/em><\/a><\/span><br \/>\n<\/strong>Sala Ram\u00f3n i Cajal<br \/>\nRelatora\u00a0<span style=\"color: #eb7d4b;\"><a style=\"color: #eb7d4b;\" href=\"http:\/\/www.academia.edu\/31259815\/Maria_Chiara_Bianchini_-_Patrimonios_disonantes_y_memorias_democr%C3%A1ticas_una_comparaci%C3%B3n_entre_Chile_y_Espa%C3%B1a_\" target=\"_blank\">Maria Chiara Bianchini,<\/a> <span style=\"color: #000000;\">Memorias en Red<\/span><\/span><\/p>\n<ul>\n<li>Fytili, Magda \u00ab<strong>Las pol\u00edticas de reparaci\u00f3n como despolitizaci\u00f3n de la memoria: an\u00e1lisis de la Ley 1863\/1989. A prop\u00f3sito de la anulaci\u00f3n de las repercusiones de la Guerra Civil y de la Ley 52\/2007 de la Memoria Hist\u00f3rica<\/strong>\u00bb<\/li>\n<li>S\u00fct\u00e7\u00fco\u011flu, Bilgen and Ebru \u0130lter Akar\u00e7ay \u00ab<strong>Boding Well for the Next Ten Years?: Learning from the Experiences of Victims\u2019 Associations in Spain<\/strong>\u00bb<\/li>\n<li>Calandre, Cristina \u00ab<strong>La ley de la mem\u00f3ria hist\u00f3rica no cumple con el Dr. Luis Calandre Ib\u00e1\u00f1ez<\/strong>\u00bb<\/li>\n<li>Gabarda, Vicent i Ricard Camil Torres \u00ab<strong>Los efectos nocivos de la aplicaci\u00f3n de la ley de memoria hist\u00f3rica en el pa\u00eds valenciano<\/strong>\u00bb<\/li>\n<li>M\u00e9nendez, Francesc Xavier \u00ab<strong>El marc legislatiu de mem\u00f2ria democr\u00e0tica a Catalunya. Balan\u00e7 i valoraci\u00f3<\/strong>\u00bb<\/li>\n<li>Ban, Marina\u00a0\u00ab<strong>Building the Illiberal State Using the Memory of Communism: the Case of Hungary<\/strong>\u00bb<\/li>\n<li>Rocchi, Luciana \u00ab<strong>La longue dur\u00e9e d\u2019une exp\u00e9rience italienne, li\u00e9e aux politiques de la m\u00e9moire de l\u2019Espagne<\/strong>\u00bb<\/li>\n<\/ul>\n<p><strong><a href=\"http:\/\/europeanmemories.net\/frog\/category\/axis-2-remembrance-and-transmission\/\" target=\"_blank\"><span style=\"color: #eb7d4b;\">Eje 2: <em>Memoria\u00a0y transmisi\u00f3n<\/em><\/span><\/a><br \/>\n<\/strong>Sala de Profesores de la Facultad de Filolog\u00eda<br \/>\nRelatora\u00a0<span style=\"color: #eb7d4b;\"><a style=\"color: #eb7d4b;\" href=\"http:\/\/csic.academia.edu\/MarijeHristova\" target=\"_blank\">Marije Hristova,<\/a> <span style=\"color: #000000;\">Memorias en Red<\/span><\/span><\/p>\n<ul>\n<li>Olaziregi, Mari Jose \u00ab<strong>A vueltas con la madre patria<\/strong>\u00bb<\/li>\n<li>Retegi, Olatz y\u00a0Vaquero, Maribel \u00ab<strong>Mapa de las acciones sobre memoria hist\u00f3rica en Gipuzkoa<\/strong>\u00bb<\/li>\n<li>Arroita, Izaro y Mikel Ayerbe \u00ab<strong>La transmisi\u00f3n de una memoria cr\u00edtica en la obra de Ramon Saizarbitoria<\/strong>\u00bb<\/li>\n<li>P\u00e9rez, P\u00edo y Gurutze Lasa \u00ab<strong>La literatura como memoria y convivencia en las aulas de secundaria<\/strong>\u00bb<\/li>\n<li>Barra, Jordi \u00ab<strong>Cartograf\u00eda hist\u00f3rica 2007-2017. (El atlas como indicador memorial\u00edstico)<\/strong>\u00bb<\/li>\n<li>Cam\u00ed-Vela, Maria \u00ab<strong>Summoning the ghosts: Images, sites and politics of memory in Catalan documentary\u00a0<em>The Great Flight<\/em>\u00a0(2015) by Carolina Astudillo<\/strong>\u00bb<\/li>\n<li>Prudor, An\u00e9lie \u00ab<strong>Complexe m\u00e9moriel et\u00a0<em>Maison des m\u00e9moires.\u00a0<\/em>Enjeux des mises en sc\u00e8ne diff\u00e9renci\u00e9es des m\u00e9moires de l\u2019exil r\u00e9publicain espagnol en France<\/strong>\u00bb<\/li>\n<\/ul>\n<p>&nbsp;<\/p>\n<p>17\u201915-17\u201930: \u00a0\u00a0\u00a0\u00a0\u00a0 Coffee Break<\/p>\n<p>&nbsp;<\/p>\n<p>17\u201930-19\u20190: \u00a0\u00a0\u00a0\u00a0\u00a0\u00a0\u00a0\u00a0<strong>9a\u00a0Sessi\u00f3n: Despertares (I). La gesti\u00f3n p\u00fablica de la mem\u00f3ria en los gobiernos aut\u00f3nomos<\/strong><\/p>\n<p>Presenta y modera: <span style=\"color: #eb7d4b;\"><a style=\"color: #eb7d4b;\" href=\"http:\/\/www.ub.edu\/dphc\/javiertebarhurtado.htm\" target=\"_blank\">Javier T\u00e9bar<\/a><\/span>, Universidad de Barcelona<\/p>\n<ul>\n<li>Andaluc\u00eda:\u00a0<span style=\"color: #eb7d4b;\"><a style=\"color: #eb7d4b;\" href=\"http:\/\/www.juntadeandalucia.es\/organismos\/presidenciaadministracionlocalymemoriademocratica\/consejeria\/dgmd.html\" target=\"_blank\">Francisco Javier Gir\u00e1ldez D\u00edaz<\/a><\/span>, Director General de Memoria Democr\u00e1tica de la Junta de Andaluc\u00eda<\/li>\n<li>Pa\u00eds Vasco:\u00a0<strong>Aintzane Ezenarro<\/strong>, Directora del Instituto de la Memoria, la Convivencia y los Derechos Humanos-<span style=\"color: #eb7d4b;\"><a style=\"color: #eb7d4b;\" href=\"http:\/\/www.gogora.euskadi.eus\/aa82-home\/es\/\" target=\"_blank\">GOGORA<\/a><\/span><\/li>\n<li>Navarra:\u00a0<strong>\u00c1lvaro Baraibar Etxebarr\u00eda<\/strong>, Director general de\u00a0<span style=\"color: #eb7d4b;\"><a style=\"color: #eb7d4b;\" href=\"https:\/\/www.navarra.es\/home_es\/Gobierno+de+Navarra\/Departamento+Relaciones+Ciudadanas+Institucionales\/Dg+paz+convivencia+derechos+humanos.htm\" target=\"_blank\">Paz, Convivencia y Derechos Humanos del Gobierno de Navarra<\/a><\/span><\/li>\n<li>Catalu\u00f1a:\u00a0<strong>Pl\u00e0cid Garcia-Planas<\/strong>, Director del\u00a0<span style=\"color: #eb7d4b;\"><a style=\"color: #eb7d4b;\" href=\"http:\/\/memoria.gencat.cat\/ca\/inici\/\" target=\"_blank\">Memorial Democr\u00e0tic de Catalunya<\/a><\/span><\/li>\n<li>Islas Baleares:\u00a0<span style=\"color: #eb7d4b;\"><a style=\"color: #eb7d4b;\" href=\"http:\/\/www.caib.es\/govern\/organigrama\/responsable.do?lang=ca&amp;coduo=2390427\" target=\"_blank\">Manel Santana<\/a><\/span>, Director general de Memoria Democr\u00e1tica\u00a0y Participaci\u00f3n del Gobierno de las Islas Balearrs<\/li>\n<\/ul>\n<p>19\u201900-20\u201900: \u00a0\u00a0\u00a0\u00a0\u00a0\u00a0<strong>10a\u00a0Sessi\u00f3n: Despertares (II). La gesti\u00f3n p\u00fablica de la memoria en las ciudades<\/strong><br \/>\nPresenta y modera:<span style=\"color: #eb7d4b;\"> <a style=\"color: #eb7d4b;\" href=\"https:\/\/www.ucm.es\/hcontemporanea\/fernando-hernandez-holgado\" target=\"_blank\">Fernando Hern\u00e1ndez Holgado<\/a><\/span>, Universidad Complutense de Madrid<\/p>\n<ul>\n<li>Madrid:\u00a0<span style=\"color: #eb7d4b;\"><a style=\"color: #eb7d4b;\" href=\"https:\/\/txemaurkijo.com\/\" target=\"_blank\">Txema Urkijo<\/a><\/span>, responsable de Memoria de la Oficina de Derechos Humanos y Memoria del Ayuntamiento de Madrid<\/li>\n<li>Barcelona:\u00a0<span style=\"color: #eb7d4b;\"><a style=\"color: #eb7d4b;\" href=\"http:\/\/www.ub.edu\/dphc\/ricardvinyes.htm\" target=\"_blank\">Ricard Vinyes<\/a><\/span>, Comisionado de Programas de Memoria del Ayuntamiento de Barcelona<\/li>\n<\/ul>\n<p>20\u201900-20\u201915: \u00a0\u00a0\u00a0\u00a0\u00a0 Clausura<\/p>\n<hr \/>\n<p><strong>\u00a0VERSI\u00d3N PARA IMPRIMIR<\/strong><br \/>\n<iframe loading=\"lazy\" style=\"width: 900px; height: 567px;\" src=\"\/\/view.joomag.com\/program-the-frog-hibernation-cat-es-en-final\/0286380001511346630?e=1&amp;page=1&amp;embedInfo=;\" name=\"joomag-embed-f55ace2e-adca-4daf-84c7-3a02a7d8e0bb\" width=\"900\" height=\"567\" frameborder=\"0\" allowfullscreen=\"allowfullscreen\"><\/iframe><\/p>\n<div class=\"joomag-backlinks\"><a href=\"\/\/view.joomag.com\/program-the-frog-hibernation-cat-es-en-final\/0286380001511346630\" target=\"_blank\">Open publication<\/a> &#8211; Free <a href=\"https:\/\/www.joomag.com\/?ref=embed_backlink\" target=\"_blank\">publishing<\/a><\/div>\n","protected":false},"excerpt":{"rendered":"<p>Las conferencias contar\u00e1n con servicio de traducci\u00f3n simult\u00e1nea Martes\u00a028 de noviembre Aula Magna de la Universidad de Barcelona 18\u201930-19\u201900: \u00a0\u00a0\u00a0\u00a0\u00a0 Acreditaciones 19\u201900-19\u201920:\u00a0 \u00a0 \u00a0 \u00a0Bienvenida Maite Vilalta, Vicerrectora de Igualdad y Acci\u00f3n Social, Universidad de Barcelona Xavier L\u00f3pez, Director de la Fundaci\u00f3n Solidaridad UB Jordi Guix\u00e9, Director del Observatorio Europeo de Memorias (EUROM) 19\u201920-19\u201945:\u00a0 \u00a0 &#8230;<\/p>\n","protected":false},"author":4,"featured_media":457,"parent":384,"menu_order":0,"comment_status":"closed","ping_status":"closed","template":"","meta":{"_monsterinsights_skip_tracking":false,"_monsterinsights_sitenote_active":false,"_monsterinsights_sitenote_note":"","_monsterinsights_sitenote_category":0,"_uf_show_specific_survey":0,"_uf_disable_surveys":false,"footnotes":""},"class_list":["post-388","page","type-page","status-publish","has-post-thumbnail","hentry"],"aioseo_notices":[],"_links":{"self":[{"href":"https:\/\/europeanmemories.net\/frog\/wp-json\/wp\/v2\/pages\/388","targetHints":{"allow":["GET"]}}],"collection":[{"href":"https:\/\/europeanmemories.net\/frog\/wp-json\/wp\/v2\/pages"}],"about":[{"href":"https:\/\/europeanmemories.net\/frog\/wp-json\/wp\/v2\/types\/page"}],"author":[{"embeddable":true,"href":"https:\/\/europeanmemories.net\/frog\/wp-json\/wp\/v2\/users\/4"}],"replies":[{"embeddable":true,"href":"https:\/\/europeanmemories.net\/frog\/wp-json\/wp\/v2\/comments?post=388"}],"version-history":[{"count":28,"href":"https:\/\/europeanmemories.net\/frog\/wp-json\/wp\/v2\/pages\/388\/revisions"}],"predecessor-version":[{"id":620,"href":"https:\/\/europeanmemories.net\/frog\/wp-json\/wp\/v2\/pages\/388\/revisions\/620"}],"up":[{"embeddable":true,"href":"https:\/\/europeanmemories.net\/frog\/wp-json\/wp\/v2\/pages\/384"}],"wp:featuredmedia":[{"embeddable":true,"href":"https:\/\/europeanmemories.net\/frog\/wp-json\/wp\/v2\/media\/457"}],"wp:attachment":[{"href":"https:\/\/europeanmemories.net\/frog\/wp-json\/wp\/v2\/media?parent=388"}],"curies":[{"name":"wp","href":"https:\/\/api.w.org\/{rel}","templated":true}]}}