{"id":386,"date":"2017-11-09T11:13:54","date_gmt":"2017-11-09T11:13:54","guid":{"rendered":"http:\/\/europeanmemories.net\/frog\/?page_id=386"},"modified":"2017-11-24T14:13:25","modified_gmt":"2017-11-24T14:13:25","slug":"cat","status":"publish","type":"page","link":"https:\/\/europeanmemories.net\/frog\/program\/cat\/","title":{"rendered":"CAT"},"content":{"rendered":"<p><em><strong>Les confer\u00e8ncies comptaran amb servei de traducci\u00f3 simult\u00e0nia<\/strong><\/em><\/p>\n<p>&nbsp;<\/p>\n<p><strong><u>Dimarts 28 de novembre<\/u><\/strong><\/p>\n<p><em>Aula Magna de la Universitat de Barcelona<\/em><\/p>\n<p>18\u201930-19\u201900: \u00a0\u00a0\u00a0\u00a0\u00a0 Recollida d\u2019acreditacions<\/p>\n<p>19\u201900-19\u201920: \u00a0\u00a0\u00a0\u00a0\u00a0 Benvinguda<\/p>\n<ul>\n<li>Maite Vilalta, Vicerectora d\u2019Igualtat i Acci\u00f3 Social, Universitat de Barcelona<\/li>\n<li>Xavier L\u00f3pez, director de la Fundaci\u00f3 Solidaritat UB<\/li>\n<li>Jordi Guix\u00e9, director de l\u2019Observatori Europeu de Mem\u00f2ries<\/li>\n<\/ul>\n<p>19\u201920-19\u201945:\u00a0 \u00a0 \u00a0 \u00a0Obertura<\/p>\n<ul>\n<li><span style=\"color: #eb7d4b;\"><a style=\"color: #eb7d4b;\" href=\"https:\/\/www.wikiwand.com\/en\/Manuel_Rivas\" target=\"_blank\">Manuel Rivas<\/a><\/span>,\u00a0escriptor i\u00a0periodista<\/li>\n<\/ul>\n<p>Presentat per <span style=\"color: #eb7d4b;\"><a style=\"color: #eb7d4b;\" href=\"https:\/\/es.wikipedia.org\/wiki\/Rosa_Verg%C3%A9s\" target=\"_blank\">Rosa Verg\u00e9s<\/a><\/span>, directora, realitzadora i guionista<\/p>\n<p>19\u201945:\u00a0 \u00a0 \u00a0 \u00a0 \u00a0 \u00a0 \u00a0 \u00a0 \u00a0\u00a0Recepci\u00f3<\/p>\n<hr \/>\n<p><strong><u>Dimecres 29 de novembre<\/u><\/strong><\/p>\n<p><em>Aula Magna de la Universitat de Barcelona<\/em><\/p>\n<p>09\u201930-11\u201900: \u00a0\u00a0\u00a0\u00a0\u00a0 <strong>1\u00aa Sessi\u00f3: <\/strong><em><strong>Lleis, pol\u00edtiques i mem\u00f2ries d\u2019Europa<\/strong><\/em><\/p>\n<p>Presenta i modera: Oriol L\u00f3pez, <span style=\"color: #eb7d4b;\"><a style=\"color: #eb7d4b;\" href=\"http:\/\/europeanmemories.net\/about-us\/contact\/\" target=\"_blank\">EUROM<\/a><\/span><\/p>\n<ul>\n<li><span style=\"color: #eb7d4b;\"><a style=\"color: #eb7d4b;\" href=\"http:\/\/www.asser.nl\/about-the-institute\/whos-who\/UladBelavusau\" target=\"_blank\">Uladzislau Belavusau<\/a><\/span>,\u00a0Investigador Senior\u00a0a l&#8217;<a href=\"http:\/\/www.asser.nl\/\" target=\"_blank\" data-saferedirecturl=\"https:\/\/www.google.com\/url?hl=ca&amp;q=http:\/\/www.asser.nl\/&amp;source=gmail&amp;ust=1510316531944000&amp;usg=AFQjCNHC-_1PyD_7XHLFCKaKDkbAVmShdA\">Asser Institute<\/a> &#8211; University of Amsterdam, i Investigador principal\u00a0al projecte\u00a0<a href=\"http:\/\/melaproject.org\/\" target=\"_blank\" data-saferedirecturl=\"https:\/\/www.google.com\/url?hl=ca&amp;q=http:\/\/melaproject.org\/&amp;source=gmail&amp;ust=1510316531944000&amp;usg=AFQjCNGwP4k8OYQkqVGSOBiNv5C1IBEaXg\">MELA<\/a><\/li>\n<li><span style=\"color: #eb7d4b;\"><a style=\"color: #eb7d4b;\" href=\"https:\/\/www.kent.ac.uk\/brussels\/staff\/profiles\/brussels\/malksoo.html\" target=\"_blank\">Maria M\u00e4lksoo<\/a><\/span>, Professora de la Brussels School of International Studies de la Universitat de Kent<\/li>\n<li><span style=\"color: #eb7d4b;\"><a style=\"color: #eb7d4b;\" href=\"https:\/\/www.coleurope.eu\/whoswho\/person\/georges.mink\" target=\"_blank\">Georges Mink<\/a><\/span>, Director de recerca de l\u2019<em>Institut des Sciences Sociales et du Politique<\/em> (CNRS), Universit\u00e9 de Paris X, Nanterre<\/li>\n<\/ul>\n<p>&nbsp;<\/p>\n<p>11\u201900-11\u201930:\u00a0\u00a0\u00a0\u00a0\u00a0\u00a0 Coffee-Break<\/p>\n<p>&nbsp;<\/p>\n<p>11\u201930-13\u201900:\u00a0\u00a0\u00a0\u00a0\u00a0\u00a0 <strong>2\u00aa Sessi\u00f3: <em>Mem\u00f2ria i patrimoni<\/em>. (I) <\/strong><\/p>\n<p>Presenta i modera: <span style=\"color: #eb7d4b;\"><a style=\"color: #eb7d4b;\" href=\"https:\/\/www.wikiwand.com\/ca\/Jordi_Guix%C3%A9_i_Coromines\" target=\"_blank\">Jordi Guix\u00e9<\/a><\/span>, EUROM<\/p>\n<ul>\n<li>Monuments: <span style=\"color: #eb7d4b;\"><a style=\"color: #eb7d4b;\" href=\"http:\/\/www.ub.edu\/escultura\/es\/organizacio\/membres\/ricart-ulldemolins-nuria\/\">N\u00faria Ricart<\/a><\/span>, Professora de Belles Arts de la Universitat de Barcelona<\/li>\n<li>Museus: <strong>Jordi Font,<\/strong> Director del <span style=\"color: #eb7d4b;\"><a style=\"color: #eb7d4b;\" href=\"http:\/\/www.museuexili.cat\/index.php?lang=es\" target=\"_blank\">Museu Memorial de l\u2019Exili<\/a><\/span><\/li>\n<li>Fosses: <span style=\"color: #eb7d4b;\"><a style=\"color: #eb7d4b;\" href=\"http:\/\/www.politicasdelamemoria.org\/2010\/05\/85-an\" target=\"_blank\">\u00c1ngel del R\u00edo<\/a><\/span>, Professor d\u2019antropologia de la Universitat Pablo Olavide de Sevilla<\/li>\n<\/ul>\n<p>&nbsp;<\/p>\n<p>13\u201900-14\u201900\u00a0\u00a0\u00a0\u00a0\u00a0\u00a0\u00a0 <strong>3\u00aa Sessi\u00f3: <em>Mem\u00f2ria i patrimoni: els arxius<\/em> (II) <\/strong><\/p>\n<p>Presenta i modera: Ra\u00fcl Aguilar, <span style=\"color: #eb7d4b;\"><a style=\"color: #eb7d4b;\" href=\"https:\/\/www.google.es\/url?sa=t&amp;rct=j&amp;q=&amp;esrc=s&amp;source=web&amp;cd=1&amp;ved=0ahUKEwiS3ue_wLHXAhUH8IMKHVwrBJMQFggnMAA&amp;url=http%3A%2F%2Fwww.arxivers.org%2F&amp;usg=AOvVaw1QoQ-DaUZZruto5A47Hz5v\" target=\"_blank\">Arxivers sense Fronteres<\/a><\/span><\/p>\n<ul>\n<li><strong>Ramon Alberch<\/strong>, President d\u2019Arxivers sense Fronteres Internacional i Membre del Comit\u00e9 Assessor Internacional del <span style=\"color: #eb7d4b;\"><a style=\"color: #eb7d4b;\" href=\"http:\/\/www.centrodememoriahistorica.gov.co\/\" target=\"_blank\">Centro Nacional de Memoria Hist\u00f3rica de Colombia<\/a><\/span><\/li>\n<li><strong>Manuel Melgar<\/strong>, Director\u00a0del <span style=\"color: #eb7d4b;\"><a style=\"color: #eb7d4b;\" href=\"https:\/\/www.mecd.gob.es\/cultura\/areas\/archivos\/mc\/archivos\/cdmh\/presentacion.html\" target=\"_blank\">Centre Documental de la Mem\u00f2ria Hist\u00f2rica\u00a0<\/a><\/span><\/li>\n<\/ul>\n<p>&nbsp;<\/p>\n<p>15\u201930-17\u201900:\u00a0\u00a0\u00a0\u00a0\u00a0\u00a0 <strong>4\u00aa Sessi\u00f3: <em>Lleis, pol\u00edtiques i passat a Espanya i Catalunya<\/em> (I)<\/strong><\/p>\n<p>Presenta i modera<span style=\"color: #eb7d4b;\"> <a style=\"color: #eb7d4b;\" href=\"http:\/\/fdret.uib.es\/Professorat\/Dret-Public\/Prof.-Dra.-Margalida-CApella-i-Roig\/\" target=\"_blank\">Margalida Capell\u00e0<\/a><\/span>, Professora de Dret international p\u00fablic i relacions internacional, Universitat de les Illes Balears<\/p>\n<ul>\n<li>La &#8220;llei de mem\u00f2ria hist\u00f2rica&#8221; espanyola a debat:\n<ul>\n<li><span style=\"color: #eb7d4b;\"><a style=\"color: #eb7d4b;\" href=\"https:\/\/www.wikiwand.com\/es\/Jos%C3%A9_Antonio_Mart%C3%ADn_Pall%C3%ADn\" target=\"_blank\">Jos\u00e9 Antonio Mart\u00edn Pall\u00edn<\/a><\/span>, magistrat em\u00e8rit del Tribunal Suprem<\/li>\n<li><span style=\"color: #eb7d4b;\"><a style=\"color: #eb7d4b;\" href=\"https:\/\/www.researchgate.net\/profile\/Josefina_Bustillo\" target=\"_blank\">Josefina Cuesta<\/a><\/span>, catedr\u00e0tica d\u2019hist\u00f2ria contempor\u00e0nia de la Universidad de Salamanca<\/li>\n<\/ul>\n<\/li>\n<\/ul>\n<p>&nbsp;<\/p>\n<p>17\u201900-17\u201930:\u00a0\u00a0\u00a0\u00a0\u00a0\u00a0 Coffee-Break<\/p>\n<p>&nbsp;<\/p>\n<p>17\u201930-19\u201900: \u00a0\u00a0\u00a0\u00a0\u00a0<strong>\u00a05\u00aa Sessi\u00f3:<em> Lleis, pol\u00edtiques i passat a Espanya i Catalunya<\/em> (II)<\/strong><\/p>\n<p>Presenta i modera: <span style=\"color: #eb7d4b;\"><a style=\"color: #eb7d4b;\" href=\"https:\/\/www.wikiwand.com\/en\/Montse_Armengou_Mart%C3%ADn\" target=\"_blank\">Montserrat Armengou<\/a><\/span>, periodista<\/p>\n<ul>\n<li>La llei del Memorial Democr\u00e0tic a debat:\n<ul>\n<li><strong>Josep Cruanyes<\/strong>, President de la <span style=\"color: #eb7d4b;\"><a style=\"color: #eb7d4b;\" href=\"http:\/\/blogs.iec.cat\/scej\/\" target=\"_blank\">Societat Catalana d\u2019Estudis Jur\u00eddics<\/a><\/span><\/li>\n<li><span style=\"color: #eb7d4b;\"><a style=\"color: #eb7d4b;\" href=\"http:\/\/www.historia.urv.cat\/professorat\/historia-contemporania\/duch\/\" target=\"_blank\">Montserrat Duch<\/a><\/span>, Catedr\u00e0tica d&#8217;Hist\u00f2ria Contempor\u00e0nia, Universitat Rovira i Virgili<\/li>\n<\/ul>\n<\/li>\n<\/ul>\n<hr \/>\n<p><strong><u>Dijous 30 de novembre<\/u><\/strong><\/p>\n<p><em>Aula Magna de la Universitat de Barcelona<\/em><\/p>\n<p>09\u201930-11\u201930: \u00a0\u00a0\u00a0\u00a0\u00a0 <strong>6\u00aa Sessi\u00f3: <\/strong><em><strong>Mem\u00f2ria i transmissi\u00f3<\/strong><\/em><\/p>\n<p>Presenta i modera: Marina Vinyes<\/p>\n<ul>\n<li>Pel\u00b7l\u00edcules i documentals: <span style=\"color: #eb7d4b;\"><a style=\"color: #eb7d4b;\" href=\"http:\/\/www.ub.edu\/dphc\/magicrusellsvaleta.htm\" target=\"_blank\">Mag\u00ed Crusells<\/a><\/span>, Profesor de Hist\u00f2ria Contempor\u00e0nia i Cine, Universidad de Barcelona<\/li>\n<li>Performances a l\u2019espai p\u00fablic: <span style=\"color: #eb7d4b;\"><a style=\"color: #eb7d4b;\" href=\"http:\/\/es.eram.cat\/profesorado\/imma-prieto-carrillo\/\" target=\"_blank\">Imma Prieto<\/a><\/span>, Professora d\u2019Art contemporani i nous mitjans, ERAM-UdG<\/li>\n<li>Literatura: <span style=\"color: #eb7d4b;\"><a style=\"color: #eb7d4b;\" href=\"http:\/\/www.ub.edu\/filhis\/plit_gracia_jordi.htm\" target=\"_blank\">Jordi Gr\u00e0cia<\/a><\/span>, Catedr\u00e0tic de Literatura espanyola, Universitat de Barcelona<\/li>\n<li>Noves Tecnologies: <span style=\"color: #eb7d4b;\"><a style=\"color: #eb7d4b;\" href=\"http:\/\/portal.uc3m.es\/portal\/page\/portal\/grupos_investigacion\/paseet\/miembros\/matilde_eiroa_san_francisco\" target=\"_blank\">Matilde Eiroa<\/a><\/span>, Professora d\u2019Hist\u00f2ria Contempor\u00e0nia, Universitat Carlos III<\/li>\n<\/ul>\n<p>&nbsp;<\/p>\n<p>11\u201930-12\u201900:\u00a0\u00a0\u00a0\u00a0\u00a0\u00a0 Coffee Break<\/p>\n<p>&nbsp;<\/p>\n<p>12\u201900-13\u201930:\u00a0\u00a0\u00a0\u00a0\u00a0\u00a0 <strong>7\u00aa Sessi\u00f3: <em>La travessa del desert. Les entitats en la darrera d\u00e8cada<\/em>.<\/strong><\/p>\n<p>Presenta i modera: David Gonz\u00e1lez, Universitat de Barcelona<\/p>\n<ul>\n<li><strong>Emilio Silva<\/strong>, <span style=\"color: #eb7d4b;\"><a style=\"color: #eb7d4b;\" href=\"http:\/\/memoriahistorica.org.es\/\" target=\"_blank\">Asociaci\u00f3n por la Recuperaci\u00f3n de la Memoria Hist\u00f3rica<\/a><\/span><\/li>\n<li><strong>Carles Vallejo<\/strong>, <span style=\"color: #eb7d4b;\"><a style=\"color: #eb7d4b;\" href=\"https:\/\/associaciocatalanadexpresospoliticsdelfranquisme.wordpress.com\/\" target=\"_blank\">Associaci\u00f3 Catalana d\u2019Ex-Presos Pol\u00edtics<\/a><\/span><\/li>\n<li><strong>Rosa Toran<\/strong>, <span style=\"color: #eb7d4b;\"><a style=\"color: #eb7d4b;\" href=\"http:\/\/amical-mauthausen.org\/es\/\" target=\"_blank\">Amical de Mauthausen<\/a><\/span><\/li>\n<li><strong>Daniel Canales<\/strong>, <span style=\"color: #eb7d4b;\"><a style=\"color: #eb7d4b;\" href=\"https:\/\/www.es.amnesty.org\/\" target=\"_blank\">Amnistia Internacional<\/a><\/span><\/li>\n<li><strong>Juan Carlos Garc\u00eda Bravo<\/strong>,\u00a0<span style=\"color: #eb7d4b;\"><a style=\"color: #eb7d4b;\" href=\"http:\/\/amesde.org\/junta-directiva\/quienes-somos\/\" target=\"_blank\">Asociaci\u00f3n de la Memoria Social y Democr\u00e1tica<\/a><\/span>\u00a0(Amesde)<\/li>\n<\/ul>\n<p>&nbsp;<\/p>\n<p>15\u201915-17\u201915:\u00a0 \u00a0 \u00a0 \u00a0 \u00a0\u00a0<strong>8\u00aa Sessi\u00f3: \u00a0<span style=\"color: #eb7d4b;\"><a style=\"color: #eb7d4b;\" href=\"http:\/\/europeanmemories.net\/frog\/emerging-approaches\/\" target=\"_blank\"><em>Enfocaments emergents<\/em><\/a><\/span><\/strong><br \/>\nSessi\u00f3 coordinada per <span style=\"color: #eb7d4b;\"><a style=\"color: #eb7d4b;\" href=\"http:\/\/memoriasenred.es\/\" target=\"_blank\">Memorias en Red<\/a><\/span> (MeR)<\/p>\n<p><strong><span style=\"color: #eb7d4b;\"><a style=\"color: #eb7d4b;\" href=\"http:\/\/europeanmemories.net\/frog\/category\/axis-1-laws-and-the-past\/\" target=\"_blank\">Eix 1<em>: Llei i passat<\/em><\/a><\/span><br \/>\n<\/strong>Sala Ram\u00f3n y Cajal<br \/>\nRelatora <span style=\"color: #eb7d4b;\"><a style=\"color: #eb7d4b;\" href=\"http:\/\/www.academia.edu\/31259815\/Maria_Chiara_Bianchini_-_Patrimonios_disonantes_y_memorias_democr%C3%A1ticas_una_comparaci%C3%B3n_entre_Chile_y_Espa%C3%B1a_\" target=\"_blank\">Maria Chiara Bianchini<\/a><span style=\"color: #000000;\">, Memorias en Red<\/span><\/span><\/p>\n<ul>\n<li>Fytili, Magda \u00ab<strong>Las pol\u00edticas de reparaci\u00f3n como despolitizaci\u00f3n de la memoria: an\u00e1lisis de la Ley 1863\/1989. A prop\u00f3sito de la anulaci\u00f3n de las repercusiones de la Guerra Civil y de la Ley 52\/2007 de la Memoria Hist\u00f3rica<\/strong>\u00bb<\/li>\n<li>S\u00fct\u00e7\u00fco\u011flu, Bilgen and Ebru \u0130lter Akar\u00e7ay \u00ab<strong>Boding Well for the Next Ten Years?: Learning from the Experiences of Victims\u2019 Associations in Spain<\/strong>\u00bb<\/li>\n<li>Calandre, Cristina \u00ab<strong>La ley de la mem\u00f3ria hist\u00f3rica no cumple con el Dr. Luis Calandre Ib\u00e1\u00f1ez<\/strong>\u00bb<\/li>\n<li>Gabarda, Vicent i Ricard Camil Torres \u00ab<strong>Los efectos nocivos de la aplicaci\u00f3n de la ley de memoria hist\u00f3rica en el pa\u00eds valenciano<\/strong>\u00bb<\/li>\n<li>M\u00e9nendez, Francesc Xavier \u00ab<strong>El marc legislatiu de mem\u00f2ria democr\u00e0tica a Catalunya. Balan\u00e7 i valoraci\u00f3<\/strong>\u00bb<\/li>\n<li>Ban, Marina\u00a0\u00ab<strong>Building the Illiberal State Using the Memory of Communism: the Case of Hungary<\/strong>\u00bb<\/li>\n<li>Rocchi, Luciana \u00ab<strong>La longue dur\u00e9e d\u2019une exp\u00e9rience italienne, li\u00e9e aux politiques de la m\u00e9moire de l\u2019Espagne<\/strong>\u00bb<\/li>\n<\/ul>\n<p><strong><span style=\"color: #eb7d4b;\"><a style=\"color: #eb7d4b;\" href=\"http:\/\/europeanmemories.net\/frog\/category\/axis-2-remembrance-and-transmission\/\" target=\"_blank\">Eix 2: <em>Mem\u00f2ria i transmissi\u00f3<\/em><\/a><\/span><br \/>\n<\/strong>Sala de Professors de la Facultat de Filologia<br \/>\nRelatora <span style=\"color: #eb7d4b;\"><a style=\"color: #eb7d4b;\" href=\"http:\/\/csic.academia.edu\/MarijeHristova\" target=\"_blank\">Marije Hristova,<\/a><span style=\"color: #000000;\"> Memorias en Red<\/span><\/span><\/p>\n<ul>\n<li>Olaziregi, Mari Jose \u00ab<strong>A vueltas con la madre patria<\/strong>\u00bb<\/li>\n<li>Retegi, Olatz y\u00a0Vaquero, Maribel \u00ab<strong>Mapa de las acciones sobre memoria hist\u00f3rica en Gipuzkoa<\/strong>\u00bb<\/li>\n<li>Arroita, Izaro y Mikel Ayerbe \u00ab<strong>La transmisi\u00f3n de una memoria cr\u00edtica en la obra de Ramon Saizarbitoria<\/strong>\u00bb<\/li>\n<li>P\u00e9rez, P\u00edo y Gurutze Lasa \u00ab<strong>La literatura como memoria y convivencia en las aulas de secundaria<\/strong>\u00bb<\/li>\n<li>Barra, Jordi \u00ab<strong>Cartograf\u00eda hist\u00f3rica 2007-2017. (El atlas como indicador memorial\u00edstico)<\/strong>\u00bb<\/li>\n<li>Cam\u00ed-Vela, Maria \u00ab<strong>Summoning the ghosts: Images, sites and politics of memory in Catalan documentary\u00a0<em>The Great Flight<\/em>\u00a0(2015) by Carolina Astudillo<\/strong>\u00bb<\/li>\n<li>Prudor, An\u00e9lie \u00ab<strong>Complexe m\u00e9moriel et\u00a0<em>Maison des m\u00e9moires.\u00a0<\/em>Enjeux des mises en sc\u00e8ne diff\u00e9renci\u00e9es des m\u00e9moires de l\u2019exil r\u00e9publicain espagnol en France<\/strong>\u00bb<\/li>\n<\/ul>\n<p>&nbsp;<\/p>\n<p>17\u201915-17\u201930: \u00a0\u00a0\u00a0\u00a0\u00a0 Coffee Break<\/p>\n<p>&nbsp;<\/p>\n<p>17\u201930-19\u20190: \u00a0\u00a0\u00a0\u00a0\u00a0\u00a0\u00a0 <strong>9\u00aa Sessi\u00f3: <em>Despertars (I).<\/em> <em>La gesti\u00f3 p\u00fablica de la mem\u00f2ria als governs auton\u00f2mics<\/em><\/strong><\/p>\n<p>Presenta i modera: <span style=\"color: #eb7d4b;\"><a style=\"color: #eb7d4b;\" href=\"http:\/\/www.ub.edu\/dphc\/javiertebarhurtado.htm\" target=\"_blank\">Javier T\u00e9bar<\/a><\/span>, Universitat de Barcelona<\/p>\n<ul>\n<li>Andalucia: <span style=\"color: #eb7d4b;\"><a style=\"color: #eb7d4b;\" href=\"http:\/\/www.juntadeandalucia.es\/organismos\/presidenciaadministracionlocalymemoriademocratica\/consejeria\/dgmd.html\" target=\"_blank\">Francisco Javier Gir\u00e1ldez D\u00edaz<\/a><\/span>, Director General de Memoria Democr\u00e1tica de la Junta de Andaluc\u00eda<\/li>\n<li>Pa\u00eds Basc: <strong>Aintzane Ezenarro<\/strong>, Directora del Instituto de la Memoria, la Convivencia y los Derechos Humanos-<span style=\"color: #eb7d4b;\"><a style=\"color: #eb7d4b;\" href=\"http:\/\/www.gogora.euskadi.eus\/aa82-home\/es\/\" target=\"_blank\">GOGORA<\/a><\/span><\/li>\n<li>Navarra: <strong>\u00c1lvaro Baraibar Etxebarr\u00eda<\/strong>, Director General de <span style=\"color: #eb7d4b;\"><a style=\"color: #eb7d4b;\" href=\"https:\/\/www.navarra.es\/home_es\/Gobierno+de+Navarra\/Departamento+Relaciones+Ciudadanas+Institucionales\/Dg+paz+convivencia+derechos+humanos.htm\" target=\"_blank\">Paz, Convivencia y Derechos Humanos del Gobierno de Navarra<\/a><\/span><\/li>\n<li>Catalunya: <strong>Pl\u00e0cid Garcia-Planes<\/strong>, Director del <span style=\"color: #eb7d4b;\"><a style=\"color: #eb7d4b;\" href=\"http:\/\/memoria.gencat.cat\/ca\/inici\/\" target=\"_blank\">Memorial Democr\u00e0tic de Catalunya<\/a><\/span><\/li>\n<li>Illes Balears: <span style=\"color: #eb7d4b;\"><a style=\"color: #eb7d4b;\" href=\"http:\/\/www.caib.es\/govern\/organigrama\/responsable.do?lang=ca&amp;coduo=2390427\" target=\"_blank\">Manel Santana<\/a><\/span>, Director General de Mem\u00f2ria Democr\u00e0tica i Participaci\u00f3 del govern de les Illes Balears<\/li>\n<\/ul>\n<p>&nbsp;<\/p>\n<p>19\u201900-20\u201900: \u00a0\u00a0\u00a0\u00a0\u00a0 <strong>10\u00aa Sessi\u00f3: <em>Despertars (II).<\/em> <em>La gesti\u00f3 p\u00fablica de la mem\u00f2ria a les ciutats (TBC)<\/em><\/strong><br \/>\nPresenta i modera<span style=\"color: #eb7d4b;\">: <a style=\"color: #eb7d4b;\" href=\"https:\/\/www.ucm.es\/hcontemporanea\/fernando-hernandez-holgado\" target=\"_blank\">Fernando Hern\u00e1ndez Holgado<\/a><\/span>, Universidad Complutense de Madrid<\/p>\n<ul>\n<li>Madrid: <span style=\"color: #eb7d4b;\"><a style=\"color: #eb7d4b;\" href=\"https:\/\/txemaurkijo.com\/\" target=\"_blank\">Txema Urkijo<\/a><\/span>, Responsable de Mem\u00f2ria de l\u2019Oficina de Drets Humans i Mem\u00f2ria de l\u2019Ajuntament de Madrid<\/li>\n<li>Barcelona: <span style=\"color: #eb7d4b;\"><a style=\"color: #eb7d4b;\" href=\"http:\/\/www.ub.edu\/dphc\/ricardvinyes.htm\" target=\"_blank\">Ricard Vinyes<\/a><\/span>, Comissionat de Programes de Mem\u00f2ria de l\u2019Ajuntament de Barcelona<\/li>\n<\/ul>\n<p>&nbsp;<\/p>\n<p>20\u201900-20\u201915: \u00a0\u00a0\u00a0\u00a0\u00a0 Clausura<\/p>\n<hr \/>\n<h3>\u00a0VERSI\u00d3 PER IMPRIMIR<\/h3>\n<p><iframe loading=\"lazy\" style=\"width: 900px; height: 567px;\" src=\"\/\/view.joomag.com\/program-the-frog-hibernation-cat-es-en-final\/0286380001511346630?e=1&amp;page=1&amp;embedInfo=;\" name=\"joomag-embed-f55ace2e-adca-4daf-84c7-3a02a7d8e0bb\" width=\"900\" height=\"567\" frameborder=\"0\" allowfullscreen=\"allowfullscreen\"><\/iframe><\/p>\n<div class=\"joomag-backlinks\"><a href=\"\/\/view.joomag.com\/program-the-frog-hibernation-cat-es-en-final\/0286380001511346630\" target=\"_blank\">Open publication<\/a> &#8211; Free <a href=\"https:\/\/www.joomag.com\/?ref=embed_backlink\" target=\"_blank\">publishing<\/a><\/div>\n","protected":false},"excerpt":{"rendered":"<p>Les confer\u00e8ncies comptaran amb servei de traducci\u00f3 simult\u00e0nia &nbsp; Dimarts 28 de novembre Aula Magna de la Universitat de Barcelona 18\u201930-19\u201900: \u00a0\u00a0\u00a0\u00a0\u00a0 Recollida d\u2019acreditacions 19\u201900-19\u201920: \u00a0\u00a0\u00a0\u00a0\u00a0 Benvinguda Maite Vilalta, Vicerectora d\u2019Igualtat i Acci\u00f3 Social, Universitat de Barcelona Xavier L\u00f3pez, director de la Fundaci\u00f3 Solidaritat UB Jordi Guix\u00e9, director de l\u2019Observatori Europeu de Mem\u00f2ries 19\u201920-19\u201945:\u00a0 \u00a0 &#8230;<\/p>\n","protected":false},"author":4,"featured_media":457,"parent":384,"menu_order":0,"comment_status":"closed","ping_status":"closed","template":"","meta":{"_monsterinsights_skip_tracking":false,"_monsterinsights_sitenote_active":false,"_monsterinsights_sitenote_note":"","_monsterinsights_sitenote_category":0,"_uf_show_specific_survey":0,"_uf_disable_surveys":false,"footnotes":""},"class_list":["post-386","page","type-page","status-publish","has-post-thumbnail","hentry"],"aioseo_notices":[],"_links":{"self":[{"href":"https:\/\/europeanmemories.net\/frog\/wp-json\/wp\/v2\/pages\/386","targetHints":{"allow":["GET"]}}],"collection":[{"href":"https:\/\/europeanmemories.net\/frog\/wp-json\/wp\/v2\/pages"}],"about":[{"href":"https:\/\/europeanmemories.net\/frog\/wp-json\/wp\/v2\/types\/page"}],"author":[{"embeddable":true,"href":"https:\/\/europeanmemories.net\/frog\/wp-json\/wp\/v2\/users\/4"}],"replies":[{"embeddable":true,"href":"https:\/\/europeanmemories.net\/frog\/wp-json\/wp\/v2\/comments?post=386"}],"version-history":[{"count":30,"href":"https:\/\/europeanmemories.net\/frog\/wp-json\/wp\/v2\/pages\/386\/revisions"}],"predecessor-version":[{"id":619,"href":"https:\/\/europeanmemories.net\/frog\/wp-json\/wp\/v2\/pages\/386\/revisions\/619"}],"up":[{"embeddable":true,"href":"https:\/\/europeanmemories.net\/frog\/wp-json\/wp\/v2\/pages\/384"}],"wp:featuredmedia":[{"embeddable":true,"href":"https:\/\/europeanmemories.net\/frog\/wp-json\/wp\/v2\/media\/457"}],"wp:attachment":[{"href":"https:\/\/europeanmemories.net\/frog\/wp-json\/wp\/v2\/media?parent=386"}],"curies":[{"name":"wp","href":"https:\/\/api.w.org\/{rel}","templated":true}]}}