{"id":384,"date":"2017-11-09T11:13:30","date_gmt":"2017-11-09T11:13:30","guid":{"rendered":"http:\/\/europeanmemories.net\/frog\/?page_id=384"},"modified":"2017-11-24T14:11:25","modified_gmt":"2017-11-24T14:11:25","slug":"program","status":"publish","type":"page","link":"https:\/\/europeanmemories.net\/frog\/program\/","title":{"rendered":"Program"},"content":{"rendered":"<p><strong><em>A simultaneous translation service will be available\u00a0during the conference<\/em><\/strong><\/p>\n<p>&nbsp;<\/p>\n<p><strong><u>Tuesday\u00a028\u00a0November<\/u><\/strong><\/p>\n<p><em>Aula Magna\u00a0of the University of Barcelona<\/em><\/p>\n<p>18\u201930-19\u201900:\u00a0 \u00a0 \u00a0 \u00a0Accreditations<\/p>\n<p>19\u201900-19\u201920:\u00a0 \u00a0 \u00a0 \u00a0Welcome session<\/p>\n<ul>\n<li>Maite Vilalta, Vice-Rector for Equal Opportunities and Social Action, University of Barcelona<\/li>\n<li>Xavier L\u00f3pez, Director of the Solidarity Foundation of the University of Barcelona<\/li>\n<li>Jordi Guix\u00e9, director of the European Observatory on Memories (EUROM)<\/li>\n<\/ul>\n<p>19\u201920-19\u201945:\u00a0 \u00a0 \u00a0 \u00a0Opening keynote<\/p>\n<ul>\n<li><span style=\"color: #eb7d4b;\"><a style=\"color: #eb7d4b;\" href=\"https:\/\/www.wikiwand.com\/en\/Manuel_Rivas\" target=\"_blank\">Manuel Rivas<\/a><\/span>, writer and journalist<\/li>\n<\/ul>\n<p>Introduced by <a href=\"https:\/\/es.wikipedia.org\/wiki\/Rosa_Verg%C3%A9s\" target=\"_blank\"><span style=\"color: #eb7d4b;\">Rosa Verg\u00e9s<\/span>,<\/a> director, filmmaker and scriptwriter<\/p>\n<p>19\u201945:\u00a0 \u00a0 \u00a0 \u00a0 \u00a0 \u00a0 \u00a0 \u00a0 \u00a0Reception<\/p>\n<hr \/>\n<p><strong><u>Wednesday\u00a029\u00a0November<\/u><\/strong><\/p>\n<p><em>Aula Magna\u00a0of the University of\u00a0Barcelona<\/em><\/p>\n<p>09\u201930-11\u201900: \u00a0\u00a0\u00a0\u00a0\u00a0\u00a0<strong>1st\u00a0Session: L<em>aws, policies and memories in Europe<\/em><\/strong><\/p>\n<p>Presents and moderates: Oriol L\u00f3pez, <span style=\"color: #eb7d4b;\"><a style=\"color: #eb7d4b;\" href=\"http:\/\/europeanmemories.net\/about-us\/contact\/\" target=\"_blank\">EUROM<\/a><\/span><\/p>\n<ul>\n<li><span style=\"color: #eb7d4b;\"><a style=\"color: #eb7d4b;\" href=\"http:\/\/www.asser.nl\/about-the-institute\/whos-who\/UladBelavusau\" target=\"_blank\">Uladzislau Belavusau<\/a><\/span>,\u00a0Senior Researcher at the\u00a0<a href=\"http:\/\/www.asser.nl\/\" target=\"_blank\" data-saferedirecturl=\"https:\/\/www.google.com\/url?hl=ca&amp;q=http:\/\/www.asser.nl\/&amp;source=gmail&amp;ust=1510316531944000&amp;usg=AFQjCNHC-_1PyD_7XHLFCKaKDkbAVmShdA\">Asser Institute<\/a> &#8211; University of Amsterdam,\u00a0and Principal Investigator\u00a0at the\u00a0<a href=\"http:\/\/melaproject.org\/\" target=\"_blank\" data-saferedirecturl=\"https:\/\/www.google.com\/url?hl=ca&amp;q=http:\/\/melaproject.org\/&amp;source=gmail&amp;ust=1510316531944000&amp;usg=AFQjCNGwP4k8OYQkqVGSOBiNv5C1IBEaXg\">MELA<\/a>\u00a0project<\/li>\n<li><span style=\"color: #eb7d4b;\"><a style=\"color: #eb7d4b;\" href=\"https:\/\/www.kent.ac.uk\/brussels\/staff\/profiles\/brussels\/malksoo.html\" target=\"_blank\">Maria M\u00e4lksoo<\/a><\/span>, Senior Lecturer in International Security at the Brussels School of International Studies,\u00a0Director of Research and Ethics.<\/li>\n<li><span style=\"color: #eb7d4b;\"><a style=\"color: #eb7d4b;\" href=\"https:\/\/www.coleurope.eu\/whoswho\/person\/georges.mink\" target=\"_blank\">Georges Mink<\/a><\/span>, Director of Research at the\u00a0<em><a href=\"http:\/\/www.isp.cnrs.fr\/\" target=\"_blank\">Institut des Sciences Sociales et du Politique<\/a>\u00a0(CNRS \u2013 France)<\/em>, Universit\u00e9 de Paris X, Nanterre<\/li>\n<\/ul>\n<p>&nbsp;<\/p>\n<p>11\u201900-11\u201930:\u00a0\u00a0\u00a0\u00a0\u00a0\u00a0 Coffee-Break<\/p>\n<p>&nbsp;<\/p>\n<p>11\u201930-13\u201900:\u00a0\u00a0\u00a0\u00a0\u00a0\u00a0\u00a0<strong>2nd Session:\u00a0<em>Memory and heritage<\/em>\u00a0(I)<\/strong><\/p>\n<p>Presents and moderates: <span style=\"color: #eb7d4b;\"><a style=\"color: #eb7d4b;\" href=\"https:\/\/www.wikiwand.com\/ca\/Jordi_Guix%C3%A9_i_Coromines\" target=\"_blank\">Jordi Guix\u00e9<\/a><\/span>, EUROM<\/p>\n<ul>\n<li>Monuments:\u00a0<span style=\"color: #eb7d4b;\"><a style=\"color: #eb7d4b;\" href=\"http:\/\/www.ub.edu\/escultura\/es\/organizacio\/membres\/ricart-ulldemolins-nuria\/\" target=\"_blank\">N\u00faria Ricart<\/a><\/span>, Professor of the Faculty of Fine Arts of the University of Barcelona<\/li>\n<li>Museums: <strong>Jordi Font<\/strong>, Director of the <span style=\"color: #eb7d4b;\"><a style=\"color: #eb7d4b;\" href=\"http:\/\/www.museuexili.cat\/index.php?lang=es\">Exile Memorial Museum<\/a><\/span><\/li>\n<li>Mass graves:\u00a0<span style=\"color: #eb7d4b;\"><a style=\"color: #eb7d4b;\" href=\"http:\/\/www.politicasdelamemoria.org\/2010\/05\/85-an\" target=\"_blank\">\u00c1ngel del R\u00edo<\/a><\/span>, Professor of Social Anthropology at the University of Seville<\/li>\n<\/ul>\n<p>&nbsp;<\/p>\n<p>13\u201900-14\u201900\u00a0\u00a0\u00a0\u00a0\u00a0\u00a0\u00a0\u00a0<strong>3rd Session: <em>Memory and heritage &#8211; the archives\u00a0<\/em>(II)<\/strong><\/p>\n<p>Presents and moderates: Ra\u00fcl Aguilar,\u00a0<span style=\"color: #eb7d4b;\"><a style=\"color: #eb7d4b;\" href=\"https:\/\/www.google.es\/url?sa=t&amp;rct=j&amp;q=&amp;esrc=s&amp;source=web&amp;cd=1&amp;ved=0ahUKEwiS3ue_wLHXAhUH8IMKHVwrBJMQFggnMAA&amp;url=http%3A%2F%2Fwww.arxivers.org%2F&amp;usg=AOvVaw1QoQ-DaUZZruto5A47Hz5v\" target=\"_blank\">Arxivers sense Fronteres<\/a><\/span><\/p>\n<ul>\n<li><strong>Ramon Alberch<\/strong>, President of AsF International, member of the International Advisory Board\u00a0of the<em><span style=\"color: #eb7d4b;\"> <a style=\"color: #eb7d4b;\" href=\"http:\/\/www.centrodememoriahistorica.gov.co\/\" target=\"_blank\">National Center of Historical Memory of Colombia<\/a><\/span><\/em><\/li>\n<li><strong>Manuel Melgar<\/strong>, Director\u00a0of the <span style=\"color: #eb7d4b;\"><a style=\"color: #eb7d4b;\" href=\"https:\/\/www.mecd.gob.es\/cultura\/areas\/archivos\/mc\/archivos\/cdmh\/presentacion.html\" target=\"_blank\">Documentation Center of Historical Memory<\/a><\/span><\/li>\n<\/ul>\n<p>15\u201930-17\u201900:\u00a0\u00a0\u00a0\u00a0\u00a0\u00a0\u00a0<strong>4th\u00a0Sessi\u00f3:\u00a0<em>Laws, policies and past in Spain and Catalonia\u00a0<\/em>(I)<\/strong><\/p>\n<p>Presents and moderates:<span style=\"color: #eb7d4b;\"> <a style=\"color: #eb7d4b;\" href=\"http:\/\/fdret.uib.es\/Professorat\/Dret-Public\/Prof.-Dra.-Margalida-CApella-i-Roig\/\" target=\"_blank\">Margalida Capell\u00e0<\/a><\/span>, Professor of International Law and International Relations, University of\u00a0the Balearic Islands<\/p>\n<ul>\n<li>The Spanish &#8220;law of historical memory&#8221; to debate\n<ul>\n<li><span style=\"color: #eb7d4b;\"><a style=\"color: #eb7d4b;\" href=\"https:\/\/www.wikiwand.com\/es\/Jos%C3%A9_Antonio_Mart%C3%ADn_Pall%C3%ADn\" target=\"_blank\">Jos\u00e9 Antonio Mart\u00edn Pall\u00edn<\/a><\/span>, Former prosecutor and current magistrate emeritus\u00a0of the Supreme Court of Spain<\/li>\n<li><span style=\"color: #eb7d4b;\"><a style=\"color: #eb7d4b;\" href=\"https:\/\/www.researchgate.net\/profile\/Josefina_Bustillo\" target=\"_blank\">Josefina Cuesta<\/a><\/span>, Full professor of Contemporary History at the University of Salamanca<\/li>\n<\/ul>\n<\/li>\n<\/ul>\n<p>&nbsp;<\/p>\n<p>17\u201900-17\u201930:\u00a0\u00a0\u00a0\u00a0\u00a0\u00a0 Coffee-Break<\/p>\n<p>&nbsp;<\/p>\n<p>17\u201930-19\u201900: \u00a0\u00a0\u00a0\u00a0\u00a0<strong>\u00a05th Session:<em>\u00a0Laws, policies and past in Spain and Catalonia<\/em>\u00a0(II)<\/strong><\/p>\n<p>Presents and moderates: <span style=\"color: #eb7d4b;\"><a style=\"color: #eb7d4b;\" href=\"https:\/\/www.wikiwand.com\/en\/Montse_Armengou_Mart%C3%ADn\" target=\"_blank\">Montserrat Armengou<\/a><\/span>,\u00a0journalist<\/p>\n<ul>\n<li>The law of the Democratic Memorial to debate\n<ul>\n<li><strong>Josep Cruanyes<\/strong>,\u00a0 President of the Catalan Society of Legal Studies\u00a0(<span style=\"color: #eb7d4b;\"><a style=\"color: #eb7d4b;\" href=\"http:\/\/blogs.iec.cat\/scej\/\" target=\"_blank\">Societat Catalana d\u2019Estudis Jur\u00eddics<\/a><\/span>)<\/li>\n<li><span style=\"color: #eb7d4b;\"><a style=\"color: #eb7d4b;\" href=\"http:\/\/www.historia.urv.cat\/professorat\/historia-contemporania\/duch\/\" target=\"_blank\">Montserrat Duch<\/a><\/span>,\u00a0Full professor at the University Rovira i Virgili<\/li>\n<\/ul>\n<\/li>\n<\/ul>\n<hr \/>\n<p><strong><u>Thrusday\u00a030\u00a0November<\/u><\/strong><\/p>\n<p><em>Aula Magna\u00a0of the University of\u00a0Barcelona<\/em><\/p>\n<p>09\u201930-11\u201930:\u00a0 \u00a0 \u00a0 \u00a0<strong>6th Session:\u00a0<em>Memory and transmission<\/em><\/strong><\/p>\n<p>Presents and moderates: Marina Vinyes<\/p>\n<ul>\n<li>Films and documentals:\u00a0<span style=\"color: #eb7d4b;\"><a style=\"color: #eb7d4b;\" href=\"http:\/\/www.ub.edu\/dphc\/magicrusellsvaleta.htm\" target=\"_blank\">Mag\u00ed Crusells<\/a><\/span>,\u00a0Professor of Contemporary History and Cinema, University of Barcelona<\/li>\n<li>Performances in the public space:\u00a0<span style=\"color: #eb7d4b;\"><a style=\"color: #eb7d4b;\" href=\"http:\/\/es.eram.cat\/profesorado\/imma-prieto-carrillo\/\" target=\"_blank\">Imma Prieto<\/a><\/span>, Professor of Contemporary art and new media, ERAM School of the University of Girona<\/li>\n<li>Literature:\u00a0<span style=\"color: #eb7d4b;\"><a style=\"color: #eb7d4b;\" href=\"http:\/\/www.ub.edu\/filhis\/plit_gracia_jordi.htm\" target=\"_blank\">Jordi Gr\u00e0cia<\/a><\/span>, Professor of Spanish Literature, University of Barcelona<\/li>\n<li>New technologies:\u00a0<span style=\"color: #eb7d4b;\"><a style=\"color: #eb7d4b;\" href=\"http:\/\/portal.uc3m.es\/portal\/page\/portal\/grupos_investigacion\/paseet\/miembros\/matilde_eiroa_san_francisco\" target=\"_blank\">Matilde Eiroa<\/a><\/span>, Full Professor of Contemporary History, University Carlos III of Madrid<\/li>\n<\/ul>\n<p>&nbsp;<\/p>\n<p>11\u201930-12\u201900:\u00a0\u00a0\u00a0\u00a0\u00a0\u00a0 Coffee Break<\/p>\n<p>&nbsp;<\/p>\n<p>12\u201900-13\u201930:\u00a0\u00a0\u00a0\u00a0\u00a0\u00a0\u00a0<strong>7th\u00a0Session:\u00a0<em>The desert traverse. Civil society\u00a0organizations in the last decade<\/em><\/strong><\/p>\n<p>Presents and moderates: David Gonz\u00e1lez, University of Barcelona<\/p>\n<ul>\n<li><strong>Emilio Silva<\/strong>,\u00a0<span style=\"color: #eb7d4b;\"><a style=\"color: #eb7d4b;\" href=\"http:\/\/memoriahistorica.org.es\/\" target=\"_blank\">Association for the Recovery of Historical Memory<\/a> <\/span><\/li>\n<li><strong>Carles Vallejo<\/strong>,\u00a0<span style=\"color: #eb7d4b;\"><a style=\"color: #eb7d4b;\" href=\"https:\/\/associaciocatalanadexpresospoliticsdelfranquisme.wordpress.com\/\" target=\"_blank\">Catalan Association of Former Political Prisoners<\/a><\/span><\/li>\n<li><strong>Rosa Toran<\/strong>,\u00a0<span style=\"color: #eb7d4b;\"><a style=\"color: #eb7d4b;\" href=\"http:\/\/amical-mauthausen.org\/es\/\" target=\"_blank\">Amical Mauthausen<\/a><\/span><\/li>\n<li><strong>Daniel Canales<\/strong>, <span style=\"color: #eb7d4b;\"><a style=\"color: #eb7d4b;\" href=\"https:\/\/www.es.amnesty.org\/\" target=\"_blank\">Internacional Amnesty Spain<\/a><\/span><\/li>\n<li><strong>Juan Carlos Garc\u00eda Bravo<\/strong>, <span style=\"color: #eb7d4b;\"><a style=\"color: #eb7d4b;\" href=\"http:\/\/amesde.org\/junta-directiva\/quienes-somos\/\" target=\"_blank\">Association of Social and Democratic Memory <\/a><\/span>(Amesde)<\/li>\n<\/ul>\n<p>&nbsp;<\/p>\n<p>15\u201915-17\u201915:\u00a0 \u00a0 \u00a0 \u00a0<strong>8th\u00a0Session:\u00a0\u00a0<em>Emerging approaches<\/em><\/strong><br \/>\nSession coordinated by <span style=\"color: #eb7d4b;\"><a style=\"color: #eb7d4b;\" href=\"http:\/\/memoriasenred.es\/\" target=\"_blank\">Memorias en Red<\/a><\/span>\u00a0(MeR)<\/p>\n<p><strong>Axis 1:\u00a0<em>Law and the past<\/em><br \/>\n<\/strong>Sala Ram\u00f3n y Cajal<br \/>\nRapporteur<span style=\"color: #eb7d4b;\"> Maria Chiara Bianchini,<span style=\"color: #000000;\"> Memorias en Red<\/span><\/span><\/p>\n<ul>\n<li>Fytili, Magda \u00ab<strong>Las pol\u00edticas de reparaci\u00f3n como despolitizaci\u00f3n de la memoria: an\u00e1lisis de la Ley 1863\/1989. A prop\u00f3sito de la anulaci\u00f3n de las repercusiones de la Guerra Civil y de la Ley 52\/2007 de la Memoria Hist\u00f3rica<\/strong>\u00bb<\/li>\n<li>S\u00fct\u00e7\u00fco\u011flu, Bilgen and Ebru \u0130lter Akar\u00e7ay \u00ab<strong>Boding Well for the Next Ten Years?: Learning from the Experiences of Victims\u2019 Associations in Spain<\/strong>\u00bb<\/li>\n<li>Calandre, Cristina \u00ab<strong>La ley de la mem\u00f3ria hist\u00f3rica no cumple con el Dr. Luis Calandre Ib\u00e1\u00f1ez<\/strong>\u00bb<\/li>\n<li>Gabarda, Vicent i Ricard Camil Torres \u00ab<strong>Los efectos nocivos de la aplicaci\u00f3n de la ley de memoria hist\u00f3rica en el pa\u00eds valenciano<\/strong>\u00bb<\/li>\n<li>M\u00e9nendez, Francesc Xavier \u00ab<strong>El marc legislatiu de mem\u00f2ria democr\u00e0tica a Catalunya. Balan\u00e7 i valoraci\u00f3<\/strong>\u00bb<\/li>\n<li>Ban, Marina\u00a0\u00ab<strong>Building the Illiberal State Using the Memory of Communism: the Case of Hungary<\/strong>\u00bb<\/li>\n<li>Rocchi, Luciana \u00ab<strong>La longue dur\u00e9e d\u2019une exp\u00e9rience italienne, li\u00e9e aux politiques de la m\u00e9moire de l\u2019Espagne<\/strong>\u00bb<\/li>\n<\/ul>\n<p>&nbsp;<\/p>\n<p><strong>Axis 2:\u00a0<em>Memory and transmission<\/em><br \/>\n<\/strong>Professor&#8217;s room of the Faculty of Philology<br \/>\nRapporteur\u00a0<span style=\"color: #eb7d4b;\"><a style=\"color: #eb7d4b;\" href=\"http:\/\/csic.academia.edu\/MarijeHristova\" target=\"_blank\">Marije Hristova,<\/a> <span style=\"color: #000000;\"> Memorias en Red<\/span><\/span><\/p>\n<ul>\n<li>Olaziregi, Mari Jose \u00ab<strong>A vueltas con la madre patria<\/strong>\u00bb<\/li>\n<li>Retegi, Olatz y\u00a0Vaquero, Maribel \u00ab<strong>Mapa de las acciones sobre memoria hist\u00f3rica en Gipuzkoa<\/strong>\u00bb<\/li>\n<li>Arroita, Izaro y Mikel Ayerbe \u00ab<strong>La transmisi\u00f3n de una memoria cr\u00edtica en la obra de Ramon Saizarbitoria<\/strong>\u00bb<\/li>\n<li>P\u00e9rez, P\u00edo y Gurutze Lasa \u00ab<strong>La literatura como memoria y convivencia en las aulas de secundaria<\/strong>\u00bb<\/li>\n<li>Barra, Jordi \u00ab<strong>Cartograf\u00eda hist\u00f3rica 2007-2017. (El atlas como indicador memorial\u00edstico)<\/strong>\u00bb<\/li>\n<li>Cam\u00ed-Vela, Maria \u00ab<strong>Summoning the ghosts: Images, sites and politics of memory in Catalan documentary\u00a0<em>The Great Flight<\/em>\u00a0(2015) by Carolina Astudillo<\/strong>\u00bb<\/li>\n<li>Prudor, An\u00e9lie \u00ab<strong>Complexe m\u00e9moriel et\u00a0<em>Maison des m\u00e9moires.\u00a0<\/em>Enjeux des mises en sc\u00e8ne diff\u00e9renci\u00e9es des m\u00e9moires de l\u2019exil r\u00e9publicain espagnol en France<\/strong>\u00bb<\/li>\n<\/ul>\n<p>&nbsp;<\/p>\n<p>17\u201915-17\u201930: \u00a0\u00a0\u00a0\u00a0\u00a0 Coffee Break<\/p>\n<p>&nbsp;<\/p>\n<p>17\u201930-19\u20190:\u00a0 \u00a0 \u00a0 \u00a0 \u00a0<strong>9th\u00a0Session:\u00a0<em>Awakenings (I). Public management of memory on regional governments<\/em><\/strong><\/p>\n<p>Presents and moderates: <span style=\"color: #eb7d4b;\"><a style=\"color: #eb7d4b;\" href=\"http:\/\/www.ub.edu\/dphc\/javiertebarhurtado.htm\" target=\"_blank\">Javier T\u00e9bar<\/a><\/span>,\u00a0University of Barcelona<\/p>\n<ul>\n<li>Andalucia:\u00a0<span style=\"color: #eb7d4b;\"><a style=\"color: #eb7d4b;\" href=\"http:\/\/www.juntadeandalucia.es\/organismos\/presidenciaadministracionlocalymemoriademocratica\/consejeria\/dgmd.html\" target=\"_blank\">Francisco Javier Gir\u00e1ldez D\u00edaz<\/a><\/span>, Head of the\u00a0Directorate General of Democratic Memory of the Junta de Andaluc\u00eda<\/li>\n<li>The Basque Country: <strong>Aintzane Ezenarro<\/strong>, Director of the Institute of Memory, Coexistence, and Human Rights of the Basc Country (<span style=\"color: #eb7d4b;\"><a style=\"color: #eb7d4b;\" href=\"http:\/\/www.gogora.euskadi.eus\/aa82-home\/es\/\" target=\"_blank\">GOGORA<\/a><\/span>)<\/li>\n<li>Navarra: <strong>\u00c1lvaro Baraibar Etxebarr\u00eda<\/strong>,\u00a0Director General at the department of Peace, Cohexistance, and Human Rights of Navarre (<span style=\"color: #eb7d4b;\"><a style=\"color: #eb7d4b;\" href=\"https:\/\/www.navarra.es\/home_es\/Gobierno+de+Navarra\/Departamento+Relaciones+Ciudadanas+Institucionales\/Dg+paz+convivencia+derechos+humanos.htm\" target=\"_blank\">Paz, Convivencia y Derechos Humanos del Gobierno de Navarra<\/a>)<\/span><\/li>\n<li>Catalonia: <strong>Pl\u00e0cid Garcia-Planas<\/strong>, Director of the Democratic Memorial of Catalonia (<span style=\"color: #eb7d4b;\"><a style=\"color: #eb7d4b;\" href=\"http:\/\/memoria.gencat.cat\/ca\/inici\/\" target=\"_blank\">Memorial Democr\u00e0tic de Catalunya<\/a>)<\/span><\/li>\n<li>Balearic Islands:\u00a0<span style=\"color: #eb7d4b;\"><a style=\"color: #eb7d4b;\" href=\"http:\/\/www.caib.es\/govern\/organigrama\/responsable.do?lang=ca&amp;coduo=2390427\" target=\"_blank\">Manel Santana<\/a><\/span>, General Director of Democratic Memory and Participation of the Balearic Islands<\/li>\n<\/ul>\n<p>&nbsp;<\/p>\n<p>19\u201900-20\u201900: \u00a0\u00a0\u00a0\u00a0\u00a0<strong>\u00a010th\u00a0Session:\u00a0<\/strong><em><strong>Awakenings (II). Public management of memory on regional governments<\/strong><\/em><\/p>\n<p>Presents and moderates:<span style=\"color: #eb7d4b;\"> <a style=\"color: #eb7d4b;\" href=\"https:\/\/www.ucm.es\/hcontemporanea\/fernando-hernandez-holgado\" target=\"_blank\">Fernando Hern\u00e1ndez Holgado<\/a><\/span>, University Complutense of Madrid<\/p>\n<ul>\n<li>Madrid:\u00a0<span style=\"color: #eb7d4b;\"><a style=\"color: #eb7d4b;\" href=\"https:\/\/txemaurkijo.com\/\" target=\"_blank\">Txema Urkijo<\/a><\/span>, Responsible of Memory in the Office of Human Rights and Memory of the City Council of Madrid<\/li>\n<li>Barcelona:\u00a0<span style=\"color: #eb7d4b;\"><a style=\"color: #eb7d4b;\" href=\"http:\/\/www.ub.edu\/dphc\/ricardvinyes.htm\" target=\"_blank\">Ricard Vinyes<\/a><\/span>, Commissioner of Memory Programs at the City Council of Barcelona<\/li>\n<\/ul>\n<p>&nbsp;<\/p>\n<p>20\u201900-20\u201915:\u00a0 \u00a0 \u00a0 \u00a0Closing<\/p>\n<hr \/>\n<h3><span style=\"color: #000000;\">PRINTABLE VERSION<\/span><\/h3>\n<p><iframe loading=\"lazy\" style=\"width: 900px; height: 567px;\" src=\"\/\/view.joomag.com\/program-the-frog-hibernation-cat-es-en-final\/0286380001511346630?e=1&amp;page=1&amp;embedInfo=;\" name=\"joomag-embed-f55ace2e-adca-4daf-84c7-3a02a7d8e0bb\" width=\"900\" height=\"567\" frameborder=\"0\" allowfullscreen=\"allowfullscreen\"><\/iframe><\/p>\n<div class=\"joomag-backlinks\"><a href=\"\/\/view.joomag.com\/program-the-frog-hibernation-cat-es-en-final\/0286380001511346630\" target=\"_blank\">Open publication<\/a> &#8211; Free <a href=\"https:\/\/www.joomag.com\/?ref=embed_backlink\" target=\"_blank\">publishing<\/a><\/div>\n","protected":false},"excerpt":{"rendered":"<p>A simultaneous translation service will be available\u00a0during the conference &nbsp; Tuesday\u00a028\u00a0November Aula Magna\u00a0of the University of Barcelona 18\u201930-19\u201900:\u00a0 \u00a0 \u00a0 \u00a0Accreditations 19\u201900-19\u201920:\u00a0 \u00a0 \u00a0 \u00a0Welcome session Maite Vilalta, Vice-Rector for Equal Opportunities and Social Action, University of Barcelona Xavier L\u00f3pez, Director of the Solidarity Foundation of the University of Barcelona Jordi Guix\u00e9, director of the &#8230;<\/p>\n","protected":false},"author":4,"featured_media":457,"parent":0,"menu_order":0,"comment_status":"closed","ping_status":"closed","template":"","meta":{"_monsterinsights_skip_tracking":false,"_monsterinsights_sitenote_active":false,"_monsterinsights_sitenote_note":"","_monsterinsights_sitenote_category":0,"_uf_show_specific_survey":0,"_uf_disable_surveys":false,"footnotes":""},"class_list":["post-384","page","type-page","status-publish","has-post-thumbnail","hentry"],"aioseo_notices":[],"_links":{"self":[{"href":"https:\/\/europeanmemories.net\/frog\/wp-json\/wp\/v2\/pages\/384","targetHints":{"allow":["GET"]}}],"collection":[{"href":"https:\/\/europeanmemories.net\/frog\/wp-json\/wp\/v2\/pages"}],"about":[{"href":"https:\/\/europeanmemories.net\/frog\/wp-json\/wp\/v2\/types\/page"}],"author":[{"embeddable":true,"href":"https:\/\/europeanmemories.net\/frog\/wp-json\/wp\/v2\/users\/4"}],"replies":[{"embeddable":true,"href":"https:\/\/europeanmemories.net\/frog\/wp-json\/wp\/v2\/comments?post=384"}],"version-history":[{"count":43,"href":"https:\/\/europeanmemories.net\/frog\/wp-json\/wp\/v2\/pages\/384\/revisions"}],"predecessor-version":[{"id":618,"href":"https:\/\/europeanmemories.net\/frog\/wp-json\/wp\/v2\/pages\/384\/revisions\/618"}],"wp:featuredmedia":[{"embeddable":true,"href":"https:\/\/europeanmemories.net\/frog\/wp-json\/wp\/v2\/media\/457"}],"wp:attachment":[{"href":"https:\/\/europeanmemories.net\/frog\/wp-json\/wp\/v2\/media?parent=384"}],"curies":[{"name":"wp","href":"https:\/\/api.w.org\/{rel}","templated":true}]}}