{"id":379,"date":"2017-11-09T11:10:34","date_gmt":"2017-11-09T11:10:34","guid":{"rendered":"http:\/\/europeanmemories.net\/frog\/?page_id=379"},"modified":"2017-11-21T14:13:28","modified_gmt":"2017-11-21T14:13:28","slug":"presentacion","status":"publish","type":"page","link":"https:\/\/europeanmemories.net\/frog\/introduction\/presentacion\/","title":{"rendered":"Presentaci\u00f3n"},"content":{"rendered":"<h1 style=\"text-align: justify;\"><strong>La hibernaci\u00f3n de la rana<\/strong><\/h1>\n<h3 style=\"text-align: justify;\">10 a\u00f1os de leyes y pol\u00edticas de memoria en Espa\u00f1a y Catalu\u00f1a (2007-2017)<\/h3>\n<blockquote><p>La hibernaci\u00f3n, o brumaci\u00f3n, es m\u00e1s predictiva que consecuente. Las ranas u otros anfibios y reptiles la utilizan como forma de protecci\u00f3n durante el invierno para evitar la muerte por congelaci\u00f3n. Los factores externos son determinantes pero sobre todo, el intento de autoprotecci\u00f3n es fundamental para evitar la muerte. El riesgo durante este proceso es elevad\u00edsimo pero es, tambi\u00e9n, una forma de anular las constantes vitales para sobrevivir y, en algunos casos, lo consiguen.<\/p><\/blockquote>\n<p style=\"text-align: justify;\">En octubre de 2007 se aprobaron las leyes conocidas como &#8220;leyes de la memoria&#8221; en Espa\u00f1a y Catalu\u00f1a. Por un lado, en el Congreso de los Diputados avanzaba la <em>Ley por la cual se reconocen y ampl\u00edan derechos y se establecen medidas en favor de quienes sufrieron persecuci\u00f3n o violencia durante la Guerra Civil y la Dictadura<\/em>, y por el otro, en el Parlamento de Catalu\u00f1a se daba luz verde a la Ley del Memorial Democr\u00e1tico.<\/p>\n<p style=\"text-align: justify;\">Las relaciones entre leyes y memoria siempre han sido complejas y discutidas. La legislaci\u00f3n sobre el pasado ha planteado tantas dudas como esperanzas. El impulso inicial con el que se aprobaron se fue agotando al cabo de poco tiempo, entrando en un periodo de letargo o \u201chibernaci\u00f3n\u201d. Des de su aprobaci\u00f3n, ha transcurrido un periodo de tiempo bastante razonable como para hacer una primera evaluaci\u00f3n con perspectiva hist\u00f3rica del papel que han desempe\u00f1ado estas leyes en el desarrollo de las pol\u00edticas de memoria en todo el Estado.<\/p>\n<p style=\"text-align: justify;\">\u00bfCu\u00e1les han sido sus efectos reales? \u00bfQu\u00e9 consecuencias y qu\u00e9 reacciones han suscitado? \u00bfQu\u00e9 otras iniciativas ha habido desde entonces? As\u00ed mismo, los casos espa\u00f1ol y catal\u00e1n se enmarcan en un contexto europeo que no es ajeno a estas cuestiones, puesto que tanto sus Estados miembros como las mismas instituciones europeas se enfrentan a dilemas similares a la hora de desarrollar pol\u00edticas p\u00fablicas de memoria.<\/p>\n<p style=\"text-align: justify;\">Estos temas se desarrollar\u00e1n durante el congreso internacional &#8220;La hibernaci\u00f3n de la rana: 10 a\u00f1os de leyes y pol\u00edticas de memoria en Espa\u00f1a y Catalu\u00f1a (2007-2017)&#8221;, organizado por el Observatorio Europeo de Memorias de la Universidad de Barcelona. El programa se desarrollar\u00e1 en torno a los usos, abusos, procesos, aciertos, olvidos y lagunas de este periodo, y contar\u00e1 con dos sesiones paralelas de<span style=\"color: #eb7d4b;\"><a style=\"color: #eb7d4b;\" href=\"http:\/\/europeanmemories.net\/frog\/emerging-approaches\/\" target=\"_blank\"> comunicaciones<\/a><\/span>.<\/p>\n<p style=\"text-align: justify;\"><a href=\"http:\/\/europeanmemories.net\/frog\/wp-content\/uploads\/sites\/10\/2017\/06\/TWITTER_FROG-2.png\"><img loading=\"lazy\" decoding=\"async\" class=\"alignnone wp-image-361\" src=\"http:\/\/europeanmemories.net\/frog\/wp-content\/uploads\/sites\/10\/2017\/06\/TWITTER_FROG-2.png\" alt=\"TWITTER_FROG\" width=\"714\" height=\"357\" srcset=\"https:\/\/europeanmemories.net\/frog\/wp-content\/uploads\/sites\/10\/2017\/06\/TWITTER_FROG-2.png 1024w, https:\/\/europeanmemories.net\/frog\/wp-content\/uploads\/sites\/10\/2017\/06\/TWITTER_FROG-2-300x150.png 300w, https:\/\/europeanmemories.net\/frog\/wp-content\/uploads\/sites\/10\/2017\/06\/TWITTER_FROG-2-768x384.png 768w\" sizes=\"auto, (max-width: 714px) 100vw, 714px\" \/><\/a><\/p>\n","protected":false},"excerpt":{"rendered":"<p>La hibernaci\u00f3n de la rana 10 a\u00f1os de leyes y pol\u00edticas de memoria en Espa\u00f1a y Catalu\u00f1a (2007-2017) La hibernaci\u00f3n, o brumaci\u00f3n, es m\u00e1s predictiva que consecuente. Las ranas u otros anfibios y reptiles la utilizan como forma de protecci\u00f3n durante el invierno para evitar la muerte por congelaci\u00f3n. Los factores externos son determinantes pero &#8230;<\/p>\n","protected":false},"author":4,"featured_media":0,"parent":39,"menu_order":0,"comment_status":"closed","ping_status":"closed","template":"","meta":{"_monsterinsights_skip_tracking":false,"_monsterinsights_sitenote_active":false,"_monsterinsights_sitenote_note":"","_monsterinsights_sitenote_category":0,"_uf_show_specific_survey":0,"_uf_disable_surveys":false,"footnotes":""},"class_list":["post-379","page","type-page","status-publish","hentry"],"aioseo_notices":[],"_links":{"self":[{"href":"https:\/\/europeanmemories.net\/frog\/wp-json\/wp\/v2\/pages\/379","targetHints":{"allow":["GET"]}}],"collection":[{"href":"https:\/\/europeanmemories.net\/frog\/wp-json\/wp\/v2\/pages"}],"about":[{"href":"https:\/\/europeanmemories.net\/frog\/wp-json\/wp\/v2\/types\/page"}],"author":[{"embeddable":true,"href":"https:\/\/europeanmemories.net\/frog\/wp-json\/wp\/v2\/users\/4"}],"replies":[{"embeddable":true,"href":"https:\/\/europeanmemories.net\/frog\/wp-json\/wp\/v2\/comments?post=379"}],"version-history":[{"count":4,"href":"https:\/\/europeanmemories.net\/frog\/wp-json\/wp\/v2\/pages\/379\/revisions"}],"predecessor-version":[{"id":597,"href":"https:\/\/europeanmemories.net\/frog\/wp-json\/wp\/v2\/pages\/379\/revisions\/597"}],"up":[{"embeddable":true,"href":"https:\/\/europeanmemories.net\/frog\/wp-json\/wp\/v2\/pages\/39"}],"wp:attachment":[{"href":"https:\/\/europeanmemories.net\/frog\/wp-json\/wp\/v2\/media?parent=379"}],"curies":[{"name":"wp","href":"https:\/\/api.w.org\/{rel}","templated":true}]}}