{"id":375,"date":"2017-11-09T11:01:36","date_gmt":"2017-11-09T11:01:36","guid":{"rendered":"http:\/\/europeanmemories.net\/frog\/?page_id=375"},"modified":"2017-11-21T14:13:15","modified_gmt":"2017-11-21T14:13:15","slug":"presentacio","status":"publish","type":"page","link":"https:\/\/europeanmemories.net\/frog\/introduction\/presentacio\/","title":{"rendered":"Presentaci\u00f3"},"content":{"rendered":"<h2 style=\"text-align: justify;\">La hibernaci\u00f3 de la granota<\/h2>\n<h3 style=\"text-align: justify;\"><strong>10 anys de lleis i pol\u00edtiques de mem\u00f2ria a Espanya i Catalunya (2007-2017)<br \/>\n<\/strong><\/h3>\n<blockquote>\n<p style=\"text-align: justify;\">La hibernaci\u00f3, o brumaci\u00f3, \u00e9s m\u00e9s predictiva que conseq\u00fcent. Les granotes o altres amfibis i r\u00e8ptils l&#8217;utilitzen com a forma de protecci\u00f3 durant l&#8217;hivern per evitar la mort per congelaci\u00f3. Els factors externs s\u00f3n determinants per\u00f2, sobretot, l&#8217;intent d&#8217;autoprotecci\u00f3 \u00e9s fonamental per evitar la mort. El risc durant aquest proc\u00e9s \u00e9s elevad\u00edssim per\u00f2 \u00e9s, tamb\u00e9, una forma d&#8217;anul\u00b7lar les constants vitals per tal de sobreviure i, en alguns casos, ho aconsegueixen.<\/p>\n<\/blockquote>\n<p style=\"text-align: justify;\">A l\u2019octubre del 2007 s\u2019aprovaren les lleis conegudes com a \u201clleis de la mem\u00f2ria\u201d a Espanya i Catalunya. D\u2019una banda, al Congr\u00e9s dels Diputats, es tirava endavant la Llei per la qual es reconeixen i amplien drets i s\u2019estableixen mesures en favor dels qui van patir persecuci\u00f3 o viol\u00e8ncia durant la Guerra Civil i la Dictadura, i de l\u2019altra, al Parlament de Catalunya es donava llum verda a la Llei del Memorial Democr\u00e0tic.<\/p>\n<p style=\"text-align: justify;\">Les relacions entre lleis i mem\u00f2ria sempre han estat complexes i discutides. La legislaci\u00f3 sobre el passat ha obert tants dubtes com esperances. L\u2019empenta inicial amb que s\u2019aprovaren s\u2019an\u00e0 esgotant al cap de poc temps, entrant en un per\u00edode de lat\u00e8ncia o \u201chibernaci\u00f3\u201d. Despr\u00e9s de deu anys d\u2019en\u00e7\u00e0 de la seva aprovaci\u00f3, ha transcorregut un per\u00edode de temps prou raonable com per fer una primera avaluaci\u00f3 amb perspectiva hist\u00f2rica del paper que han jugat aquestes lleis en el desenvolupament de les pol\u00edtiques de mem\u00f2ria a tot l\u2019Estat.<\/p>\n<p style=\"text-align: justify;\">Quins han estat els seus efectes reals? Quines conseq\u00fc\u00e8ncies i quines reaccions han suscitat? Quines altres iniciatives hi ha hagut des d\u2019aleshores? Aix\u00ed mateix, el casos espanyol i catal\u00e0 s\u2019emmarquen en un context europeu gens ali\u00e8 a aquestes q\u00fcestions, ja que tant els seus Estats membres com les mateixes institucions europees s\u2019enfronten a dilemes similars a l\u2019hora de desenvolupar pol\u00edtiques p\u00fabliques de mem\u00f2ria.<\/p>\n<p>Aquests temes es desenvoluparan durant el congr\u00e9s internacional \u201cLa hibernaci\u00f3 de la granota: 10 anys de lleis i pol\u00edtiques de mem\u00f2ria a Espanya i Catalunya (2007-2017)\u201d, organitzat per l\u2019Observatori Europeu de Mem\u00f2ries de la Universitat de Barcelona. El programa es desenvolupar\u00e0 al voltant dels usos, abusos, processos, encerts, oblits i llacunes d\u2019aquest per\u00edode, i comptar\u00e0 amb dues sessions paral\u00b7leles de\u00a0<span style=\"color: #eb7d4b;\"><a style=\"color: #eb7d4b;\" href=\"http:\/\/europeanmemories.net\/frog\/axes\/\">comunicacions .<\/a><\/span><\/p>\n<p style=\"text-align: justify;\"><a href=\"http:\/\/europeanmemories.net\/frog\/wp-content\/uploads\/sites\/10\/2017\/06\/TWITTER_FROG-2.png\"><img loading=\"lazy\" decoding=\"async\" class=\"alignnone wp-image-361\" src=\"http:\/\/europeanmemories.net\/frog\/wp-content\/uploads\/sites\/10\/2017\/06\/TWITTER_FROG-2.png\" alt=\"TWITTER_FROG\" width=\"714\" height=\"357\" srcset=\"https:\/\/europeanmemories.net\/frog\/wp-content\/uploads\/sites\/10\/2017\/06\/TWITTER_FROG-2.png 1024w, https:\/\/europeanmemories.net\/frog\/wp-content\/uploads\/sites\/10\/2017\/06\/TWITTER_FROG-2-300x150.png 300w, https:\/\/europeanmemories.net\/frog\/wp-content\/uploads\/sites\/10\/2017\/06\/TWITTER_FROG-2-768x384.png 768w\" sizes=\"auto, (max-width: 714px) 100vw, 714px\" \/><\/a><\/p>\n","protected":false},"excerpt":{"rendered":"<p>La hibernaci\u00f3 de la granota 10 anys de lleis i pol\u00edtiques de mem\u00f2ria a Espanya i Catalunya (2007-2017) La hibernaci\u00f3, o brumaci\u00f3, \u00e9s m\u00e9s predictiva que conseq\u00fcent. Les granotes o altres amfibis i r\u00e8ptils l&#8217;utilitzen com a forma de protecci\u00f3 durant l&#8217;hivern per evitar la mort per congelaci\u00f3. Els factors externs s\u00f3n determinants per\u00f2, sobretot, &#8230;<\/p>\n","protected":false},"author":4,"featured_media":0,"parent":39,"menu_order":0,"comment_status":"closed","ping_status":"closed","template":"","meta":{"_monsterinsights_skip_tracking":false,"_monsterinsights_sitenote_active":false,"_monsterinsights_sitenote_note":"","_monsterinsights_sitenote_category":0,"_uf_show_specific_survey":0,"_uf_disable_surveys":false,"footnotes":""},"class_list":["post-375","page","type-page","status-publish","hentry"],"aioseo_notices":[],"_links":{"self":[{"href":"https:\/\/europeanmemories.net\/frog\/wp-json\/wp\/v2\/pages\/375","targetHints":{"allow":["GET"]}}],"collection":[{"href":"https:\/\/europeanmemories.net\/frog\/wp-json\/wp\/v2\/pages"}],"about":[{"href":"https:\/\/europeanmemories.net\/frog\/wp-json\/wp\/v2\/types\/page"}],"author":[{"embeddable":true,"href":"https:\/\/europeanmemories.net\/frog\/wp-json\/wp\/v2\/users\/4"}],"replies":[{"embeddable":true,"href":"https:\/\/europeanmemories.net\/frog\/wp-json\/wp\/v2\/comments?post=375"}],"version-history":[{"count":6,"href":"https:\/\/europeanmemories.net\/frog\/wp-json\/wp\/v2\/pages\/375\/revisions"}],"predecessor-version":[{"id":596,"href":"https:\/\/europeanmemories.net\/frog\/wp-json\/wp\/v2\/pages\/375\/revisions\/596"}],"up":[{"embeddable":true,"href":"https:\/\/europeanmemories.net\/frog\/wp-json\/wp\/v2\/pages\/39"}],"wp:attachment":[{"href":"https:\/\/europeanmemories.net\/frog\/wp-json\/wp\/v2\/media?parent=375"}],"curies":[{"name":"wp","href":"https:\/\/api.w.org\/{rel}","templated":true}]}}