{"id":22,"date":"2017-10-20T12:08:17","date_gmt":"2017-10-20T12:08:17","guid":{"rendered":"http:\/\/europeanmemories.net\/frog\/?page_id=22"},"modified":"2019-04-11T14:08:25","modified_gmt":"2019-04-11T14:08:25","slug":"keynotes-and-panelists","status":"publish","type":"page","link":"https:\/\/europeanmemories.net\/frog\/keynotes-and-panelists\/","title":{"rendered":"Keynotes and Panelists"},"content":{"rendered":"<h3 style=\"text-align: justify;\"><\/h3>\n<h3 style=\"text-align: justify;\">A simultaneous translation service will be available\u00a0during the conference<\/h3>\n<h3 style=\"text-align: justify;\"><span style=\"color: #eb7d4b;\"><a style=\"color: #eb7d4b;\" href=\"https:\/\/www.wikiwand.com\/en\/Manuel_Rivas\" target=\"_blank\" rel=\"noopener noreferrer\">Manuel Rivas<\/a><\/span><\/h3>\n<p style=\"text-align: justify;\">Writer, poet and journalist.\u00a0His 1996 book\u00a0<i>Qu\u00e9 me quieres, amor?<\/i>, a series of sixteen short stories, was adapted by director\u00a0Jos\u00e9 Luis Cuerda\u00a0for his film\u00a0<i>A lingua das bolboretas<\/i>\u00a0&#8211;\u00a0<i>La lengua de las mariposas\u00a0<\/i>(&#8220;<i>Butterfly<\/i>&#8220;). The 1998 novel\u00a0<i>O l\u00e1pis do carpinteiro<\/i>\u00a0(<a class=\"int-link\" title=\"\" href=\"https:\/\/www.wikiwand.com\/en\/The_Carpenter%27s_Pencil\">The Carpenter&#8217;s Pencil<\/a>) has been published in nine countries and is the most widely translated work in the history of Galician literature.<\/p>\n<h3 style=\"text-align: justify;\"><span style=\"color: #eb7d4b;\"><a style=\"color: #eb7d4b;\" href=\"http:\/\/www.asser.nl\/about-the-institute\/whos-who\/UladBelavusau\">Uladzislau Belavusau<\/a>\u00a0<\/span><\/h3>\n<p style=\"text-align: justify;\">Senior\u00a0Researcher at the\u00a0<span style=\"color: #eb7d4b;\"><a style=\"color: #eb7d4b;\" href=\"http:\/\/www.asser.nl\/\" target=\"_blank\" rel=\"noopener noreferrer\" data-saferedirecturl=\"https:\/\/www.google.com\/url?hl=ca&amp;q=http:\/\/www.asser.nl\/&amp;source=gmail&amp;ust=1509114562503000&amp;usg=AFQjCNGPdq0amVlG_ua-oO-CRgaeYuHwXw\">Asser Institute<\/a>\u00a0<\/span>(the Hague) &#8211; University of Amsterdam, and Principal Investigator at the\u00a0<span style=\"color: #eb7d4b;\"><a style=\"color: #eb7d4b;\" href=\"http:\/\/melaproject.org\/\" target=\"_blank\" rel=\"noopener noreferrer\" data-saferedirecturl=\"https:\/\/www.google.com\/url?hl=ca&amp;q=http:\/\/melaproject.org\/&amp;source=gmail&amp;ust=1509114562503000&amp;usg=AFQjCNE_G0O92CDmlMYXHHmNhQMCEYRpFg\">MELA Project<\/a><\/span>. He is the author of the monograph \u201c<em>Freedom of Speech<\/em>\u201d (Routledge, 2013) and co-editor\u00a0of\u00a0the book\u00a0\u201c<em>Law and Memory. Towards legal governance of history\u201d\u00a0<\/em>(Cambridge University Press, 2017). He is currently co-editing a\u00a0new volume\u00a0\u201c<em>EU Anti-Discrimination Law<\/em>\u201c<\/p>\n<h3 style=\"text-align: justify;\"><span style=\"color: #eb7d4b;\"><a style=\"color: #eb7d4b;\" href=\"https:\/\/www.kent.ac.uk\/brussels\/staff\/profiles\/brussels\/malksoo.html\">Maria M\u00e4lksoo<\/a><\/span><\/h3>\n<p style=\"text-align: justify;\">Senior Lecturer in International Security at the Brussels School of International Studies,\u00a0Director of Research and Ethics.\u00a0Her current research focuses on the nexus between transitional justice and foreign policies on the example of post-communist Russia; hybrid warfare and Eastern Europe in ontological security debates; and memory laws and memory wars in contemporary Ukraine<\/p>\n<h3 style=\"text-align: justify;\"><span style=\"color: #eb7d4b;\"><a style=\"color: #eb7d4b;\" href=\"https:\/\/www.coleurope.eu\/whoswho\/person\/georges.mink\" target=\"_blank\" rel=\"noopener noreferrer\">Georges Mink<\/a><\/span><\/h3>\n<p style=\"text-align: justify;\">Director of Research at the <em><span style=\"color: #eb7d4b;\"><a style=\"color: #eb7d4b;\" href=\"http:\/\/www.isp.cnrs.fr\/\" target=\"_blank\" rel=\"noopener noreferrer\">Institut des Sciences Sociales et du Politique<\/a><\/span> (CNRS &#8211; France)<\/em>, Universit\u00e9 de Paris X, Nanterre.\u00a0Sociologist and Political Scientist, specialising in Central and Eastern Europe. His research and publications \u2013 more than 250 books, studies and articles &#8211; are dedicated to political systems, the sociopolitical evolution of these regimes, the conversion of ex-communist elites in central and eastern Europe and the europeanisation of national political systems. Today, his research focuses on the question of transitional justice in EU countries<\/p>\n<hr \/>\n<h2 style=\"text-align: justify;\"><em>Memory and heritage I<\/em><\/h2>\n<h3 style=\"text-align: justify;\"><span style=\"color: #eb7d4b;\"><a style=\"color: #eb7d4b;\" href=\"http:\/\/www.ub.edu\/escultura\/es\/organizacio\/membres\/ricart-ulldemolins-nuria\/\">N\u00faria Ricart<\/a><\/span><\/h3>\n<p style=\"text-align: justify;\">PhD in Fine Arts, professor at the Sculpture Department of the Faculty of Fine Ars of the University of Barcelona and member of\u00a0the reserach center\u00a0<span style=\"color: #eb7d4b;\"><a style=\"color: #eb7d4b;\" href=\"http:\/\/www.ub.edu\/escult\">Cr Polis-Grc arte, ciudad, sociedad<\/a>.<\/span>\u00a0Teaching at the Fine Arts Degree and the Official Master&#8217;s Degree &#8220;Urban design: art, city, society&#8221;, her research is focused on public art, citizen participation and memory.<\/p>\n<h3 style=\"text-align: justify;\">Jordi Font i Agull\u00f3<\/h3>\n<p style=\"text-align: justify;\">Historian, cultural manager and curator of exhibitions, director of the\u00a0<span style=\"color: #eb7d4b;\"><a style=\"color: #eb7d4b;\" href=\"http:\/\/www.museuexili.cat\/index.php?lang=es\">Museu Memorial de l\u2019Exili<\/a>.\u00a0<\/span>In recent years he has directed his professional attention and research in the field of social and political contemporary history.\u00a0Has\u00a0worked for several years as technical coordinator and artistic co-director at the Espais d&#8217;Art Contemporani Foundation (Girona), and was the editor of the magazine of art and culture, Papers d&#8217;Art<\/p>\n<h3 style=\"text-align: justify;\"><span style=\"color: #eb7d4b;\"><a style=\"color: #eb7d4b;\" href=\"http:\/\/www.politicasdelamemoria.org\/2010\/05\/85-an\">\u00c1ngel del R\u00edo<\/a><\/span><\/h3>\n<p style=\"text-align: justify;\">Professor of Social Anthropology at the University of Seville, member of the Group of Social Research on Action and Participation of the University Pablo de Olavide. His recent research focuses on social movements, more specifically on the recovery of historical memory<\/p>\n<hr \/>\n<h2 style=\"text-align: justify;\"><em>Memory and heritage\u00a0II. Archives<\/em><\/h2>\n<h3 style=\"text-align: justify;\">Ramon Alberch<\/h3>\n<p style=\"text-align: justify;\">Founder member and former president of <span style=\"color: #eb7d4b;\"><a style=\"color: #eb7d4b;\" href=\"http:\/\/www.arxivers.org\/\" target=\"_blank\" rel=\"noopener noreferrer\">Arxivers sense fronteres<\/a><\/span> (AsF),\u00a0he is currently\u00a0the president of AsF International, and a member of the International Advisory Board\u00a0of the<em><span style=\"color: #eb7d4b;\">\u00a0<a style=\"color: #eb7d4b;\" href=\"http:\/\/www.centrodememoriahistorica.gov.co\/\" target=\"_blank\" rel=\"noopener noreferrer\">Centro Nacional de Memoria Hist\u00f3rica de Col\u00f2mbia<\/a>.<\/span><\/em><\/p>\n<h3 style=\"text-align: justify;\">Severiano Hern\u00e1ndez Vicente (TBC)<\/h3>\n<p style=\"text-align: justify;\"><span style=\"color: #eb7d4b;\"><a style=\"color: #eb7d4b;\" href=\"https:\/\/www.mecd.gob.es\/ministerio-mecd\/organizacion\/organigrama\/ministro\/secretaria-estado-cultura\/n\/dg-bellas-artes\/sg-archivos.html\">Subdirector general de Archivos Estatales<\/a>\u00a0<\/span><\/p>\n<hr \/>\n<h2 style=\"text-align: justify;\"><em>Laws and the past in Spain and Catalonia I\u00a0<\/em><\/h2>\n<h3 style=\"text-align: justify;\"><span style=\"color: #eb7d4b;\"><a style=\"color: #eb7d4b;\" href=\"https:\/\/www.wikiwand.com\/es\/Jos%C3%A9_Antonio_Mart%C3%ADn_Pall%C3%ADn\">Jos\u00e9 Antonio Mart\u00edn Pall\u00edn<\/a><\/span><\/h3>\n<p style=\"text-align: justify;\">Former prosecutor and current magistrate emeritus\u00a0of the Supreme Court of Spain. Has been a member of the Bioethics Committee of Spain and\u00a0of the International Secretariat of Judges for Amnesty and Democracy in Paraguay, of the Spanish-German Association of Judges and took part in several special human rights missions organized by International Amnesty.<\/p>\n<h3 style=\"text-align: justify;\"><span style=\"color: #eb7d4b;\"><a style=\"color: #eb7d4b;\" href=\"https:\/\/www.researchgate.net\/profile\/Josefina_Bustillo\">Josefina Cuesta<\/a><\/span><\/h3>\n<p style=\"text-align: justify;\">Professor of Contemporary History at the University of Salamanca, has been guest lecturer at the University of Paris VII Denis Diderot and at the Institut Catholique de Paris. She is author of half a hundred professional works, of them more than a dozen books, on Spanish social history of the 20th century<\/p>\n<h3 style=\"text-align: justify;\"><span style=\"color: #eb874b;\"><a style=\"color: #eb874b;\" href=\"https:\/\/www.wikiwand.com\/es\/Josep_Cruanyes\" target=\"_blank\" rel=\"noopener noreferrer\">Josep Cruanyes<\/a><\/span><\/h3>\n<p style=\"text-align: justify;\">Lawyer and historian, president of the Catalan Society of Legal Studies\u00a0(<span style=\"color: #eb7d4b;\"><a style=\"color: #eb7d4b;\" href=\"http:\/\/blogs.iec.cat\/scej\/\">Societat Catalana d\u2019Estudis Jur\u00eddics<\/a>) <\/span>and\u00a0Secretary of the Catalan Language Commission of the Council of Bar Associations of Catalonia. Has been one of the main instigators of the return of the papers of Salamanca in Catalonia<\/p>\n<h3 style=\"text-align: justify;\"><span style=\"color: #eb7d4b;\"><a style=\"color: #eb7d4b;\" href=\"http:\/\/www.historia.urv.cat\/professorat\/historia-contemporania\/en_duch\/\" target=\"_blank\" rel=\"noopener noreferrer\">Montserrat Duch i Plana<\/a><\/span><\/h3>\n<p style=\"text-align: justify;\">Full professor at the Universitat Rovira i Virgili,\u00a0principal investigator\u00a0of the consolidated research group ISOCAC (Ideologies and society at contemporary Catalonia).<\/p>\n<h3 style=\"text-align: justify;\"><\/h3>\n<hr \/>\n<h2 style=\"text-align: justify;\"><em>Memory and transmission<\/em><\/h2>\n<h3 style=\"text-align: justify;\"><span style=\"color: #eb7d4b;\"><a style=\"color: #eb7d4b;\" href=\"http:\/\/www.ub.edu\/dphc\/magicrusellsvaleta.htm\">Mag\u00ed Crusells<\/a><\/span><\/h3>\n<p style=\"text-align: justify;\">Associate Professor at the Department of Contemporary History of the University of Barcelona, and\u00a0deputy director of the research center\u00a0<span style=\"color: #eb7d4b;\"><a style=\"color: #eb7d4b;\" href=\"http:\/\/www.filmhistoria.com\/\" target=\"_blank\" rel=\"noopener noreferrer\">Film-Hist\u00f2ria<\/a>\u00a0<\/span><\/p>\n<h3 style=\"text-align: justify;\"><span style=\"color: #eb7d4b;\"><a style=\"color: #eb7d4b;\" href=\"http:\/\/es.eram.cat\/profesorado\/imma-prieto-carrillo\/\">Imma Prieto<\/a><\/span><\/h3>\n<p style=\"text-align: justify;\">Professor of contemporary art and new media at the ERAM School of the University of Girona, manager of the European research group ELAA (European Live Art Archive) formed by the UdG, the University of Oxford and the Glaugair artists&#8217; residence in Berlin. Member of the research groups\u00a0&#8220;Theories of Contemporary Art&#8221; (UdG) and &#8220;Archive Policies in contemporary artistic practices&#8221;\u00a0(MEC).<\/p>\n<h3 style=\"text-align: justify;\"><span style=\"color: #eb7d4b;\"><a style=\"color: #eb7d4b;\" href=\"http:\/\/www.ub.edu\/filhis\/plit_gracia_jordi.htm\">Jordi Gr\u00e0cia<\/a><\/span><\/h3>\n<p style=\"text-align: justify;\">Professor of Spanish literature at the University of Barcelona and collaborator of El Pa\u00eds. He has written several books on the intellectual history of contemporary Spain.\u00a0His last book is the essay<em> Burgesos imperfectes. L&#8217;\u00e8tica de l&#8217;heterod\u00f2xia a les lletres catalanes del segle XX<\/em> (2012), after having published in 2011 a pamphlet against systematic cultural catastrophism entitled <a href=\"http:\/\/www.elboomeran.com\/upload\/ficheros\/obras\/el_intelectual_melanclico_pp.pdf\" target=\"_blank\" rel=\"noopener noreferrer\">The melancholic intellectual<\/a>.<\/p>\n<h3 style=\"text-align: justify;\"><span style=\"color: #eb7d4b;\"><a style=\"color: #eb7d4b;\" href=\"https:\/\/www.researchgate.net\/profile\/Matilde_Eiroa\" target=\"_blank\" rel=\"noopener noreferrer\">Matilde Eiroa\u00a0San Francisco<\/a><\/span><\/h3>\n<p style=\"text-align: justify;\">Full Professor at the Carlos III University of Madrid, founding member of the Extraordinary Complutense Chair &#8220;Historical Memory 20th Century&#8221;,.and Principal Investigator of the <span style=\"color: #eb7d4b;\"><a style=\"color: #eb7d4b;\" href=\"https:\/\/uc3m.libguides.com\/c.php?g=521884&amp;p=3568435\" target=\"_blank\" rel=\"noopener noreferrer\">HISMEDI<\/a><\/span> project. Her research has been oriented to the study of the 1930-1975 period, especially the perspective of international relations, repression, women&#8217;s history and the media, issues on which she has published numerous articles, individual and collective books.<\/p>\n<hr \/>\n<h2 style=\"text-align: justify;\"><em>The desert path. Civil organizations in the last decade<\/em><\/h2>\n<h3 style=\"text-align: justify;\">Emilio Silva<\/h3>\n<p style=\"text-align: justify;\">President of the <span style=\"color: #eb7d4b;\"><a style=\"color: #eb7d4b;\" href=\"http:\/\/www.memoriahistorica.org\/\" target=\"_blank\" rel=\"noopener noreferrer\">Asociaci\u00f3n por la Recuperaci\u00f3n de la Memoria<\/a>.\u00a0<\/span><span style=\"color: #eb7d4b;\"><span style=\"color: #000000;\">G<\/span><\/span><span style=\"color: #000000;\">r<\/span>aduated in Sociology and Political Sciences at the Complutense University of Madrid, he has worked as a journalist and is one of the founders of the Association for the Recovery of Historical Memory, a group that has spent years searching for the places where the victims of repression in the Franco were buried during the Spanish Civil War and the subsequent dictatorship.<\/p>\n<h3 style=\"text-align: justify;\">Carles Vallejo<\/h3>\n<p style=\"text-align: justify;\">President of the Catalan Association of Former Political Prisoners of Francoism (<span style=\"color: #eb7d4b;\"><a style=\"color: #eb7d4b;\" href=\"https:\/\/associaciocatalanadexpresospoliticsdelfranquisme.wordpress.com\/\" target=\"_blank\" rel=\"noopener noreferrer\">Associaci\u00f3 Catalana d\u2019Ex-Presos Pol\u00edtics<\/a>)<\/span><\/p>\n<h3 style=\"text-align: justify;\">Rosa Toran<\/h3>\n<p style=\"text-align: justify;\"><span style=\"color: #000000;\">Vice president\u00a0of the\u00a0<\/span><span style=\"color: #eb7d4b;\"> <a style=\"color: #eb7d4b;\" href=\"http:\/\/amical-mauthausen.org\/es\/\" target=\"_blank\" rel=\"noopener noreferrer\">Amical de Mauthausen<\/a><span style=\"color: #000000;\">,\u00a0PhD in History<\/span><\/span><\/p>\n<h3 style=\"text-align: justify;\">Daniel Canales<\/h3>\n<p style=\"text-align: justify;\">Deputy Manager of Research and Policy at Amnesty International Spain (<span style=\"color: #eb7d4b;\"><a style=\"color: #eb7d4b;\" href=\"https:\/\/www.es.amnesty.org\/\">Amnistia Internacional<\/a>)<\/span><\/p>\n<hr \/>\n<h2 style=\"text-align: justify;\"><em>Awakenings (I). Public management of memory on regional governments<\/em><\/h2>\n<h3 style=\"text-align: justify;\"><span style=\"color: #eb7d4b;\"><a style=\"color: #eb7d4b;\" href=\"http:\/\/www.juntadeandalucia.es\/organismos\/presidenciaadministracionlocalymemoriademocratica\/consejeria\/dgmd.html\">Francisco Javier Gir\u00e1ldez D\u00edaz<\/a><\/span><\/h3>\n<p style=\"text-align: justify;\">Head of the\u00a0Directorate General of Democratic Memory of the Junta de Andaluc\u00eda. PhD in History by the University of Seville, he has developed his professional work in the Commissariat of Historical Memory of the Junta de Andaluc\u00eda from 2009 to 2012. Has collaborated in the publication of various works and books such as <em>Places of Memory. Military coup, repression and resistance in Seville<\/em> (2014) or <em>La Memoria de todos. The wounds of the past are cured with more truth<\/em> (2014)<\/p>\n<h3 style=\"text-align: justify;\"><span style=\"color: #eb7d4b;\"><a style=\"color: #eb7d4b;\" href=\"https:\/\/www.wikiwand.com\/en\/Aintzane_Ezenarro\" target=\"_blank\" rel=\"noopener noreferrer\">Aintzane Ezenarro<\/a><\/span><\/h3>\n<p style=\"text-align: justify;\">Director of the Institute of Memory, Coexistence, and Human Rights of the Basc Country (<span style=\"color: #eb7d00;\"><span style=\"color: #eb7d4b;\"><a style=\"color: #eb7d4b;\" href=\"http:\/\/www.gogora.euskadi.eus\/aa82-home\/es\/\">GOGORA<\/a><\/span><span style=\"color: #000000;\">)<\/span><\/span><\/p>\n<h3 style=\"text-align: justify;\">\u00c1lvaro Baraibar Etxeberr\u00eda<\/h3>\n<p style=\"text-align: justify;\">Director General at the department of Peace, Cohexistance, and Human Rights of Navarre (<a style=\"color: #eb7d4b;\" href=\"https:\/\/www.navarra.es\/home_es\/Gobierno+de+Navarra\/Departamento+Relaciones+Ciudadanas+Institucionales\/Dg+paz+convivencia+derechos+humanos.htm\">Paz, Convivencia y Derechos Humanos del Gobierno de Navarra<\/a>). Doctor in History by the University of Navarra<\/p>\n<h3 style=\"text-align: justify;\"><span style=\"color: #000000;\">Pl\u00e0cid Garcia-Planas <\/span>(tbc)<\/h3>\n<p style=\"text-align: justify;\">Journalist, director of the\u00a0<span style=\"color: #eb7d4b;\"><a style=\"color: #eb7d4b;\" href=\"http:\/\/memoria.gencat.cat\/ca\/inici\/\">Memorial Democr\u00e0tic de Catalunya<\/a><\/span><\/p>\n<h3 style=\"text-align: justify;\"><span style=\"color: #eb7d4b;\"><a style=\"color: #eb7d4b;\" href=\"http:\/\/www.caib.es\/govern\/organigrama\/responsable.do?lang=ca&amp;coduo=2390427\">Manel Santana<\/a><\/span><\/h3>\n<p style=\"text-align: justify;\">General Director of Democratic Memory and Participation of the Balearic Islands. Doctor in History, he has worked as a secondary school teacher and as an associate professor of the University of the Balearic Islands, teaching on\u00a0History of Education<\/p>\n<hr \/>\n<h2 style=\"text-align: justify;\"><em>Awakenings (II). Public management of memory on regional governments<\/em><\/h2>\n<h3 style=\"text-align: justify;\"><span style=\"color: #eb7d00;\"><span style=\"color: #eb7d4b;\"><a style=\"color: #eb7d4b;\" href=\"https:\/\/www.linkedin.com\/in\/txema-urkijo-azkarate-34982998\" target=\"_blank\" rel=\"noopener noreferrer\">Txema Urkijo<\/a><\/span><\/span><\/h3>\n<p style=\"text-align: justify;\">Advisor for the Comssioner of Historical Memory at the City Council of Madrid. Consultant in Culture of Peace, Human Rights and Conflict Resolution he has\u00a0held various responsibilities in the area of Peace, Coexistence, Human Rights and Victims of the Basque Government between 2002 and 2014.<\/p>\n<h3 style=\"text-align: justify;\"><span style=\"color: #eb7d4b;\"><a style=\"color: #eb7d4b;\" href=\"http:\/\/www.ub.edu\/dphc\/ricardvinyes.htm\" target=\"_blank\" rel=\"noopener noreferrer\">Ricard Vinyes<\/a><\/span><\/h3>\n<p style=\"text-align: justify;\">Commissioner of Memory Programs at the City Council of Barcelona.\u00a0Professor of Contemporary History at the University of Barcelona, he chaired\u00a0the Commission of the Project for the Memorial Democr\u00e0tic (2005) and\u00a0the Commission for the drafting of a Memory Center for the Basque Country (2011), and was a member of\u00a0the Commission of Experts for the Future of the Valley of the Fallen.\u00a0His research on female political prisoners and child deportations from prisons to ecclesiastical and state centers between 1939 and 1949 served as an empirical documentary base to investigate the crimes perpetrated by the dictatorship of General Franco.<\/p>\n<hr \/>\n<h2 style=\"text-align: justify;\"><em><strong>Communications<\/strong><\/em><\/h2>\n<h4 style=\"text-align: justify;\">In collaboration with\u00a0<span style=\"color: #eb7d4b;\"><strong><a style=\"color: #eb7d4b;\" href=\"http:\/\/memoriasenred.es\/\">Memorias en Red<\/a><\/strong><\/span><\/h4>\n<h2 style=\"text-align: justify;\"><span style=\"color: #eb7d4b;\"><strong><a style=\"color: #eb7d4b;\" href=\"http:\/\/europeanmemories.net\/frog\/category\/axe-1-laws-and-the-past\/\">Axis 1: Laws and politics of the past<\/a><\/strong><\/span><\/h2>\n<p style=\"text-align: justify;\">Rapporteur:\u00a0<span style=\"color: #eb7d4b;\"><a style=\"color: #eb7d4b;\" href=\"http:\/\/www.academia.edu\/31259815\/Maria_Chiara_Bianchini_-_Patrimonios_disonantes_y_memorias_democr%C3%A1ticas_una_comparaci%C3%B3n_entre_Chile_y_Espa%C3%B1a_\">Maria Chiara Bianchini<\/a><\/span><\/p>\n<p style=\"text-align: justify;\">Doctor\u00a0in contemporary history and American studies by the Autonomous University of Madrid and the Universit\u00e0 degli Studi di Roma Tre, her main area of reaserch is the expressions of the memory (s) in urban spaces and places. She is currently a postdoctoral researcher at the Institute of History of the Catholic University of Chile and develops a comparative work on urban heritage and memory in Chile and Spain.<\/p>\n<h2 style=\"text-align: justify;\"><span style=\"color: #eb7d4b;\"><strong><a style=\"color: #eb7d4b;\" href=\"http:\/\/europeanmemories.net\/frog\/category\/axe-2-remembrance-and-transmission\/\">Axis 2: Memory and transmission<\/a><\/strong><\/span><\/h2>\n<p style=\"text-align: justify;\">Rapporteur<span style=\"color: #eb7d4b;\">\u00a0<a style=\"color: #eb7d4b;\" href=\"http:\/\/csic.academia.edu\/MarijeHristova\">Marije Hristova<\/a><\/span><\/p>\n<p style=\"text-align: justify;\">Master&#8217;s Degree in History by the University of Groningen (NL), Master in Hispanic Literature from the University of Amsterdam (NL), and doctor (cum laude) by the University of Maastricht (NL). She has been Marie Curie Fellow at the Institute of Language, Literature and Anthropology of the Higher Council for Scientific Research (ILLA-CSIC, Madrid, ES)\u00a0and is currently a postdoctoral researcher in the <span style=\"color: #eb874b;\"><a style=\"color: #eb874b;\" href=\"http:\/\/www.unrest.eu\/\" target=\"_blank\" rel=\"noopener noreferrer\">UNREST project<\/a>:<\/span> Unsettling Remembering and Social Cohesion in Transnational Europe in the same institute. She is also a researcher\u00a0at the\u00a0<span style=\"color: #eb874b;\"><a style=\"color: #eb874b;\" href=\"http:\/\/www.politicasdelamemoria.org\/\" target=\"_blank\" rel=\"noopener noreferrer\">Subtierro project<\/a><\/span> led by Francisco Ferr\u00e1ndiz (CCHS-CSIC).<\/p>\n<p style=\"text-align: justify;\">\n","protected":false},"excerpt":{"rendered":"<p>A simultaneous translation service will be available\u00a0during the conference Manuel Rivas Writer, poet and journalist.\u00a0His 1996 book\u00a0Qu\u00e9 me quieres, amor?, a series of sixteen short stories, was adapted by director\u00a0Jos\u00e9 Luis Cuerda\u00a0for his film\u00a0A lingua das bolboretas\u00a0&#8211;\u00a0La lengua de las mariposas\u00a0(&#8220;Butterfly&#8220;). The 1998 novel\u00a0O l\u00e1pis do carpinteiro\u00a0(The Carpenter&#8217;s Pencil) has been published in nine countries &#8230;<\/p>\n","protected":false},"author":4,"featured_media":0,"parent":0,"menu_order":0,"comment_status":"closed","ping_status":"closed","template":"","meta":{"_monsterinsights_skip_tracking":false,"_monsterinsights_sitenote_active":false,"_monsterinsights_sitenote_note":"","_monsterinsights_sitenote_category":0,"_uf_show_specific_survey":0,"_uf_disable_surveys":false,"footnotes":""},"class_list":["post-22","page","type-page","status-publish","hentry"],"aioseo_notices":[],"_links":{"self":[{"href":"https:\/\/europeanmemories.net\/frog\/wp-json\/wp\/v2\/pages\/22","targetHints":{"allow":["GET"]}}],"collection":[{"href":"https:\/\/europeanmemories.net\/frog\/wp-json\/wp\/v2\/pages"}],"about":[{"href":"https:\/\/europeanmemories.net\/frog\/wp-json\/wp\/v2\/types\/page"}],"author":[{"embeddable":true,"href":"https:\/\/europeanmemories.net\/frog\/wp-json\/wp\/v2\/users\/4"}],"replies":[{"embeddable":true,"href":"https:\/\/europeanmemories.net\/frog\/wp-json\/wp\/v2\/comments?post=22"}],"version-history":[{"count":66,"href":"https:\/\/europeanmemories.net\/frog\/wp-json\/wp\/v2\/pages\/22\/revisions"}],"predecessor-version":[{"id":629,"href":"https:\/\/europeanmemories.net\/frog\/wp-json\/wp\/v2\/pages\/22\/revisions\/629"}],"wp:attachment":[{"href":"https:\/\/europeanmemories.net\/frog\/wp-json\/wp\/v2\/media?parent=22"}],"curies":[{"name":"wp","href":"https:\/\/api.w.org\/{rel}","templated":true}]}}